{"id":6086,"date":"2021-12-30T14:42:57","date_gmt":"2021-12-30T13:42:57","guid":{"rendered":"https:\/\/culinarium-alpinum.com\/occasions\/"},"modified":"2025-10-13T12:30:27","modified_gmt":"2025-10-13T10:30:27","slug":"occasions","status":"publish","type":"page","link":"https:\/\/culinarium-alpinum.com\/en\/occasions\/","title":{"rendered":"Public events"},"content":{"rendered":"<div class=\"wpb-content-wrapper\">[vc_row][vc_column][vc_empty_space height=&#8221;60px&#8221;][vc_column_text]<!-- EventON Calendar --><div id='evcal_calendar_784' class='list_cal ajde_evcal_calendar sev cev color esty_2 ul etttc_custom ' data-cal=''><div id='evcal_head' class='calendar_header ' ><div class='evo_cal_above evodfx evofx_dr_r marb5 evofx_ww'><button class='cal_head_btn evo-gototoday-btn' style='' data-mo='5' data-yr='2026' data-dy='' aria-label='Go to today'>Aktueller Monat<\/button><\/div><div class='evo_cal_above_content'><\/div><div class='evo_header_title '><\/div><\/div><div class='evo_filter_bar evo_main_filter_bar eventon_sorting_section '><div class='evo_filter_container evodfx evo_fx_ai_c'><div class='evo_filter_container_in'><div class='eventon_filter_line' ><div class='evo_loading_bar_holder h100 loading_filters swipe' style='min-height:30px;'><div class='nesthold r g10'><div class='evo_loading_bar wid_100% hi_30px' style='width:100%; height:30px; margin-bottom:1px;'><\/div><div class='evo_loading_bar wid_100% hi_30px' style='width:100%; height:30px; margin-bottom:1px;'><\/div><div class='evo_loading_bar wid_100% hi_30px' style='width:100%; height:30px; margin-bottom:1px;'><\/div><div class='evo_loading_bar wid_100% hi_30px' style='width:100%; height:30px; margin-bottom:1px;'><\/div><div class='evo_loading_bar wid_100% hi_30px' style='width:100%; height:30px; margin-bottom:1px;'><\/div><\/div><\/div><\/div><\/div><div class='evo_filter_nav evo_filter_l'><i class='fa fa-chevron-left'><\/i><\/div><div class='evo_filter_nav evo_filter_r'><i class='fa fa-chevron-right'><\/i><\/div><\/div><div class='evo_filter_aply_btns'><\/div><div class='evo_filter_menu'><\/div><\/div><div id='eventon_loadbar_section'><div id='eventon_loadbar'><\/div><\/div><!-- Events List --><div class='evo_events_list_box'><div id='evcal_list' class='eventon_events_list sep_months evcal_list_month'><div class='evcal_month_line' data-d='eml_5_2026' data-su='1777586400'><p>Mai 2026<\/p><\/div><div class='sep_month_events ' data-d='eml_5_2026' data-range='1777586400_1780264799'><div id=\"event_25398_0\" class=\"eventon_list_event evo_eventtop scheduled  event clrD event_25398_0\" data-event_id=\"25398\" data-ri=\"0r\" data-time=\"1776664800-1793473200\" data-colr=\"#ab6443\" itemscope itemtype='http:\/\/schema.org\/Event'><div class=\"evo_event_schema\" style=\"display:none\" ><a itemprop=\"url\" href=\"https:\/\/culinarium-alpinum.com\/en\/events\/klanginstallation-alchymia-f-i-t-im-alpsbrinzkeller\/\"><\/a><meta itemprop='image' content=\"https:\/\/culinarium-alpinum.com\/wp-content\/uploads\/2026\/04\/Eventbild_Webseite_1440x1080_Alp-Sbrinz-Wanderung.jpg\" \/><meta itemprop='startDate' content=\"2026-4-20T08:00+2:00\" \/><meta itemprop='endDate' content=\"2026-10-31T20:00+2:00\" \/><meta itemprop='eventStatus' content=\"https:\/\/schema.org\/EventScheduled\" \/><meta itemprop='eventAttendanceMode'   itemscope itemtype=\"https:\/\/schema.org\/OfflineEventAttendanceMode\"\/><div style=\"display:none\" itemprop=\"location\" itemscope itemtype=\"http:\/\/schema.org\/Place\"><span itemprop=\"name\">CULINARIUM ALPINUM<\/span><span itemprop=\"address\" itemscope itemtype=\"http:\/\/schema.org\/PostalAddress\"><item itemprop=\"streetAddress\">M\u00fcrgstrasse 18<\/item><\/span><\/div><script type=\"application\/ld+json\">{\"@context\": \"http:\/\/schema.org\",\"@type\": \"Event\",\n\t\t\t\t\"@id\": \"event_25398_0\",\n\t\t\t\t\"eventAttendanceMode\":\"https:\/\/schema.org\/OfflineEventAttendanceMode\",\n\t\t\t\t\"eventStatus\":\"https:\/\/schema.org\/EventScheduled\",\n\t\t\t\t\"name\": \"Klanginstallation \u00abAlchymia \u2013 F.I.T.\u00bb im Alpsbrinzkeller\",\n\t\t\t\t\"url\": \"https:\/\/culinarium-alpinum.com\/en\/events\/klanginstallation-alchymia-f-i-t-im-alpsbrinzkeller\/\",\n\t\t\t\t\"startDate\": \"2026-4-20T08:00+2:00\",\n\t\t\t\t\"endDate\": \"2026-10-31T20:00+2:00\",\n\t\t\t\t\"image\":\"https:\/\/culinarium-alpinum.com\/wp-content\/uploads\/2026\/04\/Eventbild_Webseite_1440x1080_Alp-Sbrinz-Wanderung.jpg\", \n\t\t\t\t\"description\":\"<p><span style='font-size: 24px; color: #000000;'><strong>Klanginstallation \u00abAlchymia \u2013 F.I.T.\u00bb<\/strong><\/span><\/p> <p><span style='color: #000000;'><strong>Die Geschichte des K\u00e4ses ist auch ein Lied einer Landschaft, seiner Pflanzen und K\u00fche sowie die Passion seiner Herstellung.<br \/> <\/strong><strong>Scheinbar konstant ist der K\u00e4se dennoch immer im Wandel.<\/strong><\/span><\/p> <p><span style='color: #000000;'>Die Komposition ert\u00f6nt im Loop; alle Kl\u00e4nge sind roh und nicht nachbearbeitet, lediglich arrangiert \u2014 von den Melkvorg\u00e4ngen im Stall bis zum fertigen Alpk\u00e4se. <\/span><br \/> <span style='color: #000000;'>Aus 8 Stunden Aufnahmezeit mit insgesamt 6 Spuren Tonmaterial wurden die Klangsequenzen auf 17 Minuten reduziert. <\/span><br \/> <span style='color: #000000;'>Die Timeline folgt der Abfolge der Arbeitsschritte; die chronologische Reihenfolge der Prozesse bleibt erhalten.<\/span><\/p> <p><span style='color: #000000;'>Jahr:\u00a0 \u00a0 \u00a0 \u00a0 \u00a0 2026<\/span><br \/> <span style='color: #000000;'>Werk:\u00a0 \u00a0 \u00a0 \u00a0 Komposition\/Installation <\/span><br \/> <span style='color: #000000;'>Material:\u00a0 \u00a0Zwei Alpk\u00e4se, Holz, Transducer, Feldaufnahmen<\/span><br \/> <span style='color: #000000;'>Dauer:\u00a0 \u00a0 \u00a0 \u00a017 Minuten<\/span><\/p> <p><span style='color: #000000;'>Komposition, Soundinstallation \u2013 Patrick Kessler<\/span><br \/> <span style='color: #000000;'>Feldaufnahmen \u2013 Tim Shaw, Patrick Kessler<\/span><br \/> <span style='color: #000000;'>K\u00e4ser \u2013 Chrigel Schl\u00e4pfer<\/span><br \/> <span style='color: #000000;'>Produktion \u2013 Patrick Kessler<\/span><\/p> <div class='wpb_text_column wpb_content_element vc_custom_1763030023949'><\/div> \",\"location\":[{\"@type\":\"Place\",\"name\":\"CULINARIUM ALPINUM\",\"address\":{\"@type\": \"PostalAddress\",\"streetAddress\":\"M\u00fcrgstrasse 18\"}}]}<\/script><\/div>\r\n\t\t\t\t<p class=\"desc_trig_outter\" style=\"\"><a data-gmap_status=\"null\" data-exlk=\"1\" href=\"https:\/\/culinarium-alpinum.com\/en\/events\/klanginstallation-alchymia-f-i-t-im-alpsbrinzkeller\/\" target=\"_blank\" rel=\"noopener noreferrer\" style=\"background-color: #ab6443;\" id=\"evc_177666480025398\" class=\"desc_trig mul_val evcal_list_a\" data-ux_val=\"4\" data-ux_val_mob=\"-\"><span class='evoet_in'><span class='evoet_c2 evoet_cx '><span class='evoet_dayblock evcal_cblock ' data-bgcolor='#ab6443' data-smon='April' data-syr='2026' data-bub=''><span class='evo_start  evofxdrc'><em class='date'>20<\/em><em class='month'>Apr<\/em><em class='time'><i t=\"y\">(Apr 20)<\/i>08:00<\/em><\/span><span class='evo_end  evofxdrc'><em class='date'>31<\/em><em class='month'>Okt<\/em><em class='time'><i t=\"y\">(Okt 31)<\/i>20:00<\/em><\/span><\/span><\/span><span class='evoet_c3 evoet_cx evcal_desc hide_eventtopdata '><span class='evoet_title evcal_desc2 evcal_event_title ' itemprop='name'>Klanginstallation \u00abAlchymia \u2013 F.I.T.\u00bb im Alpsbrinzkeller<\/span><span class='event_location_attrs evodni'  data-location_address=\"M\u00fcrgstrasse 18\" data-location_type=\"address\" data-location_name=\"CULINARIUM ALPINUM\" data-location_url=\"https:\/\/culinarium-alpinum.com\/event-location\/culinarium-alpinum\/\" data-location_status=\"true\" data-locid=\"13\"><\/span><\/span><\/span><span class='evoet_data' style='display:none' data-d=\"{&quot;loc.n&quot;:&quot;CULINARIUM ALPINUM&quot;,&quot;orgs&quot;:[],&quot;tags&quot;:[]}\" data-bgc=\"#ab6443\" data-bggrad=\"\" ><\/span><\/a><\/p><div class='clear end'><\/div><\/div><div id=\"event_24979_0\" class=\"eventon_list_event evo_eventtop scheduled  event clrD event_24979_0\" data-event_id=\"24979\" data-ri=\"0r\" data-time=\"1778405400-1778418000\" data-colr=\"#ab6443\" itemscope itemtype='http:\/\/schema.org\/Event'><div class=\"evo_event_schema\" style=\"display:none\" ><a itemprop='url'  href='https:\/\/culinarium-alpinum.com\/en\/events\/muttertag-mit-erlebnis-klosterzmorge-mit-wildpflanzen-am-wegrand\/'><\/a><meta itemprop='image' content=\"https:\/\/culinarium-alpinum.com\/wp-content\/uploads\/2026\/01\/Wildpflanzen-am-Wegrand_Eventbild_Webseite_1440x1080_Muttertag.jpg\" \/><meta itemprop='startDate' content=\"2026-5-10T11:30+2:00\" \/><meta itemprop='endDate' content=\"2026-5-10T15:00+2:00\" \/><meta itemprop='eventStatus' content=\"https:\/\/schema.org\/EventScheduled\" \/><meta itemprop='eventAttendanceMode'   itemscope itemtype=\"https:\/\/schema.org\/OfflineEventAttendanceMode\"\/><div style=\"display:none\" itemprop=\"location\" itemscope itemtype=\"http:\/\/schema.org\/Place\"><span itemprop=\"name\">CULINARIUM ALPINUM<\/span><span itemprop=\"address\" itemscope itemtype=\"http:\/\/schema.org\/PostalAddress\"><item itemprop=\"streetAddress\">M\u00fcrgstrasse 18<\/item><\/span><\/div><script type=\"application\/ld+json\">{\"@context\": \"http:\/\/schema.org\",\"@type\": \"Event\",\n\t\t\t\t\"@id\": \"event_24979_0\",\n\t\t\t\t\"eventAttendanceMode\":\"https:\/\/schema.org\/OfflineEventAttendanceMode\",\n\t\t\t\t\"eventStatus\":\"https:\/\/schema.org\/EventScheduled\",\n\t\t\t\t\"name\": \"Muttertag mit Erlebnis \u2013 Klosterzmorge mit Wildpflanzen am Wegrand\",\n\t\t\t\t\"url\": \"https:\/\/culinarium-alpinum.com\/en\/events\/muttertag-mit-erlebnis-klosterzmorge-mit-wildpflanzen-am-wegrand\/\",\n\t\t\t\t\"startDate\": \"2026-5-10T11:30+2:00\",\n\t\t\t\t\"endDate\": \"2026-5-10T15:00+2:00\",\n\t\t\t\t\"image\":\"https:\/\/culinarium-alpinum.com\/wp-content\/uploads\/2026\/01\/Wildpflanzen-am-Wegrand_Eventbild_Webseite_1440x1080_Muttertag.jpg\", \n\t\t\t\t\"description\":\"<p><strong>Muttertag mit Erlebnis\u2013 Klosterbrunch mit Wildpflanzen am Wegrand<\/strong><\/p> <p>&nbsp;<\/p> <p><strong>Verw\u00f6hnen Sie ihr Mami mit einem speziellen Erlebnis<\/strong><\/p> <p>&nbsp;<\/p> <p><strong>Starten Sie mit einem regionalen Klosterbrunch in den Tag und entdecken Sie danach essbare Wildpflanzen bei einer Entdeckungsreise. <\/strong><\/p> <p><strong>Sie lernen Pflanzen kennen, sammeln und erfahren Spannendes \u00fcber deren kulinarische Verwendung. <\/strong><\/p> <p><strong>Anschliessend werden die Natursch\u00e4tze zu H\u00e4ppchen und in ein Mitbringsel f\u00fcr zu Hause verwandelt \u2013 ein Genusserlebnis direkt aus der Natur.<\/strong><\/p> <p>&nbsp;<\/p> <p><strong>Sonntag, 10. Mai 2026<\/strong>, von 11.30 bis 15.00 Uhr &#8211;\u00a0Das Klosterzmorge ist ab 07.00 Uhr m\u00f6glich<\/p> <p><a href='https:\/\/culinarium-alpinum.com\/wp-content\/uploads\/2026\/01\/CA_Wildpflanzen-am-Wegrand_2026_Flyer_148x210_Muttertag_web.pdf' target='_blank' rel='noopener'>Eventflyer<\/a><\/p> <p>CHF 95.- pro Person<\/p> <p>Im Kurs inklusive:<\/p> <p>Sonntags Klosterzmorge<\/p> <p>Gef\u00fchrte Wildpflanzensammlung mit Margreta Krummenacher<\/p> <p>Rezepte zum Mitnehmen<\/p> \",\"location\":[{\"@type\":\"Place\",\"name\":\"CULINARIUM ALPINUM\",\"address\":{\"@type\": \"PostalAddress\",\"streetAddress\":\"M\u00fcrgstrasse 18\"}}]}<\/script><\/div>\r\n\t\t\t\t<p class=\"desc_trig_outter\" style=\"\"><a data-gmap_status=\"null\" data-gmtrig=\"1\" data-exlk=\"0\" style=\"background-color: #ab6443;\" id=\"evc_177840540024979\" href=\"#\" class=\"desc_trig sin_val evcal_list_a\" data-ux_val=\"3\" data-ux_val_mob=\"-\"  ><span class='evoet_in'><span class='evoet_c2 evoet_cx '><span class='evoet_dayblock evcal_cblock ' data-bgcolor='#ab6443' data-smon='Mai' data-syr='2026' data-bub=''><span class='evo_start  evofxdrc'><em class='date'>10<\/em><em class='month'>Mai<\/em><em class='time'>11:30<\/em><\/span><span class='evo_end only_time evofxdrc'><em class='time'>15:00<\/em><\/span><\/span><\/span><span class='evoet_c3 evoet_cx evcal_desc hide_eventtopdata '><span class='evoet_title evcal_desc2 evcal_event_title ' itemprop='name'>Muttertag mit Erlebnis \u2013 Klosterzmorge mit Wildpflanzen am Wegrand<\/span><span class='event_location_attrs evodni'  data-location_address=\"M\u00fcrgstrasse 18\" data-location_type=\"address\" data-location_name=\"CULINARIUM ALPINUM\" data-location_url=\"https:\/\/culinarium-alpinum.com\/event-location\/culinarium-alpinum\/\" data-location_status=\"true\" data-locid=\"13\"><\/span><\/span><\/span><span class='evoet_data' style='display:none' data-d=\"{&quot;loc.n&quot;:&quot;CULINARIUM ALPINUM&quot;,&quot;orgs&quot;:[],&quot;tags&quot;:[]}\" data-bgc=\"#ab6443\" data-bggrad=\"\" ><\/span><\/a><\/p><div class='event_description evcal_eventcard ' style=\"display:none\"><div class='evocard_row'><div id='event_ftimage' class='evocard_box ftimage' data-c='' \n\t\t\t\t\tstyle=''><div class='evocard_main_image_hold' data-t='Loading Image..'><div class='evocard_main_image evo_img_triglb evocd_img_full evobr15 evobgsc evobgpc evodfx evofx_jc_c evofx_ai_c evofz48 full' style='height:400px; background-image:url();' data-f=\"https:\/\/culinarium-alpinum.com\/wp-content\/uploads\/2026\/01\/Wildpflanzen-am-Wegrand_Eventbild_Webseite_1440x1080_Muttertag.jpg\" data-h=\"1080\" data-w=\"1440\" data-ratio=\"0.75\" data-event_id=\"24979\" data-ri=\"0\"  data-t='Loading Image..'><span style='height:400px; background-image:url(https:\/\/culinarium-alpinum.com\/wp-content\/uploads\/2026\/01\/Wildpflanzen-am-Wegrand_Eventbild_Webseite_1440x1080_Muttertag.jpg)'><\/span><\/div><\/div><\/div><\/div><!-- row close --><div class='evocard_row'><div id='event_eventdetails' class='evocard_box eventdetails' data-c='' \n\t\t\t\t\tstyle=''><div class=\"evo_metarow_details evorow evcal_evdata_row evcal_event_details\">\n    <div class=\"event_excerpt\" style=\"display:none\"><h3 class=\"padb5 evo_h3\">Details<\/h3><p>Muttertag mit Erlebnis\u2013 Klosterbrunch mit Wildpflanzen am Wegrand\n&nbsp;\nVerw\u00f6hnen Sie ihr Mami mit einem speziellen Erlebnis\n&nbsp;\nStarten Sie mit einem regionalen Klosterbrunch in den Tag und entdecken Sie danach essbare Wildpflanzen bei<\/p><\/div><span class='evcal_evdata_icons'><i class='fa fa-align-justify'><\/i><\/span>    <div class=\"evcal_evdata_cell shorter_desc\">\n        <div class=\"eventon_full_description\">\n            <h3 class=\"padb5 evo_h3\"><span class='evcal_evdata_icons'><i class='fa fa-align-justify'><\/i><\/span>Details<\/h3>\n            <div class=\"eventon_desc_in\" itemprop=\"description\">\n                <p><strong>Muttertag mit Erlebnis\u2013 Klosterbrunch mit Wildpflanzen am Wegrand<\/strong><\/p>\n<p>&nbsp;<\/p>\n<p><strong>Verw\u00f6hnen Sie ihr Mami mit einem speziellen Erlebnis<\/strong><\/p>\n<p>&nbsp;<\/p>\n<p><strong>Starten Sie mit einem regionalen Klosterbrunch in den Tag und entdecken Sie danach essbare Wildpflanzen bei einer Entdeckungsreise. <\/strong><\/p>\n<p><strong>Sie lernen Pflanzen kennen, sammeln und erfahren Spannendes \u00fcber deren kulinarische Verwendung. <\/strong><\/p>\n<p><strong>Anschliessend werden die Natursch\u00e4tze zu H\u00e4ppchen und in ein Mitbringsel f\u00fcr zu Hause verwandelt \u2013 ein Genusserlebnis direkt aus der Natur.<\/strong><\/p>\n<p>&nbsp;<\/p>\n<p><strong>Sonntag, 10. Mai 2026<\/strong>, von 11.30 bis 15.00 Uhr &#8211;\u00a0Das Klosterzmorge ist ab 07.00 Uhr m\u00f6glich<\/p>\n<p><a href=\"https:\/\/culinarium-alpinum.com\/wp-content\/uploads\/2026\/01\/CA_Wildpflanzen-am-Wegrand_2026_Flyer_148x210_Muttertag_web.pdf\" target=\"_blank\" rel=\"noopener\">Eventflyer<\/a><\/p>\n<p>CHF 95.- pro Person<\/p>\n<p>Im Kurs inklusive:<\/p>\n<p>Sonntags Klosterzmorge<\/p>\n<p>Gef\u00fchrte Wildpflanzensammlung mit Margreta Krummenacher<\/p>\n<p>Rezepte zum Mitnehmen<\/p>\n            <\/div>\n            <p class='eventon_shad_p' style='padding:5px 0 0; margin:0'><button class='evcal_btn evo_btn_secondary evobtn_details_show_more' content='less' aria-label='Mehr' aria-expanded='false'><span class='ev_more_text' data-txt='Weniger'>Mehr<\/span><span class='ev_more_arrow ard'><\/span><\/button><\/p><div class='clear'><\/div>        <\/div>\n    <\/div>\n<\/div><\/div><\/div><!-- row close --><div class='evocard_row bx2 bx'><div id='event_time' class='evocard_box time' data-c='' \n\t\t\t\t\tstyle=''><div class='evo_metarow_time evorow evcal_evdata_row evcal_evrow_sm '>\n\t\t<span class='evcal_evdata_icons'><i class='fa fa-clock-o'><\/i><\/span>\n\t\t<div class='evcal_evdata_cell'>\t\t\t\t\t\t\t\n\t\t\t<h3 class='evo_h3'><span class='evcal_evdata_icons'><i class='fa fa-clock-o'><\/i><\/span>Zeit<\/h3><div><span class='evo_eventcard_time_t evogap5 evofxww'><span class=\"start\">10\/05\/2026<\/span> <span class=\"stime\">11:30<\/span> - <span class=\"etime\">15:00<\/span><\/span><span class='evo_tz marr5'>(GMT+02:00)<\/span><\/div>\n\t\t<\/div>\n\t<\/div><\/div><div id='event_location' class='evocard_box location' data-c='' \n\t\t\t\t\tstyle=''><div class='evcal_evdata_row evo_metarow_time_location evorow '>\n\t\t\n\t\t\t<span class='evcal_evdata_icons'><i class='fa fa-map-marker'><\/i><\/span>\n\t\t\t<div class='evcal_evdata_cell' data-loc_tax_id='13'><h3 class='evo_h3 evodfx'><span class='evcal_evdata_icons'><i class='fa fa-map-marker'><\/i><\/span><a target=\"\" href=\"https:\/\/www.google.com\/maps\/place\/CULINARIUM+ALPINUM\/@46.9555229,8.366832,1036m\/data=!3m1!1e3!4m9!3m8!1s0x478ff707894e1fc9:0x89b388b6ddd2576c!5m2!4m1!1i2!8m2!3d46.9555229!4d8.3694069!16sg11c51vhs13?entry=ttu&amp;g_ep=EgoyMDI1MDQxMy4wIKXMDSoASAFQAw\" rel=\"noopener\">Veranstaltungsort<\/a><\/h3><p class='evo_location_name'><a target=\"\" href=\"https:\/\/www.google.com\/maps\/place\/CULINARIUM+ALPINUM\/@46.9555229,8.366832,1036m\/data=!3m1!1e3!4m9!3m8!1s0x478ff707894e1fc9:0x89b388b6ddd2576c!5m2!4m1!1i2!8m2!3d46.9555229!4d8.3694069!16sg11c51vhs13?entry=ttu&amp;g_ep=EgoyMDI1MDQxMy4wIKXMDSoASAFQAw\" rel=\"noopener\">CULINARIUM ALPINUM<\/a><\/p><p class='evo_location_address evodfxi evogap10'><a target=\"\" href=\"https:\/\/www.google.com\/maps\/place\/CULINARIUM+ALPINUM\/@46.9555229,8.366832,1036m\/data=!3m1!1e3!4m9!3m8!1s0x478ff707894e1fc9:0x89b388b6ddd2576c!5m2!4m1!1i2!8m2!3d46.9555229!4d8.3694069!16sg11c51vhs13?entry=ttu&amp;g_ep=EgoyMDI1MDQxMy4wIKXMDSoASAFQAw\" rel=\"noopener\">M\u00fcrgstrasse 18<\/a><\/p><div class='evopadt5'><p class='evo_location_contact'>+41 41 619 17 17 <a href='mailto:info@culinarium-alpinum.ch'>info@culinarium-alpinum.ch<\/a><\/p><\/div><div class='padt10'><span class='evo_btn_arr evolb_trigger' data-lbvals=\"{&quot;lbdata&quot;:{&quot;class&quot;:&quot;evo_location_lb_13&quot;,&quot;additional_class&quot;:&quot;lb_max&quot;,&quot;title&quot;:&quot;CULINARIUM ALPINUM&quot;},&quot;adata&quot;:{&quot;a&quot;:&quot;eventon_get_tax_card_content&quot;,&quot;end&quot;:&quot;client&quot;,&quot;data&quot;:{&quot;lang&quot;:&quot;L1&quot;,&quot;term_id&quot;:13,&quot;tax&quot;:&quot;event_location&quot;,&quot;load_lbcontent&quot;:true}},&quot;uid&quot;:&quot;eventon_get_tax_card_content&quot;}\" >Other Events<i class='fa fa-chevron-right' aria-hidden='true'><\/i><\/span><\/div><\/div>\n\t\t\n\t<\/div><\/div><\/div><!-- row close --><div class='evocard_row'><div id='event_learnmore' class='evocard_box learnmore' data-c='' \n\t\t\t\t\tstyle=''><div class='evo_metarow_learnM evo_metarow_learnmore evorow'>\n\t\t\t\t\t\t\t<a class=\"evcal_evdata_row evo_clik_row \" href=\"https:\/\/culinarium-alpinum.com\/kurse-und-seminare\/muttertag-mit-erlebnis-klosterbrunch-mit-wildpflanzen-am-wegrand\/\" target=\"_blank\">\n\t\t\t\t\t\t\t\t<span class='evcal_evdata_icons'><i class='fa fa-link'><\/i><\/span>\n\t\t\t\t\t\t\t\t<h3 class='evo_h3'>Reservation \/ Buchen<\/h3>\n\t\t\t\t\t\t\t<\/a>\n\t\t\t\t\t\t\t<\/div><\/div><\/div><!-- row close --><div class='evocard_row'><div id='event_getdirection' class='evocard_box getdirection' data-c='' \n\t\t\t\t\tstyle=''><div class='evo_metarow_getDr evorow evcal_evdata_row evcal_evrow_sm getdirections'>\n\t\t<form action='https:\/\/maps.google.com\/maps' method='get' target='_blank'>\n\t\t\t<input type='hidden' name='daddr' value=\"M\u00fcrgstrasse 18\"\/> \n\t\t\t<div class='evo_get_direction_content evo_fx_dr_r evogap10'>\n\t\t\t\t<span class='evogetdir_header evodfx evofxdrr evofxaic evogap10'>\n\t\t\t\t\t<i class='mainicon fa fa-road evofz24i'><\/i> \n\t\t\t\t\t<h3 class='evo_h3 evopad0i' style='padding-bottom:5px;'>Get Directions<\/h3>\n\t\t\t\t<\/span>\n\t\t\t\t<span class='evogetdir_field evodfx evofx_1_1 evow100p'>\t\n\t\t\t\t\t<label for='69f4cba4eb849' class='evo_aria_ready sr-only'>Address - Muttertag mit Erlebnis \u2013 Klosterzmorge mit Wildpflanzen am Wegrand []<\/label>\t\t\t\t\n\t\t\t\t\t<input id='69f4cba4eb849' class='evo_aria_ready_match evoInput2 evobr10 evow100p evopad10 evoff_2 evofz14i evobrdB1 evoboxbb' type='text' name='saddr' placeholder='Ihre Adresse' value='' style='' aria-label='Address - Muttertag mit Erlebnis \u2013 Klosterzmorge mit Wildpflanzen am Wegrand []' \/>\n\t\t\t\t<\/span>\n\t\t\t\t<div class='evodfx evofxdrr evofxaic evogap10'>\n\t\t\t\t\t<i class='fa fa-location-dot'><\/i>\n\t\t\t\t\t<div class='evoposr evofx_1 evoh100p'><label for='69f4cba4eb849' class='evo_aria_ready sr-only'>Destination Address - Muttertag mit Erlebnis \u2013 Klosterzmorge mit Wildpflanzen am Wegrand []<\/label>\t\t\n\t\t\t\t\t\t<input id='69f4cba4eb849' class='evo_aria_ready_match evoInput2 evobr10 evow100p evopad5-10 evoff_2 evofz14i evobrdB1 evoop5 evoboxbb evoh100p' type='text' style='' readonly value='M\u00fcrgstrasse 18' aria-label='Destination Address - Muttertag mit Erlebnis \u2013 Klosterzmorge mit Wildpflanzen am Wegrand []'\/><button class='evo_copy_address evobuttonA evocurp evohoop7 evoposa evopad5' style='right: 3px; top: 4px; background-color: #fff;' data-txt='M\u00fcrgstrasse 18' data-t='Address copied to clipboard!'><i class='far fa-copy evofz16i' title='Copy Destination Address!'><\/i><\/button>\n\t\t\t\t\t<\/div>\n\t\t\t\t\t<button type='submit' class='evo_get_direction_button evcal_btn dfx evofxaic evocurp evohoop7' title='Klicken Sie hier um Ihre Anreise anzuzeigen' style='    padding: 10px 15px !important;'><i class='fa fa-chevron-right'><\/i> <\/button>\n\t\t\t\t<\/div>\n\t\t\t<\/div>\n\t\t<\/form>\n\t<\/div><\/div><\/div><!-- row close --><button class='evo_card_row_end evcal_close' title='Close'><\/button><\/div><div class='clear end'><\/div><\/div><div id=\"event_25395_0\" class=\"eventon_list_event evo_eventtop scheduled  event clrD event_25395_0\" data-event_id=\"25395\" data-ri=\"0r\" data-time=\"1779089400-1779118200\" data-colr=\"#ab6443\" itemscope itemtype='http:\/\/schema.org\/Event'><div class=\"evo_event_schema\" style=\"display:none\" ><a itemprop=\"url\" href=\"https:\/\/culinarium-alpinum.com\/en\/events\/genuss-und-bergluft-1-tages-wanderung-zur-alp-chieneren-mit-marina-grossrieder\/\"><\/a><meta itemprop='image' content=\"https:\/\/culinarium-alpinum.com\/wp-content\/uploads\/2026\/04\/Eventbild_Webseite_1440x1080_Alp-Sbrinz-Wanderung.jpg\" \/><meta itemprop='startDate' content=\"2026-5-18T09:30+2:00\" \/><meta itemprop='endDate' content=\"2026-5-18T17:30+2:00\" \/><meta itemprop='eventStatus' content=\"https:\/\/schema.org\/EventScheduled\" \/><meta itemprop='eventAttendanceMode'   itemscope itemtype=\"https:\/\/schema.org\/OfflineEventAttendanceMode\"\/><div style=\"display:none\" itemprop=\"location\" itemscope itemtype=\"http:\/\/schema.org\/Place\"><span itemprop=\"name\">CULINARIUM ALPINUM<\/span><span itemprop=\"address\" itemscope itemtype=\"http:\/\/schema.org\/PostalAddress\"><item itemprop=\"streetAddress\">M\u00fcrgstrasse 18<\/item><\/span><\/div><script type=\"application\/ld+json\">{\"@context\": \"http:\/\/schema.org\",\"@type\": \"Event\",\n\t\t\t\t\"@id\": \"event_25395_0\",\n\t\t\t\t\"eventAttendanceMode\":\"https:\/\/schema.org\/OfflineEventAttendanceMode\",\n\t\t\t\t\"eventStatus\":\"https:\/\/schema.org\/EventScheduled\",\n\t\t\t\t\"name\": \"\u00abAuf den Spuren  des Alp Sbrinz\u00bb - 1-Tages-Wanderung\",\n\t\t\t\t\"url\": \"https:\/\/culinarium-alpinum.com\/en\/events\/genuss-und-bergluft-1-tages-wanderung-zur-alp-chieneren-mit-marina-grossrieder\/\",\n\t\t\t\t\"startDate\": \"2026-5-18T09:30+2:00\",\n\t\t\t\t\"endDate\": \"2026-5-18T17:30+2:00\",\n\t\t\t\t\"image\":\"https:\/\/culinarium-alpinum.com\/wp-content\/uploads\/2026\/04\/Eventbild_Webseite_1440x1080_Alp-Sbrinz-Wanderung.jpg\", \n\t\t\t\t\"description\":\"<p><span style='color: #000000;'><strong><span style='font-size: 24px;'>\u00abAuf den Spuren\u00a0des Alp Sbrinz\u00bb &#8211;<\/span><\/strong><strong><span style='font-size: 24px;'><span style='color: #000000;'><strong>\u00a0<\/strong><\/span>1-Tages-Wanderung<\/span><\/strong><\/span><\/p> <p><span style='color: #000000;'>Ein Tag voller Genuss, Natur und alpiner Tradition erwartet Sie.<\/span><\/p> <div class='wpb_text_column wpb_content_element vc_custom_1763030023949'> <div class='wpb_wrapper'> <p><span style='color: #000000;'>Im CULINARIUM ALPINUM starten Sie mit einer kurzen F\u00fchrung durch das ehemalige Kapuzinerkloster und einer Degustation von w\u00fcrzigem Alp Sbrinz.<\/span><\/p> <p><span style='color: #000000;'>Anschliessend reisen Sie mit Zug und Luftseilbahn nach Wirzweli. Dort erwartet Sie eine eindrucksvolle Wanderung zur Alp Chieneren, begleitet von frischer Bergluft und herrlichen Ausblicken.<\/span><\/p> <p><span style='color: #000000;'>Freuen Sie sich auf ein feines, regionales Mittagessen und spannende Einblicke in die K\u00e4seherstellung.<\/span><\/p> <p><span style='color: #000000;'>Der R\u00fcckweg f\u00fchrt \u00fcber die Gummenalp zur\u00fcck nach Wirzweli.<\/span><\/p> <\/div> <p class='content'><span style='color: #000000;'>Treffpunkt:\u00a0 \u00a009.30 Uhr im CULINARIUM ALPINUM<\/span><br \/> <span style='color: #000000;'>Abschluss:\u00a0 \u00a0ca. 17.15 Uhr am Bahnhof Stans.<\/span><\/p> <p class='content'><span style='color: #000000;'><strong>Montag, 18. Mai 2026<br \/> Dienstag, 23. Juni 2026<br \/> Mittwoch, 12. August 2026<\/strong><\/span><\/p> <p class='content'><span style='color: #000000;'>Kurskosten:<\/span><br \/> <span style='color: #000000;'>CHF 125.- pro Person<\/span><\/p> <p><span style='color: #000000;'>Im Kurs\u00a0<strong>inklusive<\/strong>:<\/span><br \/> <span style='color: #000000;'>Kleine Klosterf\u00fchrung inkl. Alp-Sbrinz-Degustation im CULINARIUIM ALPINUM<\/span><br \/> <span style='color: #000000;'>Gef\u00fchrte Wanderung von Marina Grossrieder<\/span><br \/> <span style='color: #000000;'>Ap\u00e9ropl\u00e4ttli zum Teilen, Mittagessen und 3dl Wasser\/Softgetr\u00e4nk auf der Alp Chieneren<\/span><\/p> <p><span style='color: #000000;'>Transfer\/\u00d6V\/Luftseilbahn sind\u00a0<strong>nicht inklusive<\/strong><\/span><\/p> <div class='wpb_wrapper'><\/div> <\/div> <p><span style='color: #000000;'>Anzahl Teilnehmer:innen: mind. 7 \/ max. 12<\/span><\/p> <p><span style='color: #000000;'>F\u00fcr weitere Informationen klicken Sie <strong><span style='color: #ab6443;'><a style='color: #ab6443;' href='https:\/\/culinarium-alpinum.com\/kurse-und-seminare\/genuss-und-bergluft-1-tages-wanderung-zur-alp-chieneren-mit-marina-grossrieder\/'>hier<\/a><\/span>.<\/strong><\/span><\/p> <p>&nbsp;<\/p> \",\"location\":[{\"@type\":\"Place\",\"name\":\"CULINARIUM ALPINUM\",\"address\":{\"@type\": \"PostalAddress\",\"streetAddress\":\"M\u00fcrgstrasse 18\"}}]}<\/script><\/div>\r\n\t\t\t\t<p class=\"desc_trig_outter\" style=\"\"><a data-gmap_status=\"null\" data-exlk=\"1\" href=\"https:\/\/culinarium-alpinum.com\/en\/events\/genuss-und-bergluft-1-tages-wanderung-zur-alp-chieneren-mit-marina-grossrieder\/\" target=\"_blank\" rel=\"noopener noreferrer\" style=\"background-color: #ab6443;\" id=\"evc_177908940025395\" class=\"event_repeat desc_trig sin_val evcal_list_a\" data-ux_val=\"4\" data-ux_val_mob=\"-\"><span class='evoet_in'><span class='evoet_c2 evoet_cx '><span class='evoet_dayblock evcal_cblock ' data-bgcolor='#ab6443' data-smon='Mai' data-syr='2026' data-bub=''><span class='evo_start  evofxdrc'><em class='date'>18<\/em><em class='month'>Mai<\/em><em class='time'>09:30<\/em><\/span><span class='evo_end only_time evofxdrc'><em class='time'>17:30<\/em><\/span><\/span><\/span><span class='evoet_c3 evoet_cx evcal_desc hide_eventtopdata '><span class='evoet_title evcal_desc2 evcal_event_title ' itemprop='name'>\u00abAuf den Spuren  des Alp Sbrinz\u00bb - 1-Tages-Wanderung<\/span><span class='event_location_attrs evodni'  data-location_address=\"M\u00fcrgstrasse 18\" data-location_type=\"address\" data-location_name=\"CULINARIUM ALPINUM\" data-location_url=\"https:\/\/culinarium-alpinum.com\/event-location\/culinarium-alpinum\/\" data-location_status=\"true\" data-locid=\"13\"><\/span><\/span><\/span><span class='evoet_data' style='display:none' data-d=\"{&quot;loc.n&quot;:&quot;CULINARIUM ALPINUM&quot;,&quot;orgs&quot;:[],&quot;tags&quot;:{&quot;repeating&quot;:&quot;Repeating Event&quot;}}\" data-bgc=\"#ab6443\" data-bggrad=\"\" ><\/span><\/a><\/p><div class='clear end'><\/div><\/div><div id=\"event_24955_1\" class=\"eventon_list_event evo_eventtop scheduled  event clrD event_24955_1\" data-event_id=\"24955\" data-ri=\"1r\" data-time=\"1779292800-1779296400\" data-colr=\"#ab6443\" itemscope itemtype='http:\/\/schema.org\/Event'><div class=\"evo_event_schema\" style=\"display:none\" ><a itemprop=\"url\" href=\"https:\/\/culinarium-alpinum.com\/en\/events\/oeffentliche-fuehrung-durch-unsere-essbarelandschaft\/var\/ri-1.l-L1\"><\/a><meta itemprop='image' content=\"https:\/\/culinarium-alpinum.com\/wp-content\/uploads\/2026\/01\/2025.10DJI_0199_WEB_sRGB.jpg\" \/><meta itemprop='startDate' content=\"2026-5-20T18:00+2:00\" \/><meta itemprop='endDate' content=\"2026-5-20T19:00+2:00\" \/><meta itemprop='eventStatus' content=\"https:\/\/schema.org\/EventScheduled\" \/><meta itemprop='eventAttendanceMode'   itemscope itemtype=\"https:\/\/schema.org\/OfflineEventAttendanceMode\"\/><div style=\"display:none\" itemprop=\"location\" itemscope itemtype=\"http:\/\/schema.org\/Place\"><span itemprop=\"name\">CULINARIUM ALPINUM<\/span><span itemprop=\"address\" itemscope itemtype=\"http:\/\/schema.org\/PostalAddress\"><item itemprop=\"streetAddress\">M\u00fcrgstrasse 18<\/item><\/span><\/div><script type=\"application\/ld+json\">{\"@context\": \"http:\/\/schema.org\",\"@type\": \"Event\",\n\t\t\t\t\"@id\": \"event_24955_1\",\n\t\t\t\t\"eventAttendanceMode\":\"https:\/\/schema.org\/OfflineEventAttendanceMode\",\n\t\t\t\t\"eventStatus\":\"https:\/\/schema.org\/EventScheduled\",\n\t\t\t\t\"name\": \"\u00d6ffentliche F\u00fchrung: Essbare Landschaft\",\n\t\t\t\t\"url\": \"https:\/\/culinarium-alpinum.com\/en\/events\/oeffentliche-fuehrung-durch-unsere-essbarelandschaft\/var\/ri-1.l-L1\",\n\t\t\t\t\"startDate\": \"2026-5-20T18:00+2:00\",\n\t\t\t\t\"endDate\": \"2026-5-20T19:00+2:00\",\n\t\t\t\t\"image\":\"https:\/\/culinarium-alpinum.com\/wp-content\/uploads\/2026\/01\/2025.10DJI_0199_WEB_sRGB.jpg\", \n\t\t\t\t\"description\":\"<p><span style='color: #000000;'><b><span style='font-size: 24px;'>Naschen erlaubt!<\/span><\/b><\/span><\/p> <p>Entdecken Sie die Essbare Landschaft des CULINARIUM ALPINUM mit ihren rund 250 Obst- und Beerensorten, Kr\u00e4utern und essbaren Wildpflanzen. Auf dem Rundgang erz\u00e4hlen wir von Vielfalt, Saisonalit\u00e4t und Biodiversit\u00e4t \u2013 und davon, wie aus einem Garten ein lebendiger Lern- und Genussraum entsteht.<br \/> Zwischen alten Sorten, neuen Entdeckungen, zwischen jungen Pflanzungen und wilden Ecken wird sichtbar, wie Pflege, Geduld und Wissen zusammenwirken. Die F\u00fchrung l\u00e4dt dazu ein, genau hinzuschauen, zu riechen, zu probieren und die Natur mit allen Sinnen wahrzunehmen. Eine Entdeckungsreise durch einen Garten, der nicht nur w\u00e4chst, sondern Geschichten erz\u00e4hlt.<\/p> <p><span style='color: #000000;'>CHF 15.- pro Person<\/span><\/p> <p>Die F\u00fchrung findet an folgenden Daten statt:<\/p> <p><strong>Donnerstag, 23. April 2026<\/strong>, von 13.30 bis 14.30 Uhr<br \/> <strong>Mittwoch, 20. Mai 2026<\/strong>, von 18.00 bis 19.00 Uhr<br \/> <strong>Dienstag, 23. Juni 2026<\/strong>, von 17.00 bis 18.00 Uhr<br \/> <strong>Mittwoch, 8. Juli 2026<\/strong>, von 18.00 bis 19.00 Uhr<br \/> <strong>Donnerstag, 13. August 2026<\/strong>, von 18.00 bis 19.00 Uhr<br \/> <strong>Freitag, 11. September 2026<\/strong>, von 17.00 bis 18.00 Uhr<\/p> <p>&nbsp;<\/p> <p><span style='color: #000000;'><em>Tipp: Reservieren Sie vor oder nach der F\u00fchrung einen Tisch im Restaurant und runden Sie Ihren Besuch kulinarisch ab.<\/em>\u00a0<a href='https:\/\/reserve.foratable.com\/?restaurantHash=08d9ca0055bb7c1390c786b045e9c5b0#!\/table#%2Ftable'>Link f\u00fcr Tischreservation.<\/a><\/span><\/p> <p><em><span style='color: #000000;'>Das Mittagessen\/Abendessen ist nicht im Preis f\u00fcr die F\u00fchrung inbegriffen.<\/span><\/em><\/p> \",\"location\":[{\"@type\":\"Place\",\"name\":\"CULINARIUM ALPINUM\",\"address\":{\"@type\": \"PostalAddress\",\"streetAddress\":\"M\u00fcrgstrasse 18\"}}]}<\/script><\/div>\r\n\t\t\t\t<p class=\"desc_trig_outter\" style=\"\"><a data-gmap_status=\"null\" data-exlk=\"0\" target=\"_blank\" rel=\"noopener noreferrer\" style=\"background-color: #ab6443;\" id=\"evc_177929280024955\" href=\"https:\/\/culinarium-alpinum.com\/en\/events\/oeffentliche-fuehrung-durch-unsere-essbarelandschaft\/var\/ri-1.l-L1\" class=\"event_repeat desc_trig sin_val evcal_list_a\" data-ux_val=\"4\" data-ux_val_mob=\"-\"><span class='evoet_in'><span class='evoet_c2 evoet_cx '><span class='evoet_dayblock evcal_cblock ' data-bgcolor='#ab6443' data-smon='Mai' data-syr='2026' data-bub=''><span class='evo_start  evofxdrc'><em class='date'>20<\/em><em class='month'>Mai<\/em><em class='time'>18:00<\/em><\/span><span class='evo_end only_time evofxdrc'><em class='time'>19:00<\/em><\/span><\/span><\/span><span class='evoet_c3 evoet_cx evcal_desc hide_eventtopdata '><span class='evoet_title evcal_desc2 evcal_event_title ' itemprop='name'>\u00d6ffentliche F\u00fchrung: Essbare Landschaft<\/span><span class='event_location_attrs evodni'  data-location_address=\"M\u00fcrgstrasse 18\" data-location_type=\"address\" data-location_name=\"CULINARIUM ALPINUM\" data-location_url=\"https:\/\/culinarium-alpinum.com\/event-location\/culinarium-alpinum\/\" data-location_status=\"true\" data-locid=\"13\"><\/span><\/span><\/span><span class='evoet_data' style='display:none' data-d=\"{&quot;loc.n&quot;:&quot;CULINARIUM ALPINUM&quot;,&quot;orgs&quot;:[],&quot;tags&quot;:{&quot;repeating&quot;:&quot;Repeating Event&quot;}}\" data-bgc=\"#ab6443\" data-bggrad=\"\" ><\/span><\/a><\/p><div class='clear end'><\/div><\/div><div id=\"event_24281_0\" class=\"eventon_list_event evo_eventtop scheduled  event clrD event_24281_0\" data-event_id=\"24281\" data-ri=\"0r\" data-time=\"1780039800-1780056000\" data-colr=\"#ab6443\" itemscope itemtype='http:\/\/schema.org\/Event'><div class=\"evo_event_schema\" style=\"display:none\" ><a itemprop=\"url\" href=\"https:\/\/culinarium-alpinum.com\/en\/events\/workshop-sommerschnitt-bei-obstspalieren\/\"><\/a><meta itemprop='image' content=\"https:\/\/culinarium-alpinum.com\/wp-content\/uploads\/2025\/11\/Eventbild_Webseite_1440x1080_Obstspaliere_Sommer.jpg\" \/><meta itemprop='startDate' content=\"2026-5-29T09:30+2:00\" \/><meta itemprop='endDate' content=\"2026-5-29T14:00+2:00\" \/><meta itemprop='eventStatus' content=\"https:\/\/schema.org\/EventScheduled\" \/><meta itemprop='eventAttendanceMode'   itemscope itemtype=\"https:\/\/schema.org\/OfflineEventAttendanceMode\"\/><div style=\"display:none\" itemprop=\"location\" itemscope itemtype=\"http:\/\/schema.org\/Place\"><span itemprop=\"name\">CULINARIUM ALPINUM<\/span><span itemprop=\"address\" itemscope itemtype=\"http:\/\/schema.org\/PostalAddress\"><item itemprop=\"streetAddress\">M\u00fcrgstrasse 18<\/item><\/span><\/div><script type=\"application\/ld+json\">{\"@context\": \"http:\/\/schema.org\",\"@type\": \"Event\",\n\t\t\t\t\"@id\": \"event_24281_0\",\n\t\t\t\t\"eventAttendanceMode\":\"https:\/\/schema.org\/OfflineEventAttendanceMode\",\n\t\t\t\t\"eventStatus\":\"https:\/\/schema.org\/EventScheduled\",\n\t\t\t\t\"name\": \"Workshop Sommerschnitt bei Obstspalieren\",\n\t\t\t\t\"url\": \"https:\/\/culinarium-alpinum.com\/en\/events\/workshop-sommerschnitt-bei-obstspalieren\/\",\n\t\t\t\t\"startDate\": \"2026-5-29T09:30+2:00\",\n\t\t\t\t\"endDate\": \"2026-5-29T14:00+2:00\",\n\t\t\t\t\"image\":\"https:\/\/culinarium-alpinum.com\/wp-content\/uploads\/2025\/11\/Eventbild_Webseite_1440x1080_Obstspaliere_Sommer.jpg\", \n\t\t\t\t\"description\":\"<p><span style='color: #000000;'><b><span style='font-size: 24px;'>Die Kunst der Spaliere \u2013 wo Gartenhandwerk zur Leidenschaft wird<\/span><\/b><\/span><\/p> <p><span style='color: #000000;'><b>Freitag, 29. Mai 2026 09.30 &#8211; 14.00 Uhr (Ersatzdatum bei sehr schlechter Witterung Samstag, 30. Mai 2026)<\/b><\/span><\/p> <div class='wpb_text_column wpb_content_element vc_custom_1763030023949'> <div class='wpb_wrapper'> <p><span style='color: #000000;'>Entdecken Sie die faszinierende Welt der Spalierobstb\u00e4ume \u2013 eine jahrhundertealte Gartenkunst, die Eleganz und Ertrag vereint. Was im Frankreich des 17. Jahrhunderts begann, verzaubert bis heute: Obstb\u00e4ume, die zu lebenden Kunstwerken werden.<\/span><\/p> <\/div> <\/div> <div class='wpb_text_column wpb_content_element vc_custom_1763029981742'> <div class='wpb_wrapper'> <p><span style='color: #000000;'>Entlang der Klostermauer des CULINARIUM ALPINUM wachsen in Zusammenarbeit mit ProSpecieRara und FRUCTUS \u00fcber dreissig Birnenb\u00e4ume zu kunstvollen Spalieren heran \u2013 vom einfachen U bis zur grazilen Verrier-Palmette.<\/span><\/p> <p><span style='color: #000000;'>Tauchen Sie ein in diese besondere Form des Obstbaus: Erleben Sie vor Ort, wie Spaliere geschnitten und geformt werden, erfahren Sie wertvolle Tipps von Fachleuten \u2013 und d\u00fcrfen selbst zur Schere greifen.<\/span><br \/> <span style='color: #000000;'>Mit jedem Schnitt w\u00e4chst nicht nur der Baum, sondern auch Ihr Wissen und Ihre Begeisterung f\u00fcr diese traditionelle Gartenkunst.<\/span><\/p> <\/div> <\/div> <p data-start='695' data-end='1030'><span style='color: #000000;'>Preis pro Person:<\/span><\/p> <p><span style='color: #000000;'>CHF 130.00<br \/> CHF 110.00 f\u00fcr ProSpecieRara und FRUCTUS Mitglieder.<\/span><\/p> <p><span style='color: #000000;'>Im Preis inklusive ist die Kursteilnahme, Kursunterlagen und das Mittagessen mit Wasser und Kaffee.<\/span><\/p> <p><span style='color: #000000;'>Anzahl Teilnehmer:innen: mind. 4 \/ max. 10<\/span><\/p> <p>&nbsp;<\/p> \",\"location\":[{\"@type\":\"Place\",\"name\":\"CULINARIUM ALPINUM\",\"address\":{\"@type\": \"PostalAddress\",\"streetAddress\":\"M\u00fcrgstrasse 18\"}}]}<\/script><\/div>\r\n\t\t\t\t<p class=\"desc_trig_outter\" style=\"\"><a data-gmap_status=\"null\" data-exlk=\"1\" href=\"https:\/\/culinarium-alpinum.com\/en\/events\/workshop-sommerschnitt-bei-obstspalieren\/\" target=\"_blank\" rel=\"noopener noreferrer\" style=\"background-color: #ab6443;\" id=\"evc_178003980024281\" class=\"desc_trig sin_val evcal_list_a\" data-ux_val=\"4\" data-ux_val_mob=\"-\"><span class='evoet_in'><span class='evoet_c2 evoet_cx '><span class='evoet_dayblock evcal_cblock ' data-bgcolor='#ab6443' data-smon='Mai' data-syr='2026' data-bub=''><span class='evo_start  evofxdrc'><em class='date'>29<\/em><em class='month'>Mai<\/em><em class='time'>09:30<\/em><\/span><span class='evo_end only_time evofxdrc'><em class='time'>14:00<\/em><\/span><\/span><\/span><span class='evoet_c3 evoet_cx evcal_desc hide_eventtopdata '><span class='evoet_title evcal_desc2 evcal_event_title ' itemprop='name'>Workshop Sommerschnitt bei Obstspalieren<\/span><span class='event_location_attrs evodni'  data-location_address=\"M\u00fcrgstrasse 18\" data-location_type=\"address\" data-location_name=\"CULINARIUM ALPINUM\" data-location_url=\"https:\/\/culinarium-alpinum.com\/event-location\/culinarium-alpinum\/\" data-location_status=\"true\" data-locid=\"13\"><\/span><\/span><\/span><span class='evoet_data' style='display:none' data-d=\"{&quot;loc.n&quot;:&quot;CULINARIUM ALPINUM&quot;,&quot;orgs&quot;:[],&quot;tags&quot;:[]}\" data-bgc=\"#ab6443\" data-bggrad=\"\" ><\/span><\/a><\/p><div class='clear end'><\/div><\/div><div id=\"event_21238_2\" class=\"eventon_list_event evo_eventtop scheduled  event clrD event_21238_2\" data-event_id=\"21238\" data-ri=\"2r\" data-time=\"1780041600-1780054200\" data-colr=\"#ab6443\" itemscope itemtype='http:\/\/schema.org\/Event'><div class=\"evo_event_schema\" style=\"display:none\" ><a itemprop=\"url\" href=\"https:\/\/culinarium-alpinum.com\/en\/events\/wildpflanzen-am-wegrand-mit-margreta-krummenacher\/var\/ri-2.l-L1\"><\/a><meta itemprop='image' content=\"https:\/\/culinarium-alpinum.com\/wp-content\/uploads\/2026\/01\/Wildpflanzen-am-Wegrand_Eventbild_Webseite_1440x1080.jpg\" \/><meta itemprop='startDate' content=\"2026-5-29T10:00+2:00\" \/><meta itemprop='endDate' content=\"2026-5-29T13:30+2:00\" \/><meta itemprop='eventStatus' content=\"https:\/\/schema.org\/EventScheduled\" \/><meta itemprop='eventAttendanceMode'   itemscope itemtype=\"https:\/\/schema.org\/OfflineEventAttendanceMode\"\/><div style=\"display:none\" itemprop=\"location\" itemscope itemtype=\"http:\/\/schema.org\/Place\"><span itemprop=\"name\">CULINARIUM ALPINUM<\/span><span itemprop=\"address\" itemscope itemtype=\"http:\/\/schema.org\/PostalAddress\"><item itemprop=\"streetAddress\">M\u00fcrgstrasse 18<\/item><\/span><\/div><script type=\"application\/ld+json\">{\"@context\": \"http:\/\/schema.org\",\"@type\": \"Event\",\n\t\t\t\t\"@id\": \"event_21238_2\",\n\t\t\t\t\"eventAttendanceMode\":\"https:\/\/schema.org\/OfflineEventAttendanceMode\",\n\t\t\t\t\"eventStatus\":\"https:\/\/schema.org\/EventScheduled\",\n\t\t\t\t\"name\": \"Wildpflanzen am Wegrand\",\n\t\t\t\t\"url\": \"https:\/\/culinarium-alpinum.com\/en\/events\/wildpflanzen-am-wegrand-mit-margreta-krummenacher\/var\/ri-2.l-L1\",\n\t\t\t\t\"startDate\": \"2026-5-29T10:00+2:00\",\n\t\t\t\t\"endDate\": \"2026-5-29T13:30+2:00\",\n\t\t\t\t\"image\":\"https:\/\/culinarium-alpinum.com\/wp-content\/uploads\/2026\/01\/Wildpflanzen-am-Wegrand_Eventbild_Webseite_1440x1080.jpg\", \n\t\t\t\t\"description\":\"<p><strong>Entdecken, sammeln, geniessen: Rund um das Culinarium Alpinum lernen Sie essbare Wildpflanzen kennen und sammeln. <\/strong><\/p> <p><strong>Gemeinsam mit dem K\u00fcchenteam entstehen daraus kreative Vorspeisen f\u00fcr ein genussvolles 3-Gang-Menu.<\/strong><\/p> <p><em>Donnerstag, 19. M\u00e4rz 2026 (Josefstag), von 10.00 bis 13.30 Uhr &#8211; Aufgrund zu geringer Teilnehmerzahl ist dieser Kurs abgesagt.<\/em><\/p> <p><strong>Samstag, 25. April 2026<\/strong>, von 10.00 bis 13.30 Uhr &#8211; <strong>AUSGEBUCHT<\/strong><\/p> <p><strong>Freitag, 29. Mai 2026<\/strong>, von 10.00 bis 13.30 Uhr<\/p> <p><strong>Freitag, 26. Juni 2026<\/strong>, von 16.00 bis 19.30 Uhr<\/p> <p><strong>Freitag, 17. Juli 2026<\/strong>, von 16.00 bis 19.30 Uhr<\/p> <p><strong>Samstag, 18. Juli 2026<\/strong>, von 10.00 bis 13.30 Uhr<\/p> <p><strong>Samstag, 8. August 2026<\/strong>, von 10.00 bis 13.30 Uhr<\/p> <p><strong>Samstag, 29. August 2026<\/strong>, von 10.00 bis 13.30 Uhr<\/p> <p><strong>Samstag, 12. September 2026<\/strong>, von 10.00 bis 13.30 Uhr<\/p> <p><strong>Samstag, 10. Oktober 2026<\/strong>, von 10.00 bis 13.30 Uhr<\/p> <p><a href='https:\/\/culinarium-alpinum.com\/wp-content\/uploads\/2026\/01\/CA_Wildpflanzen-am-Wegrand_2026_Flyer_148x210_web-1.pdf' target='_blank' rel='noopener'>Eventflyer<\/a><\/p> <p>CHF 95.- pro Person<\/p> <p>Im Kurs inklusive:<\/p> <p>Kaffee \/ Tee \/ Saft beim Eintreffen<\/p> <p>Gef\u00fchrte Wildpflanzensammlung mit Margreta Krummenacher<\/p> <p>Zubereitung Vorspeise 3-Gang Menu inklusive Wasser und Kaffee in Begleitung unseres K\u00fcchenteams<\/p> <p>Rezepte zum Mitnehmen<\/p> \",\"location\":[{\"@type\":\"Place\",\"name\":\"CULINARIUM ALPINUM\",\"address\":{\"@type\": \"PostalAddress\",\"streetAddress\":\"M\u00fcrgstrasse 18\"}}]}<\/script><\/div>\r\n\t\t\t\t<p class=\"desc_trig_outter\" style=\"\"><a data-gmap_status=\"null\" data-gmtrig=\"1\" data-exlk=\"0\" style=\"background-color: #ab6443;\" id=\"evc_178004160021238\" href=\"#\" class=\"event_repeat desc_trig sin_val evcal_list_a\" data-ux_val=\"3\" data-ux_val_mob=\"-\"  ><span class='evoet_in'><span class='evoet_c2 evoet_cx '><span class='evoet_dayblock evcal_cblock ' data-bgcolor='#ab6443' data-smon='Mai' data-syr='2026' data-bub=''><span class='evo_start  evofxdrc'><em class='date'>29<\/em><em class='month'>Mai<\/em><em class='time'>10:00<\/em><\/span><span class='evo_end only_time evofxdrc'><em class='time'>13:30<\/em><\/span><\/span><\/span><span class='evoet_c3 evoet_cx evcal_desc hide_eventtopdata '><span class='evoet_title evcal_desc2 evcal_event_title ' itemprop='name'>Wildpflanzen am Wegrand<\/span><span class='event_location_attrs evodni'  data-location_address=\"M\u00fcrgstrasse 18\" data-location_type=\"address\" data-location_name=\"CULINARIUM ALPINUM\" data-location_url=\"https:\/\/culinarium-alpinum.com\/event-location\/culinarium-alpinum\/\" data-location_status=\"true\" data-locid=\"13\"><\/span><\/span><\/span><span class='evoet_data' style='display:none' data-d=\"{&quot;loc.n&quot;:&quot;CULINARIUM ALPINUM&quot;,&quot;orgs&quot;:[],&quot;tags&quot;:{&quot;repeating&quot;:&quot;Repeating Event&quot;}}\" data-bgc=\"#ab6443\" data-bggrad=\"\" ><\/span><\/a><\/p><div class='event_description evcal_eventcard ' style=\"display:none\"><div class='evocard_row'><div id='event_ftimage' class='evocard_box ftimage' data-c='' \n\t\t\t\t\tstyle=''><div class='evocard_main_image_hold' data-t='Loading Image..'><div class='evocard_main_image evo_img_triglb evocd_img_full evobr15 evobgsc evobgpc evodfx evofx_jc_c evofx_ai_c evofz48 full' style='height:400px; background-image:url();' data-f=\"https:\/\/culinarium-alpinum.com\/wp-content\/uploads\/2026\/01\/Wildpflanzen-am-Wegrand_Eventbild_Webseite_1440x1080.jpg\" data-h=\"1080\" data-w=\"1440\" data-ratio=\"0.75\" data-event_id=\"21238\" data-ri=\"2\"  data-t='Loading Image..'><span style='height:400px; background-image:url(https:\/\/culinarium-alpinum.com\/wp-content\/uploads\/2026\/01\/Wildpflanzen-am-Wegrand_Eventbild_Webseite_1440x1080.jpg)'><\/span><\/div><\/div><\/div><\/div><!-- row close --><div class='evocard_row'><div id='event_eventdetails' class='evocard_box eventdetails' data-c='' \n\t\t\t\t\tstyle=''><div class=\"evo_metarow_details evorow evcal_evdata_row evcal_event_details\">\n    <div class=\"event_excerpt\" style=\"display:none\"><h3 class=\"padb5 evo_h3\">Details<\/h3><p>Entdecken, sammeln, geniessen: Rund um das Culinarium Alpinum lernen Sie essbare Wildpflanzen kennen und sammeln. \nGemeinsam mit dem K\u00fcchenteam entstehen daraus kreative Vorspeisen f\u00fcr ein genussvolles 3-Gang-Menu.\nDonnerstag, 19. M\u00e4rz 2026<\/p><\/div><span class='evcal_evdata_icons'><i class='fa fa-align-justify'><\/i><\/span>    <div class=\"evcal_evdata_cell shorter_desc\">\n        <div class=\"eventon_full_description\">\n            <h3 class=\"padb5 evo_h3\"><span class='evcal_evdata_icons'><i class='fa fa-align-justify'><\/i><\/span>Details<\/h3>\n            <div class=\"eventon_desc_in\" itemprop=\"description\">\n                <p><strong>Entdecken, sammeln, geniessen: Rund um das Culinarium Alpinum lernen Sie essbare Wildpflanzen kennen und sammeln. <\/strong><\/p>\n<p><strong>Gemeinsam mit dem K\u00fcchenteam entstehen daraus kreative Vorspeisen f\u00fcr ein genussvolles 3-Gang-Menu.<\/strong><\/p>\n<p><em>Donnerstag, 19. M\u00e4rz 2026 (Josefstag), von 10.00 bis 13.30 Uhr &#8211; Aufgrund zu geringer Teilnehmerzahl ist dieser Kurs abgesagt.<\/em><\/p>\n<p><strong>Samstag, 25. April 2026<\/strong>, von 10.00 bis 13.30 Uhr &#8211; <strong>AUSGEBUCHT<\/strong><\/p>\n<p><strong>Freitag, 29. Mai 2026<\/strong>, von 10.00 bis 13.30 Uhr<\/p>\n<p><strong>Freitag, 26. Juni 2026<\/strong>, von 16.00 bis 19.30 Uhr<\/p>\n<p><strong>Freitag, 17. Juli 2026<\/strong>, von 16.00 bis 19.30 Uhr<\/p>\n<p><strong>Samstag, 18. Juli 2026<\/strong>, von 10.00 bis 13.30 Uhr<\/p>\n<p><strong>Samstag, 8. August 2026<\/strong>, von 10.00 bis 13.30 Uhr<\/p>\n<p><strong>Samstag, 29. August 2026<\/strong>, von 10.00 bis 13.30 Uhr<\/p>\n<p><strong>Samstag, 12. September 2026<\/strong>, von 10.00 bis 13.30 Uhr<\/p>\n<p><strong>Samstag, 10. Oktober 2026<\/strong>, von 10.00 bis 13.30 Uhr<\/p>\n<p><a href=\"https:\/\/culinarium-alpinum.com\/wp-content\/uploads\/2026\/01\/CA_Wildpflanzen-am-Wegrand_2026_Flyer_148x210_web-1.pdf\" target=\"_blank\" rel=\"noopener\">Eventflyer<\/a><\/p>\n<p>CHF 95.- pro Person<\/p>\n<p>Im Kurs inklusive:<\/p>\n<p>Kaffee \/ Tee \/ Saft beim Eintreffen<\/p>\n<p>Gef\u00fchrte Wildpflanzensammlung mit Margreta Krummenacher<\/p>\n<p>Zubereitung Vorspeise 3-Gang Menu inklusive Wasser und Kaffee in Begleitung unseres K\u00fcchenteams<\/p>\n<p>Rezepte zum Mitnehmen<\/p>\n            <\/div>\n            <p class='eventon_shad_p' style='padding:5px 0 0; margin:0'><button class='evcal_btn evo_btn_secondary evobtn_details_show_more' content='less' aria-label='Mehr' aria-expanded='false'><span class='ev_more_text' data-txt='Weniger'>Mehr<\/span><span class='ev_more_arrow ard'><\/span><\/button><\/p><div class='clear'><\/div>        <\/div>\n    <\/div>\n<\/div><\/div><\/div><!-- row close --><div class='evocard_row bx2 bx'><div id='event_time' class='evocard_box time' data-c='' \n\t\t\t\t\tstyle=''><div class='evo_metarow_time evorow evcal_evdata_row evcal_evrow_sm '>\n\t\t<span class='evcal_evdata_icons'><i class='fa fa-clock-o'><\/i><\/span>\n\t\t<div class='evcal_evdata_cell'>\t\t\t\t\t\t\t\n\t\t\t<h3 class='evo_h3'><span class='evcal_evdata_icons'><i class='fa fa-clock-o'><\/i><\/span>Zeit<\/h3><div><span class='evo_eventcard_time_t evogap5 evofxww'><span class=\"start\">29\/05\/2026<\/span> <span class=\"stime\">10:00<\/span> - <span class=\"etime\">13:30<\/span><\/span><span class='evo_tz marr5'>(GMT+02:00)<\/span><\/div>\n\t\t<\/div>\n\t<\/div><\/div><div id='event_location' class='evocard_box location' data-c='' \n\t\t\t\t\tstyle=''><div class='evcal_evdata_row evo_metarow_time_location evorow '>\n\t\t\n\t\t\t<span class='evcal_evdata_icons'><i class='fa fa-map-marker'><\/i><\/span>\n\t\t\t<div class='evcal_evdata_cell' data-loc_tax_id='13'><h3 class='evo_h3 evodfx'><span class='evcal_evdata_icons'><i class='fa fa-map-marker'><\/i><\/span><a target=\"\" href=\"https:\/\/www.google.com\/maps\/place\/CULINARIUM+ALPINUM\/@46.9555229,8.366832,1036m\/data=!3m1!1e3!4m9!3m8!1s0x478ff707894e1fc9:0x89b388b6ddd2576c!5m2!4m1!1i2!8m2!3d46.9555229!4d8.3694069!16sg11c51vhs13?entry=ttu&amp;g_ep=EgoyMDI1MDQxMy4wIKXMDSoASAFQAw\" rel=\"noopener\">Veranstaltungsort<\/a><\/h3><p class='evo_location_name'><a target=\"\" href=\"https:\/\/www.google.com\/maps\/place\/CULINARIUM+ALPINUM\/@46.9555229,8.366832,1036m\/data=!3m1!1e3!4m9!3m8!1s0x478ff707894e1fc9:0x89b388b6ddd2576c!5m2!4m1!1i2!8m2!3d46.9555229!4d8.3694069!16sg11c51vhs13?entry=ttu&amp;g_ep=EgoyMDI1MDQxMy4wIKXMDSoASAFQAw\" rel=\"noopener\">CULINARIUM ALPINUM<\/a><\/p><p class='evo_location_address evodfxi evogap10'><a target=\"\" href=\"https:\/\/www.google.com\/maps\/place\/CULINARIUM+ALPINUM\/@46.9555229,8.366832,1036m\/data=!3m1!1e3!4m9!3m8!1s0x478ff707894e1fc9:0x89b388b6ddd2576c!5m2!4m1!1i2!8m2!3d46.9555229!4d8.3694069!16sg11c51vhs13?entry=ttu&amp;g_ep=EgoyMDI1MDQxMy4wIKXMDSoASAFQAw\" rel=\"noopener\">M\u00fcrgstrasse 18<\/a><\/p><div class='evopadt5'><p class='evo_location_contact'>+41 41 619 17 17 <a href='mailto:info@culinarium-alpinum.ch'>info@culinarium-alpinum.ch<\/a><\/p><\/div><div class='padt10'><span class='evo_btn_arr evolb_trigger' data-lbvals=\"{&quot;lbdata&quot;:{&quot;class&quot;:&quot;evo_location_lb_13&quot;,&quot;additional_class&quot;:&quot;lb_max&quot;,&quot;title&quot;:&quot;CULINARIUM ALPINUM&quot;},&quot;adata&quot;:{&quot;a&quot;:&quot;eventon_get_tax_card_content&quot;,&quot;end&quot;:&quot;client&quot;,&quot;data&quot;:{&quot;lang&quot;:&quot;L1&quot;,&quot;term_id&quot;:13,&quot;tax&quot;:&quot;event_location&quot;,&quot;load_lbcontent&quot;:true}},&quot;uid&quot;:&quot;eventon_get_tax_card_content&quot;}\" >Other Events<i class='fa fa-chevron-right' aria-hidden='true'><\/i><\/span><\/div><\/div>\n\t\t\n\t<\/div><\/div><\/div><!-- row close --><div class='evocard_row'><div id='event_learnmore' class='evocard_box learnmore' data-c='' \n\t\t\t\t\tstyle=''><div class='evo_metarow_learnM evo_metarow_learnmore evorow'>\n\t\t\t\t\t\t\t<a class=\"evcal_evdata_row evo_clik_row \" href=\"https:\/\/culinarium-alpinum.com\/kurse-und-seminare\/wildpflanzen-am-wegrand\/\" target=\"_blank\">\n\t\t\t\t\t\t\t\t<span class='evcal_evdata_icons'><i class='fa fa-link'><\/i><\/span>\n\t\t\t\t\t\t\t\t<h3 class='evo_h3'>Reservation \/ Buchen<\/h3>\n\t\t\t\t\t\t\t<\/a>\n\t\t\t\t\t\t\t<\/div><\/div><\/div><!-- row close --><div class='evocard_row'><div id='event_getdirection' class='evocard_box getdirection' data-c='' \n\t\t\t\t\tstyle=''><div class='evo_metarow_getDr evorow evcal_evdata_row evcal_evrow_sm getdirections'>\n\t\t<form action='https:\/\/maps.google.com\/maps' method='get' target='_blank'>\n\t\t\t<input type='hidden' name='daddr' value=\"M\u00fcrgstrasse 18\"\/> \n\t\t\t<div class='evo_get_direction_content evo_fx_dr_r evogap10'>\n\t\t\t\t<span class='evogetdir_header evodfx evofxdrr evofxaic evogap10'>\n\t\t\t\t\t<i class='mainicon fa fa-road evofz24i'><\/i> \n\t\t\t\t\t<h3 class='evo_h3 evopad0i' style='padding-bottom:5px;'>Get Directions<\/h3>\n\t\t\t\t<\/span>\n\t\t\t\t<span class='evogetdir_field evodfx evofx_1_1 evow100p'>\t\n\t\t\t\t\t<label for='69f4cba4eec41' class='evo_aria_ready sr-only'>Address - Wildpflanzen am Wegrand []<\/label>\t\t\t\t\n\t\t\t\t\t<input id='69f4cba4eec41' class='evo_aria_ready_match evoInput2 evobr10 evow100p evopad10 evoff_2 evofz14i evobrdB1 evoboxbb' type='text' name='saddr' placeholder='Ihre Adresse' value='' style='' aria-label='Address - Wildpflanzen am Wegrand []' \/>\n\t\t\t\t<\/span>\n\t\t\t\t<div class='evodfx evofxdrr evofxaic evogap10'>\n\t\t\t\t\t<i class='fa fa-location-dot'><\/i>\n\t\t\t\t\t<div class='evoposr evofx_1 evoh100p'><label for='69f4cba4eec41' class='evo_aria_ready sr-only'>Destination Address - Wildpflanzen am Wegrand []<\/label>\t\t\n\t\t\t\t\t\t<input id='69f4cba4eec41' class='evo_aria_ready_match evoInput2 evobr10 evow100p evopad5-10 evoff_2 evofz14i evobrdB1 evoop5 evoboxbb evoh100p' type='text' style='' readonly value='M\u00fcrgstrasse 18' aria-label='Destination Address - Wildpflanzen am Wegrand []'\/><button class='evo_copy_address evobuttonA evocurp evohoop7 evoposa evopad5' style='right: 3px; top: 4px; background-color: #fff;' data-txt='M\u00fcrgstrasse 18' data-t='Address copied to clipboard!'><i class='far fa-copy evofz16i' title='Copy Destination Address!'><\/i><\/button>\n\t\t\t\t\t<\/div>\n\t\t\t\t\t<button type='submit' class='evo_get_direction_button evcal_btn dfx evofxaic evocurp evohoop7' title='Klicken Sie hier um Ihre Anreise anzuzeigen' style='    padding: 10px 15px !important;'><i class='fa fa-chevron-right'><\/i> <\/button>\n\t\t\t\t<\/div>\n\t\t\t<\/div>\n\t\t<\/form>\n\t<\/div><\/div><\/div><!-- row close --><button class='evo_card_row_end evcal_close' title='Close'><\/button><\/div><div class='clear end'><\/div><\/div><div id=\"event_25329_0\" class=\"eventon_list_event evo_eventtop scheduled  event clrD event_25329_0\" data-event_id=\"25329\" data-ri=\"0r\" data-time=\"1780074000-1780084800\" data-colr=\"#ab6443\" itemscope itemtype='http:\/\/schema.org\/Event'><div class=\"evo_event_schema\" style=\"display:none\" ><a itemprop=\"url\" href=\"https:\/\/culinarium-alpinum.com\/en\/events\/filme-fuer-die-erde-pop-up-kino\/\"><\/a><meta itemprop='image' content=\"https:\/\/culinarium-alpinum.com\/wp-content\/uploads\/2026\/04\/Pop-Up-Bild-Website.jpg\" \/><meta itemprop='startDate' content=\"2026-5-29T19:00+2:00\" \/><meta itemprop='endDate' content=\"2026-5-29T22:00+2:00\" \/><meta itemprop='eventStatus' content=\"https:\/\/schema.org\/EventScheduled\" \/><meta itemprop='eventAttendanceMode'   itemscope itemtype=\"https:\/\/schema.org\/OfflineEventAttendanceMode\"\/><div style=\"display:none\" itemprop=\"location\" itemscope itemtype=\"http:\/\/schema.org\/Place\"><span itemprop=\"name\">CULINARIUM ALPINUM<\/span><span itemprop=\"address\" itemscope itemtype=\"http:\/\/schema.org\/PostalAddress\"><item itemprop=\"streetAddress\">M\u00fcrgstrasse 18<\/item><\/span><\/div><script type=\"application\/ld+json\">{\"@context\": \"http:\/\/schema.org\",\"@type\": \"Event\",\n\t\t\t\t\"@id\": \"event_25329_0\",\n\t\t\t\t\"eventAttendanceMode\":\"https:\/\/schema.org\/OfflineEventAttendanceMode\",\n\t\t\t\t\"eventStatus\":\"https:\/\/schema.org\/EventScheduled\",\n\t\t\t\t\"name\": \"Filme f\u00fcr die Erde Pop-up Kino\",\n\t\t\t\t\"url\": \"https:\/\/culinarium-alpinum.com\/en\/events\/filme-fuer-die-erde-pop-up-kino\/\",\n\t\t\t\t\"startDate\": \"2026-5-29T19:00+2:00\",\n\t\t\t\t\"endDate\": \"2026-5-29T22:00+2:00\",\n\t\t\t\t\"image\":\"https:\/\/culinarium-alpinum.com\/wp-content\/uploads\/2026\/04\/Pop-Up-Bild-Website.jpg\", \n\t\t\t\t\"description\":\"<p><span style='color: #000000;'><b><span style='font-size: 24px;'>Filme f\u00fcr die Erde Pop-up Kino<\/span><\/b><\/span><\/p> <p>&nbsp;<\/p> <div class='elementor-element elementor-element-7f68397 elementor-widget elementor-widget-text-editor' data-id='7f68397' data-element_type='widget' data-e-type='widget' data-widget_type='text-editor.default'> <div class='elementor-widget-container'> <p><span style='color: #000000;'>Gemeinsam mit engagierten Mitveranstalter:innen zeige der Verein Filme f\u00fcr die Erde 2026 in Pop-up Kinos in der ganzen Schweiz die inspirierende Doku \u00abSix Inches of Soil\u00bb.\u00a0In diesem Jahr pr\u00e4sentieren sie den Film erstmals in Zusammenarbeit mit dem WWF Schweiz, mit Unterst\u00fctzung von SWICA.<\/span><\/p> <\/div> <\/div> <p><span style='color: #000000;'><b>Freitag, 29. Mai 2026 Uhr, 19.00 Uhr<\/b><\/span><\/p> <p><span style='color: #000000;'>Weitere Informationen finden Sie unter:<\/span><\/p> <p><a href='https:\/\/pop-up.filmefuerdieerde.org\/#film' target='_blank' rel='noopener'>Filme f\u00fcr die Erde<\/a><\/p> <p><a href='https:\/\/events.wwf.ch\/de\/pop-up-kino-im-culinarium-alpinum-six-inches-of-soil-gesponsert-4a6vVj1czJ\/overview' target='_blank' rel='noopener'>WWF-Event<\/a><\/p> \",\"location\":[{\"@type\":\"Place\",\"name\":\"CULINARIUM ALPINUM\",\"address\":{\"@type\": \"PostalAddress\",\"streetAddress\":\"M\u00fcrgstrasse 18\"}}]}<\/script><\/div>\r\n\t\t\t\t<p class=\"desc_trig_outter\" style=\"\"><a data-gmap_status=\"null\" data-exlk=\"0\" style=\"background-color: #ab6443;\" id=\"evc_178007400025329\" href=\"#\" class=\"desc_trig sin_val evcal_list_a\" data-ux_val=\"1\" data-ux_val_mob=\"-\"  ><span class='evoet_in'><span class='evoet_c2 evoet_cx '><span class='evoet_dayblock evcal_cblock ' data-bgcolor='#ab6443' data-smon='Mai' data-syr='2026' data-bub=''><span class='evo_start  evofxdrc'><em class='date'>29<\/em><em class='month'>Mai<\/em><em class='time'>19:00<\/em><\/span><span class='evo_end only_time evofxdrc'><em class='time'>22:00<\/em><\/span><\/span><\/span><span class='evoet_c3 evoet_cx evcal_desc hide_eventtopdata '><span class='evoet_title evcal_desc2 evcal_event_title ' itemprop='name'>Filme f\u00fcr die Erde Pop-up Kino<\/span><span class='event_location_attrs evodni'  data-location_address=\"M\u00fcrgstrasse 18\" data-location_type=\"address\" data-location_name=\"CULINARIUM ALPINUM\" data-location_url=\"https:\/\/culinarium-alpinum.com\/event-location\/culinarium-alpinum\/\" data-location_status=\"true\" data-locid=\"13\"><\/span><\/span><\/span><span class='evoet_data' style='display:none' data-d=\"{&quot;loc.n&quot;:&quot;CULINARIUM ALPINUM&quot;,&quot;orgs&quot;:[],&quot;tags&quot;:[]}\" data-bgc=\"#ab6443\" data-bggrad=\"\" ><\/span><\/a><\/p><div class='event_description evcal_eventcard ' style=\"display:none\"><div class='evocard_row'><div id='event_ftimage' class='evocard_box ftimage' data-c='' \n\t\t\t\t\tstyle=''><div class='evocard_main_image_hold' data-t='Loading Image..'><div class='evocard_main_image evo_img_triglb evocd_img_full evobr15 evobgsc evobgpc evodfx evofx_jc_c evofx_ai_c evofz48 full' style='height:400px; background-image:url();' data-f=\"https:\/\/culinarium-alpinum.com\/wp-content\/uploads\/2026\/04\/Pop-Up-Bild-Website.jpg\" data-h=\"875\" data-w=\"1556\" data-ratio=\"0.56233933161954\" data-event_id=\"25329\" data-ri=\"0\"  data-t='Loading Image..'><span style='height:400px; background-image:url(https:\/\/culinarium-alpinum.com\/wp-content\/uploads\/2026\/04\/Pop-Up-Bild-Website.jpg)'><\/span><\/div><\/div><\/div><\/div><!-- row close --><div class='evocard_row'><div id='event_eventdetails' class='evocard_box eventdetails' data-c='' \n\t\t\t\t\tstyle=''><div class=\"evo_metarow_details evorow evcal_evdata_row evcal_event_details\">\n    <div class=\"event_excerpt\" style=\"display:none\"><h3 class=\"padb5 evo_h3\">Details<\/h3><p>Filme f\u00fcr die Erde Pop-up Kino\n&nbsp;\n\n\nGemeinsam mit engagierten Mitveranstalter:innen zeige der Verein Filme f\u00fcr die<\/p><\/div><span class='evcal_evdata_icons'><i class='fa fa-align-justify'><\/i><\/span>    <div class=\"evcal_evdata_cell shorter_desc\">\n        <div class=\"eventon_full_description\">\n            <h3 class=\"padb5 evo_h3\"><span class='evcal_evdata_icons'><i class='fa fa-align-justify'><\/i><\/span>Details<\/h3>\n            <div class=\"eventon_desc_in\" itemprop=\"description\">\n                <p><span style=\"color: #000000;\"><b><span style=\"font-size: 24px;\">Filme f\u00fcr die Erde Pop-up Kino<\/span><\/b><\/span><\/p>\n<p>&nbsp;<\/p>\n<div class=\"elementor-element elementor-element-7f68397 elementor-widget elementor-widget-text-editor\" data-id=\"7f68397\" data-element_type=\"widget\" data-e-type=\"widget\" data-widget_type=\"text-editor.default\">\n<div class=\"elementor-widget-container\">\n<p><span style=\"color: #000000;\">Gemeinsam mit engagierten Mitveranstalter:innen zeige der Verein Filme f\u00fcr die Erde 2026 in Pop-up Kinos in der ganzen Schweiz die inspirierende Doku \u00abSix Inches of Soil\u00bb.\u00a0In diesem Jahr pr\u00e4sentieren sie den Film erstmals in Zusammenarbeit mit dem WWF Schweiz, mit Unterst\u00fctzung von SWICA.<\/span><\/p>\n<\/div>\n<\/div>\n<p><span style=\"color: #000000;\"><b>Freitag, 29. Mai 2026 Uhr, 19.00 Uhr<\/b><\/span><\/p>\n<p><span style=\"color: #000000;\">Weitere Informationen finden Sie unter:<\/span><\/p>\n<p><a href=\"https:\/\/pop-up.filmefuerdieerde.org\/#film\" target=\"_blank\" rel=\"noopener\">Filme f\u00fcr die Erde<\/a><\/p>\n<p><a href=\"https:\/\/events.wwf.ch\/de\/pop-up-kino-im-culinarium-alpinum-six-inches-of-soil-gesponsert-4a6vVj1czJ\/overview\" target=\"_blank\" rel=\"noopener\">WWF-Event<\/a><\/p>\n            <\/div>\n            <p class='eventon_shad_p' style='padding:5px 0 0; margin:0'><button class='evcal_btn evo_btn_secondary evobtn_details_show_more' content='less' aria-label='Mehr' aria-expanded='false'><span class='ev_more_text' data-txt='Weniger'>Mehr<\/span><span class='ev_more_arrow ard'><\/span><\/button><\/p><div class='clear'><\/div>        <\/div>\n    <\/div>\n<\/div><\/div><\/div><!-- row close --><div class='evocard_row bx2 bx'><div id='event_time' class='evocard_box time' data-c='' \n\t\t\t\t\tstyle=''><div class='evo_metarow_time evorow evcal_evdata_row evcal_evrow_sm '>\n\t\t<span class='evcal_evdata_icons'><i class='fa fa-clock-o'><\/i><\/span>\n\t\t<div class='evcal_evdata_cell'>\t\t\t\t\t\t\t\n\t\t\t<h3 class='evo_h3'><span class='evcal_evdata_icons'><i class='fa fa-clock-o'><\/i><\/span>Zeit<\/h3><div><span class='evo_eventcard_time_t evogap5 evofxww'><span class=\"start\">29\/05\/2026<\/span> <span class=\"stime\">19:00<\/span> - <span class=\"etime\">22:00<\/span><\/span><span class='evo_tz marr5'>(GMT+02:00)<\/span><\/div>\n\t\t<\/div>\n\t<\/div><\/div><div id='event_location' class='evocard_box location' data-c='' \n\t\t\t\t\tstyle=''><div class='evcal_evdata_row evo_metarow_time_location evorow '>\n\t\t\n\t\t\t<span class='evcal_evdata_icons'><i class='fa fa-map-marker'><\/i><\/span>\n\t\t\t<div class='evcal_evdata_cell' data-loc_tax_id='13'><h3 class='evo_h3 evodfx'><span class='evcal_evdata_icons'><i class='fa fa-map-marker'><\/i><\/span><a target=\"\" href=\"https:\/\/www.google.com\/maps\/place\/CULINARIUM+ALPINUM\/@46.9555229,8.366832,1036m\/data=!3m1!1e3!4m9!3m8!1s0x478ff707894e1fc9:0x89b388b6ddd2576c!5m2!4m1!1i2!8m2!3d46.9555229!4d8.3694069!16sg11c51vhs13?entry=ttu&amp;g_ep=EgoyMDI1MDQxMy4wIKXMDSoASAFQAw\" rel=\"noopener\">Veranstaltungsort<\/a><\/h3><p class='evo_location_name'><a target=\"\" href=\"https:\/\/www.google.com\/maps\/place\/CULINARIUM+ALPINUM\/@46.9555229,8.366832,1036m\/data=!3m1!1e3!4m9!3m8!1s0x478ff707894e1fc9:0x89b388b6ddd2576c!5m2!4m1!1i2!8m2!3d46.9555229!4d8.3694069!16sg11c51vhs13?entry=ttu&amp;g_ep=EgoyMDI1MDQxMy4wIKXMDSoASAFQAw\" rel=\"noopener\">CULINARIUM ALPINUM<\/a><\/p><p class='evo_location_address evodfxi evogap10'><a target=\"\" href=\"https:\/\/www.google.com\/maps\/place\/CULINARIUM+ALPINUM\/@46.9555229,8.366832,1036m\/data=!3m1!1e3!4m9!3m8!1s0x478ff707894e1fc9:0x89b388b6ddd2576c!5m2!4m1!1i2!8m2!3d46.9555229!4d8.3694069!16sg11c51vhs13?entry=ttu&amp;g_ep=EgoyMDI1MDQxMy4wIKXMDSoASAFQAw\" rel=\"noopener\">M\u00fcrgstrasse 18<\/a><\/p><div class='evopadt5'><p class='evo_location_contact'>+41 41 619 17 17 <a href='mailto:info@culinarium-alpinum.ch'>info@culinarium-alpinum.ch<\/a><\/p><\/div><div class='padt10'><span class='evo_btn_arr evolb_trigger' data-lbvals=\"{&quot;lbdata&quot;:{&quot;class&quot;:&quot;evo_location_lb_13&quot;,&quot;additional_class&quot;:&quot;lb_max&quot;,&quot;title&quot;:&quot;CULINARIUM ALPINUM&quot;},&quot;adata&quot;:{&quot;a&quot;:&quot;eventon_get_tax_card_content&quot;,&quot;end&quot;:&quot;client&quot;,&quot;data&quot;:{&quot;lang&quot;:&quot;L1&quot;,&quot;term_id&quot;:13,&quot;tax&quot;:&quot;event_location&quot;,&quot;load_lbcontent&quot;:true}},&quot;uid&quot;:&quot;eventon_get_tax_card_content&quot;}\" >Other Events<i class='fa fa-chevron-right' aria-hidden='true'><\/i><\/span><\/div><\/div>\n\t\t\n\t<\/div><\/div><\/div><!-- row close --><div class='evocard_row'><div id='event_learnmore' class='evocard_box learnmore' data-c='' \n\t\t\t\t\tstyle=''><div class='evo_metarow_learnM evo_metarow_learnmore evorow'>\n\t\t\t\t\t\t\t<a class=\"evcal_evdata_row evo_clik_row \" href=\"https:\/\/events.wwf.ch\/de\/pop-up-kino-im-culinarium-alpinum-six-inches-of-soil-gesponsert-4a6vVj1czJ\/overview\" target=\"_blank\" rel=\"noopener\">\n\t\t\t\t\t\t\t\t<span class='evcal_evdata_icons'><i class='fa fa-link'><\/i><\/span>\n\t\t\t\t\t\t\t\t<h3 class='evo_h3'>Reservation \/ Buchen<\/h3>\n\t\t\t\t\t\t\t<\/a>\n\t\t\t\t\t\t\t<\/div><\/div><\/div><!-- row close --><div class='evocard_row'><div id='event_getdirection' class='evocard_box getdirection' data-c='' \n\t\t\t\t\tstyle=''><div class='evo_metarow_getDr evorow evcal_evdata_row evcal_evrow_sm getdirections'>\n\t\t<form action='https:\/\/maps.google.com\/maps' method='get' target='_blank'>\n\t\t\t<input type='hidden' name='daddr' value=\"M\u00fcrgstrasse 18\"\/> \n\t\t\t<div class='evo_get_direction_content evo_fx_dr_r evogap10'>\n\t\t\t\t<span class='evogetdir_header evodfx evofxdrr evofxaic evogap10'>\n\t\t\t\t\t<i class='mainicon fa fa-road evofz24i'><\/i> \n\t\t\t\t\t<h3 class='evo_h3 evopad0i' style='padding-bottom:5px;'>Get Directions<\/h3>\n\t\t\t\t<\/span>\n\t\t\t\t<span class='evogetdir_field evodfx evofx_1_1 evow100p'>\t\n\t\t\t\t\t<label for='69f4cba4effb3' class='evo_aria_ready sr-only'>Address - Filme f\u00fcr die Erde Pop-up Kino []<\/label>\t\t\t\t\n\t\t\t\t\t<input id='69f4cba4effb3' class='evo_aria_ready_match evoInput2 evobr10 evow100p evopad10 evoff_2 evofz14i evobrdB1 evoboxbb' type='text' name='saddr' placeholder='Ihre Adresse' value='' style='' aria-label='Address - Filme f\u00fcr die Erde Pop-up Kino []' \/>\n\t\t\t\t<\/span>\n\t\t\t\t<div class='evodfx evofxdrr evofxaic evogap10'>\n\t\t\t\t\t<i class='fa fa-location-dot'><\/i>\n\t\t\t\t\t<div class='evoposr evofx_1 evoh100p'><label for='69f4cba4effb3' class='evo_aria_ready sr-only'>Destination Address - Filme f\u00fcr die Erde Pop-up Kino []<\/label>\t\t\n\t\t\t\t\t\t<input id='69f4cba4effb3' class='evo_aria_ready_match evoInput2 evobr10 evow100p evopad5-10 evoff_2 evofz14i evobrdB1 evoop5 evoboxbb evoh100p' type='text' style='' readonly value='M\u00fcrgstrasse 18' aria-label='Destination Address - Filme f\u00fcr die Erde Pop-up Kino []'\/><button class='evo_copy_address evobuttonA evocurp evohoop7 evoposa evopad5' style='right: 3px; top: 4px; background-color: #fff;' data-txt='M\u00fcrgstrasse 18' data-t='Address copied to clipboard!'><i class='far fa-copy evofz16i' title='Copy Destination Address!'><\/i><\/button>\n\t\t\t\t\t<\/div>\n\t\t\t\t\t<button type='submit' class='evo_get_direction_button evcal_btn dfx evofxaic evocurp evohoop7' title='Klicken Sie hier um Ihre Anreise anzuzeigen' style='    padding: 10px 15px !important;'><i class='fa fa-chevron-right'><\/i> <\/button>\n\t\t\t\t<\/div>\n\t\t\t<\/div>\n\t\t<\/form>\n\t<\/div><\/div><\/div><!-- row close --><button class='evo_card_row_end evcal_close' title='Close'><\/button><\/div><div class='clear end'><\/div><\/div><\/div><div class='evcal_month_line' data-d='eml_6_2026' data-su='1780264800'><p>Juni 2026<\/p><\/div><div class='sep_month_events ' data-d='eml_6_2026' data-range='1780264800_1782856799'><div id=\"event_25398_0\" class=\"eventon_list_event evo_eventtop scheduled  event clrD event_25398_0\" data-event_id=\"25398\" data-ri=\"0r\" data-time=\"1776664800-1793473200\" data-colr=\"#ab6443\" itemscope itemtype='http:\/\/schema.org\/Event'><div class=\"evo_event_schema\" style=\"display:none\" ><a itemprop=\"url\" href=\"https:\/\/culinarium-alpinum.com\/en\/events\/klanginstallation-alchymia-f-i-t-im-alpsbrinzkeller\/\"><\/a><meta itemprop='image' content=\"https:\/\/culinarium-alpinum.com\/wp-content\/uploads\/2026\/04\/Eventbild_Webseite_1440x1080_Alp-Sbrinz-Wanderung.jpg\" \/><meta itemprop='startDate' content=\"2026-4-20T08:00+2:00\" \/><meta itemprop='endDate' content=\"2026-10-31T20:00+2:00\" \/><meta itemprop='eventStatus' content=\"https:\/\/schema.org\/EventScheduled\" \/><meta itemprop='eventAttendanceMode'   itemscope itemtype=\"https:\/\/schema.org\/OfflineEventAttendanceMode\"\/><div style=\"display:none\" itemprop=\"location\" itemscope itemtype=\"http:\/\/schema.org\/Place\"><span itemprop=\"name\">CULINARIUM ALPINUM<\/span><span itemprop=\"address\" itemscope itemtype=\"http:\/\/schema.org\/PostalAddress\"><item itemprop=\"streetAddress\">M\u00fcrgstrasse 18<\/item><\/span><\/div><script type=\"application\/ld+json\">{\"@context\": \"http:\/\/schema.org\",\"@type\": \"Event\",\n\t\t\t\t\"@id\": \"event_25398_0\",\n\t\t\t\t\"eventAttendanceMode\":\"https:\/\/schema.org\/OfflineEventAttendanceMode\",\n\t\t\t\t\"eventStatus\":\"https:\/\/schema.org\/EventScheduled\",\n\t\t\t\t\"name\": \"Klanginstallation \u00abAlchymia \u2013 F.I.T.\u00bb im Alpsbrinzkeller\",\n\t\t\t\t\"url\": \"https:\/\/culinarium-alpinum.com\/en\/events\/klanginstallation-alchymia-f-i-t-im-alpsbrinzkeller\/\",\n\t\t\t\t\"startDate\": \"2026-4-20T08:00+2:00\",\n\t\t\t\t\"endDate\": \"2026-10-31T20:00+2:00\",\n\t\t\t\t\"image\":\"https:\/\/culinarium-alpinum.com\/wp-content\/uploads\/2026\/04\/Eventbild_Webseite_1440x1080_Alp-Sbrinz-Wanderung.jpg\", \n\t\t\t\t\"description\":\"<p><span style='font-size: 24px; color: #000000;'><strong>Klanginstallation \u00abAlchymia \u2013 F.I.T.\u00bb<\/strong><\/span><\/p> <p><span style='color: #000000;'><strong>Die Geschichte des K\u00e4ses ist auch ein Lied einer Landschaft, seiner Pflanzen und K\u00fche sowie die Passion seiner Herstellung.<br \/> <\/strong><strong>Scheinbar konstant ist der K\u00e4se dennoch immer im Wandel.<\/strong><\/span><\/p> <p><span style='color: #000000;'>Die Komposition ert\u00f6nt im Loop; alle Kl\u00e4nge sind roh und nicht nachbearbeitet, lediglich arrangiert \u2014 von den Melkvorg\u00e4ngen im Stall bis zum fertigen Alpk\u00e4se. <\/span><br \/> <span style='color: #000000;'>Aus 8 Stunden Aufnahmezeit mit insgesamt 6 Spuren Tonmaterial wurden die Klangsequenzen auf 17 Minuten reduziert. <\/span><br \/> <span style='color: #000000;'>Die Timeline folgt der Abfolge der Arbeitsschritte; die chronologische Reihenfolge der Prozesse bleibt erhalten.<\/span><\/p> <p><span style='color: #000000;'>Jahr:\u00a0 \u00a0 \u00a0 \u00a0 \u00a0 2026<\/span><br \/> <span style='color: #000000;'>Werk:\u00a0 \u00a0 \u00a0 \u00a0 Komposition\/Installation <\/span><br \/> <span style='color: #000000;'>Material:\u00a0 \u00a0Zwei Alpk\u00e4se, Holz, Transducer, Feldaufnahmen<\/span><br \/> <span style='color: #000000;'>Dauer:\u00a0 \u00a0 \u00a0 \u00a017 Minuten<\/span><\/p> <p><span style='color: #000000;'>Komposition, Soundinstallation \u2013 Patrick Kessler<\/span><br \/> <span style='color: #000000;'>Feldaufnahmen \u2013 Tim Shaw, Patrick Kessler<\/span><br \/> <span style='color: #000000;'>K\u00e4ser \u2013 Chrigel Schl\u00e4pfer<\/span><br \/> <span style='color: #000000;'>Produktion \u2013 Patrick Kessler<\/span><\/p> <div class='wpb_text_column wpb_content_element vc_custom_1763030023949'><\/div> \",\"location\":[{\"@type\":\"Place\",\"name\":\"CULINARIUM ALPINUM\",\"address\":{\"@type\": \"PostalAddress\",\"streetAddress\":\"M\u00fcrgstrasse 18\"}}]}<\/script><\/div>\r\n\t\t\t\t<p class=\"desc_trig_outter\" style=\"\"><a data-gmap_status=\"null\" data-exlk=\"1\" href=\"https:\/\/culinarium-alpinum.com\/en\/events\/klanginstallation-alchymia-f-i-t-im-alpsbrinzkeller\/\" target=\"_blank\" rel=\"noopener noreferrer\" style=\"background-color: #ab6443;\" id=\"evc_177666480025398\" class=\"desc_trig mul_val evcal_list_a\" data-ux_val=\"4\" data-ux_val_mob=\"-\"><span class='evoet_in'><span class='evoet_c2 evoet_cx '><span class='evoet_dayblock evcal_cblock ' data-bgcolor='#ab6443' data-smon='April' data-syr='2026' data-bub=''><span class='evo_start  evofxdrc'><em class='date'>20<\/em><em class='month'>Apr<\/em><em class='time'><i t=\"y\">(Apr 20)<\/i>08:00<\/em><\/span><span class='evo_end  evofxdrc'><em class='date'>31<\/em><em class='month'>Okt<\/em><em class='time'><i t=\"y\">(Okt 31)<\/i>20:00<\/em><\/span><\/span><\/span><span class='evoet_c3 evoet_cx evcal_desc hide_eventtopdata '><span class='evoet_title evcal_desc2 evcal_event_title ' itemprop='name'>Klanginstallation \u00abAlchymia \u2013 F.I.T.\u00bb im Alpsbrinzkeller<\/span><span class='event_location_attrs evodni'  data-location_address=\"M\u00fcrgstrasse 18\" data-location_type=\"address\" data-location_name=\"CULINARIUM ALPINUM\" data-location_url=\"https:\/\/culinarium-alpinum.com\/event-location\/culinarium-alpinum\/\" data-location_status=\"true\" data-locid=\"13\"><\/span><\/span><\/span><span class='evoet_data' style='display:none' data-d=\"{&quot;loc.n&quot;:&quot;CULINARIUM ALPINUM&quot;,&quot;orgs&quot;:[],&quot;tags&quot;:[]}\" data-bgc=\"#ab6443\" data-bggrad=\"\" ><\/span><\/a><\/p><div class='clear end'><\/div><\/div><div id=\"event_25367_0\" class=\"eventon_list_event evo_eventtop scheduled  event clrD event_25367_0\" data-event_id=\"25367\" data-ri=\"0r\" data-time=\"1781267400-1781298000\" data-colr=\"#ab6443\" itemscope itemtype='http:\/\/schema.org\/Event'><div class=\"evo_event_schema\" style=\"display:none\" ><a itemprop=\"url\" href=\"https:\/\/culinarium-alpinum.com\/en\/events\/wwf-lachs-comeback\/\"><\/a><meta itemprop='image' content=\"https:\/\/culinarium-alpinum.com\/wp-content\/uploads\/2026\/04\/Eventbild_Webseite_1440x1080_WWF_Lachs.jpg\" \/><meta itemprop='startDate' content=\"2026-6-12T14:30+2:00\" \/><meta itemprop='endDate' content=\"2026-6-12T23:00+2:00\" \/><meta itemprop='eventStatus' content=\"https:\/\/schema.org\/EventScheduled\" \/><meta itemprop='eventAttendanceMode'   itemscope itemtype=\"https:\/\/schema.org\/OfflineEventAttendanceMode\"\/><div style=\"display:none\" itemprop=\"location\" itemscope itemtype=\"http:\/\/schema.org\/Place\"><span itemprop=\"name\">CULINARIUM ALPINUM<\/span><span itemprop=\"address\" itemscope itemtype=\"http:\/\/schema.org\/PostalAddress\"><item itemprop=\"streetAddress\">M\u00fcrgstrasse 18<\/item><\/span><\/div><script type=\"application\/ld+json\">{\"@context\": \"http:\/\/schema.org\",\"@type\": \"Event\",\n\t\t\t\t\"@id\": \"event_25367_0\",\n\t\t\t\t\"eventAttendanceMode\":\"https:\/\/schema.org\/OfflineEventAttendanceMode\",\n\t\t\t\t\"eventStatus\":\"https:\/\/schema.org\/EventScheduled\",\n\t\t\t\t\"name\": \"Lachs Comeback - WWF\",\n\t\t\t\t\"url\": \"https:\/\/culinarium-alpinum.com\/en\/events\/wwf-lachs-comeback\/\",\n\t\t\t\t\"startDate\": \"2026-6-12T14:30+2:00\",\n\t\t\t\t\"endDate\": \"2026-6-12T23:00+2:00\",\n\t\t\t\t\"image\":\"https:\/\/culinarium-alpinum.com\/wp-content\/uploads\/2026\/04\/Eventbild_Webseite_1440x1080_WWF_Lachs.jpg\", \n\t\t\t\t\"description\":\"<p><span style='color: #000000;'><b><span style='font-size: 24px;'><strong>Lachs gesucht, R\u00fcebli gefunden<\/strong><\/span><\/b><\/span><\/p> <p><span style='color: #000000;'><b>Freitag, 12. Juni 2026<\/b><\/span><\/p> <div class='wpb_text_column wpb_content_element vc_custom_1763030023949'> <div class='wpb_wrapper'> <p><span style='color: #000000;'>Fisch oder Karotte? Warum nicht beides! Der Anlass verbindet Genuss, Wissen und Kreativit\u00e4t rund um regionalen Fisch und eine \u00fcberraschende pflanzliche Alternative. Im Kochkurs lernen Sie, wie regionaler Fisch aromatisch zubereitet wird \u2013 und wie aus Karotten ein verbl\u00fcffend echter \u201eKarottenlachs\u201c entsteht.<\/span><\/p> <p><span style='color: #000000;'>Der Vortrag \u201eLachs Comeback\u201c von WWF erz\u00e4hlt die Geschichte des Lachses in der Schweiz: Einst schwamm er zu Tausenden durch Rhein und Aare, bevor er verschwand. Dank der internationalen Initiative Salmon 2000 und dem Projekt Lachs Comeback WWF w\u00e4chst heute die Hoffnung auf seine R\u00fcckkehr.<\/span><\/p> <p><span style='color: #000000;'>Freuen Sie sich auf ein sorgf\u00e4ltig komponiertes 3-Gang-Men\u00fc mit Fisch und vegetarischer Alternative \u2013 inklusive raffiniert mariniertem \u201eKarottenlachs\u201c.<\/span><\/p> <p><span style='color: #000000;'><strong>14.30 bis 17.30 Uhr<\/strong><\/span><br \/> <span style='color: #000000;'>Kochkurs im Kochstudio inkl. anschliessendem 3-Gang Abendessen der selbst gekochten Komponenten, CHF 115.- pro Person<\/span><br \/> <span style='color: #000000;'>F\u00fcr weitere Informationen klicken Sie <strong><a href='https:\/\/culinarium-alpinum.com\/kurse-und-seminare\/wwf-lachs-comeback\/' target='_blank' rel='noopener'>hier<\/a>.<\/strong><\/span><\/p> <p><span style='color: #000000;'><strong>18.45 bis 19.30 Uhr<\/strong><\/span><br \/> <span style='color: #000000;'>Vortrag WWF, Eintritt frei, ohne Voranmeldung, Kollekte<\/span><\/p> <p><span style='color: #000000;'><strong>ab 18.00 Uhr<\/strong><\/span><br \/> <span style='color: #000000;'>3-Gang Abendessen im Restaurant mit Fisch und Karotten-Lachs, CHF 68.- pro Person<\/span><br \/> <strong style='color: #000000;'><strong><a href='https:\/\/guest.foratable.com\/restaurants\/08d9ca0055bb7c1390c786b045e9c5b0'>Tischreservation<\/a>.<\/strong><\/strong><\/p> <\/div> <\/div> <p>&nbsp;<\/p> \",\"location\":[{\"@type\":\"Place\",\"name\":\"CULINARIUM ALPINUM\",\"address\":{\"@type\": \"PostalAddress\",\"streetAddress\":\"M\u00fcrgstrasse 18\"}}]}<\/script><\/div>\r\n\t\t\t\t<p class=\"desc_trig_outter\" style=\"\"><a data-gmap_status=\"null\" data-exlk=\"0\" style=\"background-color: #ab6443;\" id=\"evc_178126740025367\" href=\"#\" class=\"desc_trig sin_val evcal_list_a\" data-ux_val=\"1\" data-ux_val_mob=\"-\"  ><span class='evoet_in'><span class='evoet_c2 evoet_cx '><span class='evoet_dayblock evcal_cblock ' data-bgcolor='#ab6443' data-smon='Juni' data-syr='2026' data-bub=''><span class='evo_start  evofxdrc'><em class='date'>12<\/em><em class='month'>Jun<\/em><em class='time'>14:30<\/em><\/span><span class='evo_end only_time evofxdrc'><em class='time'>23:00<\/em><\/span><\/span><\/span><span class='evoet_c3 evoet_cx evcal_desc hide_eventtopdata '><span class='evoet_title evcal_desc2 evcal_event_title ' itemprop='name'>Lachs Comeback - WWF<\/span><span class='event_location_attrs evodni'  data-location_address=\"M\u00fcrgstrasse 18\" data-location_type=\"address\" data-location_name=\"CULINARIUM ALPINUM\" data-location_url=\"https:\/\/culinarium-alpinum.com\/event-location\/culinarium-alpinum\/\" data-location_status=\"true\" data-locid=\"13\"><\/span><\/span><\/span><span class='evoet_data' style='display:none' data-d=\"{&quot;loc.n&quot;:&quot;CULINARIUM ALPINUM&quot;,&quot;orgs&quot;:[],&quot;tags&quot;:[]}\" data-bgc=\"#ab6443\" data-bggrad=\"\" ><\/span><\/a><\/p><div class='event_description evcal_eventcard ' style=\"display:none\"><div class='evocard_row'><div id='event_ftimage' class='evocard_box ftimage' data-c='' \n\t\t\t\t\tstyle=''><div class='evocard_main_image_hold' data-t='Loading Image..'><div class='evocard_main_image evo_img_triglb evocd_img_full evobr15 evobgsc evobgpc evodfx evofx_jc_c evofx_ai_c evofz48 full' style='height:400px; background-image:url();' data-f=\"https:\/\/culinarium-alpinum.com\/wp-content\/uploads\/2026\/04\/Eventbild_Webseite_1440x1080_WWF_Lachs.jpg\" data-h=\"1080\" data-w=\"1440\" data-ratio=\"0.75\" data-event_id=\"25367\" data-ri=\"0\"  data-t='Loading Image..'><span style='height:400px; background-image:url(https:\/\/culinarium-alpinum.com\/wp-content\/uploads\/2026\/04\/Eventbild_Webseite_1440x1080_WWF_Lachs.jpg)'><\/span><\/div><\/div><\/div><\/div><!-- row close --><div class='evocard_row'><div id='event_eventdetails' class='evocard_box eventdetails' data-c='' \n\t\t\t\t\tstyle=''><div class=\"evo_metarow_details evorow evcal_evdata_row evcal_event_details\">\n    <div class=\"event_excerpt\" style=\"display:none\"><h3 class=\"padb5 evo_h3\">Details<\/h3><p>Lachs gesucht, R\u00fcebli gefunden\nFreitag, 12. Juni 2026\n\n\nFisch oder Karotte? Warum nicht beides! Der Anlass verbindet Genuss, Wissen und<\/p><\/div><span class='evcal_evdata_icons'><i class='fa fa-align-justify'><\/i><\/span>    <div class=\"evcal_evdata_cell shorter_desc\">\n        <div class=\"eventon_full_description\">\n            <h3 class=\"padb5 evo_h3\"><span class='evcal_evdata_icons'><i class='fa fa-align-justify'><\/i><\/span>Details<\/h3>\n            <div class=\"eventon_desc_in\" itemprop=\"description\">\n                <p><span style=\"color: #000000;\"><b><span style=\"font-size: 24px;\"><strong>Lachs gesucht, R\u00fcebli gefunden<\/strong><\/span><\/b><\/span><\/p>\n<p><span style=\"color: #000000;\"><b>Freitag, 12. Juni 2026<\/b><\/span><\/p>\n<div class=\"wpb_text_column wpb_content_element vc_custom_1763030023949\">\n<div class=\"wpb_wrapper\">\n<p><span style=\"color: #000000;\">Fisch oder Karotte? Warum nicht beides! Der Anlass verbindet Genuss, Wissen und Kreativit\u00e4t rund um regionalen Fisch und eine \u00fcberraschende pflanzliche Alternative. Im Kochkurs lernen Sie, wie regionaler Fisch aromatisch zubereitet wird \u2013 und wie aus Karotten ein verbl\u00fcffend echter \u201eKarottenlachs\u201c entsteht.<\/span><\/p>\n<p><span style=\"color: #000000;\">Der Vortrag \u201eLachs Comeback\u201c von WWF erz\u00e4hlt die Geschichte des Lachses in der Schweiz: Einst schwamm er zu Tausenden durch Rhein und Aare, bevor er verschwand. Dank der internationalen Initiative Salmon 2000 und dem Projekt Lachs Comeback WWF w\u00e4chst heute die Hoffnung auf seine R\u00fcckkehr.<\/span><\/p>\n<p><span style=\"color: #000000;\">Freuen Sie sich auf ein sorgf\u00e4ltig komponiertes 3-Gang-Men\u00fc mit Fisch und vegetarischer Alternative \u2013 inklusive raffiniert mariniertem \u201eKarottenlachs\u201c.<\/span><\/p>\n<p><span style=\"color: #000000;\"><strong>14.30 bis 17.30 Uhr<\/strong><\/span><br \/>\n<span style=\"color: #000000;\">Kochkurs im Kochstudio inkl. anschliessendem 3-Gang Abendessen der selbst gekochten Komponenten, CHF 115.- pro Person<\/span><br \/>\n<span style=\"color: #000000;\">F\u00fcr weitere Informationen klicken Sie <strong><a href=\"https:\/\/culinarium-alpinum.com\/kurse-und-seminare\/wwf-lachs-comeback\/\" target=\"_blank\" rel=\"noopener\">hier<\/a>.<\/strong><\/span><\/p>\n<p><span style=\"color: #000000;\"><strong>18.45 bis 19.30 Uhr<\/strong><\/span><br \/>\n<span style=\"color: #000000;\">Vortrag WWF, Eintritt frei, ohne Voranmeldung, Kollekte<\/span><\/p>\n<p><span style=\"color: #000000;\"><strong>ab 18.00 Uhr<\/strong><\/span><br \/>\n<span style=\"color: #000000;\">3-Gang Abendessen im Restaurant mit Fisch und Karotten-Lachs, CHF 68.- pro Person<\/span><br \/>\n<strong style=\"color: #000000;\"><strong><a href=\"https:\/\/guest.foratable.com\/restaurants\/08d9ca0055bb7c1390c786b045e9c5b0\" target=\"_blank\" rel=\"noopener\">Tischreservation<\/a>.<\/strong><\/strong><\/p>\n<\/div>\n<\/div>\n<p>&nbsp;<\/p>\n            <\/div>\n            <p class='eventon_shad_p' style='padding:5px 0 0; margin:0'><button class='evcal_btn evo_btn_secondary evobtn_details_show_more' content='less' aria-label='Mehr' aria-expanded='false'><span class='ev_more_text' data-txt='Weniger'>Mehr<\/span><span class='ev_more_arrow ard'><\/span><\/button><\/p><div class='clear'><\/div>        <\/div>\n    <\/div>\n<\/div><\/div><\/div><!-- row close --><div class='evocard_row bx2 bx'><div id='event_time' class='evocard_box time' data-c='' \n\t\t\t\t\tstyle=''><div class='evo_metarow_time evorow evcal_evdata_row evcal_evrow_sm '>\n\t\t<span class='evcal_evdata_icons'><i class='fa fa-clock-o'><\/i><\/span>\n\t\t<div class='evcal_evdata_cell'>\t\t\t\t\t\t\t\n\t\t\t<h3 class='evo_h3'><span class='evcal_evdata_icons'><i class='fa fa-clock-o'><\/i><\/span>Zeit<\/h3><div><span class='evo_eventcard_time_t evogap5 evofxww'><span class=\"start\">12\/06\/2026<\/span> <span class=\"stime\">14:30<\/span> - <span class=\"etime\">23:00<\/span><\/span><span class='evo_tz marr5'>(GMT+02:00)<\/span><\/div>\n\t\t<\/div>\n\t<\/div><\/div><div id='event_location' class='evocard_box location' data-c='' \n\t\t\t\t\tstyle=''><div class='evcal_evdata_row evo_metarow_time_location evorow '>\n\t\t\n\t\t\t<span class='evcal_evdata_icons'><i class='fa fa-map-marker'><\/i><\/span>\n\t\t\t<div class='evcal_evdata_cell' data-loc_tax_id='13'><h3 class='evo_h3 evodfx'><span class='evcal_evdata_icons'><i class='fa fa-map-marker'><\/i><\/span><a target=\"\" href=\"https:\/\/www.google.com\/maps\/place\/CULINARIUM+ALPINUM\/@46.9555229,8.366832,1036m\/data=!3m1!1e3!4m9!3m8!1s0x478ff707894e1fc9:0x89b388b6ddd2576c!5m2!4m1!1i2!8m2!3d46.9555229!4d8.3694069!16sg11c51vhs13?entry=ttu&amp;g_ep=EgoyMDI1MDQxMy4wIKXMDSoASAFQAw\" rel=\"noopener\">Veranstaltungsort<\/a><\/h3><p class='evo_location_name'><a target=\"\" href=\"https:\/\/www.google.com\/maps\/place\/CULINARIUM+ALPINUM\/@46.9555229,8.366832,1036m\/data=!3m1!1e3!4m9!3m8!1s0x478ff707894e1fc9:0x89b388b6ddd2576c!5m2!4m1!1i2!8m2!3d46.9555229!4d8.3694069!16sg11c51vhs13?entry=ttu&amp;g_ep=EgoyMDI1MDQxMy4wIKXMDSoASAFQAw\" rel=\"noopener\">CULINARIUM ALPINUM<\/a><\/p><p class='evo_location_address evodfxi evogap10'><a target=\"\" href=\"https:\/\/www.google.com\/maps\/place\/CULINARIUM+ALPINUM\/@46.9555229,8.366832,1036m\/data=!3m1!1e3!4m9!3m8!1s0x478ff707894e1fc9:0x89b388b6ddd2576c!5m2!4m1!1i2!8m2!3d46.9555229!4d8.3694069!16sg11c51vhs13?entry=ttu&amp;g_ep=EgoyMDI1MDQxMy4wIKXMDSoASAFQAw\" rel=\"noopener\">M\u00fcrgstrasse 18<\/a><\/p><div class='evopadt5'><p class='evo_location_contact'>+41 41 619 17 17 <a href='mailto:info@culinarium-alpinum.ch'>info@culinarium-alpinum.ch<\/a><\/p><\/div><div class='padt10'><span class='evo_btn_arr evolb_trigger' data-lbvals=\"{&quot;lbdata&quot;:{&quot;class&quot;:&quot;evo_location_lb_13&quot;,&quot;additional_class&quot;:&quot;lb_max&quot;,&quot;title&quot;:&quot;CULINARIUM ALPINUM&quot;},&quot;adata&quot;:{&quot;a&quot;:&quot;eventon_get_tax_card_content&quot;,&quot;end&quot;:&quot;client&quot;,&quot;data&quot;:{&quot;lang&quot;:&quot;L1&quot;,&quot;term_id&quot;:13,&quot;tax&quot;:&quot;event_location&quot;,&quot;load_lbcontent&quot;:true}},&quot;uid&quot;:&quot;eventon_get_tax_card_content&quot;}\" >Other Events<i class='fa fa-chevron-right' aria-hidden='true'><\/i><\/span><\/div><\/div>\n\t\t\n\t<\/div><\/div><\/div><!-- row close --><div class='evocard_row'><div id='event_learnmore' class='evocard_box learnmore' data-c='' \n\t\t\t\t\tstyle=''><div class='evo_metarow_learnM evo_metarow_learnmore evorow'>\n\t\t\t\t\t\t\t<a class=\"evcal_evdata_row evo_clik_row \" href=\"https:\/\/culinarium-alpinum.com\/kurse-und-seminare\/wwf-lachs-comeback\/\">\n\t\t\t\t\t\t\t\t<span class='evcal_evdata_icons'><i class='fa fa-link'><\/i><\/span>\n\t\t\t\t\t\t\t\t<h3 class='evo_h3'>Reservation \/ Buchen<\/h3>\n\t\t\t\t\t\t\t<\/a>\n\t\t\t\t\t\t\t<\/div><\/div><\/div><!-- row close --><div class='evocard_row'><div id='event_getdirection' class='evocard_box getdirection' data-c='' \n\t\t\t\t\tstyle=''><div class='evo_metarow_getDr evorow evcal_evdata_row evcal_evrow_sm getdirections'>\n\t\t<form action='https:\/\/maps.google.com\/maps' method='get' target='_blank'>\n\t\t\t<input type='hidden' name='daddr' value=\"M\u00fcrgstrasse 18\"\/> \n\t\t\t<div class='evo_get_direction_content evo_fx_dr_r evogap10'>\n\t\t\t\t<span class='evogetdir_header evodfx evofxdrr evofxaic evogap10'>\n\t\t\t\t\t<i class='mainicon fa fa-road evofz24i'><\/i> \n\t\t\t\t\t<h3 class='evo_h3 evopad0i' style='padding-bottom:5px;'>Get Directions<\/h3>\n\t\t\t\t<\/span>\n\t\t\t\t<span class='evogetdir_field evodfx evofx_1_1 evow100p'>\t\n\t\t\t\t\t<label for='69f4cba4f1cda' class='evo_aria_ready sr-only'>Address - Lachs Comeback - WWF []<\/label>\t\t\t\t\n\t\t\t\t\t<input id='69f4cba4f1cda' class='evo_aria_ready_match evoInput2 evobr10 evow100p evopad10 evoff_2 evofz14i evobrdB1 evoboxbb' type='text' name='saddr' placeholder='Ihre Adresse' value='' style='' aria-label='Address - Lachs Comeback - WWF []' \/>\n\t\t\t\t<\/span>\n\t\t\t\t<div class='evodfx evofxdrr evofxaic evogap10'>\n\t\t\t\t\t<i class='fa fa-location-dot'><\/i>\n\t\t\t\t\t<div class='evoposr evofx_1 evoh100p'><label for='69f4cba4f1cda' class='evo_aria_ready sr-only'>Destination Address - Lachs Comeback - WWF []<\/label>\t\t\n\t\t\t\t\t\t<input id='69f4cba4f1cda' class='evo_aria_ready_match evoInput2 evobr10 evow100p evopad5-10 evoff_2 evofz14i evobrdB1 evoop5 evoboxbb evoh100p' type='text' style='' readonly value='M\u00fcrgstrasse 18' aria-label='Destination Address - Lachs Comeback - WWF []'\/><button class='evo_copy_address evobuttonA evocurp evohoop7 evoposa evopad5' style='right: 3px; top: 4px; background-color: #fff;' data-txt='M\u00fcrgstrasse 18' data-t='Address copied to clipboard!'><i class='far fa-copy evofz16i' title='Copy Destination Address!'><\/i><\/button>\n\t\t\t\t\t<\/div>\n\t\t\t\t\t<button type='submit' class='evo_get_direction_button evcal_btn dfx evofxaic evocurp evohoop7' title='Klicken Sie hier um Ihre Anreise anzuzeigen' style='    padding: 10px 15px !important;'><i class='fa fa-chevron-right'><\/i> <\/button>\n\t\t\t\t<\/div>\n\t\t\t<\/div>\n\t\t<\/form>\n\t<\/div><\/div><\/div><!-- row close --><button class='evo_card_row_end evcal_close' title='Close'><\/button><\/div><div class='clear end'><\/div><\/div><div id=\"event_25395_1\" class=\"eventon_list_event evo_eventtop scheduled  event clrD event_25395_1\" data-event_id=\"25395\" data-ri=\"1r\" data-time=\"1782199800-1782228600\" data-colr=\"#ab6443\" itemscope itemtype='http:\/\/schema.org\/Event'><div class=\"evo_event_schema\" style=\"display:none\" ><a itemprop=\"url\" href=\"https:\/\/culinarium-alpinum.com\/en\/events\/genuss-und-bergluft-1-tages-wanderung-zur-alp-chieneren-mit-marina-grossrieder\/var\/ri-1.l-L1\"><\/a><meta itemprop='image' content=\"https:\/\/culinarium-alpinum.com\/wp-content\/uploads\/2026\/04\/Eventbild_Webseite_1440x1080_Alp-Sbrinz-Wanderung.jpg\" \/><meta itemprop='startDate' content=\"2026-6-23T09:30+2:00\" \/><meta itemprop='endDate' content=\"2026-6-23T17:30+2:00\" \/><meta itemprop='eventStatus' content=\"https:\/\/schema.org\/EventScheduled\" \/><meta itemprop='eventAttendanceMode'   itemscope itemtype=\"https:\/\/schema.org\/OfflineEventAttendanceMode\"\/><div style=\"display:none\" itemprop=\"location\" itemscope itemtype=\"http:\/\/schema.org\/Place\"><span itemprop=\"name\">CULINARIUM ALPINUM<\/span><span itemprop=\"address\" itemscope itemtype=\"http:\/\/schema.org\/PostalAddress\"><item itemprop=\"streetAddress\">M\u00fcrgstrasse 18<\/item><\/span><\/div><script type=\"application\/ld+json\">{\"@context\": \"http:\/\/schema.org\",\"@type\": \"Event\",\n\t\t\t\t\"@id\": \"event_25395_1\",\n\t\t\t\t\"eventAttendanceMode\":\"https:\/\/schema.org\/OfflineEventAttendanceMode\",\n\t\t\t\t\"eventStatus\":\"https:\/\/schema.org\/EventScheduled\",\n\t\t\t\t\"name\": \"\u00abAuf den Spuren  des Alp Sbrinz\u00bb - 1-Tages-Wanderung\",\n\t\t\t\t\"url\": \"https:\/\/culinarium-alpinum.com\/en\/events\/genuss-und-bergluft-1-tages-wanderung-zur-alp-chieneren-mit-marina-grossrieder\/var\/ri-1.l-L1\",\n\t\t\t\t\"startDate\": \"2026-6-23T09:30+2:00\",\n\t\t\t\t\"endDate\": \"2026-6-23T17:30+2:00\",\n\t\t\t\t\"image\":\"https:\/\/culinarium-alpinum.com\/wp-content\/uploads\/2026\/04\/Eventbild_Webseite_1440x1080_Alp-Sbrinz-Wanderung.jpg\", \n\t\t\t\t\"description\":\"<p><span style='color: #000000;'><strong><span style='font-size: 24px;'>\u00abAuf den Spuren\u00a0des Alp Sbrinz\u00bb &#8211;<\/span><\/strong><strong><span style='font-size: 24px;'><span style='color: #000000;'><strong>\u00a0<\/strong><\/span>1-Tages-Wanderung<\/span><\/strong><\/span><\/p> <p><span style='color: #000000;'>Ein Tag voller Genuss, Natur und alpiner Tradition erwartet Sie.<\/span><\/p> <div class='wpb_text_column wpb_content_element vc_custom_1763030023949'> <div class='wpb_wrapper'> <p><span style='color: #000000;'>Im CULINARIUM ALPINUM starten Sie mit einer kurzen F\u00fchrung durch das ehemalige Kapuzinerkloster und einer Degustation von w\u00fcrzigem Alp Sbrinz.<\/span><\/p> <p><span style='color: #000000;'>Anschliessend reisen Sie mit Zug und Luftseilbahn nach Wirzweli. Dort erwartet Sie eine eindrucksvolle Wanderung zur Alp Chieneren, begleitet von frischer Bergluft und herrlichen Ausblicken.<\/span><\/p> <p><span style='color: #000000;'>Freuen Sie sich auf ein feines, regionales Mittagessen und spannende Einblicke in die K\u00e4seherstellung.<\/span><\/p> <p><span style='color: #000000;'>Der R\u00fcckweg f\u00fchrt \u00fcber die Gummenalp zur\u00fcck nach Wirzweli.<\/span><\/p> <\/div> <p class='content'><span style='color: #000000;'>Treffpunkt:\u00a0 \u00a009.30 Uhr im CULINARIUM ALPINUM<\/span><br \/> <span style='color: #000000;'>Abschluss:\u00a0 \u00a0ca. 17.15 Uhr am Bahnhof Stans.<\/span><\/p> <p class='content'><span style='color: #000000;'><strong>Montag, 18. Mai 2026<br \/> Dienstag, 23. Juni 2026<br \/> Mittwoch, 12. August 2026<\/strong><\/span><\/p> <p class='content'><span style='color: #000000;'>Kurskosten:<\/span><br \/> <span style='color: #000000;'>CHF 125.- pro Person<\/span><\/p> <p><span style='color: #000000;'>Im Kurs\u00a0<strong>inklusive<\/strong>:<\/span><br \/> <span style='color: #000000;'>Kleine Klosterf\u00fchrung inkl. Alp-Sbrinz-Degustation im CULINARIUIM ALPINUM<\/span><br \/> <span style='color: #000000;'>Gef\u00fchrte Wanderung von Marina Grossrieder<\/span><br \/> <span style='color: #000000;'>Ap\u00e9ropl\u00e4ttli zum Teilen, Mittagessen und 3dl Wasser\/Softgetr\u00e4nk auf der Alp Chieneren<\/span><\/p> <p><span style='color: #000000;'>Transfer\/\u00d6V\/Luftseilbahn sind\u00a0<strong>nicht inklusive<\/strong><\/span><\/p> <div class='wpb_wrapper'><\/div> <\/div> <p><span style='color: #000000;'>Anzahl Teilnehmer:innen: mind. 7 \/ max. 12<\/span><\/p> <p><span style='color: #000000;'>F\u00fcr weitere Informationen klicken Sie <strong><span style='color: #ab6443;'><a style='color: #ab6443;' href='https:\/\/culinarium-alpinum.com\/kurse-und-seminare\/genuss-und-bergluft-1-tages-wanderung-zur-alp-chieneren-mit-marina-grossrieder\/'>hier<\/a><\/span>.<\/strong><\/span><\/p> <p>&nbsp;<\/p> \",\"location\":[{\"@type\":\"Place\",\"name\":\"CULINARIUM ALPINUM\",\"address\":{\"@type\": \"PostalAddress\",\"streetAddress\":\"M\u00fcrgstrasse 18\"}}]}<\/script><\/div>\r\n\t\t\t\t<p class=\"desc_trig_outter\" style=\"\"><a data-gmap_status=\"null\" data-exlk=\"1\" href=\"https:\/\/culinarium-alpinum.com\/en\/events\/genuss-und-bergluft-1-tages-wanderung-zur-alp-chieneren-mit-marina-grossrieder\/var\/ri-1.l-L1\" target=\"_blank\" rel=\"noopener noreferrer\" style=\"background-color: #ab6443;\" id=\"evc_178219980025395\" class=\"event_repeat desc_trig sin_val evcal_list_a\" data-ux_val=\"4\" data-ux_val_mob=\"-\"><span class='evoet_in'><span class='evoet_c2 evoet_cx '><span class='evoet_dayblock evcal_cblock ' data-bgcolor='#ab6443' data-smon='Juni' data-syr='2026' data-bub=''><span class='evo_start  evofxdrc'><em class='date'>23<\/em><em class='month'>Jun<\/em><em class='time'>09:30<\/em><\/span><span class='evo_end only_time evofxdrc'><em class='time'>17:30<\/em><\/span><\/span><\/span><span class='evoet_c3 evoet_cx evcal_desc hide_eventtopdata '><span class='evoet_title evcal_desc2 evcal_event_title ' itemprop='name'>\u00abAuf den Spuren  des Alp Sbrinz\u00bb - 1-Tages-Wanderung<\/span><span class='event_location_attrs evodni'  data-location_address=\"M\u00fcrgstrasse 18\" data-location_type=\"address\" data-location_name=\"CULINARIUM ALPINUM\" data-location_url=\"https:\/\/culinarium-alpinum.com\/event-location\/culinarium-alpinum\/\" data-location_status=\"true\" data-locid=\"13\"><\/span><\/span><\/span><span class='evoet_data' style='display:none' data-d=\"{&quot;loc.n&quot;:&quot;CULINARIUM ALPINUM&quot;,&quot;orgs&quot;:[],&quot;tags&quot;:{&quot;repeating&quot;:&quot;Repeating Event&quot;}}\" data-bgc=\"#ab6443\" data-bggrad=\"\" ><\/span><\/a><\/p><div class='clear end'><\/div><\/div><div id=\"event_24955_2\" class=\"eventon_list_event evo_eventtop scheduled  event clrD event_24955_2\" data-event_id=\"24955\" data-ri=\"2r\" data-time=\"1782226800-1782230400\" data-colr=\"#ab6443\" itemscope itemtype='http:\/\/schema.org\/Event'><div class=\"evo_event_schema\" style=\"display:none\" ><a itemprop=\"url\" href=\"https:\/\/culinarium-alpinum.com\/en\/events\/oeffentliche-fuehrung-durch-unsere-essbarelandschaft\/var\/ri-2.l-L1\"><\/a><meta itemprop='image' content=\"https:\/\/culinarium-alpinum.com\/wp-content\/uploads\/2026\/01\/2025.10DJI_0199_WEB_sRGB.jpg\" \/><meta itemprop='startDate' content=\"2026-6-23T17:00+2:00\" \/><meta itemprop='endDate' content=\"2026-6-23T18:00+2:00\" \/><meta itemprop='eventStatus' content=\"https:\/\/schema.org\/EventScheduled\" \/><meta itemprop='eventAttendanceMode'   itemscope itemtype=\"https:\/\/schema.org\/OfflineEventAttendanceMode\"\/><div style=\"display:none\" itemprop=\"location\" itemscope itemtype=\"http:\/\/schema.org\/Place\"><span itemprop=\"name\">CULINARIUM ALPINUM<\/span><span itemprop=\"address\" itemscope itemtype=\"http:\/\/schema.org\/PostalAddress\"><item itemprop=\"streetAddress\">M\u00fcrgstrasse 18<\/item><\/span><\/div><script type=\"application\/ld+json\">{\"@context\": \"http:\/\/schema.org\",\"@type\": \"Event\",\n\t\t\t\t\"@id\": \"event_24955_2\",\n\t\t\t\t\"eventAttendanceMode\":\"https:\/\/schema.org\/OfflineEventAttendanceMode\",\n\t\t\t\t\"eventStatus\":\"https:\/\/schema.org\/EventScheduled\",\n\t\t\t\t\"name\": \"\u00d6ffentliche F\u00fchrung: Essbare Landschaft\",\n\t\t\t\t\"url\": \"https:\/\/culinarium-alpinum.com\/en\/events\/oeffentliche-fuehrung-durch-unsere-essbarelandschaft\/var\/ri-2.l-L1\",\n\t\t\t\t\"startDate\": \"2026-6-23T17:00+2:00\",\n\t\t\t\t\"endDate\": \"2026-6-23T18:00+2:00\",\n\t\t\t\t\"image\":\"https:\/\/culinarium-alpinum.com\/wp-content\/uploads\/2026\/01\/2025.10DJI_0199_WEB_sRGB.jpg\", \n\t\t\t\t\"description\":\"<p><span style='color: #000000;'><b><span style='font-size: 24px;'>Naschen erlaubt!<\/span><\/b><\/span><\/p> <p>Entdecken Sie die Essbare Landschaft des CULINARIUM ALPINUM mit ihren rund 250 Obst- und Beerensorten, Kr\u00e4utern und essbaren Wildpflanzen. Auf dem Rundgang erz\u00e4hlen wir von Vielfalt, Saisonalit\u00e4t und Biodiversit\u00e4t \u2013 und davon, wie aus einem Garten ein lebendiger Lern- und Genussraum entsteht.<br \/> Zwischen alten Sorten, neuen Entdeckungen, zwischen jungen Pflanzungen und wilden Ecken wird sichtbar, wie Pflege, Geduld und Wissen zusammenwirken. Die F\u00fchrung l\u00e4dt dazu ein, genau hinzuschauen, zu riechen, zu probieren und die Natur mit allen Sinnen wahrzunehmen. Eine Entdeckungsreise durch einen Garten, der nicht nur w\u00e4chst, sondern Geschichten erz\u00e4hlt.<\/p> <p><span style='color: #000000;'>CHF 15.- pro Person<\/span><\/p> <p>Die F\u00fchrung findet an folgenden Daten statt:<\/p> <p><strong>Donnerstag, 23. April 2026<\/strong>, von 13.30 bis 14.30 Uhr<br \/> <strong>Mittwoch, 20. Mai 2026<\/strong>, von 18.00 bis 19.00 Uhr<br \/> <strong>Dienstag, 23. Juni 2026<\/strong>, von 17.00 bis 18.00 Uhr<br \/> <strong>Mittwoch, 8. Juli 2026<\/strong>, von 18.00 bis 19.00 Uhr<br \/> <strong>Donnerstag, 13. August 2026<\/strong>, von 18.00 bis 19.00 Uhr<br \/> <strong>Freitag, 11. September 2026<\/strong>, von 17.00 bis 18.00 Uhr<\/p> <p>&nbsp;<\/p> <p><span style='color: #000000;'><em>Tipp: Reservieren Sie vor oder nach der F\u00fchrung einen Tisch im Restaurant und runden Sie Ihren Besuch kulinarisch ab.<\/em>\u00a0<a href='https:\/\/reserve.foratable.com\/?restaurantHash=08d9ca0055bb7c1390c786b045e9c5b0#!\/table#%2Ftable'>Link f\u00fcr Tischreservation.<\/a><\/span><\/p> <p><em><span style='color: #000000;'>Das Mittagessen\/Abendessen ist nicht im Preis f\u00fcr die F\u00fchrung inbegriffen.<\/span><\/em><\/p> \",\"location\":[{\"@type\":\"Place\",\"name\":\"CULINARIUM ALPINUM\",\"address\":{\"@type\": \"PostalAddress\",\"streetAddress\":\"M\u00fcrgstrasse 18\"}}]}<\/script><\/div>\r\n\t\t\t\t<p class=\"desc_trig_outter\" style=\"\"><a data-gmap_status=\"null\" data-exlk=\"0\" target=\"_blank\" rel=\"noopener noreferrer\" style=\"background-color: #ab6443;\" id=\"evc_178222680024955\" href=\"https:\/\/culinarium-alpinum.com\/en\/events\/oeffentliche-fuehrung-durch-unsere-essbarelandschaft\/var\/ri-2.l-L1\" class=\"event_repeat desc_trig sin_val evcal_list_a\" data-ux_val=\"4\" data-ux_val_mob=\"-\"><span class='evoet_in'><span class='evoet_c2 evoet_cx '><span class='evoet_dayblock evcal_cblock ' data-bgcolor='#ab6443' data-smon='Juni' data-syr='2026' data-bub=''><span class='evo_start  evofxdrc'><em class='date'>23<\/em><em class='month'>Jun<\/em><em class='time'>17:00<\/em><\/span><span class='evo_end only_time evofxdrc'><em class='time'>18:00<\/em><\/span><\/span><\/span><span class='evoet_c3 evoet_cx evcal_desc hide_eventtopdata '><span class='evoet_title evcal_desc2 evcal_event_title ' itemprop='name'>\u00d6ffentliche F\u00fchrung: Essbare Landschaft<\/span><span class='event_location_attrs evodni'  data-location_address=\"M\u00fcrgstrasse 18\" data-location_type=\"address\" data-location_name=\"CULINARIUM ALPINUM\" data-location_url=\"https:\/\/culinarium-alpinum.com\/event-location\/culinarium-alpinum\/\" data-location_status=\"true\" data-locid=\"13\"><\/span><\/span><\/span><span class='evoet_data' style='display:none' data-d=\"{&quot;loc.n&quot;:&quot;CULINARIUM ALPINUM&quot;,&quot;orgs&quot;:[],&quot;tags&quot;:{&quot;repeating&quot;:&quot;Repeating Event&quot;}}\" data-bgc=\"#ab6443\" data-bggrad=\"\" ><\/span><\/a><\/p><div class='clear end'><\/div><\/div><div id=\"event_21238_3\" class=\"eventon_list_event evo_eventtop scheduled  event clrD event_21238_3\" data-event_id=\"21238\" data-ri=\"3r\" data-time=\"1782482400-1782495000\" data-colr=\"#ab6443\" itemscope itemtype='http:\/\/schema.org\/Event'><div class=\"evo_event_schema\" style=\"display:none\" ><a itemprop=\"url\" href=\"https:\/\/culinarium-alpinum.com\/en\/events\/wildpflanzen-am-wegrand-mit-margreta-krummenacher\/var\/ri-3.l-L1\"><\/a><meta itemprop='image' content=\"https:\/\/culinarium-alpinum.com\/wp-content\/uploads\/2026\/01\/Wildpflanzen-am-Wegrand_Eventbild_Webseite_1440x1080.jpg\" \/><meta itemprop='startDate' content=\"2026-6-26T16:00+2:00\" \/><meta itemprop='endDate' content=\"2026-6-26T19:30+2:00\" \/><meta itemprop='eventStatus' content=\"https:\/\/schema.org\/EventScheduled\" \/><meta itemprop='eventAttendanceMode'   itemscope itemtype=\"https:\/\/schema.org\/OfflineEventAttendanceMode\"\/><div style=\"display:none\" itemprop=\"location\" itemscope itemtype=\"http:\/\/schema.org\/Place\"><span itemprop=\"name\">CULINARIUM ALPINUM<\/span><span itemprop=\"address\" itemscope itemtype=\"http:\/\/schema.org\/PostalAddress\"><item itemprop=\"streetAddress\">M\u00fcrgstrasse 18<\/item><\/span><\/div><script type=\"application\/ld+json\">{\"@context\": \"http:\/\/schema.org\",\"@type\": \"Event\",\n\t\t\t\t\"@id\": \"event_21238_3\",\n\t\t\t\t\"eventAttendanceMode\":\"https:\/\/schema.org\/OfflineEventAttendanceMode\",\n\t\t\t\t\"eventStatus\":\"https:\/\/schema.org\/EventScheduled\",\n\t\t\t\t\"name\": \"Wildpflanzen am Wegrand\",\n\t\t\t\t\"url\": \"https:\/\/culinarium-alpinum.com\/en\/events\/wildpflanzen-am-wegrand-mit-margreta-krummenacher\/var\/ri-3.l-L1\",\n\t\t\t\t\"startDate\": \"2026-6-26T16:00+2:00\",\n\t\t\t\t\"endDate\": \"2026-6-26T19:30+2:00\",\n\t\t\t\t\"image\":\"https:\/\/culinarium-alpinum.com\/wp-content\/uploads\/2026\/01\/Wildpflanzen-am-Wegrand_Eventbild_Webseite_1440x1080.jpg\", \n\t\t\t\t\"description\":\"<p><strong>Entdecken, sammeln, geniessen: Rund um das Culinarium Alpinum lernen Sie essbare Wildpflanzen kennen und sammeln. <\/strong><\/p> <p><strong>Gemeinsam mit dem K\u00fcchenteam entstehen daraus kreative Vorspeisen f\u00fcr ein genussvolles 3-Gang-Menu.<\/strong><\/p> <p><em>Donnerstag, 19. M\u00e4rz 2026 (Josefstag), von 10.00 bis 13.30 Uhr &#8211; Aufgrund zu geringer Teilnehmerzahl ist dieser Kurs abgesagt.<\/em><\/p> <p><strong>Samstag, 25. April 2026<\/strong>, von 10.00 bis 13.30 Uhr &#8211; <strong>AUSGEBUCHT<\/strong><\/p> <p><strong>Freitag, 29. Mai 2026<\/strong>, von 10.00 bis 13.30 Uhr<\/p> <p><strong>Freitag, 26. Juni 2026<\/strong>, von 16.00 bis 19.30 Uhr<\/p> <p><strong>Freitag, 17. Juli 2026<\/strong>, von 16.00 bis 19.30 Uhr<\/p> <p><strong>Samstag, 18. Juli 2026<\/strong>, von 10.00 bis 13.30 Uhr<\/p> <p><strong>Samstag, 8. August 2026<\/strong>, von 10.00 bis 13.30 Uhr<\/p> <p><strong>Samstag, 29. August 2026<\/strong>, von 10.00 bis 13.30 Uhr<\/p> <p><strong>Samstag, 12. September 2026<\/strong>, von 10.00 bis 13.30 Uhr<\/p> <p><strong>Samstag, 10. Oktober 2026<\/strong>, von 10.00 bis 13.30 Uhr<\/p> <p><a href='https:\/\/culinarium-alpinum.com\/wp-content\/uploads\/2026\/01\/CA_Wildpflanzen-am-Wegrand_2026_Flyer_148x210_web-1.pdf' target='_blank' rel='noopener'>Eventflyer<\/a><\/p> <p>CHF 95.- pro Person<\/p> <p>Im Kurs inklusive:<\/p> <p>Kaffee \/ Tee \/ Saft beim Eintreffen<\/p> <p>Gef\u00fchrte Wildpflanzensammlung mit Margreta Krummenacher<\/p> <p>Zubereitung Vorspeise 3-Gang Menu inklusive Wasser und Kaffee in Begleitung unseres K\u00fcchenteams<\/p> <p>Rezepte zum Mitnehmen<\/p> \",\"location\":[{\"@type\":\"Place\",\"name\":\"CULINARIUM ALPINUM\",\"address\":{\"@type\": \"PostalAddress\",\"streetAddress\":\"M\u00fcrgstrasse 18\"}}]}<\/script><\/div>\r\n\t\t\t\t<p class=\"desc_trig_outter\" style=\"\"><a data-gmap_status=\"null\" data-gmtrig=\"1\" data-exlk=\"0\" style=\"background-color: #ab6443;\" id=\"evc_178248240021238\" href=\"#\" class=\"event_repeat desc_trig sin_val evcal_list_a\" data-ux_val=\"3\" data-ux_val_mob=\"-\"  ><span class='evoet_in'><span class='evoet_c2 evoet_cx '><span class='evoet_dayblock evcal_cblock ' data-bgcolor='#ab6443' data-smon='Juni' data-syr='2026' data-bub=''><span class='evo_start  evofxdrc'><em class='date'>26<\/em><em class='month'>Jun<\/em><em class='time'>16:00<\/em><\/span><span class='evo_end only_time evofxdrc'><em class='time'>19:30<\/em><\/span><\/span><\/span><span class='evoet_c3 evoet_cx evcal_desc hide_eventtopdata '><span class='evoet_title evcal_desc2 evcal_event_title ' itemprop='name'>Wildpflanzen am Wegrand<\/span><span class='event_location_attrs evodni'  data-location_address=\"M\u00fcrgstrasse 18\" data-location_type=\"address\" data-location_name=\"CULINARIUM ALPINUM\" data-location_url=\"https:\/\/culinarium-alpinum.com\/event-location\/culinarium-alpinum\/\" data-location_status=\"true\" data-locid=\"13\"><\/span><\/span><\/span><span class='evoet_data' style='display:none' data-d=\"{&quot;loc.n&quot;:&quot;CULINARIUM ALPINUM&quot;,&quot;orgs&quot;:[],&quot;tags&quot;:{&quot;repeating&quot;:&quot;Repeating Event&quot;}}\" data-bgc=\"#ab6443\" data-bggrad=\"\" ><\/span><\/a><\/p><div class='event_description evcal_eventcard ' style=\"display:none\"><div class='evocard_row'><div id='event_ftimage' class='evocard_box ftimage' data-c='' \n\t\t\t\t\tstyle=''><div class='evocard_main_image_hold' data-t='Loading Image..'><div class='evocard_main_image evo_img_triglb evocd_img_full evobr15 evobgsc evobgpc evodfx evofx_jc_c evofx_ai_c evofz48 full' style='height:400px; background-image:url();' data-f=\"https:\/\/culinarium-alpinum.com\/wp-content\/uploads\/2026\/01\/Wildpflanzen-am-Wegrand_Eventbild_Webseite_1440x1080.jpg\" data-h=\"1080\" data-w=\"1440\" data-ratio=\"0.75\" data-event_id=\"21238\" data-ri=\"3\"  data-t='Loading Image..'><span style='height:400px; background-image:url(https:\/\/culinarium-alpinum.com\/wp-content\/uploads\/2026\/01\/Wildpflanzen-am-Wegrand_Eventbild_Webseite_1440x1080.jpg)'><\/span><\/div><\/div><\/div><\/div><!-- row close --><div class='evocard_row'><div id='event_eventdetails' class='evocard_box eventdetails' data-c='' \n\t\t\t\t\tstyle=''><div class=\"evo_metarow_details evorow evcal_evdata_row evcal_event_details\">\n    <div class=\"event_excerpt\" style=\"display:none\"><h3 class=\"padb5 evo_h3\">Details<\/h3><p>Entdecken, sammeln, geniessen: Rund um das Culinarium Alpinum lernen Sie essbare Wildpflanzen kennen und sammeln. \nGemeinsam mit dem K\u00fcchenteam entstehen daraus kreative Vorspeisen f\u00fcr ein genussvolles 3-Gang-Menu.\nDonnerstag, 19. M\u00e4rz 2026<\/p><\/div><span class='evcal_evdata_icons'><i class='fa fa-align-justify'><\/i><\/span>    <div class=\"evcal_evdata_cell shorter_desc\">\n        <div class=\"eventon_full_description\">\n            <h3 class=\"padb5 evo_h3\"><span class='evcal_evdata_icons'><i class='fa fa-align-justify'><\/i><\/span>Details<\/h3>\n            <div class=\"eventon_desc_in\" itemprop=\"description\">\n                <p><strong>Entdecken, sammeln, geniessen: Rund um das Culinarium Alpinum lernen Sie essbare Wildpflanzen kennen und sammeln. <\/strong><\/p>\n<p><strong>Gemeinsam mit dem K\u00fcchenteam entstehen daraus kreative Vorspeisen f\u00fcr ein genussvolles 3-Gang-Menu.<\/strong><\/p>\n<p><em>Donnerstag, 19. M\u00e4rz 2026 (Josefstag), von 10.00 bis 13.30 Uhr &#8211; Aufgrund zu geringer Teilnehmerzahl ist dieser Kurs abgesagt.<\/em><\/p>\n<p><strong>Samstag, 25. April 2026<\/strong>, von 10.00 bis 13.30 Uhr &#8211; <strong>AUSGEBUCHT<\/strong><\/p>\n<p><strong>Freitag, 29. Mai 2026<\/strong>, von 10.00 bis 13.30 Uhr<\/p>\n<p><strong>Freitag, 26. Juni 2026<\/strong>, von 16.00 bis 19.30 Uhr<\/p>\n<p><strong>Freitag, 17. Juli 2026<\/strong>, von 16.00 bis 19.30 Uhr<\/p>\n<p><strong>Samstag, 18. Juli 2026<\/strong>, von 10.00 bis 13.30 Uhr<\/p>\n<p><strong>Samstag, 8. August 2026<\/strong>, von 10.00 bis 13.30 Uhr<\/p>\n<p><strong>Samstag, 29. August 2026<\/strong>, von 10.00 bis 13.30 Uhr<\/p>\n<p><strong>Samstag, 12. September 2026<\/strong>, von 10.00 bis 13.30 Uhr<\/p>\n<p><strong>Samstag, 10. Oktober 2026<\/strong>, von 10.00 bis 13.30 Uhr<\/p>\n<p><a href=\"https:\/\/culinarium-alpinum.com\/wp-content\/uploads\/2026\/01\/CA_Wildpflanzen-am-Wegrand_2026_Flyer_148x210_web-1.pdf\" target=\"_blank\" rel=\"noopener\">Eventflyer<\/a><\/p>\n<p>CHF 95.- pro Person<\/p>\n<p>Im Kurs inklusive:<\/p>\n<p>Kaffee \/ Tee \/ Saft beim Eintreffen<\/p>\n<p>Gef\u00fchrte Wildpflanzensammlung mit Margreta Krummenacher<\/p>\n<p>Zubereitung Vorspeise 3-Gang Menu inklusive Wasser und Kaffee in Begleitung unseres K\u00fcchenteams<\/p>\n<p>Rezepte zum Mitnehmen<\/p>\n            <\/div>\n            <p class='eventon_shad_p' style='padding:5px 0 0; margin:0'><button class='evcal_btn evo_btn_secondary evobtn_details_show_more' content='less' aria-label='Mehr' aria-expanded='false'><span class='ev_more_text' data-txt='Weniger'>Mehr<\/span><span class='ev_more_arrow ard'><\/span><\/button><\/p><div class='clear'><\/div>        <\/div>\n    <\/div>\n<\/div><\/div><\/div><!-- row close --><div class='evocard_row bx2 bx'><div id='event_time' class='evocard_box time' data-c='' \n\t\t\t\t\tstyle=''><div class='evo_metarow_time evorow evcal_evdata_row evcal_evrow_sm '>\n\t\t<span class='evcal_evdata_icons'><i class='fa fa-clock-o'><\/i><\/span>\n\t\t<div class='evcal_evdata_cell'>\t\t\t\t\t\t\t\n\t\t\t<h3 class='evo_h3'><span class='evcal_evdata_icons'><i class='fa fa-clock-o'><\/i><\/span>Zeit<\/h3><div><span class='evo_eventcard_time_t evogap5 evofxww'><span class=\"start\">26\/06\/2026<\/span> <span class=\"stime\">16:00<\/span> - <span class=\"etime\">19:30<\/span><\/span><span class='evo_tz marr5'>(GMT+02:00)<\/span><\/div>\n\t\t<\/div>\n\t<\/div><\/div><div id='event_location' class='evocard_box location' data-c='' \n\t\t\t\t\tstyle=''><div class='evcal_evdata_row evo_metarow_time_location evorow '>\n\t\t\n\t\t\t<span class='evcal_evdata_icons'><i class='fa fa-map-marker'><\/i><\/span>\n\t\t\t<div class='evcal_evdata_cell' data-loc_tax_id='13'><h3 class='evo_h3 evodfx'><span class='evcal_evdata_icons'><i class='fa fa-map-marker'><\/i><\/span><a target=\"\" href=\"https:\/\/www.google.com\/maps\/place\/CULINARIUM+ALPINUM\/@46.9555229,8.366832,1036m\/data=!3m1!1e3!4m9!3m8!1s0x478ff707894e1fc9:0x89b388b6ddd2576c!5m2!4m1!1i2!8m2!3d46.9555229!4d8.3694069!16sg11c51vhs13?entry=ttu&amp;g_ep=EgoyMDI1MDQxMy4wIKXMDSoASAFQAw\" rel=\"noopener\">Veranstaltungsort<\/a><\/h3><p class='evo_location_name'><a target=\"\" href=\"https:\/\/www.google.com\/maps\/place\/CULINARIUM+ALPINUM\/@46.9555229,8.366832,1036m\/data=!3m1!1e3!4m9!3m8!1s0x478ff707894e1fc9:0x89b388b6ddd2576c!5m2!4m1!1i2!8m2!3d46.9555229!4d8.3694069!16sg11c51vhs13?entry=ttu&amp;g_ep=EgoyMDI1MDQxMy4wIKXMDSoASAFQAw\" rel=\"noopener\">CULINARIUM ALPINUM<\/a><\/p><p class='evo_location_address evodfxi evogap10'><a target=\"\" href=\"https:\/\/www.google.com\/maps\/place\/CULINARIUM+ALPINUM\/@46.9555229,8.366832,1036m\/data=!3m1!1e3!4m9!3m8!1s0x478ff707894e1fc9:0x89b388b6ddd2576c!5m2!4m1!1i2!8m2!3d46.9555229!4d8.3694069!16sg11c51vhs13?entry=ttu&amp;g_ep=EgoyMDI1MDQxMy4wIKXMDSoASAFQAw\" rel=\"noopener\">M\u00fcrgstrasse 18<\/a><\/p><div class='evopadt5'><p class='evo_location_contact'>+41 41 619 17 17 <a href='mailto:info@culinarium-alpinum.ch'>info@culinarium-alpinum.ch<\/a><\/p><\/div><div class='padt10'><span class='evo_btn_arr evolb_trigger' data-lbvals=\"{&quot;lbdata&quot;:{&quot;class&quot;:&quot;evo_location_lb_13&quot;,&quot;additional_class&quot;:&quot;lb_max&quot;,&quot;title&quot;:&quot;CULINARIUM ALPINUM&quot;},&quot;adata&quot;:{&quot;a&quot;:&quot;eventon_get_tax_card_content&quot;,&quot;end&quot;:&quot;client&quot;,&quot;data&quot;:{&quot;lang&quot;:&quot;L1&quot;,&quot;term_id&quot;:13,&quot;tax&quot;:&quot;event_location&quot;,&quot;load_lbcontent&quot;:true}},&quot;uid&quot;:&quot;eventon_get_tax_card_content&quot;}\" >Other Events<i class='fa fa-chevron-right' aria-hidden='true'><\/i><\/span><\/div><\/div>\n\t\t\n\t<\/div><\/div><\/div><!-- row close --><div class='evocard_row'><div id='event_learnmore' class='evocard_box learnmore' data-c='' \n\t\t\t\t\tstyle=''><div class='evo_metarow_learnM evo_metarow_learnmore evorow'>\n\t\t\t\t\t\t\t<a class=\"evcal_evdata_row evo_clik_row \" href=\"https:\/\/culinarium-alpinum.com\/kurse-und-seminare\/wildpflanzen-am-wegrand\/\" target=\"_blank\">\n\t\t\t\t\t\t\t\t<span class='evcal_evdata_icons'><i class='fa fa-link'><\/i><\/span>\n\t\t\t\t\t\t\t\t<h3 class='evo_h3'>Reservation \/ Buchen<\/h3>\n\t\t\t\t\t\t\t<\/a>\n\t\t\t\t\t\t\t<\/div><\/div><\/div><!-- row close --><div class='evocard_row'><div id='event_getdirection' class='evocard_box getdirection' data-c='' \n\t\t\t\t\tstyle=''><div class='evo_metarow_getDr evorow evcal_evdata_row evcal_evrow_sm getdirections'>\n\t\t<form action='https:\/\/maps.google.com\/maps' method='get' target='_blank'>\n\t\t\t<input type='hidden' name='daddr' value=\"M\u00fcrgstrasse 18\"\/> \n\t\t\t<div class='evo_get_direction_content evo_fx_dr_r evogap10'>\n\t\t\t\t<span class='evogetdir_header evodfx evofxdrr evofxaic evogap10'>\n\t\t\t\t\t<i class='mainicon fa fa-road evofz24i'><\/i> \n\t\t\t\t\t<h3 class='evo_h3 evopad0i' style='padding-bottom:5px;'>Get Directions<\/h3>\n\t\t\t\t<\/span>\n\t\t\t\t<span class='evogetdir_field evodfx evofx_1_1 evow100p'>\t\n\t\t\t\t\t<label for='69f4cba4f400d' class='evo_aria_ready sr-only'>Address - Wildpflanzen am Wegrand []<\/label>\t\t\t\t\n\t\t\t\t\t<input id='69f4cba4f400d' class='evo_aria_ready_match evoInput2 evobr10 evow100p evopad10 evoff_2 evofz14i evobrdB1 evoboxbb' type='text' name='saddr' placeholder='Ihre Adresse' value='' style='' aria-label='Address - Wildpflanzen am Wegrand []' \/>\n\t\t\t\t<\/span>\n\t\t\t\t<div class='evodfx evofxdrr evofxaic evogap10'>\n\t\t\t\t\t<i class='fa fa-location-dot'><\/i>\n\t\t\t\t\t<div class='evoposr evofx_1 evoh100p'><label for='69f4cba4f400d' class='evo_aria_ready sr-only'>Destination Address - Wildpflanzen am Wegrand []<\/label>\t\t\n\t\t\t\t\t\t<input id='69f4cba4f400d' class='evo_aria_ready_match evoInput2 evobr10 evow100p evopad5-10 evoff_2 evofz14i evobrdB1 evoop5 evoboxbb evoh100p' type='text' style='' readonly value='M\u00fcrgstrasse 18' aria-label='Destination Address - Wildpflanzen am Wegrand []'\/><button class='evo_copy_address evobuttonA evocurp evohoop7 evoposa evopad5' style='right: 3px; top: 4px; background-color: #fff;' data-txt='M\u00fcrgstrasse 18' data-t='Address copied to clipboard!'><i class='far fa-copy evofz16i' title='Copy Destination Address!'><\/i><\/button>\n\t\t\t\t\t<\/div>\n\t\t\t\t\t<button type='submit' class='evo_get_direction_button evcal_btn dfx evofxaic evocurp evohoop7' title='Klicken Sie hier um Ihre Anreise anzuzeigen' style='    padding: 10px 15px !important;'><i class='fa fa-chevron-right'><\/i> <\/button>\n\t\t\t\t<\/div>\n\t\t\t<\/div>\n\t\t<\/form>\n\t<\/div><\/div><\/div><!-- row close --><button class='evo_card_row_end evcal_close' title='Close'><\/button><\/div><div class='clear end'><\/div><\/div><\/div><div class='evcal_month_line' data-d='eml_7_2026' data-su='1782856800'><p>Juli 2026<\/p><\/div><div class='sep_month_events ' data-d='eml_7_2026' data-range='1782856800_1785535199'><div id=\"event_25398_0\" class=\"eventon_list_event evo_eventtop scheduled  event clrD event_25398_0\" data-event_id=\"25398\" data-ri=\"0r\" data-time=\"1776664800-1793473200\" data-colr=\"#ab6443\" itemscope itemtype='http:\/\/schema.org\/Event'><div class=\"evo_event_schema\" style=\"display:none\" ><a itemprop=\"url\" href=\"https:\/\/culinarium-alpinum.com\/en\/events\/klanginstallation-alchymia-f-i-t-im-alpsbrinzkeller\/\"><\/a><meta itemprop='image' content=\"https:\/\/culinarium-alpinum.com\/wp-content\/uploads\/2026\/04\/Eventbild_Webseite_1440x1080_Alp-Sbrinz-Wanderung.jpg\" \/><meta itemprop='startDate' content=\"2026-4-20T08:00+2:00\" \/><meta itemprop='endDate' content=\"2026-10-31T20:00+2:00\" \/><meta itemprop='eventStatus' content=\"https:\/\/schema.org\/EventScheduled\" \/><meta itemprop='eventAttendanceMode'   itemscope itemtype=\"https:\/\/schema.org\/OfflineEventAttendanceMode\"\/><div style=\"display:none\" itemprop=\"location\" itemscope itemtype=\"http:\/\/schema.org\/Place\"><span itemprop=\"name\">CULINARIUM ALPINUM<\/span><span itemprop=\"address\" itemscope itemtype=\"http:\/\/schema.org\/PostalAddress\"><item itemprop=\"streetAddress\">M\u00fcrgstrasse 18<\/item><\/span><\/div><script type=\"application\/ld+json\">{\"@context\": \"http:\/\/schema.org\",\"@type\": \"Event\",\n\t\t\t\t\"@id\": \"event_25398_0\",\n\t\t\t\t\"eventAttendanceMode\":\"https:\/\/schema.org\/OfflineEventAttendanceMode\",\n\t\t\t\t\"eventStatus\":\"https:\/\/schema.org\/EventScheduled\",\n\t\t\t\t\"name\": \"Klanginstallation \u00abAlchymia \u2013 F.I.T.\u00bb im Alpsbrinzkeller\",\n\t\t\t\t\"url\": \"https:\/\/culinarium-alpinum.com\/en\/events\/klanginstallation-alchymia-f-i-t-im-alpsbrinzkeller\/\",\n\t\t\t\t\"startDate\": \"2026-4-20T08:00+2:00\",\n\t\t\t\t\"endDate\": \"2026-10-31T20:00+2:00\",\n\t\t\t\t\"image\":\"https:\/\/culinarium-alpinum.com\/wp-content\/uploads\/2026\/04\/Eventbild_Webseite_1440x1080_Alp-Sbrinz-Wanderung.jpg\", \n\t\t\t\t\"description\":\"<p><span style='font-size: 24px; color: #000000;'><strong>Klanginstallation \u00abAlchymia \u2013 F.I.T.\u00bb<\/strong><\/span><\/p> <p><span style='color: #000000;'><strong>Die Geschichte des K\u00e4ses ist auch ein Lied einer Landschaft, seiner Pflanzen und K\u00fche sowie die Passion seiner Herstellung.<br \/> <\/strong><strong>Scheinbar konstant ist der K\u00e4se dennoch immer im Wandel.<\/strong><\/span><\/p> <p><span style='color: #000000;'>Die Komposition ert\u00f6nt im Loop; alle Kl\u00e4nge sind roh und nicht nachbearbeitet, lediglich arrangiert \u2014 von den Melkvorg\u00e4ngen im Stall bis zum fertigen Alpk\u00e4se. <\/span><br \/> <span style='color: #000000;'>Aus 8 Stunden Aufnahmezeit mit insgesamt 6 Spuren Tonmaterial wurden die Klangsequenzen auf 17 Minuten reduziert. <\/span><br \/> <span style='color: #000000;'>Die Timeline folgt der Abfolge der Arbeitsschritte; die chronologische Reihenfolge der Prozesse bleibt erhalten.<\/span><\/p> <p><span style='color: #000000;'>Jahr:\u00a0 \u00a0 \u00a0 \u00a0 \u00a0 2026<\/span><br \/> <span style='color: #000000;'>Werk:\u00a0 \u00a0 \u00a0 \u00a0 Komposition\/Installation <\/span><br \/> <span style='color: #000000;'>Material:\u00a0 \u00a0Zwei Alpk\u00e4se, Holz, Transducer, Feldaufnahmen<\/span><br \/> <span style='color: #000000;'>Dauer:\u00a0 \u00a0 \u00a0 \u00a017 Minuten<\/span><\/p> <p><span style='color: #000000;'>Komposition, Soundinstallation \u2013 Patrick Kessler<\/span><br \/> <span style='color: #000000;'>Feldaufnahmen \u2013 Tim Shaw, Patrick Kessler<\/span><br \/> <span style='color: #000000;'>K\u00e4ser \u2013 Chrigel Schl\u00e4pfer<\/span><br \/> <span style='color: #000000;'>Produktion \u2013 Patrick Kessler<\/span><\/p> <div class='wpb_text_column wpb_content_element vc_custom_1763030023949'><\/div> \",\"location\":[{\"@type\":\"Place\",\"name\":\"CULINARIUM ALPINUM\",\"address\":{\"@type\": \"PostalAddress\",\"streetAddress\":\"M\u00fcrgstrasse 18\"}}]}<\/script><\/div>\r\n\t\t\t\t<p class=\"desc_trig_outter\" style=\"\"><a data-gmap_status=\"null\" data-exlk=\"1\" href=\"https:\/\/culinarium-alpinum.com\/en\/events\/klanginstallation-alchymia-f-i-t-im-alpsbrinzkeller\/\" target=\"_blank\" rel=\"noopener noreferrer\" style=\"background-color: #ab6443;\" id=\"evc_177666480025398\" class=\"desc_trig mul_val evcal_list_a\" data-ux_val=\"4\" data-ux_val_mob=\"-\"><span class='evoet_in'><span class='evoet_c2 evoet_cx '><span class='evoet_dayblock evcal_cblock ' data-bgcolor='#ab6443' data-smon='April' data-syr='2026' data-bub=''><span class='evo_start  evofxdrc'><em class='date'>20<\/em><em class='month'>Apr<\/em><em class='time'><i t=\"y\">(Apr 20)<\/i>08:00<\/em><\/span><span class='evo_end  evofxdrc'><em class='date'>31<\/em><em class='month'>Okt<\/em><em class='time'><i t=\"y\">(Okt 31)<\/i>20:00<\/em><\/span><\/span><\/span><span class='evoet_c3 evoet_cx evcal_desc hide_eventtopdata '><span class='evoet_title evcal_desc2 evcal_event_title ' itemprop='name'>Klanginstallation \u00abAlchymia \u2013 F.I.T.\u00bb im Alpsbrinzkeller<\/span><span class='event_location_attrs evodni'  data-location_address=\"M\u00fcrgstrasse 18\" data-location_type=\"address\" data-location_name=\"CULINARIUM ALPINUM\" data-location_url=\"https:\/\/culinarium-alpinum.com\/event-location\/culinarium-alpinum\/\" data-location_status=\"true\" data-locid=\"13\"><\/span><\/span><\/span><span class='evoet_data' style='display:none' data-d=\"{&quot;loc.n&quot;:&quot;CULINARIUM ALPINUM&quot;,&quot;orgs&quot;:[],&quot;tags&quot;:[]}\" data-bgc=\"#ab6443\" data-bggrad=\"\" ><\/span><\/a><\/p><div class='clear end'><\/div><\/div><div id=\"event_24955_3\" class=\"eventon_list_event evo_eventtop scheduled  event clrD event_24955_3\" data-event_id=\"24955\" data-ri=\"3r\" data-time=\"1783526400-1783530000\" data-colr=\"#ab6443\" itemscope itemtype='http:\/\/schema.org\/Event'><div class=\"evo_event_schema\" style=\"display:none\" ><a itemprop=\"url\" href=\"https:\/\/culinarium-alpinum.com\/en\/events\/oeffentliche-fuehrung-durch-unsere-essbarelandschaft\/var\/ri-3.l-L1\"><\/a><meta itemprop='image' content=\"https:\/\/culinarium-alpinum.com\/wp-content\/uploads\/2026\/01\/2025.10DJI_0199_WEB_sRGB.jpg\" \/><meta itemprop='startDate' content=\"2026-7-8T18:00+2:00\" \/><meta itemprop='endDate' content=\"2026-7-8T19:00+2:00\" \/><meta itemprop='eventStatus' content=\"https:\/\/schema.org\/EventScheduled\" \/><meta itemprop='eventAttendanceMode'   itemscope itemtype=\"https:\/\/schema.org\/OfflineEventAttendanceMode\"\/><div style=\"display:none\" itemprop=\"location\" itemscope itemtype=\"http:\/\/schema.org\/Place\"><span itemprop=\"name\">CULINARIUM ALPINUM<\/span><span itemprop=\"address\" itemscope itemtype=\"http:\/\/schema.org\/PostalAddress\"><item itemprop=\"streetAddress\">M\u00fcrgstrasse 18<\/item><\/span><\/div><script type=\"application\/ld+json\">{\"@context\": \"http:\/\/schema.org\",\"@type\": \"Event\",\n\t\t\t\t\"@id\": \"event_24955_3\",\n\t\t\t\t\"eventAttendanceMode\":\"https:\/\/schema.org\/OfflineEventAttendanceMode\",\n\t\t\t\t\"eventStatus\":\"https:\/\/schema.org\/EventScheduled\",\n\t\t\t\t\"name\": \"\u00d6ffentliche F\u00fchrung: Essbare Landschaft\",\n\t\t\t\t\"url\": \"https:\/\/culinarium-alpinum.com\/en\/events\/oeffentliche-fuehrung-durch-unsere-essbarelandschaft\/var\/ri-3.l-L1\",\n\t\t\t\t\"startDate\": \"2026-7-8T18:00+2:00\",\n\t\t\t\t\"endDate\": \"2026-7-8T19:00+2:00\",\n\t\t\t\t\"image\":\"https:\/\/culinarium-alpinum.com\/wp-content\/uploads\/2026\/01\/2025.10DJI_0199_WEB_sRGB.jpg\", \n\t\t\t\t\"description\":\"<p><span style='color: #000000;'><b><span style='font-size: 24px;'>Naschen erlaubt!<\/span><\/b><\/span><\/p> <p>Entdecken Sie die Essbare Landschaft des CULINARIUM ALPINUM mit ihren rund 250 Obst- und Beerensorten, Kr\u00e4utern und essbaren Wildpflanzen. Auf dem Rundgang erz\u00e4hlen wir von Vielfalt, Saisonalit\u00e4t und Biodiversit\u00e4t \u2013 und davon, wie aus einem Garten ein lebendiger Lern- und Genussraum entsteht.<br \/> Zwischen alten Sorten, neuen Entdeckungen, zwischen jungen Pflanzungen und wilden Ecken wird sichtbar, wie Pflege, Geduld und Wissen zusammenwirken. Die F\u00fchrung l\u00e4dt dazu ein, genau hinzuschauen, zu riechen, zu probieren und die Natur mit allen Sinnen wahrzunehmen. Eine Entdeckungsreise durch einen Garten, der nicht nur w\u00e4chst, sondern Geschichten erz\u00e4hlt.<\/p> <p><span style='color: #000000;'>CHF 15.- pro Person<\/span><\/p> <p>Die F\u00fchrung findet an folgenden Daten statt:<\/p> <p><strong>Donnerstag, 23. April 2026<\/strong>, von 13.30 bis 14.30 Uhr<br \/> <strong>Mittwoch, 20. Mai 2026<\/strong>, von 18.00 bis 19.00 Uhr<br \/> <strong>Dienstag, 23. Juni 2026<\/strong>, von 17.00 bis 18.00 Uhr<br \/> <strong>Mittwoch, 8. Juli 2026<\/strong>, von 18.00 bis 19.00 Uhr<br \/> <strong>Donnerstag, 13. August 2026<\/strong>, von 18.00 bis 19.00 Uhr<br \/> <strong>Freitag, 11. September 2026<\/strong>, von 17.00 bis 18.00 Uhr<\/p> <p>&nbsp;<\/p> <p><span style='color: #000000;'><em>Tipp: Reservieren Sie vor oder nach der F\u00fchrung einen Tisch im Restaurant und runden Sie Ihren Besuch kulinarisch ab.<\/em>\u00a0<a href='https:\/\/reserve.foratable.com\/?restaurantHash=08d9ca0055bb7c1390c786b045e9c5b0#!\/table#%2Ftable'>Link f\u00fcr Tischreservation.<\/a><\/span><\/p> <p><em><span style='color: #000000;'>Das Mittagessen\/Abendessen ist nicht im Preis f\u00fcr die F\u00fchrung inbegriffen.<\/span><\/em><\/p> \",\"location\":[{\"@type\":\"Place\",\"name\":\"CULINARIUM ALPINUM\",\"address\":{\"@type\": \"PostalAddress\",\"streetAddress\":\"M\u00fcrgstrasse 18\"}}]}<\/script><\/div>\r\n\t\t\t\t<p class=\"desc_trig_outter\" style=\"\"><a data-gmap_status=\"null\" data-exlk=\"0\" target=\"_blank\" rel=\"noopener noreferrer\" style=\"background-color: #ab6443;\" id=\"evc_178352640024955\" href=\"https:\/\/culinarium-alpinum.com\/en\/events\/oeffentliche-fuehrung-durch-unsere-essbarelandschaft\/var\/ri-3.l-L1\" class=\"event_repeat desc_trig sin_val evcal_list_a\" data-ux_val=\"4\" data-ux_val_mob=\"-\"><span class='evoet_in'><span class='evoet_c2 evoet_cx '><span class='evoet_dayblock evcal_cblock ' data-bgcolor='#ab6443' data-smon='Juli' data-syr='2026' data-bub=''><span class='evo_start  evofxdrc'><em class='date'>08<\/em><em class='month'>Jul<\/em><em class='time'>18:00<\/em><\/span><span class='evo_end only_time evofxdrc'><em class='time'>19:00<\/em><\/span><\/span><\/span><span class='evoet_c3 evoet_cx evcal_desc hide_eventtopdata '><span class='evoet_title evcal_desc2 evcal_event_title ' itemprop='name'>\u00d6ffentliche F\u00fchrung: Essbare Landschaft<\/span><span class='event_location_attrs evodni'  data-location_address=\"M\u00fcrgstrasse 18\" data-location_type=\"address\" data-location_name=\"CULINARIUM ALPINUM\" data-location_url=\"https:\/\/culinarium-alpinum.com\/event-location\/culinarium-alpinum\/\" data-location_status=\"true\" data-locid=\"13\"><\/span><\/span><\/span><span class='evoet_data' style='display:none' data-d=\"{&quot;loc.n&quot;:&quot;CULINARIUM ALPINUM&quot;,&quot;orgs&quot;:[],&quot;tags&quot;:{&quot;repeating&quot;:&quot;Repeating Event&quot;}}\" data-bgc=\"#ab6443\" data-bggrad=\"\" ><\/span><\/a><\/p><div class='clear end'><\/div><\/div><div id=\"event_21238_4\" class=\"eventon_list_event evo_eventtop scheduled  event clrD event_21238_4\" data-event_id=\"21238\" data-ri=\"4r\" data-time=\"1784296800-1784309400\" data-colr=\"#ab6443\" itemscope itemtype='http:\/\/schema.org\/Event'><div class=\"evo_event_schema\" style=\"display:none\" ><a itemprop=\"url\" href=\"https:\/\/culinarium-alpinum.com\/en\/events\/wildpflanzen-am-wegrand-mit-margreta-krummenacher\/var\/ri-4.l-L1\"><\/a><meta itemprop='image' content=\"https:\/\/culinarium-alpinum.com\/wp-content\/uploads\/2026\/01\/Wildpflanzen-am-Wegrand_Eventbild_Webseite_1440x1080.jpg\" \/><meta itemprop='startDate' content=\"2026-7-17T16:00+2:00\" \/><meta itemprop='endDate' content=\"2026-7-17T19:30+2:00\" \/><meta itemprop='eventStatus' content=\"https:\/\/schema.org\/EventScheduled\" \/><meta itemprop='eventAttendanceMode'   itemscope itemtype=\"https:\/\/schema.org\/OfflineEventAttendanceMode\"\/><div style=\"display:none\" itemprop=\"location\" itemscope itemtype=\"http:\/\/schema.org\/Place\"><span itemprop=\"name\">CULINARIUM ALPINUM<\/span><span itemprop=\"address\" itemscope itemtype=\"http:\/\/schema.org\/PostalAddress\"><item itemprop=\"streetAddress\">M\u00fcrgstrasse 18<\/item><\/span><\/div><script type=\"application\/ld+json\">{\"@context\": \"http:\/\/schema.org\",\"@type\": \"Event\",\n\t\t\t\t\"@id\": \"event_21238_4\",\n\t\t\t\t\"eventAttendanceMode\":\"https:\/\/schema.org\/OfflineEventAttendanceMode\",\n\t\t\t\t\"eventStatus\":\"https:\/\/schema.org\/EventScheduled\",\n\t\t\t\t\"name\": \"Wildpflanzen am Wegrand\",\n\t\t\t\t\"url\": \"https:\/\/culinarium-alpinum.com\/en\/events\/wildpflanzen-am-wegrand-mit-margreta-krummenacher\/var\/ri-4.l-L1\",\n\t\t\t\t\"startDate\": \"2026-7-17T16:00+2:00\",\n\t\t\t\t\"endDate\": \"2026-7-17T19:30+2:00\",\n\t\t\t\t\"image\":\"https:\/\/culinarium-alpinum.com\/wp-content\/uploads\/2026\/01\/Wildpflanzen-am-Wegrand_Eventbild_Webseite_1440x1080.jpg\", \n\t\t\t\t\"description\":\"<p><strong>Entdecken, sammeln, geniessen: Rund um das Culinarium Alpinum lernen Sie essbare Wildpflanzen kennen und sammeln. <\/strong><\/p> <p><strong>Gemeinsam mit dem K\u00fcchenteam entstehen daraus kreative Vorspeisen f\u00fcr ein genussvolles 3-Gang-Menu.<\/strong><\/p> <p><em>Donnerstag, 19. M\u00e4rz 2026 (Josefstag), von 10.00 bis 13.30 Uhr &#8211; Aufgrund zu geringer Teilnehmerzahl ist dieser Kurs abgesagt.<\/em><\/p> <p><strong>Samstag, 25. April 2026<\/strong>, von 10.00 bis 13.30 Uhr &#8211; <strong>AUSGEBUCHT<\/strong><\/p> <p><strong>Freitag, 29. Mai 2026<\/strong>, von 10.00 bis 13.30 Uhr<\/p> <p><strong>Freitag, 26. Juni 2026<\/strong>, von 16.00 bis 19.30 Uhr<\/p> <p><strong>Freitag, 17. Juli 2026<\/strong>, von 16.00 bis 19.30 Uhr<\/p> <p><strong>Samstag, 18. Juli 2026<\/strong>, von 10.00 bis 13.30 Uhr<\/p> <p><strong>Samstag, 8. August 2026<\/strong>, von 10.00 bis 13.30 Uhr<\/p> <p><strong>Samstag, 29. August 2026<\/strong>, von 10.00 bis 13.30 Uhr<\/p> <p><strong>Samstag, 12. September 2026<\/strong>, von 10.00 bis 13.30 Uhr<\/p> <p><strong>Samstag, 10. Oktober 2026<\/strong>, von 10.00 bis 13.30 Uhr<\/p> <p><a href='https:\/\/culinarium-alpinum.com\/wp-content\/uploads\/2026\/01\/CA_Wildpflanzen-am-Wegrand_2026_Flyer_148x210_web-1.pdf' target='_blank' rel='noopener'>Eventflyer<\/a><\/p> <p>CHF 95.- pro Person<\/p> <p>Im Kurs inklusive:<\/p> <p>Kaffee \/ Tee \/ Saft beim Eintreffen<\/p> <p>Gef\u00fchrte Wildpflanzensammlung mit Margreta Krummenacher<\/p> <p>Zubereitung Vorspeise 3-Gang Menu inklusive Wasser und Kaffee in Begleitung unseres K\u00fcchenteams<\/p> <p>Rezepte zum Mitnehmen<\/p> \",\"location\":[{\"@type\":\"Place\",\"name\":\"CULINARIUM ALPINUM\",\"address\":{\"@type\": \"PostalAddress\",\"streetAddress\":\"M\u00fcrgstrasse 18\"}}]}<\/script><\/div>\r\n\t\t\t\t<p class=\"desc_trig_outter\" style=\"\"><a data-gmap_status=\"null\" data-gmtrig=\"1\" data-exlk=\"0\" style=\"background-color: #ab6443;\" id=\"evc_178429680021238\" href=\"#\" class=\"event_repeat desc_trig sin_val evcal_list_a\" data-ux_val=\"3\" data-ux_val_mob=\"-\"  ><span class='evoet_in'><span class='evoet_c2 evoet_cx '><span class='evoet_dayblock evcal_cblock ' data-bgcolor='#ab6443' data-smon='Juli' data-syr='2026' data-bub=''><span class='evo_start  evofxdrc'><em class='date'>17<\/em><em class='month'>Jul<\/em><em class='time'>16:00<\/em><\/span><span class='evo_end only_time evofxdrc'><em class='time'>19:30<\/em><\/span><\/span><\/span><span class='evoet_c3 evoet_cx evcal_desc hide_eventtopdata '><span class='evoet_title evcal_desc2 evcal_event_title ' itemprop='name'>Wildpflanzen am Wegrand<\/span><span class='event_location_attrs evodni'  data-location_address=\"M\u00fcrgstrasse 18\" data-location_type=\"address\" data-location_name=\"CULINARIUM ALPINUM\" data-location_url=\"https:\/\/culinarium-alpinum.com\/event-location\/culinarium-alpinum\/\" data-location_status=\"true\" data-locid=\"13\"><\/span><\/span><\/span><span class='evoet_data' style='display:none' data-d=\"{&quot;loc.n&quot;:&quot;CULINARIUM ALPINUM&quot;,&quot;orgs&quot;:[],&quot;tags&quot;:{&quot;repeating&quot;:&quot;Repeating Event&quot;}}\" data-bgc=\"#ab6443\" data-bggrad=\"\" ><\/span><\/a><\/p><div class='event_description evcal_eventcard ' style=\"display:none\"><div class='evocard_row'><div id='event_ftimage' class='evocard_box ftimage' data-c='' \n\t\t\t\t\tstyle=''><div class='evocard_main_image_hold' data-t='Loading Image..'><div class='evocard_main_image evo_img_triglb evocd_img_full evobr15 evobgsc evobgpc evodfx evofx_jc_c evofx_ai_c evofz48 full' style='height:400px; background-image:url();' data-f=\"https:\/\/culinarium-alpinum.com\/wp-content\/uploads\/2026\/01\/Wildpflanzen-am-Wegrand_Eventbild_Webseite_1440x1080.jpg\" data-h=\"1080\" data-w=\"1440\" data-ratio=\"0.75\" data-event_id=\"21238\" data-ri=\"4\"  data-t='Loading Image..'><span style='height:400px; background-image:url(https:\/\/culinarium-alpinum.com\/wp-content\/uploads\/2026\/01\/Wildpflanzen-am-Wegrand_Eventbild_Webseite_1440x1080.jpg)'><\/span><\/div><\/div><\/div><\/div><!-- row close --><div class='evocard_row'><div id='event_eventdetails' class='evocard_box eventdetails' data-c='' \n\t\t\t\t\tstyle=''><div class=\"evo_metarow_details evorow evcal_evdata_row evcal_event_details\">\n    <div class=\"event_excerpt\" style=\"display:none\"><h3 class=\"padb5 evo_h3\">Details<\/h3><p>Entdecken, sammeln, geniessen: Rund um das Culinarium Alpinum lernen Sie essbare Wildpflanzen kennen und sammeln. \nGemeinsam mit dem K\u00fcchenteam entstehen daraus kreative Vorspeisen f\u00fcr ein genussvolles 3-Gang-Menu.\nDonnerstag, 19. M\u00e4rz 2026<\/p><\/div><span class='evcal_evdata_icons'><i class='fa fa-align-justify'><\/i><\/span>    <div class=\"evcal_evdata_cell shorter_desc\">\n        <div class=\"eventon_full_description\">\n            <h3 class=\"padb5 evo_h3\"><span class='evcal_evdata_icons'><i class='fa fa-align-justify'><\/i><\/span>Details<\/h3>\n            <div class=\"eventon_desc_in\" itemprop=\"description\">\n                <p><strong>Entdecken, sammeln, geniessen: Rund um das Culinarium Alpinum lernen Sie essbare Wildpflanzen kennen und sammeln. <\/strong><\/p>\n<p><strong>Gemeinsam mit dem K\u00fcchenteam entstehen daraus kreative Vorspeisen f\u00fcr ein genussvolles 3-Gang-Menu.<\/strong><\/p>\n<p><em>Donnerstag, 19. M\u00e4rz 2026 (Josefstag), von 10.00 bis 13.30 Uhr &#8211; Aufgrund zu geringer Teilnehmerzahl ist dieser Kurs abgesagt.<\/em><\/p>\n<p><strong>Samstag, 25. April 2026<\/strong>, von 10.00 bis 13.30 Uhr &#8211; <strong>AUSGEBUCHT<\/strong><\/p>\n<p><strong>Freitag, 29. Mai 2026<\/strong>, von 10.00 bis 13.30 Uhr<\/p>\n<p><strong>Freitag, 26. Juni 2026<\/strong>, von 16.00 bis 19.30 Uhr<\/p>\n<p><strong>Freitag, 17. Juli 2026<\/strong>, von 16.00 bis 19.30 Uhr<\/p>\n<p><strong>Samstag, 18. Juli 2026<\/strong>, von 10.00 bis 13.30 Uhr<\/p>\n<p><strong>Samstag, 8. August 2026<\/strong>, von 10.00 bis 13.30 Uhr<\/p>\n<p><strong>Samstag, 29. August 2026<\/strong>, von 10.00 bis 13.30 Uhr<\/p>\n<p><strong>Samstag, 12. September 2026<\/strong>, von 10.00 bis 13.30 Uhr<\/p>\n<p><strong>Samstag, 10. Oktober 2026<\/strong>, von 10.00 bis 13.30 Uhr<\/p>\n<p><a href=\"https:\/\/culinarium-alpinum.com\/wp-content\/uploads\/2026\/01\/CA_Wildpflanzen-am-Wegrand_2026_Flyer_148x210_web-1.pdf\" target=\"_blank\" rel=\"noopener\">Eventflyer<\/a><\/p>\n<p>CHF 95.- pro Person<\/p>\n<p>Im Kurs inklusive:<\/p>\n<p>Kaffee \/ Tee \/ Saft beim Eintreffen<\/p>\n<p>Gef\u00fchrte Wildpflanzensammlung mit Margreta Krummenacher<\/p>\n<p>Zubereitung Vorspeise 3-Gang Menu inklusive Wasser und Kaffee in Begleitung unseres K\u00fcchenteams<\/p>\n<p>Rezepte zum Mitnehmen<\/p>\n            <\/div>\n            <p class='eventon_shad_p' style='padding:5px 0 0; margin:0'><button class='evcal_btn evo_btn_secondary evobtn_details_show_more' content='less' aria-label='Mehr' aria-expanded='false'><span class='ev_more_text' data-txt='Weniger'>Mehr<\/span><span class='ev_more_arrow ard'><\/span><\/button><\/p><div class='clear'><\/div>        <\/div>\n    <\/div>\n<\/div><\/div><\/div><!-- row close --><div class='evocard_row bx2 bx'><div id='event_time' class='evocard_box time' data-c='' \n\t\t\t\t\tstyle=''><div class='evo_metarow_time evorow evcal_evdata_row evcal_evrow_sm '>\n\t\t<span class='evcal_evdata_icons'><i class='fa fa-clock-o'><\/i><\/span>\n\t\t<div class='evcal_evdata_cell'>\t\t\t\t\t\t\t\n\t\t\t<h3 class='evo_h3'><span class='evcal_evdata_icons'><i class='fa fa-clock-o'><\/i><\/span>Zeit<\/h3><div><span class='evo_eventcard_time_t evogap5 evofxww'><span class=\"start\">17\/07\/2026<\/span> <span class=\"stime\">16:00<\/span> - <span class=\"etime\">19:30<\/span><\/span><span class='evo_tz marr5'>(GMT+02:00)<\/span><\/div>\n\t\t<\/div>\n\t<\/div><\/div><div id='event_location' class='evocard_box location' data-c='' \n\t\t\t\t\tstyle=''><div class='evcal_evdata_row evo_metarow_time_location evorow '>\n\t\t\n\t\t\t<span class='evcal_evdata_icons'><i class='fa fa-map-marker'><\/i><\/span>\n\t\t\t<div class='evcal_evdata_cell' data-loc_tax_id='13'><h3 class='evo_h3 evodfx'><span class='evcal_evdata_icons'><i class='fa fa-map-marker'><\/i><\/span><a target=\"\" href=\"https:\/\/www.google.com\/maps\/place\/CULINARIUM+ALPINUM\/@46.9555229,8.366832,1036m\/data=!3m1!1e3!4m9!3m8!1s0x478ff707894e1fc9:0x89b388b6ddd2576c!5m2!4m1!1i2!8m2!3d46.9555229!4d8.3694069!16sg11c51vhs13?entry=ttu&amp;g_ep=EgoyMDI1MDQxMy4wIKXMDSoASAFQAw\" rel=\"noopener\">Veranstaltungsort<\/a><\/h3><p class='evo_location_name'><a target=\"\" href=\"https:\/\/www.google.com\/maps\/place\/CULINARIUM+ALPINUM\/@46.9555229,8.366832,1036m\/data=!3m1!1e3!4m9!3m8!1s0x478ff707894e1fc9:0x89b388b6ddd2576c!5m2!4m1!1i2!8m2!3d46.9555229!4d8.3694069!16sg11c51vhs13?entry=ttu&amp;g_ep=EgoyMDI1MDQxMy4wIKXMDSoASAFQAw\" rel=\"noopener\">CULINARIUM ALPINUM<\/a><\/p><p class='evo_location_address evodfxi evogap10'><a target=\"\" href=\"https:\/\/www.google.com\/maps\/place\/CULINARIUM+ALPINUM\/@46.9555229,8.366832,1036m\/data=!3m1!1e3!4m9!3m8!1s0x478ff707894e1fc9:0x89b388b6ddd2576c!5m2!4m1!1i2!8m2!3d46.9555229!4d8.3694069!16sg11c51vhs13?entry=ttu&amp;g_ep=EgoyMDI1MDQxMy4wIKXMDSoASAFQAw\" rel=\"noopener\">M\u00fcrgstrasse 18<\/a><\/p><div class='evopadt5'><p class='evo_location_contact'>+41 41 619 17 17 <a href='mailto:info@culinarium-alpinum.ch'>info@culinarium-alpinum.ch<\/a><\/p><\/div><div class='padt10'><span class='evo_btn_arr evolb_trigger' data-lbvals=\"{&quot;lbdata&quot;:{&quot;class&quot;:&quot;evo_location_lb_13&quot;,&quot;additional_class&quot;:&quot;lb_max&quot;,&quot;title&quot;:&quot;CULINARIUM ALPINUM&quot;},&quot;adata&quot;:{&quot;a&quot;:&quot;eventon_get_tax_card_content&quot;,&quot;end&quot;:&quot;client&quot;,&quot;data&quot;:{&quot;lang&quot;:&quot;L1&quot;,&quot;term_id&quot;:13,&quot;tax&quot;:&quot;event_location&quot;,&quot;load_lbcontent&quot;:true}},&quot;uid&quot;:&quot;eventon_get_tax_card_content&quot;}\" >Other Events<i class='fa fa-chevron-right' aria-hidden='true'><\/i><\/span><\/div><\/div>\n\t\t\n\t<\/div><\/div><\/div><!-- row close --><div class='evocard_row'><div id='event_learnmore' class='evocard_box learnmore' data-c='' \n\t\t\t\t\tstyle=''><div class='evo_metarow_learnM evo_metarow_learnmore evorow'>\n\t\t\t\t\t\t\t<a class=\"evcal_evdata_row evo_clik_row \" href=\"https:\/\/culinarium-alpinum.com\/kurse-und-seminare\/wildpflanzen-am-wegrand\/\" target=\"_blank\">\n\t\t\t\t\t\t\t\t<span class='evcal_evdata_icons'><i class='fa fa-link'><\/i><\/span>\n\t\t\t\t\t\t\t\t<h3 class='evo_h3'>Reservation \/ Buchen<\/h3>\n\t\t\t\t\t\t\t<\/a>\n\t\t\t\t\t\t\t<\/div><\/div><\/div><!-- row close --><div class='evocard_row'><div id='event_getdirection' class='evocard_box getdirection' data-c='' \n\t\t\t\t\tstyle=''><div class='evo_metarow_getDr evorow evcal_evdata_row evcal_evrow_sm getdirections'>\n\t\t<form action='https:\/\/maps.google.com\/maps' method='get' target='_blank'>\n\t\t\t<input type='hidden' name='daddr' value=\"M\u00fcrgstrasse 18\"\/> \n\t\t\t<div class='evo_get_direction_content evo_fx_dr_r evogap10'>\n\t\t\t\t<span class='evogetdir_header evodfx evofxdrr evofxaic evogap10'>\n\t\t\t\t\t<i class='mainicon fa fa-road evofz24i'><\/i> \n\t\t\t\t\t<h3 class='evo_h3 evopad0i' style='padding-bottom:5px;'>Get Directions<\/h3>\n\t\t\t\t<\/span>\n\t\t\t\t<span class='evogetdir_field evodfx evofx_1_1 evow100p'>\t\n\t\t\t\t\t<label for='69f4cba50212f' class='evo_aria_ready sr-only'>Address - Wildpflanzen am Wegrand []<\/label>\t\t\t\t\n\t\t\t\t\t<input id='69f4cba50212f' class='evo_aria_ready_match evoInput2 evobr10 evow100p evopad10 evoff_2 evofz14i evobrdB1 evoboxbb' type='text' name='saddr' placeholder='Ihre Adresse' value='' style='' aria-label='Address - Wildpflanzen am Wegrand []' \/>\n\t\t\t\t<\/span>\n\t\t\t\t<div class='evodfx evofxdrr evofxaic evogap10'>\n\t\t\t\t\t<i class='fa fa-location-dot'><\/i>\n\t\t\t\t\t<div class='evoposr evofx_1 evoh100p'><label for='69f4cba50212f' class='evo_aria_ready sr-only'>Destination Address - Wildpflanzen am Wegrand []<\/label>\t\t\n\t\t\t\t\t\t<input id='69f4cba50212f' class='evo_aria_ready_match evoInput2 evobr10 evow100p evopad5-10 evoff_2 evofz14i evobrdB1 evoop5 evoboxbb evoh100p' type='text' style='' readonly value='M\u00fcrgstrasse 18' aria-label='Destination Address - Wildpflanzen am Wegrand []'\/><button class='evo_copy_address evobuttonA evocurp evohoop7 evoposa evopad5' style='right: 3px; top: 4px; background-color: #fff;' data-txt='M\u00fcrgstrasse 18' data-t='Address copied to clipboard!'><i class='far fa-copy evofz16i' title='Copy Destination Address!'><\/i><\/button>\n\t\t\t\t\t<\/div>\n\t\t\t\t\t<button type='submit' class='evo_get_direction_button evcal_btn dfx evofxaic evocurp evohoop7' title='Klicken Sie hier um Ihre Anreise anzuzeigen' style='    padding: 10px 15px !important;'><i class='fa fa-chevron-right'><\/i> <\/button>\n\t\t\t\t<\/div>\n\t\t\t<\/div>\n\t\t<\/form>\n\t<\/div><\/div><\/div><!-- row close --><button class='evo_card_row_end evcal_close' title='Close'><\/button><\/div><div class='clear end'><\/div><\/div><div id=\"event_21238_5\" class=\"eventon_list_event evo_eventtop scheduled  event clrD event_21238_5\" data-event_id=\"21238\" data-ri=\"5r\" data-time=\"1784361600-1784374200\" data-colr=\"#ab6443\" itemscope itemtype='http:\/\/schema.org\/Event'><div class=\"evo_event_schema\" style=\"display:none\" ><a itemprop=\"url\" href=\"https:\/\/culinarium-alpinum.com\/en\/events\/wildpflanzen-am-wegrand-mit-margreta-krummenacher\/var\/ri-5.l-L1\"><\/a><meta itemprop='image' content=\"https:\/\/culinarium-alpinum.com\/wp-content\/uploads\/2026\/01\/Wildpflanzen-am-Wegrand_Eventbild_Webseite_1440x1080.jpg\" \/><meta itemprop='startDate' content=\"2026-7-18T10:00+2:00\" \/><meta itemprop='endDate' content=\"2026-7-18T13:30+2:00\" \/><meta itemprop='eventStatus' content=\"https:\/\/schema.org\/EventScheduled\" \/><meta itemprop='eventAttendanceMode'   itemscope itemtype=\"https:\/\/schema.org\/OfflineEventAttendanceMode\"\/><div style=\"display:none\" itemprop=\"location\" itemscope itemtype=\"http:\/\/schema.org\/Place\"><span itemprop=\"name\">CULINARIUM ALPINUM<\/span><span itemprop=\"address\" itemscope itemtype=\"http:\/\/schema.org\/PostalAddress\"><item itemprop=\"streetAddress\">M\u00fcrgstrasse 18<\/item><\/span><\/div><script type=\"application\/ld+json\">{\"@context\": \"http:\/\/schema.org\",\"@type\": \"Event\",\n\t\t\t\t\"@id\": \"event_21238_5\",\n\t\t\t\t\"eventAttendanceMode\":\"https:\/\/schema.org\/OfflineEventAttendanceMode\",\n\t\t\t\t\"eventStatus\":\"https:\/\/schema.org\/EventScheduled\",\n\t\t\t\t\"name\": \"Wildpflanzen am Wegrand\",\n\t\t\t\t\"url\": \"https:\/\/culinarium-alpinum.com\/en\/events\/wildpflanzen-am-wegrand-mit-margreta-krummenacher\/var\/ri-5.l-L1\",\n\t\t\t\t\"startDate\": \"2026-7-18T10:00+2:00\",\n\t\t\t\t\"endDate\": \"2026-7-18T13:30+2:00\",\n\t\t\t\t\"image\":\"https:\/\/culinarium-alpinum.com\/wp-content\/uploads\/2026\/01\/Wildpflanzen-am-Wegrand_Eventbild_Webseite_1440x1080.jpg\", \n\t\t\t\t\"description\":\"<p><strong>Entdecken, sammeln, geniessen: Rund um das Culinarium Alpinum lernen Sie essbare Wildpflanzen kennen und sammeln. <\/strong><\/p> <p><strong>Gemeinsam mit dem K\u00fcchenteam entstehen daraus kreative Vorspeisen f\u00fcr ein genussvolles 3-Gang-Menu.<\/strong><\/p> <p><em>Donnerstag, 19. M\u00e4rz 2026 (Josefstag), von 10.00 bis 13.30 Uhr &#8211; Aufgrund zu geringer Teilnehmerzahl ist dieser Kurs abgesagt.<\/em><\/p> <p><strong>Samstag, 25. April 2026<\/strong>, von 10.00 bis 13.30 Uhr &#8211; <strong>AUSGEBUCHT<\/strong><\/p> <p><strong>Freitag, 29. Mai 2026<\/strong>, von 10.00 bis 13.30 Uhr<\/p> <p><strong>Freitag, 26. Juni 2026<\/strong>, von 16.00 bis 19.30 Uhr<\/p> <p><strong>Freitag, 17. Juli 2026<\/strong>, von 16.00 bis 19.30 Uhr<\/p> <p><strong>Samstag, 18. Juli 2026<\/strong>, von 10.00 bis 13.30 Uhr<\/p> <p><strong>Samstag, 8. August 2026<\/strong>, von 10.00 bis 13.30 Uhr<\/p> <p><strong>Samstag, 29. August 2026<\/strong>, von 10.00 bis 13.30 Uhr<\/p> <p><strong>Samstag, 12. September 2026<\/strong>, von 10.00 bis 13.30 Uhr<\/p> <p><strong>Samstag, 10. Oktober 2026<\/strong>, von 10.00 bis 13.30 Uhr<\/p> <p><a href='https:\/\/culinarium-alpinum.com\/wp-content\/uploads\/2026\/01\/CA_Wildpflanzen-am-Wegrand_2026_Flyer_148x210_web-1.pdf' target='_blank' rel='noopener'>Eventflyer<\/a><\/p> <p>CHF 95.- pro Person<\/p> <p>Im Kurs inklusive:<\/p> <p>Kaffee \/ Tee \/ Saft beim Eintreffen<\/p> <p>Gef\u00fchrte Wildpflanzensammlung mit Margreta Krummenacher<\/p> <p>Zubereitung Vorspeise 3-Gang Menu inklusive Wasser und Kaffee in Begleitung unseres K\u00fcchenteams<\/p> <p>Rezepte zum Mitnehmen<\/p> \",\"location\":[{\"@type\":\"Place\",\"name\":\"CULINARIUM ALPINUM\",\"address\":{\"@type\": \"PostalAddress\",\"streetAddress\":\"M\u00fcrgstrasse 18\"}}]}<\/script><\/div>\r\n\t\t\t\t<p class=\"desc_trig_outter\" style=\"\"><a data-gmap_status=\"null\" data-gmtrig=\"1\" data-exlk=\"0\" style=\"background-color: #ab6443;\" id=\"evc_178436160021238\" href=\"#\" class=\"event_repeat desc_trig sin_val evcal_list_a\" data-ux_val=\"3\" data-ux_val_mob=\"-\"  ><span class='evoet_in'><span class='evoet_c2 evoet_cx '><span class='evoet_dayblock evcal_cblock ' data-bgcolor='#ab6443' data-smon='Juli' data-syr='2026' data-bub=''><span class='evo_start  evofxdrc'><em class='date'>18<\/em><em class='month'>Jul<\/em><em class='time'>10:00<\/em><\/span><span class='evo_end only_time evofxdrc'><em class='time'>13:30<\/em><\/span><\/span><\/span><span class='evoet_c3 evoet_cx evcal_desc hide_eventtopdata '><span class='evoet_title evcal_desc2 evcal_event_title ' itemprop='name'>Wildpflanzen am Wegrand<\/span><span class='event_location_attrs evodni'  data-location_address=\"M\u00fcrgstrasse 18\" data-location_type=\"address\" data-location_name=\"CULINARIUM ALPINUM\" data-location_url=\"https:\/\/culinarium-alpinum.com\/event-location\/culinarium-alpinum\/\" data-location_status=\"true\" data-locid=\"13\"><\/span><\/span><\/span><span class='evoet_data' style='display:none' data-d=\"{&quot;loc.n&quot;:&quot;CULINARIUM ALPINUM&quot;,&quot;orgs&quot;:[],&quot;tags&quot;:{&quot;repeating&quot;:&quot;Repeating Event&quot;}}\" data-bgc=\"#ab6443\" data-bggrad=\"\" ><\/span><\/a><\/p><div class='event_description evcal_eventcard ' style=\"display:none\"><div class='evocard_row'><div id='event_ftimage' class='evocard_box ftimage' data-c='' \n\t\t\t\t\tstyle=''><div class='evocard_main_image_hold' data-t='Loading Image..'><div class='evocard_main_image evo_img_triglb evocd_img_full evobr15 evobgsc evobgpc evodfx evofx_jc_c evofx_ai_c evofz48 full' style='height:400px; background-image:url();' data-f=\"https:\/\/culinarium-alpinum.com\/wp-content\/uploads\/2026\/01\/Wildpflanzen-am-Wegrand_Eventbild_Webseite_1440x1080.jpg\" data-h=\"1080\" data-w=\"1440\" data-ratio=\"0.75\" data-event_id=\"21238\" data-ri=\"5\"  data-t='Loading Image..'><span style='height:400px; background-image:url(https:\/\/culinarium-alpinum.com\/wp-content\/uploads\/2026\/01\/Wildpflanzen-am-Wegrand_Eventbild_Webseite_1440x1080.jpg)'><\/span><\/div><\/div><\/div><\/div><!-- row close --><div class='evocard_row'><div id='event_eventdetails' class='evocard_box eventdetails' data-c='' \n\t\t\t\t\tstyle=''><div class=\"evo_metarow_details evorow evcal_evdata_row evcal_event_details\">\n    <div class=\"event_excerpt\" style=\"display:none\"><h3 class=\"padb5 evo_h3\">Details<\/h3><p>Entdecken, sammeln, geniessen: Rund um das Culinarium Alpinum lernen Sie essbare Wildpflanzen kennen und sammeln. \nGemeinsam mit dem K\u00fcchenteam entstehen daraus kreative Vorspeisen f\u00fcr ein genussvolles 3-Gang-Menu.\nDonnerstag, 19. M\u00e4rz 2026<\/p><\/div><span class='evcal_evdata_icons'><i class='fa fa-align-justify'><\/i><\/span>    <div class=\"evcal_evdata_cell shorter_desc\">\n        <div class=\"eventon_full_description\">\n            <h3 class=\"padb5 evo_h3\"><span class='evcal_evdata_icons'><i class='fa fa-align-justify'><\/i><\/span>Details<\/h3>\n            <div class=\"eventon_desc_in\" itemprop=\"description\">\n                <p><strong>Entdecken, sammeln, geniessen: Rund um das Culinarium Alpinum lernen Sie essbare Wildpflanzen kennen und sammeln. <\/strong><\/p>\n<p><strong>Gemeinsam mit dem K\u00fcchenteam entstehen daraus kreative Vorspeisen f\u00fcr ein genussvolles 3-Gang-Menu.<\/strong><\/p>\n<p><em>Donnerstag, 19. M\u00e4rz 2026 (Josefstag), von 10.00 bis 13.30 Uhr &#8211; Aufgrund zu geringer Teilnehmerzahl ist dieser Kurs abgesagt.<\/em><\/p>\n<p><strong>Samstag, 25. April 2026<\/strong>, von 10.00 bis 13.30 Uhr &#8211; <strong>AUSGEBUCHT<\/strong><\/p>\n<p><strong>Freitag, 29. Mai 2026<\/strong>, von 10.00 bis 13.30 Uhr<\/p>\n<p><strong>Freitag, 26. Juni 2026<\/strong>, von 16.00 bis 19.30 Uhr<\/p>\n<p><strong>Freitag, 17. Juli 2026<\/strong>, von 16.00 bis 19.30 Uhr<\/p>\n<p><strong>Samstag, 18. Juli 2026<\/strong>, von 10.00 bis 13.30 Uhr<\/p>\n<p><strong>Samstag, 8. August 2026<\/strong>, von 10.00 bis 13.30 Uhr<\/p>\n<p><strong>Samstag, 29. August 2026<\/strong>, von 10.00 bis 13.30 Uhr<\/p>\n<p><strong>Samstag, 12. September 2026<\/strong>, von 10.00 bis 13.30 Uhr<\/p>\n<p><strong>Samstag, 10. Oktober 2026<\/strong>, von 10.00 bis 13.30 Uhr<\/p>\n<p><a href=\"https:\/\/culinarium-alpinum.com\/wp-content\/uploads\/2026\/01\/CA_Wildpflanzen-am-Wegrand_2026_Flyer_148x210_web-1.pdf\" target=\"_blank\" rel=\"noopener\">Eventflyer<\/a><\/p>\n<p>CHF 95.- pro Person<\/p>\n<p>Im Kurs inklusive:<\/p>\n<p>Kaffee \/ Tee \/ Saft beim Eintreffen<\/p>\n<p>Gef\u00fchrte Wildpflanzensammlung mit Margreta Krummenacher<\/p>\n<p>Zubereitung Vorspeise 3-Gang Menu inklusive Wasser und Kaffee in Begleitung unseres K\u00fcchenteams<\/p>\n<p>Rezepte zum Mitnehmen<\/p>\n            <\/div>\n            <p class='eventon_shad_p' style='padding:5px 0 0; margin:0'><button class='evcal_btn evo_btn_secondary evobtn_details_show_more' content='less' aria-label='Mehr' aria-expanded='false'><span class='ev_more_text' data-txt='Weniger'>Mehr<\/span><span class='ev_more_arrow ard'><\/span><\/button><\/p><div class='clear'><\/div>        <\/div>\n    <\/div>\n<\/div><\/div><\/div><!-- row close --><div class='evocard_row bx2 bx'><div id='event_time' class='evocard_box time' data-c='' \n\t\t\t\t\tstyle=''><div class='evo_metarow_time evorow evcal_evdata_row evcal_evrow_sm '>\n\t\t<span class='evcal_evdata_icons'><i class='fa fa-clock-o'><\/i><\/span>\n\t\t<div class='evcal_evdata_cell'>\t\t\t\t\t\t\t\n\t\t\t<h3 class='evo_h3'><span class='evcal_evdata_icons'><i class='fa fa-clock-o'><\/i><\/span>Zeit<\/h3><div><span class='evo_eventcard_time_t evogap5 evofxww'><span class=\"start\">18\/07\/2026<\/span> <span class=\"stime\">10:00<\/span> - <span class=\"etime\">13:30<\/span><\/span><span class='evo_tz marr5'>(GMT+02:00)<\/span><\/div>\n\t\t<\/div>\n\t<\/div><\/div><div id='event_location' class='evocard_box location' data-c='' \n\t\t\t\t\tstyle=''><div class='evcal_evdata_row evo_metarow_time_location evorow '>\n\t\t\n\t\t\t<span class='evcal_evdata_icons'><i class='fa fa-map-marker'><\/i><\/span>\n\t\t\t<div class='evcal_evdata_cell' data-loc_tax_id='13'><h3 class='evo_h3 evodfx'><span class='evcal_evdata_icons'><i class='fa fa-map-marker'><\/i><\/span><a target=\"\" href=\"https:\/\/www.google.com\/maps\/place\/CULINARIUM+ALPINUM\/@46.9555229,8.366832,1036m\/data=!3m1!1e3!4m9!3m8!1s0x478ff707894e1fc9:0x89b388b6ddd2576c!5m2!4m1!1i2!8m2!3d46.9555229!4d8.3694069!16sg11c51vhs13?entry=ttu&amp;g_ep=EgoyMDI1MDQxMy4wIKXMDSoASAFQAw\" rel=\"noopener\">Veranstaltungsort<\/a><\/h3><p class='evo_location_name'><a target=\"\" href=\"https:\/\/www.google.com\/maps\/place\/CULINARIUM+ALPINUM\/@46.9555229,8.366832,1036m\/data=!3m1!1e3!4m9!3m8!1s0x478ff707894e1fc9:0x89b388b6ddd2576c!5m2!4m1!1i2!8m2!3d46.9555229!4d8.3694069!16sg11c51vhs13?entry=ttu&amp;g_ep=EgoyMDI1MDQxMy4wIKXMDSoASAFQAw\" rel=\"noopener\">CULINARIUM ALPINUM<\/a><\/p><p class='evo_location_address evodfxi evogap10'><a target=\"\" href=\"https:\/\/www.google.com\/maps\/place\/CULINARIUM+ALPINUM\/@46.9555229,8.366832,1036m\/data=!3m1!1e3!4m9!3m8!1s0x478ff707894e1fc9:0x89b388b6ddd2576c!5m2!4m1!1i2!8m2!3d46.9555229!4d8.3694069!16sg11c51vhs13?entry=ttu&amp;g_ep=EgoyMDI1MDQxMy4wIKXMDSoASAFQAw\" rel=\"noopener\">M\u00fcrgstrasse 18<\/a><\/p><div class='evopadt5'><p class='evo_location_contact'>+41 41 619 17 17 <a href='mailto:info@culinarium-alpinum.ch'>info@culinarium-alpinum.ch<\/a><\/p><\/div><div class='padt10'><span class='evo_btn_arr evolb_trigger' data-lbvals=\"{&quot;lbdata&quot;:{&quot;class&quot;:&quot;evo_location_lb_13&quot;,&quot;additional_class&quot;:&quot;lb_max&quot;,&quot;title&quot;:&quot;CULINARIUM ALPINUM&quot;},&quot;adata&quot;:{&quot;a&quot;:&quot;eventon_get_tax_card_content&quot;,&quot;end&quot;:&quot;client&quot;,&quot;data&quot;:{&quot;lang&quot;:&quot;L1&quot;,&quot;term_id&quot;:13,&quot;tax&quot;:&quot;event_location&quot;,&quot;load_lbcontent&quot;:true}},&quot;uid&quot;:&quot;eventon_get_tax_card_content&quot;}\" >Other Events<i class='fa fa-chevron-right' aria-hidden='true'><\/i><\/span><\/div><\/div>\n\t\t\n\t<\/div><\/div><\/div><!-- row close --><div class='evocard_row'><div id='event_learnmore' class='evocard_box learnmore' data-c='' \n\t\t\t\t\tstyle=''><div class='evo_metarow_learnM evo_metarow_learnmore evorow'>\n\t\t\t\t\t\t\t<a class=\"evcal_evdata_row evo_clik_row \" href=\"https:\/\/culinarium-alpinum.com\/kurse-und-seminare\/wildpflanzen-am-wegrand\/\" target=\"_blank\">\n\t\t\t\t\t\t\t\t<span class='evcal_evdata_icons'><i class='fa fa-link'><\/i><\/span>\n\t\t\t\t\t\t\t\t<h3 class='evo_h3'>Reservation \/ Buchen<\/h3>\n\t\t\t\t\t\t\t<\/a>\n\t\t\t\t\t\t\t<\/div><\/div><\/div><!-- row close --><div class='evocard_row'><div id='event_getdirection' class='evocard_box getdirection' data-c='' \n\t\t\t\t\tstyle=''><div class='evo_metarow_getDr evorow evcal_evdata_row evcal_evrow_sm getdirections'>\n\t\t<form action='https:\/\/maps.google.com\/maps' method='get' target='_blank'>\n\t\t\t<input type='hidden' name='daddr' value=\"M\u00fcrgstrasse 18\"\/> \n\t\t\t<div class='evo_get_direction_content evo_fx_dr_r evogap10'>\n\t\t\t\t<span class='evogetdir_header evodfx evofxdrr evofxaic evogap10'>\n\t\t\t\t\t<i class='mainicon fa fa-road evofz24i'><\/i> \n\t\t\t\t\t<h3 class='evo_h3 evopad0i' style='padding-bottom:5px;'>Get Directions<\/h3>\n\t\t\t\t<\/span>\n\t\t\t\t<span class='evogetdir_field evodfx evofx_1_1 evow100p'>\t\n\t\t\t\t\t<label for='69f4cba5032f3' class='evo_aria_ready sr-only'>Address - Wildpflanzen am Wegrand []<\/label>\t\t\t\t\n\t\t\t\t\t<input id='69f4cba5032f3' class='evo_aria_ready_match evoInput2 evobr10 evow100p evopad10 evoff_2 evofz14i evobrdB1 evoboxbb' type='text' name='saddr' placeholder='Ihre Adresse' value='' style='' aria-label='Address - Wildpflanzen am Wegrand []' \/>\n\t\t\t\t<\/span>\n\t\t\t\t<div class='evodfx evofxdrr evofxaic evogap10'>\n\t\t\t\t\t<i class='fa fa-location-dot'><\/i>\n\t\t\t\t\t<div class='evoposr evofx_1 evoh100p'><label for='69f4cba5032f3' class='evo_aria_ready sr-only'>Destination Address - Wildpflanzen am Wegrand []<\/label>\t\t\n\t\t\t\t\t\t<input id='69f4cba5032f3' class='evo_aria_ready_match evoInput2 evobr10 evow100p evopad5-10 evoff_2 evofz14i evobrdB1 evoop5 evoboxbb evoh100p' type='text' style='' readonly value='M\u00fcrgstrasse 18' aria-label='Destination Address - Wildpflanzen am Wegrand []'\/><button class='evo_copy_address evobuttonA evocurp evohoop7 evoposa evopad5' style='right: 3px; top: 4px; background-color: #fff;' data-txt='M\u00fcrgstrasse 18' data-t='Address copied to clipboard!'><i class='far fa-copy evofz16i' title='Copy Destination Address!'><\/i><\/button>\n\t\t\t\t\t<\/div>\n\t\t\t\t\t<button type='submit' class='evo_get_direction_button evcal_btn dfx evofxaic evocurp evohoop7' title='Klicken Sie hier um Ihre Anreise anzuzeigen' style='    padding: 10px 15px !important;'><i class='fa fa-chevron-right'><\/i> <\/button>\n\t\t\t\t<\/div>\n\t\t\t<\/div>\n\t\t<\/form>\n\t<\/div><\/div><\/div><!-- row close --><button class='evo_card_row_end evcal_close' title='Close'><\/button><\/div><div class='clear end'><\/div><\/div><div id=\"event_25435_0\" class=\"eventon_list_event evo_eventtop scheduled  event clrD event_25435_0\" data-event_id=\"25435\" data-ri=\"0r\" data-time=\"1785164400-1785335400\" data-colr=\"#ab6443\" itemscope itemtype='http:\/\/schema.org\/Event'><div class=\"evo_event_schema\" style=\"display:none\" ><a itemprop=\"url\" href=\"https:\/\/culinarium-alpinum.com\/en\/events\/auf-den-spuren-des-alp-sbrinz-2-tages-wanderung\/\"><\/a><meta itemprop='image' content=\"https:\/\/culinarium-alpinum.com\/wp-content\/uploads\/2026\/04\/Eventbild_Webseite_1440x1080_Alp-Sbrinz-Wanderung.jpg\" \/><meta itemprop='startDate' content=\"2026-7-27T17:00+2:00\" \/><meta itemprop='endDate' content=\"2026-7-29T16:30+2:00\" \/><meta itemprop='eventStatus' content=\"https:\/\/schema.org\/EventScheduled\" \/><meta itemprop='eventAttendanceMode'   itemscope itemtype=\"https:\/\/schema.org\/OfflineEventAttendanceMode\"\/><div style=\"display:none\" itemprop=\"location\" itemscope itemtype=\"http:\/\/schema.org\/Place\"><span itemprop=\"name\">CULINARIUM ALPINUM<\/span><span itemprop=\"address\" itemscope itemtype=\"http:\/\/schema.org\/PostalAddress\"><item itemprop=\"streetAddress\">M\u00fcrgstrasse 18<\/item><\/span><\/div><script type=\"application\/ld+json\">{\"@context\": \"http:\/\/schema.org\",\"@type\": \"Event\",\n\t\t\t\t\"@id\": \"event_25435_0\",\n\t\t\t\t\"eventAttendanceMode\":\"https:\/\/schema.org\/OfflineEventAttendanceMode\",\n\t\t\t\t\"eventStatus\":\"https:\/\/schema.org\/EventScheduled\",\n\t\t\t\t\"name\": \"\u00abAuf den Spuren  des Alp Sbrinz\u00bb - 2-Tages-Wanderung\",\n\t\t\t\t\"url\": \"https:\/\/culinarium-alpinum.com\/en\/events\/auf-den-spuren-des-alp-sbrinz-2-tages-wanderung\/\",\n\t\t\t\t\"startDate\": \"2026-7-27T17:00+2:00\",\n\t\t\t\t\"endDate\": \"2026-7-29T16:30+2:00\",\n\t\t\t\t\"image\":\"https:\/\/culinarium-alpinum.com\/wp-content\/uploads\/2026\/04\/Eventbild_Webseite_1440x1080_Alp-Sbrinz-Wanderung.jpg\", \n\t\t\t\t\"description\":\"<p><span style='color: #000000;'><strong><span style='font-size: 24px;'>\u00abAuf den Spuren\u00a0des Alp Sbrinz\u00bb &#8211;<\/span><\/strong><strong><span style='font-size: 24px;'><strong>\u00a0<\/strong>2-Tages-Wanderung<\/span><\/strong><\/span><\/p> <p><span style='color: #000000;'>Im CULINARIUM ALPINUM erwartet Sie ein genussvoller Auftakt mit einer Alp-Sbrinz Degustation und einer spannenden F\u00fchrung durch das ehemalige Kapuzinerkloster<\/span><\/p> <p><span style='color: #000000;'>Am Abend geniessen Sie eine regionale Tavolata und \u00fcbernachten in historischem Ambiente.<\/span><\/p> <p><span style='color: #000000;'>Am n\u00e4chsten Tag startet die zweit\u00e4gige Wanderung: \u00dcber Gerschnialp, Untertr\u00fcbsee und Tr\u00fcbsee f\u00fchrt die eindrucksvolle 4-Seen-Wanderung auf der \u00abvia Sbrinz\u00bb Richtung Jochpass.<\/span><br \/> <span style='color: #000000;'>Den Tag lassen Sie im B\u00e4rghuis Jochpass ausklingen, wo Sie auch \u00fcbernachten.<\/span><\/p> <p><span style='color: #000000;'>Am zweiten Tag geht es weiter zur Engstlenalp und weiter Richtung Tannalp bis nach Melchsee-Frutt. Unterwegs besuchen Sie eine Alp Sbrinz K\u00e4serei und erleben Natur, Flora und Fauna.<\/span><\/p> <p><span style='color: #000000;'>Die R\u00fcckreise erfolgt via St\u00f6ckalp nach Kerns\/Sarnen und weiter nach Stans.<\/span><\/p> <div class='wpb_text_column wpb_content_element vc_custom_1763030023949'> <p><span style='color: #000000;'><strong>Montag, 27. Juli bis Mittwoch, 29. Juli 2026<\/strong><\/span><br \/> <span style='color: #000000;'><strong>Dienstag, 29. September bis Donnerstag, 1. Oktober 2026<\/strong><\/span><\/p> <p class='content'><span style='color: #000000;'>Kurskosten:<br \/> <strong>CHF 790.- pro Person<\/strong> im Doppelzimmer zur <strong>Einzelbelegung<\/strong><\/span><br \/> <span style='color: #000000;'><strong>CHF 720.- pro Person<\/strong> im Doppelzimmer zur <strong>Doppelbelegung<\/strong><\/span><\/p> <p><span style='color: #000000;'>Im Preis <strong>inklusive<\/strong> sind:<\/span><br \/> <span style='color: #000000;'>Im CULINARIUM ALPINUM: Kleine Klosterf\u00fchrung inkl. Alp-Sbrinz-Degustation, Abendessen \u00abTavolata\u00bb (exkl. Getr\u00e4nke), \u00dcbernachtung, Fr\u00fchst\u00fcck und Mittagessen f\u00fcr 1. Wandertag.<\/span><br \/> <span style='color: #000000;'>Des weiteren \u00dcbernachtung auf dem Jochpass (exkl. Getr\u00e4nke) inkl. Abendessen und Fr\u00fchst\u00fcck sowie Mittagessen am 2. Tag.<\/span><\/p> <p><span style='color: #000000;'>Transfer\/\u00d6V\/Luftseilbahn sind\u00a0<strong>nicht inklusive<\/strong><\/span><\/p> <div class='wpb_wrapper'><span style='color: #000000;'>Anzahl Teilnehmer:innen: mind. 5 \/ max. 10<\/span><\/div> <\/div> <p><span style='color: #000000;'>F\u00fcr weitere Informationen klicken Sie <strong><span style='color: #ab6443;'><a style='color: #ab6443;' href='https:\/\/culinarium-alpinum.com\/kurse-und-seminare\/auf-den-spuren-des-alp-sbrinz-2-tages-wanderung\/'>hier<\/a><\/span>.<\/strong><\/span><\/p> <p>&nbsp;<\/p> \",\"location\":[{\"@type\":\"Place\",\"name\":\"CULINARIUM ALPINUM\",\"address\":{\"@type\": \"PostalAddress\",\"streetAddress\":\"M\u00fcrgstrasse 18\"}}]}<\/script><\/div>\r\n\t\t\t\t<p class=\"desc_trig_outter\" style=\"\"><a data-gmap_status=\"null\" data-exlk=\"1\" href=\"https:\/\/culinarium-alpinum.com\/en\/events\/auf-den-spuren-des-alp-sbrinz-2-tages-wanderung\/\" target=\"_blank\" rel=\"noopener noreferrer\" style=\"background-color: #ab6443;\" id=\"evc_178516440025435\" class=\"event_repeat desc_trig mul_val evcal_list_a\" data-ux_val=\"4\" data-ux_val_mob=\"-\"><span class='evoet_in'><span class='evoet_c2 evoet_cx '><span class='evoet_dayblock evcal_cblock ' data-bgcolor='#ab6443' data-smon='Juli' data-syr='2026' data-bub=''><span class='evo_start  evofxdrc'><em class='date'>27<\/em><em class='month'>Jul<\/em><em class='time'><i t=\"y\">(Jul 27)<\/i>17:00<\/em><\/span><span class='evo_end  evofxdrc'><em class='date'>29<\/em><em class='time'><i t=\"y\">(Jul 29)<\/i>16:30<\/em><\/span><\/span><\/span><span class='evoet_c3 evoet_cx evcal_desc hide_eventtopdata '><span class='evoet_title evcal_desc2 evcal_event_title ' itemprop='name'>\u00abAuf den Spuren  des Alp Sbrinz\u00bb - 2-Tages-Wanderung<\/span><span class='event_location_attrs evodni'  data-location_address=\"M\u00fcrgstrasse 18\" data-location_type=\"address\" data-location_name=\"CULINARIUM ALPINUM\" data-location_url=\"https:\/\/culinarium-alpinum.com\/event-location\/culinarium-alpinum\/\" data-location_status=\"true\" data-locid=\"13\"><\/span><\/span><\/span><span class='evoet_data' style='display:none' data-d=\"{&quot;loc.n&quot;:&quot;CULINARIUM ALPINUM&quot;,&quot;orgs&quot;:[],&quot;tags&quot;:{&quot;repeating&quot;:&quot;Repeating Event&quot;}}\" data-bgc=\"#ab6443\" data-bggrad=\"\" ><\/span><\/a><\/p><div class='clear end'><\/div><\/div><\/div><div class='evcal_month_line' data-d='eml_8_2026' data-su='1785535200'><p>August 2026<\/p><\/div><div class='sep_month_events ' data-d='eml_8_2026' data-range='1785535200_1788213599'><div id=\"event_25398_0\" class=\"eventon_list_event evo_eventtop scheduled  event clrD event_25398_0\" data-event_id=\"25398\" data-ri=\"0r\" data-time=\"1776664800-1793473200\" data-colr=\"#ab6443\" itemscope itemtype='http:\/\/schema.org\/Event'><div class=\"evo_event_schema\" style=\"display:none\" ><a itemprop=\"url\" href=\"https:\/\/culinarium-alpinum.com\/en\/events\/klanginstallation-alchymia-f-i-t-im-alpsbrinzkeller\/\"><\/a><meta itemprop='image' content=\"https:\/\/culinarium-alpinum.com\/wp-content\/uploads\/2026\/04\/Eventbild_Webseite_1440x1080_Alp-Sbrinz-Wanderung.jpg\" \/><meta itemprop='startDate' content=\"2026-4-20T08:00+2:00\" \/><meta itemprop='endDate' content=\"2026-10-31T20:00+2:00\" \/><meta itemprop='eventStatus' content=\"https:\/\/schema.org\/EventScheduled\" \/><meta itemprop='eventAttendanceMode'   itemscope itemtype=\"https:\/\/schema.org\/OfflineEventAttendanceMode\"\/><div style=\"display:none\" itemprop=\"location\" itemscope itemtype=\"http:\/\/schema.org\/Place\"><span itemprop=\"name\">CULINARIUM ALPINUM<\/span><span itemprop=\"address\" itemscope itemtype=\"http:\/\/schema.org\/PostalAddress\"><item itemprop=\"streetAddress\">M\u00fcrgstrasse 18<\/item><\/span><\/div><script type=\"application\/ld+json\">{\"@context\": \"http:\/\/schema.org\",\"@type\": \"Event\",\n\t\t\t\t\"@id\": \"event_25398_0\",\n\t\t\t\t\"eventAttendanceMode\":\"https:\/\/schema.org\/OfflineEventAttendanceMode\",\n\t\t\t\t\"eventStatus\":\"https:\/\/schema.org\/EventScheduled\",\n\t\t\t\t\"name\": \"Klanginstallation \u00abAlchymia \u2013 F.I.T.\u00bb im Alpsbrinzkeller\",\n\t\t\t\t\"url\": \"https:\/\/culinarium-alpinum.com\/en\/events\/klanginstallation-alchymia-f-i-t-im-alpsbrinzkeller\/\",\n\t\t\t\t\"startDate\": \"2026-4-20T08:00+2:00\",\n\t\t\t\t\"endDate\": \"2026-10-31T20:00+2:00\",\n\t\t\t\t\"image\":\"https:\/\/culinarium-alpinum.com\/wp-content\/uploads\/2026\/04\/Eventbild_Webseite_1440x1080_Alp-Sbrinz-Wanderung.jpg\", \n\t\t\t\t\"description\":\"<p><span style='font-size: 24px; color: #000000;'><strong>Klanginstallation \u00abAlchymia \u2013 F.I.T.\u00bb<\/strong><\/span><\/p> <p><span style='color: #000000;'><strong>Die Geschichte des K\u00e4ses ist auch ein Lied einer Landschaft, seiner Pflanzen und K\u00fche sowie die Passion seiner Herstellung.<br \/> <\/strong><strong>Scheinbar konstant ist der K\u00e4se dennoch immer im Wandel.<\/strong><\/span><\/p> <p><span style='color: #000000;'>Die Komposition ert\u00f6nt im Loop; alle Kl\u00e4nge sind roh und nicht nachbearbeitet, lediglich arrangiert \u2014 von den Melkvorg\u00e4ngen im Stall bis zum fertigen Alpk\u00e4se. <\/span><br \/> <span style='color: #000000;'>Aus 8 Stunden Aufnahmezeit mit insgesamt 6 Spuren Tonmaterial wurden die Klangsequenzen auf 17 Minuten reduziert. <\/span><br \/> <span style='color: #000000;'>Die Timeline folgt der Abfolge der Arbeitsschritte; die chronologische Reihenfolge der Prozesse bleibt erhalten.<\/span><\/p> <p><span style='color: #000000;'>Jahr:\u00a0 \u00a0 \u00a0 \u00a0 \u00a0 2026<\/span><br \/> <span style='color: #000000;'>Werk:\u00a0 \u00a0 \u00a0 \u00a0 Komposition\/Installation <\/span><br \/> <span style='color: #000000;'>Material:\u00a0 \u00a0Zwei Alpk\u00e4se, Holz, Transducer, Feldaufnahmen<\/span><br \/> <span style='color: #000000;'>Dauer:\u00a0 \u00a0 \u00a0 \u00a017 Minuten<\/span><\/p> <p><span style='color: #000000;'>Komposition, Soundinstallation \u2013 Patrick Kessler<\/span><br \/> <span style='color: #000000;'>Feldaufnahmen \u2013 Tim Shaw, Patrick Kessler<\/span><br \/> <span style='color: #000000;'>K\u00e4ser \u2013 Chrigel Schl\u00e4pfer<\/span><br \/> <span style='color: #000000;'>Produktion \u2013 Patrick Kessler<\/span><\/p> <div class='wpb_text_column wpb_content_element vc_custom_1763030023949'><\/div> \",\"location\":[{\"@type\":\"Place\",\"name\":\"CULINARIUM ALPINUM\",\"address\":{\"@type\": \"PostalAddress\",\"streetAddress\":\"M\u00fcrgstrasse 18\"}}]}<\/script><\/div>\r\n\t\t\t\t<p class=\"desc_trig_outter\" style=\"\"><a data-gmap_status=\"null\" data-exlk=\"1\" href=\"https:\/\/culinarium-alpinum.com\/en\/events\/klanginstallation-alchymia-f-i-t-im-alpsbrinzkeller\/\" target=\"_blank\" rel=\"noopener noreferrer\" style=\"background-color: #ab6443;\" id=\"evc_177666480025398\" class=\"desc_trig mul_val evcal_list_a\" data-ux_val=\"4\" data-ux_val_mob=\"-\"><span class='evoet_in'><span class='evoet_c2 evoet_cx '><span class='evoet_dayblock evcal_cblock ' data-bgcolor='#ab6443' data-smon='April' data-syr='2026' data-bub=''><span class='evo_start  evofxdrc'><em class='date'>20<\/em><em class='month'>Apr<\/em><em class='time'><i t=\"y\">(Apr 20)<\/i>08:00<\/em><\/span><span class='evo_end  evofxdrc'><em class='date'>31<\/em><em class='month'>Okt<\/em><em class='time'><i t=\"y\">(Okt 31)<\/i>20:00<\/em><\/span><\/span><\/span><span class='evoet_c3 evoet_cx evcal_desc hide_eventtopdata '><span class='evoet_title evcal_desc2 evcal_event_title ' itemprop='name'>Klanginstallation \u00abAlchymia \u2013 F.I.T.\u00bb im Alpsbrinzkeller<\/span><span class='event_location_attrs evodni'  data-location_address=\"M\u00fcrgstrasse 18\" data-location_type=\"address\" data-location_name=\"CULINARIUM ALPINUM\" data-location_url=\"https:\/\/culinarium-alpinum.com\/event-location\/culinarium-alpinum\/\" data-location_status=\"true\" data-locid=\"13\"><\/span><\/span><\/span><span class='evoet_data' style='display:none' data-d=\"{&quot;loc.n&quot;:&quot;CULINARIUM ALPINUM&quot;,&quot;orgs&quot;:[],&quot;tags&quot;:[]}\" data-bgc=\"#ab6443\" data-bggrad=\"\" ><\/span><\/a><\/p><div class='clear end'><\/div><\/div><div id=\"event_21238_6\" class=\"eventon_list_event evo_eventtop scheduled  event clrD event_21238_6\" data-event_id=\"21238\" data-ri=\"6r\" data-time=\"1786176000-1786188600\" data-colr=\"#ab6443\" itemscope itemtype='http:\/\/schema.org\/Event'><div class=\"evo_event_schema\" style=\"display:none\" ><a itemprop=\"url\" href=\"https:\/\/culinarium-alpinum.com\/en\/events\/wildpflanzen-am-wegrand-mit-margreta-krummenacher\/var\/ri-6.l-L1\"><\/a><meta itemprop='image' content=\"https:\/\/culinarium-alpinum.com\/wp-content\/uploads\/2026\/01\/Wildpflanzen-am-Wegrand_Eventbild_Webseite_1440x1080.jpg\" \/><meta itemprop='startDate' content=\"2026-8-8T10:00+2:00\" \/><meta itemprop='endDate' content=\"2026-8-8T13:30+2:00\" \/><meta itemprop='eventStatus' content=\"https:\/\/schema.org\/EventScheduled\" \/><meta itemprop='eventAttendanceMode'   itemscope itemtype=\"https:\/\/schema.org\/OfflineEventAttendanceMode\"\/><div style=\"display:none\" itemprop=\"location\" itemscope itemtype=\"http:\/\/schema.org\/Place\"><span itemprop=\"name\">CULINARIUM ALPINUM<\/span><span itemprop=\"address\" itemscope itemtype=\"http:\/\/schema.org\/PostalAddress\"><item itemprop=\"streetAddress\">M\u00fcrgstrasse 18<\/item><\/span><\/div><script type=\"application\/ld+json\">{\"@context\": \"http:\/\/schema.org\",\"@type\": \"Event\",\n\t\t\t\t\"@id\": \"event_21238_6\",\n\t\t\t\t\"eventAttendanceMode\":\"https:\/\/schema.org\/OfflineEventAttendanceMode\",\n\t\t\t\t\"eventStatus\":\"https:\/\/schema.org\/EventScheduled\",\n\t\t\t\t\"name\": \"Wildpflanzen am Wegrand\",\n\t\t\t\t\"url\": \"https:\/\/culinarium-alpinum.com\/en\/events\/wildpflanzen-am-wegrand-mit-margreta-krummenacher\/var\/ri-6.l-L1\",\n\t\t\t\t\"startDate\": \"2026-8-8T10:00+2:00\",\n\t\t\t\t\"endDate\": \"2026-8-8T13:30+2:00\",\n\t\t\t\t\"image\":\"https:\/\/culinarium-alpinum.com\/wp-content\/uploads\/2026\/01\/Wildpflanzen-am-Wegrand_Eventbild_Webseite_1440x1080.jpg\", \n\t\t\t\t\"description\":\"<p><strong>Entdecken, sammeln, geniessen: Rund um das Culinarium Alpinum lernen Sie essbare Wildpflanzen kennen und sammeln. <\/strong><\/p> <p><strong>Gemeinsam mit dem K\u00fcchenteam entstehen daraus kreative Vorspeisen f\u00fcr ein genussvolles 3-Gang-Menu.<\/strong><\/p> <p><em>Donnerstag, 19. M\u00e4rz 2026 (Josefstag), von 10.00 bis 13.30 Uhr &#8211; Aufgrund zu geringer Teilnehmerzahl ist dieser Kurs abgesagt.<\/em><\/p> <p><strong>Samstag, 25. April 2026<\/strong>, von 10.00 bis 13.30 Uhr &#8211; <strong>AUSGEBUCHT<\/strong><\/p> <p><strong>Freitag, 29. Mai 2026<\/strong>, von 10.00 bis 13.30 Uhr<\/p> <p><strong>Freitag, 26. Juni 2026<\/strong>, von 16.00 bis 19.30 Uhr<\/p> <p><strong>Freitag, 17. Juli 2026<\/strong>, von 16.00 bis 19.30 Uhr<\/p> <p><strong>Samstag, 18. Juli 2026<\/strong>, von 10.00 bis 13.30 Uhr<\/p> <p><strong>Samstag, 8. August 2026<\/strong>, von 10.00 bis 13.30 Uhr<\/p> <p><strong>Samstag, 29. August 2026<\/strong>, von 10.00 bis 13.30 Uhr<\/p> <p><strong>Samstag, 12. September 2026<\/strong>, von 10.00 bis 13.30 Uhr<\/p> <p><strong>Samstag, 10. Oktober 2026<\/strong>, von 10.00 bis 13.30 Uhr<\/p> <p><a href='https:\/\/culinarium-alpinum.com\/wp-content\/uploads\/2026\/01\/CA_Wildpflanzen-am-Wegrand_2026_Flyer_148x210_web-1.pdf' target='_blank' rel='noopener'>Eventflyer<\/a><\/p> <p>CHF 95.- pro Person<\/p> <p>Im Kurs inklusive:<\/p> <p>Kaffee \/ Tee \/ Saft beim Eintreffen<\/p> <p>Gef\u00fchrte Wildpflanzensammlung mit Margreta Krummenacher<\/p> <p>Zubereitung Vorspeise 3-Gang Menu inklusive Wasser und Kaffee in Begleitung unseres K\u00fcchenteams<\/p> <p>Rezepte zum Mitnehmen<\/p> \",\"location\":[{\"@type\":\"Place\",\"name\":\"CULINARIUM ALPINUM\",\"address\":{\"@type\": \"PostalAddress\",\"streetAddress\":\"M\u00fcrgstrasse 18\"}}]}<\/script><\/div>\r\n\t\t\t\t<p class=\"desc_trig_outter\" style=\"\"><a data-gmap_status=\"null\" data-gmtrig=\"1\" data-exlk=\"0\" style=\"background-color: #ab6443;\" id=\"evc_178617600021238\" href=\"#\" class=\"event_repeat desc_trig sin_val evcal_list_a\" data-ux_val=\"3\" data-ux_val_mob=\"-\"  ><span class='evoet_in'><span class='evoet_c2 evoet_cx '><span class='evoet_dayblock evcal_cblock ' data-bgcolor='#ab6443' data-smon='August' data-syr='2026' data-bub=''><span class='evo_start  evofxdrc'><em class='date'>08<\/em><em class='month'>Aug<\/em><em class='time'>10:00<\/em><\/span><span class='evo_end only_time evofxdrc'><em class='time'>13:30<\/em><\/span><\/span><\/span><span class='evoet_c3 evoet_cx evcal_desc hide_eventtopdata '><span class='evoet_title evcal_desc2 evcal_event_title ' itemprop='name'>Wildpflanzen am Wegrand<\/span><span class='event_location_attrs evodni'  data-location_address=\"M\u00fcrgstrasse 18\" data-location_type=\"address\" data-location_name=\"CULINARIUM ALPINUM\" data-location_url=\"https:\/\/culinarium-alpinum.com\/event-location\/culinarium-alpinum\/\" data-location_status=\"true\" data-locid=\"13\"><\/span><\/span><\/span><span class='evoet_data' style='display:none' data-d=\"{&quot;loc.n&quot;:&quot;CULINARIUM ALPINUM&quot;,&quot;orgs&quot;:[],&quot;tags&quot;:{&quot;repeating&quot;:&quot;Repeating Event&quot;}}\" data-bgc=\"#ab6443\" data-bggrad=\"\" ><\/span><\/a><\/p><div class='event_description evcal_eventcard ' style=\"display:none\"><div class='evocard_row'><div id='event_ftimage' class='evocard_box ftimage' data-c='' \n\t\t\t\t\tstyle=''><div class='evocard_main_image_hold' data-t='Loading Image..'><div class='evocard_main_image evo_img_triglb evocd_img_full evobr15 evobgsc evobgpc evodfx evofx_jc_c evofx_ai_c evofz48 full' style='height:400px; background-image:url();' data-f=\"https:\/\/culinarium-alpinum.com\/wp-content\/uploads\/2026\/01\/Wildpflanzen-am-Wegrand_Eventbild_Webseite_1440x1080.jpg\" data-h=\"1080\" data-w=\"1440\" data-ratio=\"0.75\" data-event_id=\"21238\" data-ri=\"6\"  data-t='Loading Image..'><span style='height:400px; background-image:url(https:\/\/culinarium-alpinum.com\/wp-content\/uploads\/2026\/01\/Wildpflanzen-am-Wegrand_Eventbild_Webseite_1440x1080.jpg)'><\/span><\/div><\/div><\/div><\/div><!-- row close --><div class='evocard_row'><div id='event_eventdetails' class='evocard_box eventdetails' data-c='' \n\t\t\t\t\tstyle=''><div class=\"evo_metarow_details evorow evcal_evdata_row evcal_event_details\">\n    <div class=\"event_excerpt\" style=\"display:none\"><h3 class=\"padb5 evo_h3\">Details<\/h3><p>Entdecken, sammeln, geniessen: Rund um das Culinarium Alpinum lernen Sie essbare Wildpflanzen kennen und sammeln. \nGemeinsam mit dem K\u00fcchenteam entstehen daraus kreative Vorspeisen f\u00fcr ein genussvolles 3-Gang-Menu.\nDonnerstag, 19. M\u00e4rz 2026<\/p><\/div><span class='evcal_evdata_icons'><i class='fa fa-align-justify'><\/i><\/span>    <div class=\"evcal_evdata_cell shorter_desc\">\n        <div class=\"eventon_full_description\">\n            <h3 class=\"padb5 evo_h3\"><span class='evcal_evdata_icons'><i class='fa fa-align-justify'><\/i><\/span>Details<\/h3>\n            <div class=\"eventon_desc_in\" itemprop=\"description\">\n                <p><strong>Entdecken, sammeln, geniessen: Rund um das Culinarium Alpinum lernen Sie essbare Wildpflanzen kennen und sammeln. <\/strong><\/p>\n<p><strong>Gemeinsam mit dem K\u00fcchenteam entstehen daraus kreative Vorspeisen f\u00fcr ein genussvolles 3-Gang-Menu.<\/strong><\/p>\n<p><em>Donnerstag, 19. M\u00e4rz 2026 (Josefstag), von 10.00 bis 13.30 Uhr &#8211; Aufgrund zu geringer Teilnehmerzahl ist dieser Kurs abgesagt.<\/em><\/p>\n<p><strong>Samstag, 25. April 2026<\/strong>, von 10.00 bis 13.30 Uhr &#8211; <strong>AUSGEBUCHT<\/strong><\/p>\n<p><strong>Freitag, 29. Mai 2026<\/strong>, von 10.00 bis 13.30 Uhr<\/p>\n<p><strong>Freitag, 26. Juni 2026<\/strong>, von 16.00 bis 19.30 Uhr<\/p>\n<p><strong>Freitag, 17. Juli 2026<\/strong>, von 16.00 bis 19.30 Uhr<\/p>\n<p><strong>Samstag, 18. Juli 2026<\/strong>, von 10.00 bis 13.30 Uhr<\/p>\n<p><strong>Samstag, 8. August 2026<\/strong>, von 10.00 bis 13.30 Uhr<\/p>\n<p><strong>Samstag, 29. August 2026<\/strong>, von 10.00 bis 13.30 Uhr<\/p>\n<p><strong>Samstag, 12. September 2026<\/strong>, von 10.00 bis 13.30 Uhr<\/p>\n<p><strong>Samstag, 10. Oktober 2026<\/strong>, von 10.00 bis 13.30 Uhr<\/p>\n<p><a href=\"https:\/\/culinarium-alpinum.com\/wp-content\/uploads\/2026\/01\/CA_Wildpflanzen-am-Wegrand_2026_Flyer_148x210_web-1.pdf\" target=\"_blank\" rel=\"noopener\">Eventflyer<\/a><\/p>\n<p>CHF 95.- pro Person<\/p>\n<p>Im Kurs inklusive:<\/p>\n<p>Kaffee \/ Tee \/ Saft beim Eintreffen<\/p>\n<p>Gef\u00fchrte Wildpflanzensammlung mit Margreta Krummenacher<\/p>\n<p>Zubereitung Vorspeise 3-Gang Menu inklusive Wasser und Kaffee in Begleitung unseres K\u00fcchenteams<\/p>\n<p>Rezepte zum Mitnehmen<\/p>\n            <\/div>\n            <p class='eventon_shad_p' style='padding:5px 0 0; margin:0'><button class='evcal_btn evo_btn_secondary evobtn_details_show_more' content='less' aria-label='Mehr' aria-expanded='false'><span class='ev_more_text' data-txt='Weniger'>Mehr<\/span><span class='ev_more_arrow ard'><\/span><\/button><\/p><div class='clear'><\/div>        <\/div>\n    <\/div>\n<\/div><\/div><\/div><!-- row close --><div class='evocard_row bx2 bx'><div id='event_time' class='evocard_box time' data-c='' \n\t\t\t\t\tstyle=''><div class='evo_metarow_time evorow evcal_evdata_row evcal_evrow_sm '>\n\t\t<span class='evcal_evdata_icons'><i class='fa fa-clock-o'><\/i><\/span>\n\t\t<div class='evcal_evdata_cell'>\t\t\t\t\t\t\t\n\t\t\t<h3 class='evo_h3'><span class='evcal_evdata_icons'><i class='fa fa-clock-o'><\/i><\/span>Zeit<\/h3><div><span class='evo_eventcard_time_t evogap5 evofxww'><span class=\"start\">08\/08\/2026<\/span> <span class=\"stime\">10:00<\/span> - <span class=\"etime\">13:30<\/span><\/span><span class='evo_tz marr5'>(GMT+02:00)<\/span><\/div>\n\t\t<\/div>\n\t<\/div><\/div><div id='event_location' class='evocard_box location' data-c='' \n\t\t\t\t\tstyle=''><div class='evcal_evdata_row evo_metarow_time_location evorow '>\n\t\t\n\t\t\t<span class='evcal_evdata_icons'><i class='fa fa-map-marker'><\/i><\/span>\n\t\t\t<div class='evcal_evdata_cell' data-loc_tax_id='13'><h3 class='evo_h3 evodfx'><span class='evcal_evdata_icons'><i class='fa fa-map-marker'><\/i><\/span><a target=\"\" href=\"https:\/\/www.google.com\/maps\/place\/CULINARIUM+ALPINUM\/@46.9555229,8.366832,1036m\/data=!3m1!1e3!4m9!3m8!1s0x478ff707894e1fc9:0x89b388b6ddd2576c!5m2!4m1!1i2!8m2!3d46.9555229!4d8.3694069!16sg11c51vhs13?entry=ttu&amp;g_ep=EgoyMDI1MDQxMy4wIKXMDSoASAFQAw\" rel=\"noopener\">Veranstaltungsort<\/a><\/h3><p class='evo_location_name'><a target=\"\" href=\"https:\/\/www.google.com\/maps\/place\/CULINARIUM+ALPINUM\/@46.9555229,8.366832,1036m\/data=!3m1!1e3!4m9!3m8!1s0x478ff707894e1fc9:0x89b388b6ddd2576c!5m2!4m1!1i2!8m2!3d46.9555229!4d8.3694069!16sg11c51vhs13?entry=ttu&amp;g_ep=EgoyMDI1MDQxMy4wIKXMDSoASAFQAw\" rel=\"noopener\">CULINARIUM ALPINUM<\/a><\/p><p class='evo_location_address evodfxi evogap10'><a target=\"\" href=\"https:\/\/www.google.com\/maps\/place\/CULINARIUM+ALPINUM\/@46.9555229,8.366832,1036m\/data=!3m1!1e3!4m9!3m8!1s0x478ff707894e1fc9:0x89b388b6ddd2576c!5m2!4m1!1i2!8m2!3d46.9555229!4d8.3694069!16sg11c51vhs13?entry=ttu&amp;g_ep=EgoyMDI1MDQxMy4wIKXMDSoASAFQAw\" rel=\"noopener\">M\u00fcrgstrasse 18<\/a><\/p><div class='evopadt5'><p class='evo_location_contact'>+41 41 619 17 17 <a href='mailto:info@culinarium-alpinum.ch'>info@culinarium-alpinum.ch<\/a><\/p><\/div><div class='padt10'><span class='evo_btn_arr evolb_trigger' data-lbvals=\"{&quot;lbdata&quot;:{&quot;class&quot;:&quot;evo_location_lb_13&quot;,&quot;additional_class&quot;:&quot;lb_max&quot;,&quot;title&quot;:&quot;CULINARIUM ALPINUM&quot;},&quot;adata&quot;:{&quot;a&quot;:&quot;eventon_get_tax_card_content&quot;,&quot;end&quot;:&quot;client&quot;,&quot;data&quot;:{&quot;lang&quot;:&quot;L1&quot;,&quot;term_id&quot;:13,&quot;tax&quot;:&quot;event_location&quot;,&quot;load_lbcontent&quot;:true}},&quot;uid&quot;:&quot;eventon_get_tax_card_content&quot;}\" >Other Events<i class='fa fa-chevron-right' aria-hidden='true'><\/i><\/span><\/div><\/div>\n\t\t\n\t<\/div><\/div><\/div><!-- row close --><div class='evocard_row'><div id='event_learnmore' class='evocard_box learnmore' data-c='' \n\t\t\t\t\tstyle=''><div class='evo_metarow_learnM evo_metarow_learnmore evorow'>\n\t\t\t\t\t\t\t<a class=\"evcal_evdata_row evo_clik_row \" href=\"https:\/\/culinarium-alpinum.com\/kurse-und-seminare\/wildpflanzen-am-wegrand\/\" target=\"_blank\">\n\t\t\t\t\t\t\t\t<span class='evcal_evdata_icons'><i class='fa fa-link'><\/i><\/span>\n\t\t\t\t\t\t\t\t<h3 class='evo_h3'>Reservation \/ Buchen<\/h3>\n\t\t\t\t\t\t\t<\/a>\n\t\t\t\t\t\t\t<\/div><\/div><\/div><!-- row close --><div class='evocard_row'><div id='event_getdirection' class='evocard_box getdirection' data-c='' \n\t\t\t\t\tstyle=''><div class='evo_metarow_getDr evorow evcal_evdata_row evcal_evrow_sm getdirections'>\n\t\t<form action='https:\/\/maps.google.com\/maps' method='get' target='_blank'>\n\t\t\t<input type='hidden' name='daddr' value=\"M\u00fcrgstrasse 18\"\/> \n\t\t\t<div class='evo_get_direction_content evo_fx_dr_r evogap10'>\n\t\t\t\t<span class='evogetdir_header evodfx evofxdrr evofxaic evogap10'>\n\t\t\t\t\t<i class='mainicon fa fa-road evofz24i'><\/i> \n\t\t\t\t\t<h3 class='evo_h3 evopad0i' style='padding-bottom:5px;'>Get Directions<\/h3>\n\t\t\t\t<\/span>\n\t\t\t\t<span class='evogetdir_field evodfx evofx_1_1 evow100p'>\t\n\t\t\t\t\t<label for='69f4cba5057b6' class='evo_aria_ready sr-only'>Address - Wildpflanzen am Wegrand []<\/label>\t\t\t\t\n\t\t\t\t\t<input id='69f4cba5057b6' class='evo_aria_ready_match evoInput2 evobr10 evow100p evopad10 evoff_2 evofz14i evobrdB1 evoboxbb' type='text' name='saddr' placeholder='Ihre Adresse' value='' style='' aria-label='Address - Wildpflanzen am Wegrand []' \/>\n\t\t\t\t<\/span>\n\t\t\t\t<div class='evodfx evofxdrr evofxaic evogap10'>\n\t\t\t\t\t<i class='fa fa-location-dot'><\/i>\n\t\t\t\t\t<div class='evoposr evofx_1 evoh100p'><label for='69f4cba5057b6' class='evo_aria_ready sr-only'>Destination Address - Wildpflanzen am Wegrand []<\/label>\t\t\n\t\t\t\t\t\t<input id='69f4cba5057b6' class='evo_aria_ready_match evoInput2 evobr10 evow100p evopad5-10 evoff_2 evofz14i evobrdB1 evoop5 evoboxbb evoh100p' type='text' style='' readonly value='M\u00fcrgstrasse 18' aria-label='Destination Address - Wildpflanzen am Wegrand []'\/><button class='evo_copy_address evobuttonA evocurp evohoop7 evoposa evopad5' style='right: 3px; top: 4px; background-color: #fff;' data-txt='M\u00fcrgstrasse 18' data-t='Address copied to clipboard!'><i class='far fa-copy evofz16i' title='Copy Destination Address!'><\/i><\/button>\n\t\t\t\t\t<\/div>\n\t\t\t\t\t<button type='submit' class='evo_get_direction_button evcal_btn dfx evofxaic evocurp evohoop7' title='Klicken Sie hier um Ihre Anreise anzuzeigen' style='    padding: 10px 15px !important;'><i class='fa fa-chevron-right'><\/i> <\/button>\n\t\t\t\t<\/div>\n\t\t\t<\/div>\n\t\t<\/form>\n\t<\/div><\/div><\/div><!-- row close --><button class='evo_card_row_end evcal_close' title='Close'><\/button><\/div><div class='clear end'><\/div><\/div><div id=\"event_25395_2\" class=\"eventon_list_event evo_eventtop scheduled  event clrD event_25395_2\" data-event_id=\"25395\" data-ri=\"2r\" data-time=\"1786519800-1786548600\" data-colr=\"#ab6443\" itemscope itemtype='http:\/\/schema.org\/Event'><div class=\"evo_event_schema\" style=\"display:none\" ><a itemprop=\"url\" href=\"https:\/\/culinarium-alpinum.com\/en\/events\/genuss-und-bergluft-1-tages-wanderung-zur-alp-chieneren-mit-marina-grossrieder\/var\/ri-2.l-L1\"><\/a><meta itemprop='image' content=\"https:\/\/culinarium-alpinum.com\/wp-content\/uploads\/2026\/04\/Eventbild_Webseite_1440x1080_Alp-Sbrinz-Wanderung.jpg\" \/><meta itemprop='startDate' content=\"2026-8-12T09:30+2:00\" \/><meta itemprop='endDate' content=\"2026-8-12T17:30+2:00\" \/><meta itemprop='eventStatus' content=\"https:\/\/schema.org\/EventScheduled\" \/><meta itemprop='eventAttendanceMode'   itemscope itemtype=\"https:\/\/schema.org\/OfflineEventAttendanceMode\"\/><div style=\"display:none\" itemprop=\"location\" itemscope itemtype=\"http:\/\/schema.org\/Place\"><span itemprop=\"name\">CULINARIUM ALPINUM<\/span><span itemprop=\"address\" itemscope itemtype=\"http:\/\/schema.org\/PostalAddress\"><item itemprop=\"streetAddress\">M\u00fcrgstrasse 18<\/item><\/span><\/div><script type=\"application\/ld+json\">{\"@context\": \"http:\/\/schema.org\",\"@type\": \"Event\",\n\t\t\t\t\"@id\": \"event_25395_2\",\n\t\t\t\t\"eventAttendanceMode\":\"https:\/\/schema.org\/OfflineEventAttendanceMode\",\n\t\t\t\t\"eventStatus\":\"https:\/\/schema.org\/EventScheduled\",\n\t\t\t\t\"name\": \"\u00abAuf den Spuren  des Alp Sbrinz\u00bb - 1-Tages-Wanderung\",\n\t\t\t\t\"url\": \"https:\/\/culinarium-alpinum.com\/en\/events\/genuss-und-bergluft-1-tages-wanderung-zur-alp-chieneren-mit-marina-grossrieder\/var\/ri-2.l-L1\",\n\t\t\t\t\"startDate\": \"2026-8-12T09:30+2:00\",\n\t\t\t\t\"endDate\": \"2026-8-12T17:30+2:00\",\n\t\t\t\t\"image\":\"https:\/\/culinarium-alpinum.com\/wp-content\/uploads\/2026\/04\/Eventbild_Webseite_1440x1080_Alp-Sbrinz-Wanderung.jpg\", \n\t\t\t\t\"description\":\"<p><span style='color: #000000;'><strong><span style='font-size: 24px;'>\u00abAuf den Spuren\u00a0des Alp Sbrinz\u00bb &#8211;<\/span><\/strong><strong><span style='font-size: 24px;'><span style='color: #000000;'><strong>\u00a0<\/strong><\/span>1-Tages-Wanderung<\/span><\/strong><\/span><\/p> <p><span style='color: #000000;'>Ein Tag voller Genuss, Natur und alpiner Tradition erwartet Sie.<\/span><\/p> <div class='wpb_text_column wpb_content_element vc_custom_1763030023949'> <div class='wpb_wrapper'> <p><span style='color: #000000;'>Im CULINARIUM ALPINUM starten Sie mit einer kurzen F\u00fchrung durch das ehemalige Kapuzinerkloster und einer Degustation von w\u00fcrzigem Alp Sbrinz.<\/span><\/p> <p><span style='color: #000000;'>Anschliessend reisen Sie mit Zug und Luftseilbahn nach Wirzweli. Dort erwartet Sie eine eindrucksvolle Wanderung zur Alp Chieneren, begleitet von frischer Bergluft und herrlichen Ausblicken.<\/span><\/p> <p><span style='color: #000000;'>Freuen Sie sich auf ein feines, regionales Mittagessen und spannende Einblicke in die K\u00e4seherstellung.<\/span><\/p> <p><span style='color: #000000;'>Der R\u00fcckweg f\u00fchrt \u00fcber die Gummenalp zur\u00fcck nach Wirzweli.<\/span><\/p> <\/div> <p class='content'><span style='color: #000000;'>Treffpunkt:\u00a0 \u00a009.30 Uhr im CULINARIUM ALPINUM<\/span><br \/> <span style='color: #000000;'>Abschluss:\u00a0 \u00a0ca. 17.15 Uhr am Bahnhof Stans.<\/span><\/p> <p class='content'><span style='color: #000000;'><strong>Montag, 18. Mai 2026<br \/> Dienstag, 23. Juni 2026<br \/> Mittwoch, 12. August 2026<\/strong><\/span><\/p> <p class='content'><span style='color: #000000;'>Kurskosten:<\/span><br \/> <span style='color: #000000;'>CHF 125.- pro Person<\/span><\/p> <p><span style='color: #000000;'>Im Kurs\u00a0<strong>inklusive<\/strong>:<\/span><br \/> <span style='color: #000000;'>Kleine Klosterf\u00fchrung inkl. Alp-Sbrinz-Degustation im CULINARIUIM ALPINUM<\/span><br \/> <span style='color: #000000;'>Gef\u00fchrte Wanderung von Marina Grossrieder<\/span><br \/> <span style='color: #000000;'>Ap\u00e9ropl\u00e4ttli zum Teilen, Mittagessen und 3dl Wasser\/Softgetr\u00e4nk auf der Alp Chieneren<\/span><\/p> <p><span style='color: #000000;'>Transfer\/\u00d6V\/Luftseilbahn sind\u00a0<strong>nicht inklusive<\/strong><\/span><\/p> <div class='wpb_wrapper'><\/div> <\/div> <p><span style='color: #000000;'>Anzahl Teilnehmer:innen: mind. 7 \/ max. 12<\/span><\/p> <p><span style='color: #000000;'>F\u00fcr weitere Informationen klicken Sie <strong><span style='color: #ab6443;'><a style='color: #ab6443;' href='https:\/\/culinarium-alpinum.com\/kurse-und-seminare\/genuss-und-bergluft-1-tages-wanderung-zur-alp-chieneren-mit-marina-grossrieder\/'>hier<\/a><\/span>.<\/strong><\/span><\/p> <p>&nbsp;<\/p> \",\"location\":[{\"@type\":\"Place\",\"name\":\"CULINARIUM ALPINUM\",\"address\":{\"@type\": \"PostalAddress\",\"streetAddress\":\"M\u00fcrgstrasse 18\"}}]}<\/script><\/div>\r\n\t\t\t\t<p class=\"desc_trig_outter\" style=\"\"><a data-gmap_status=\"null\" data-exlk=\"1\" href=\"https:\/\/culinarium-alpinum.com\/en\/events\/genuss-und-bergluft-1-tages-wanderung-zur-alp-chieneren-mit-marina-grossrieder\/var\/ri-2.l-L1\" target=\"_blank\" rel=\"noopener noreferrer\" style=\"background-color: #ab6443;\" id=\"evc_178651980025395\" class=\"event_repeat desc_trig sin_val evcal_list_a\" data-ux_val=\"4\" data-ux_val_mob=\"-\"><span class='evoet_in'><span class='evoet_c2 evoet_cx '><span class='evoet_dayblock evcal_cblock ' data-bgcolor='#ab6443' data-smon='August' data-syr='2026' data-bub=''><span class='evo_start  evofxdrc'><em class='date'>12<\/em><em class='month'>Aug<\/em><em class='time'>09:30<\/em><\/span><span class='evo_end only_time evofxdrc'><em class='time'>17:30<\/em><\/span><\/span><\/span><span class='evoet_c3 evoet_cx evcal_desc hide_eventtopdata '><span class='evoet_title evcal_desc2 evcal_event_title ' itemprop='name'>\u00abAuf den Spuren  des Alp Sbrinz\u00bb - 1-Tages-Wanderung<\/span><span class='event_location_attrs evodni'  data-location_address=\"M\u00fcrgstrasse 18\" data-location_type=\"address\" data-location_name=\"CULINARIUM ALPINUM\" data-location_url=\"https:\/\/culinarium-alpinum.com\/event-location\/culinarium-alpinum\/\" data-location_status=\"true\" data-locid=\"13\"><\/span><\/span><\/span><span class='evoet_data' style='display:none' data-d=\"{&quot;loc.n&quot;:&quot;CULINARIUM ALPINUM&quot;,&quot;orgs&quot;:[],&quot;tags&quot;:{&quot;repeating&quot;:&quot;Repeating Event&quot;}}\" data-bgc=\"#ab6443\" data-bggrad=\"\" ><\/span><\/a><\/p><div class='clear end'><\/div><\/div><div id=\"event_24955_4\" class=\"eventon_list_event evo_eventtop scheduled  event clrD event_24955_4\" data-event_id=\"24955\" data-ri=\"4r\" data-time=\"1786636800-1786640400\" data-colr=\"#ab6443\" itemscope itemtype='http:\/\/schema.org\/Event'><div class=\"evo_event_schema\" style=\"display:none\" ><a itemprop=\"url\" href=\"https:\/\/culinarium-alpinum.com\/en\/events\/oeffentliche-fuehrung-durch-unsere-essbarelandschaft\/var\/ri-4.l-L1\"><\/a><meta itemprop='image' content=\"https:\/\/culinarium-alpinum.com\/wp-content\/uploads\/2026\/01\/2025.10DJI_0199_WEB_sRGB.jpg\" \/><meta itemprop='startDate' content=\"2026-8-13T18:00+2:00\" \/><meta itemprop='endDate' content=\"2026-8-13T19:00+2:00\" \/><meta itemprop='eventStatus' content=\"https:\/\/schema.org\/EventScheduled\" \/><meta itemprop='eventAttendanceMode'   itemscope itemtype=\"https:\/\/schema.org\/OfflineEventAttendanceMode\"\/><div style=\"display:none\" itemprop=\"location\" itemscope itemtype=\"http:\/\/schema.org\/Place\"><span itemprop=\"name\">CULINARIUM ALPINUM<\/span><span itemprop=\"address\" itemscope itemtype=\"http:\/\/schema.org\/PostalAddress\"><item itemprop=\"streetAddress\">M\u00fcrgstrasse 18<\/item><\/span><\/div><script type=\"application\/ld+json\">{\"@context\": \"http:\/\/schema.org\",\"@type\": \"Event\",\n\t\t\t\t\"@id\": \"event_24955_4\",\n\t\t\t\t\"eventAttendanceMode\":\"https:\/\/schema.org\/OfflineEventAttendanceMode\",\n\t\t\t\t\"eventStatus\":\"https:\/\/schema.org\/EventScheduled\",\n\t\t\t\t\"name\": \"\u00d6ffentliche F\u00fchrung: Essbare Landschaft\",\n\t\t\t\t\"url\": \"https:\/\/culinarium-alpinum.com\/en\/events\/oeffentliche-fuehrung-durch-unsere-essbarelandschaft\/var\/ri-4.l-L1\",\n\t\t\t\t\"startDate\": \"2026-8-13T18:00+2:00\",\n\t\t\t\t\"endDate\": \"2026-8-13T19:00+2:00\",\n\t\t\t\t\"image\":\"https:\/\/culinarium-alpinum.com\/wp-content\/uploads\/2026\/01\/2025.10DJI_0199_WEB_sRGB.jpg\", \n\t\t\t\t\"description\":\"<p><span style='color: #000000;'><b><span style='font-size: 24px;'>Naschen erlaubt!<\/span><\/b><\/span><\/p> <p>Entdecken Sie die Essbare Landschaft des CULINARIUM ALPINUM mit ihren rund 250 Obst- und Beerensorten, Kr\u00e4utern und essbaren Wildpflanzen. Auf dem Rundgang erz\u00e4hlen wir von Vielfalt, Saisonalit\u00e4t und Biodiversit\u00e4t \u2013 und davon, wie aus einem Garten ein lebendiger Lern- und Genussraum entsteht.<br \/> Zwischen alten Sorten, neuen Entdeckungen, zwischen jungen Pflanzungen und wilden Ecken wird sichtbar, wie Pflege, Geduld und Wissen zusammenwirken. Die F\u00fchrung l\u00e4dt dazu ein, genau hinzuschauen, zu riechen, zu probieren und die Natur mit allen Sinnen wahrzunehmen. Eine Entdeckungsreise durch einen Garten, der nicht nur w\u00e4chst, sondern Geschichten erz\u00e4hlt.<\/p> <p><span style='color: #000000;'>CHF 15.- pro Person<\/span><\/p> <p>Die F\u00fchrung findet an folgenden Daten statt:<\/p> <p><strong>Donnerstag, 23. April 2026<\/strong>, von 13.30 bis 14.30 Uhr<br \/> <strong>Mittwoch, 20. Mai 2026<\/strong>, von 18.00 bis 19.00 Uhr<br \/> <strong>Dienstag, 23. Juni 2026<\/strong>, von 17.00 bis 18.00 Uhr<br \/> <strong>Mittwoch, 8. Juli 2026<\/strong>, von 18.00 bis 19.00 Uhr<br \/> <strong>Donnerstag, 13. August 2026<\/strong>, von 18.00 bis 19.00 Uhr<br \/> <strong>Freitag, 11. September 2026<\/strong>, von 17.00 bis 18.00 Uhr<\/p> <p>&nbsp;<\/p> <p><span style='color: #000000;'><em>Tipp: Reservieren Sie vor oder nach der F\u00fchrung einen Tisch im Restaurant und runden Sie Ihren Besuch kulinarisch ab.<\/em>\u00a0<a href='https:\/\/reserve.foratable.com\/?restaurantHash=08d9ca0055bb7c1390c786b045e9c5b0#!\/table#%2Ftable'>Link f\u00fcr Tischreservation.<\/a><\/span><\/p> <p><em><span style='color: #000000;'>Das Mittagessen\/Abendessen ist nicht im Preis f\u00fcr die F\u00fchrung inbegriffen.<\/span><\/em><\/p> \",\"location\":[{\"@type\":\"Place\",\"name\":\"CULINARIUM ALPINUM\",\"address\":{\"@type\": \"PostalAddress\",\"streetAddress\":\"M\u00fcrgstrasse 18\"}}]}<\/script><\/div>\r\n\t\t\t\t<p class=\"desc_trig_outter\" style=\"\"><a data-gmap_status=\"null\" data-exlk=\"0\" target=\"_blank\" rel=\"noopener noreferrer\" style=\"background-color: #ab6443;\" id=\"evc_178663680024955\" href=\"https:\/\/culinarium-alpinum.com\/en\/events\/oeffentliche-fuehrung-durch-unsere-essbarelandschaft\/var\/ri-4.l-L1\" class=\"event_repeat desc_trig sin_val evcal_list_a\" data-ux_val=\"4\" data-ux_val_mob=\"-\"><span class='evoet_in'><span class='evoet_c2 evoet_cx '><span class='evoet_dayblock evcal_cblock ' data-bgcolor='#ab6443' data-smon='August' data-syr='2026' data-bub=''><span class='evo_start  evofxdrc'><em class='date'>13<\/em><em class='month'>Aug<\/em><em class='time'>18:00<\/em><\/span><span class='evo_end only_time evofxdrc'><em class='time'>19:00<\/em><\/span><\/span><\/span><span class='evoet_c3 evoet_cx evcal_desc hide_eventtopdata '><span class='evoet_title evcal_desc2 evcal_event_title ' itemprop='name'>\u00d6ffentliche F\u00fchrung: Essbare Landschaft<\/span><span class='event_location_attrs evodni'  data-location_address=\"M\u00fcrgstrasse 18\" data-location_type=\"address\" data-location_name=\"CULINARIUM ALPINUM\" data-location_url=\"https:\/\/culinarium-alpinum.com\/event-location\/culinarium-alpinum\/\" data-location_status=\"true\" data-locid=\"13\"><\/span><\/span><\/span><span class='evoet_data' style='display:none' data-d=\"{&quot;loc.n&quot;:&quot;CULINARIUM ALPINUM&quot;,&quot;orgs&quot;:[],&quot;tags&quot;:{&quot;repeating&quot;:&quot;Repeating Event&quot;}}\" data-bgc=\"#ab6443\" data-bggrad=\"\" ><\/span><\/a><\/p><div class='clear end'><\/div><\/div><div id=\"event_21238_7\" class=\"eventon_list_event evo_eventtop scheduled  event clrD event_21238_7\" data-event_id=\"21238\" data-ri=\"7r\" data-time=\"1787990400-1788003000\" data-colr=\"#ab6443\" itemscope itemtype='http:\/\/schema.org\/Event'><div class=\"evo_event_schema\" style=\"display:none\" ><a itemprop=\"url\" href=\"https:\/\/culinarium-alpinum.com\/en\/events\/wildpflanzen-am-wegrand-mit-margreta-krummenacher\/var\/ri-7.l-L1\"><\/a><meta itemprop='image' content=\"https:\/\/culinarium-alpinum.com\/wp-content\/uploads\/2026\/01\/Wildpflanzen-am-Wegrand_Eventbild_Webseite_1440x1080.jpg\" \/><meta itemprop='startDate' content=\"2026-8-29T10:00+2:00\" \/><meta itemprop='endDate' content=\"2026-8-29T13:30+2:00\" \/><meta itemprop='eventStatus' content=\"https:\/\/schema.org\/EventScheduled\" \/><meta itemprop='eventAttendanceMode'   itemscope itemtype=\"https:\/\/schema.org\/OfflineEventAttendanceMode\"\/><div style=\"display:none\" itemprop=\"location\" itemscope itemtype=\"http:\/\/schema.org\/Place\"><span itemprop=\"name\">CULINARIUM ALPINUM<\/span><span itemprop=\"address\" itemscope itemtype=\"http:\/\/schema.org\/PostalAddress\"><item itemprop=\"streetAddress\">M\u00fcrgstrasse 18<\/item><\/span><\/div><script type=\"application\/ld+json\">{\"@context\": \"http:\/\/schema.org\",\"@type\": \"Event\",\n\t\t\t\t\"@id\": \"event_21238_7\",\n\t\t\t\t\"eventAttendanceMode\":\"https:\/\/schema.org\/OfflineEventAttendanceMode\",\n\t\t\t\t\"eventStatus\":\"https:\/\/schema.org\/EventScheduled\",\n\t\t\t\t\"name\": \"Wildpflanzen am Wegrand\",\n\t\t\t\t\"url\": \"https:\/\/culinarium-alpinum.com\/en\/events\/wildpflanzen-am-wegrand-mit-margreta-krummenacher\/var\/ri-7.l-L1\",\n\t\t\t\t\"startDate\": \"2026-8-29T10:00+2:00\",\n\t\t\t\t\"endDate\": \"2026-8-29T13:30+2:00\",\n\t\t\t\t\"image\":\"https:\/\/culinarium-alpinum.com\/wp-content\/uploads\/2026\/01\/Wildpflanzen-am-Wegrand_Eventbild_Webseite_1440x1080.jpg\", \n\t\t\t\t\"description\":\"<p><strong>Entdecken, sammeln, geniessen: Rund um das Culinarium Alpinum lernen Sie essbare Wildpflanzen kennen und sammeln. <\/strong><\/p> <p><strong>Gemeinsam mit dem K\u00fcchenteam entstehen daraus kreative Vorspeisen f\u00fcr ein genussvolles 3-Gang-Menu.<\/strong><\/p> <p><em>Donnerstag, 19. M\u00e4rz 2026 (Josefstag), von 10.00 bis 13.30 Uhr &#8211; Aufgrund zu geringer Teilnehmerzahl ist dieser Kurs abgesagt.<\/em><\/p> <p><strong>Samstag, 25. April 2026<\/strong>, von 10.00 bis 13.30 Uhr &#8211; <strong>AUSGEBUCHT<\/strong><\/p> <p><strong>Freitag, 29. Mai 2026<\/strong>, von 10.00 bis 13.30 Uhr<\/p> <p><strong>Freitag, 26. Juni 2026<\/strong>, von 16.00 bis 19.30 Uhr<\/p> <p><strong>Freitag, 17. Juli 2026<\/strong>, von 16.00 bis 19.30 Uhr<\/p> <p><strong>Samstag, 18. Juli 2026<\/strong>, von 10.00 bis 13.30 Uhr<\/p> <p><strong>Samstag, 8. August 2026<\/strong>, von 10.00 bis 13.30 Uhr<\/p> <p><strong>Samstag, 29. August 2026<\/strong>, von 10.00 bis 13.30 Uhr<\/p> <p><strong>Samstag, 12. September 2026<\/strong>, von 10.00 bis 13.30 Uhr<\/p> <p><strong>Samstag, 10. Oktober 2026<\/strong>, von 10.00 bis 13.30 Uhr<\/p> <p><a href='https:\/\/culinarium-alpinum.com\/wp-content\/uploads\/2026\/01\/CA_Wildpflanzen-am-Wegrand_2026_Flyer_148x210_web-1.pdf' target='_blank' rel='noopener'>Eventflyer<\/a><\/p> <p>CHF 95.- pro Person<\/p> <p>Im Kurs inklusive:<\/p> <p>Kaffee \/ Tee \/ Saft beim Eintreffen<\/p> <p>Gef\u00fchrte Wildpflanzensammlung mit Margreta Krummenacher<\/p> <p>Zubereitung Vorspeise 3-Gang Menu inklusive Wasser und Kaffee in Begleitung unseres K\u00fcchenteams<\/p> <p>Rezepte zum Mitnehmen<\/p> \",\"location\":[{\"@type\":\"Place\",\"name\":\"CULINARIUM ALPINUM\",\"address\":{\"@type\": \"PostalAddress\",\"streetAddress\":\"M\u00fcrgstrasse 18\"}}]}<\/script><\/div>\r\n\t\t\t\t<p class=\"desc_trig_outter\" style=\"\"><a data-gmap_status=\"null\" data-gmtrig=\"1\" data-exlk=\"0\" style=\"background-color: #ab6443;\" id=\"evc_178799040021238\" href=\"#\" class=\"event_repeat desc_trig sin_val evcal_list_a\" data-ux_val=\"3\" data-ux_val_mob=\"-\"  ><span class='evoet_in'><span class='evoet_c2 evoet_cx '><span class='evoet_dayblock evcal_cblock ' data-bgcolor='#ab6443' data-smon='August' data-syr='2026' data-bub=''><span class='evo_start  evofxdrc'><em class='date'>29<\/em><em class='month'>Aug<\/em><em class='time'>10:00<\/em><\/span><span class='evo_end only_time evofxdrc'><em class='time'>13:30<\/em><\/span><\/span><\/span><span class='evoet_c3 evoet_cx evcal_desc hide_eventtopdata '><span class='evoet_title evcal_desc2 evcal_event_title ' itemprop='name'>Wildpflanzen am Wegrand<\/span><span class='event_location_attrs evodni'  data-location_address=\"M\u00fcrgstrasse 18\" data-location_type=\"address\" data-location_name=\"CULINARIUM ALPINUM\" data-location_url=\"https:\/\/culinarium-alpinum.com\/event-location\/culinarium-alpinum\/\" data-location_status=\"true\" data-locid=\"13\"><\/span><\/span><\/span><span class='evoet_data' style='display:none' data-d=\"{&quot;loc.n&quot;:&quot;CULINARIUM ALPINUM&quot;,&quot;orgs&quot;:[],&quot;tags&quot;:{&quot;repeating&quot;:&quot;Repeating Event&quot;}}\" data-bgc=\"#ab6443\" data-bggrad=\"\" ><\/span><\/a><\/p><div class='event_description evcal_eventcard ' style=\"display:none\"><div class='evocard_row'><div id='event_ftimage' class='evocard_box ftimage' data-c='' \n\t\t\t\t\tstyle=''><div class='evocard_main_image_hold' data-t='Loading Image..'><div class='evocard_main_image evo_img_triglb evocd_img_full evobr15 evobgsc evobgpc evodfx evofx_jc_c evofx_ai_c evofz48 full' style='height:400px; background-image:url();' data-f=\"https:\/\/culinarium-alpinum.com\/wp-content\/uploads\/2026\/01\/Wildpflanzen-am-Wegrand_Eventbild_Webseite_1440x1080.jpg\" data-h=\"1080\" data-w=\"1440\" data-ratio=\"0.75\" data-event_id=\"21238\" data-ri=\"7\"  data-t='Loading Image..'><span style='height:400px; background-image:url(https:\/\/culinarium-alpinum.com\/wp-content\/uploads\/2026\/01\/Wildpflanzen-am-Wegrand_Eventbild_Webseite_1440x1080.jpg)'><\/span><\/div><\/div><\/div><\/div><!-- row close --><div class='evocard_row'><div id='event_eventdetails' class='evocard_box eventdetails' data-c='' \n\t\t\t\t\tstyle=''><div class=\"evo_metarow_details evorow evcal_evdata_row evcal_event_details\">\n    <div class=\"event_excerpt\" style=\"display:none\"><h3 class=\"padb5 evo_h3\">Details<\/h3><p>Entdecken, sammeln, geniessen: Rund um das Culinarium Alpinum lernen Sie essbare Wildpflanzen kennen und sammeln. \nGemeinsam mit dem K\u00fcchenteam entstehen daraus kreative Vorspeisen f\u00fcr ein genussvolles 3-Gang-Menu.\nDonnerstag, 19. M\u00e4rz 2026<\/p><\/div><span class='evcal_evdata_icons'><i class='fa fa-align-justify'><\/i><\/span>    <div class=\"evcal_evdata_cell shorter_desc\">\n        <div class=\"eventon_full_description\">\n            <h3 class=\"padb5 evo_h3\"><span class='evcal_evdata_icons'><i class='fa fa-align-justify'><\/i><\/span>Details<\/h3>\n            <div class=\"eventon_desc_in\" itemprop=\"description\">\n                <p><strong>Entdecken, sammeln, geniessen: Rund um das Culinarium Alpinum lernen Sie essbare Wildpflanzen kennen und sammeln. <\/strong><\/p>\n<p><strong>Gemeinsam mit dem K\u00fcchenteam entstehen daraus kreative Vorspeisen f\u00fcr ein genussvolles 3-Gang-Menu.<\/strong><\/p>\n<p><em>Donnerstag, 19. M\u00e4rz 2026 (Josefstag), von 10.00 bis 13.30 Uhr &#8211; Aufgrund zu geringer Teilnehmerzahl ist dieser Kurs abgesagt.<\/em><\/p>\n<p><strong>Samstag, 25. April 2026<\/strong>, von 10.00 bis 13.30 Uhr &#8211; <strong>AUSGEBUCHT<\/strong><\/p>\n<p><strong>Freitag, 29. Mai 2026<\/strong>, von 10.00 bis 13.30 Uhr<\/p>\n<p><strong>Freitag, 26. Juni 2026<\/strong>, von 16.00 bis 19.30 Uhr<\/p>\n<p><strong>Freitag, 17. Juli 2026<\/strong>, von 16.00 bis 19.30 Uhr<\/p>\n<p><strong>Samstag, 18. Juli 2026<\/strong>, von 10.00 bis 13.30 Uhr<\/p>\n<p><strong>Samstag, 8. August 2026<\/strong>, von 10.00 bis 13.30 Uhr<\/p>\n<p><strong>Samstag, 29. August 2026<\/strong>, von 10.00 bis 13.30 Uhr<\/p>\n<p><strong>Samstag, 12. September 2026<\/strong>, von 10.00 bis 13.30 Uhr<\/p>\n<p><strong>Samstag, 10. Oktober 2026<\/strong>, von 10.00 bis 13.30 Uhr<\/p>\n<p><a href=\"https:\/\/culinarium-alpinum.com\/wp-content\/uploads\/2026\/01\/CA_Wildpflanzen-am-Wegrand_2026_Flyer_148x210_web-1.pdf\" target=\"_blank\" rel=\"noopener\">Eventflyer<\/a><\/p>\n<p>CHF 95.- pro Person<\/p>\n<p>Im Kurs inklusive:<\/p>\n<p>Kaffee \/ Tee \/ Saft beim Eintreffen<\/p>\n<p>Gef\u00fchrte Wildpflanzensammlung mit Margreta Krummenacher<\/p>\n<p>Zubereitung Vorspeise 3-Gang Menu inklusive Wasser und Kaffee in Begleitung unseres K\u00fcchenteams<\/p>\n<p>Rezepte zum Mitnehmen<\/p>\n            <\/div>\n            <p class='eventon_shad_p' style='padding:5px 0 0; margin:0'><button class='evcal_btn evo_btn_secondary evobtn_details_show_more' content='less' aria-label='Mehr' aria-expanded='false'><span class='ev_more_text' data-txt='Weniger'>Mehr<\/span><span class='ev_more_arrow ard'><\/span><\/button><\/p><div class='clear'><\/div>        <\/div>\n    <\/div>\n<\/div><\/div><\/div><!-- row close --><div class='evocard_row bx2 bx'><div id='event_time' class='evocard_box time' data-c='' \n\t\t\t\t\tstyle=''><div class='evo_metarow_time evorow evcal_evdata_row evcal_evrow_sm '>\n\t\t<span class='evcal_evdata_icons'><i class='fa fa-clock-o'><\/i><\/span>\n\t\t<div class='evcal_evdata_cell'>\t\t\t\t\t\t\t\n\t\t\t<h3 class='evo_h3'><span class='evcal_evdata_icons'><i class='fa fa-clock-o'><\/i><\/span>Zeit<\/h3><div><span class='evo_eventcard_time_t evogap5 evofxww'><span class=\"start\">29\/08\/2026<\/span> <span class=\"stime\">10:00<\/span> - <span class=\"etime\">13:30<\/span><\/span><span class='evo_tz marr5'>(GMT+02:00)<\/span><\/div>\n\t\t<\/div>\n\t<\/div><\/div><div id='event_location' class='evocard_box location' data-c='' \n\t\t\t\t\tstyle=''><div class='evcal_evdata_row evo_metarow_time_location evorow '>\n\t\t\n\t\t\t<span class='evcal_evdata_icons'><i class='fa fa-map-marker'><\/i><\/span>\n\t\t\t<div class='evcal_evdata_cell' data-loc_tax_id='13'><h3 class='evo_h3 evodfx'><span class='evcal_evdata_icons'><i class='fa fa-map-marker'><\/i><\/span><a target=\"\" href=\"https:\/\/www.google.com\/maps\/place\/CULINARIUM+ALPINUM\/@46.9555229,8.366832,1036m\/data=!3m1!1e3!4m9!3m8!1s0x478ff707894e1fc9:0x89b388b6ddd2576c!5m2!4m1!1i2!8m2!3d46.9555229!4d8.3694069!16sg11c51vhs13?entry=ttu&amp;g_ep=EgoyMDI1MDQxMy4wIKXMDSoASAFQAw\" rel=\"noopener\">Veranstaltungsort<\/a><\/h3><p class='evo_location_name'><a target=\"\" href=\"https:\/\/www.google.com\/maps\/place\/CULINARIUM+ALPINUM\/@46.9555229,8.366832,1036m\/data=!3m1!1e3!4m9!3m8!1s0x478ff707894e1fc9:0x89b388b6ddd2576c!5m2!4m1!1i2!8m2!3d46.9555229!4d8.3694069!16sg11c51vhs13?entry=ttu&amp;g_ep=EgoyMDI1MDQxMy4wIKXMDSoASAFQAw\" rel=\"noopener\">CULINARIUM ALPINUM<\/a><\/p><p class='evo_location_address evodfxi evogap10'><a target=\"\" href=\"https:\/\/www.google.com\/maps\/place\/CULINARIUM+ALPINUM\/@46.9555229,8.366832,1036m\/data=!3m1!1e3!4m9!3m8!1s0x478ff707894e1fc9:0x89b388b6ddd2576c!5m2!4m1!1i2!8m2!3d46.9555229!4d8.3694069!16sg11c51vhs13?entry=ttu&amp;g_ep=EgoyMDI1MDQxMy4wIKXMDSoASAFQAw\" rel=\"noopener\">M\u00fcrgstrasse 18<\/a><\/p><div class='evopadt5'><p class='evo_location_contact'>+41 41 619 17 17 <a href='mailto:info@culinarium-alpinum.ch'>info@culinarium-alpinum.ch<\/a><\/p><\/div><div class='padt10'><span class='evo_btn_arr evolb_trigger' data-lbvals=\"{&quot;lbdata&quot;:{&quot;class&quot;:&quot;evo_location_lb_13&quot;,&quot;additional_class&quot;:&quot;lb_max&quot;,&quot;title&quot;:&quot;CULINARIUM ALPINUM&quot;},&quot;adata&quot;:{&quot;a&quot;:&quot;eventon_get_tax_card_content&quot;,&quot;end&quot;:&quot;client&quot;,&quot;data&quot;:{&quot;lang&quot;:&quot;L1&quot;,&quot;term_id&quot;:13,&quot;tax&quot;:&quot;event_location&quot;,&quot;load_lbcontent&quot;:true}},&quot;uid&quot;:&quot;eventon_get_tax_card_content&quot;}\" >Other Events<i class='fa fa-chevron-right' aria-hidden='true'><\/i><\/span><\/div><\/div>\n\t\t\n\t<\/div><\/div><\/div><!-- row close --><div class='evocard_row'><div id='event_learnmore' class='evocard_box learnmore' data-c='' \n\t\t\t\t\tstyle=''><div class='evo_metarow_learnM evo_metarow_learnmore evorow'>\n\t\t\t\t\t\t\t<a class=\"evcal_evdata_row evo_clik_row \" href=\"https:\/\/culinarium-alpinum.com\/kurse-und-seminare\/wildpflanzen-am-wegrand\/\" target=\"_blank\">\n\t\t\t\t\t\t\t\t<span class='evcal_evdata_icons'><i class='fa fa-link'><\/i><\/span>\n\t\t\t\t\t\t\t\t<h3 class='evo_h3'>Reservation \/ Buchen<\/h3>\n\t\t\t\t\t\t\t<\/a>\n\t\t\t\t\t\t\t<\/div><\/div><\/div><!-- row close --><div class='evocard_row'><div id='event_getdirection' class='evocard_box getdirection' data-c='' \n\t\t\t\t\tstyle=''><div class='evo_metarow_getDr evorow evcal_evdata_row evcal_evrow_sm getdirections'>\n\t\t<form action='https:\/\/maps.google.com\/maps' method='get' target='_blank'>\n\t\t\t<input type='hidden' name='daddr' value=\"M\u00fcrgstrasse 18\"\/> \n\t\t\t<div class='evo_get_direction_content evo_fx_dr_r evogap10'>\n\t\t\t\t<span class='evogetdir_header evodfx evofxdrr evofxaic evogap10'>\n\t\t\t\t\t<i class='mainicon fa fa-road evofz24i'><\/i> \n\t\t\t\t\t<h3 class='evo_h3 evopad0i' style='padding-bottom:5px;'>Get Directions<\/h3>\n\t\t\t\t<\/span>\n\t\t\t\t<span class='evogetdir_field evodfx evofx_1_1 evow100p'>\t\n\t\t\t\t\t<label for='69f4cba507add' class='evo_aria_ready sr-only'>Address - Wildpflanzen am Wegrand []<\/label>\t\t\t\t\n\t\t\t\t\t<input id='69f4cba507add' class='evo_aria_ready_match evoInput2 evobr10 evow100p evopad10 evoff_2 evofz14i evobrdB1 evoboxbb' type='text' name='saddr' placeholder='Ihre Adresse' value='' style='' aria-label='Address - Wildpflanzen am Wegrand []' \/>\n\t\t\t\t<\/span>\n\t\t\t\t<div class='evodfx evofxdrr evofxaic evogap10'>\n\t\t\t\t\t<i class='fa fa-location-dot'><\/i>\n\t\t\t\t\t<div class='evoposr evofx_1 evoh100p'><label for='69f4cba507add' class='evo_aria_ready sr-only'>Destination Address - Wildpflanzen am Wegrand []<\/label>\t\t\n\t\t\t\t\t\t<input id='69f4cba507add' class='evo_aria_ready_match evoInput2 evobr10 evow100p evopad5-10 evoff_2 evofz14i evobrdB1 evoop5 evoboxbb evoh100p' type='text' style='' readonly value='M\u00fcrgstrasse 18' aria-label='Destination Address - Wildpflanzen am Wegrand []'\/><button class='evo_copy_address evobuttonA evocurp evohoop7 evoposa evopad5' style='right: 3px; top: 4px; background-color: #fff;' data-txt='M\u00fcrgstrasse 18' data-t='Address copied to clipboard!'><i class='far fa-copy evofz16i' title='Copy Destination Address!'><\/i><\/button>\n\t\t\t\t\t<\/div>\n\t\t\t\t\t<button type='submit' class='evo_get_direction_button evcal_btn dfx evofxaic evocurp evohoop7' title='Klicken Sie hier um Ihre Anreise anzuzeigen' style='    padding: 10px 15px !important;'><i class='fa fa-chevron-right'><\/i> <\/button>\n\t\t\t\t<\/div>\n\t\t\t<\/div>\n\t\t<\/form>\n\t<\/div><\/div><\/div><!-- row close --><button class='evo_card_row_end evcal_close' title='Close'><\/button><\/div><div class='clear end'><\/div><\/div><\/div><div class='evcal_month_line' data-d='eml_9_2026' data-su='1788213600'><p>September 2026<\/p><\/div><div class='sep_month_events ' data-d='eml_9_2026' data-range='1788213600_1790805599'><div id=\"event_25398_0\" class=\"eventon_list_event evo_eventtop scheduled  event clrD event_25398_0\" data-event_id=\"25398\" data-ri=\"0r\" data-time=\"1776664800-1793473200\" data-colr=\"#ab6443\" itemscope itemtype='http:\/\/schema.org\/Event'><div class=\"evo_event_schema\" style=\"display:none\" ><a itemprop=\"url\" href=\"https:\/\/culinarium-alpinum.com\/en\/events\/klanginstallation-alchymia-f-i-t-im-alpsbrinzkeller\/\"><\/a><meta itemprop='image' content=\"https:\/\/culinarium-alpinum.com\/wp-content\/uploads\/2026\/04\/Eventbild_Webseite_1440x1080_Alp-Sbrinz-Wanderung.jpg\" \/><meta itemprop='startDate' content=\"2026-4-20T08:00+2:00\" \/><meta itemprop='endDate' content=\"2026-10-31T20:00+2:00\" \/><meta itemprop='eventStatus' content=\"https:\/\/schema.org\/EventScheduled\" \/><meta itemprop='eventAttendanceMode'   itemscope itemtype=\"https:\/\/schema.org\/OfflineEventAttendanceMode\"\/><div style=\"display:none\" itemprop=\"location\" itemscope itemtype=\"http:\/\/schema.org\/Place\"><span itemprop=\"name\">CULINARIUM ALPINUM<\/span><span itemprop=\"address\" itemscope itemtype=\"http:\/\/schema.org\/PostalAddress\"><item itemprop=\"streetAddress\">M\u00fcrgstrasse 18<\/item><\/span><\/div><script type=\"application\/ld+json\">{\"@context\": \"http:\/\/schema.org\",\"@type\": \"Event\",\n\t\t\t\t\"@id\": \"event_25398_0\",\n\t\t\t\t\"eventAttendanceMode\":\"https:\/\/schema.org\/OfflineEventAttendanceMode\",\n\t\t\t\t\"eventStatus\":\"https:\/\/schema.org\/EventScheduled\",\n\t\t\t\t\"name\": \"Klanginstallation \u00abAlchymia \u2013 F.I.T.\u00bb im Alpsbrinzkeller\",\n\t\t\t\t\"url\": \"https:\/\/culinarium-alpinum.com\/en\/events\/klanginstallation-alchymia-f-i-t-im-alpsbrinzkeller\/\",\n\t\t\t\t\"startDate\": \"2026-4-20T08:00+2:00\",\n\t\t\t\t\"endDate\": \"2026-10-31T20:00+2:00\",\n\t\t\t\t\"image\":\"https:\/\/culinarium-alpinum.com\/wp-content\/uploads\/2026\/04\/Eventbild_Webseite_1440x1080_Alp-Sbrinz-Wanderung.jpg\", \n\t\t\t\t\"description\":\"<p><span style='font-size: 24px; color: #000000;'><strong>Klanginstallation \u00abAlchymia \u2013 F.I.T.\u00bb<\/strong><\/span><\/p> <p><span style='color: #000000;'><strong>Die Geschichte des K\u00e4ses ist auch ein Lied einer Landschaft, seiner Pflanzen und K\u00fche sowie die Passion seiner Herstellung.<br \/> <\/strong><strong>Scheinbar konstant ist der K\u00e4se dennoch immer im Wandel.<\/strong><\/span><\/p> <p><span style='color: #000000;'>Die Komposition ert\u00f6nt im Loop; alle Kl\u00e4nge sind roh und nicht nachbearbeitet, lediglich arrangiert \u2014 von den Melkvorg\u00e4ngen im Stall bis zum fertigen Alpk\u00e4se. <\/span><br \/> <span style='color: #000000;'>Aus 8 Stunden Aufnahmezeit mit insgesamt 6 Spuren Tonmaterial wurden die Klangsequenzen auf 17 Minuten reduziert. <\/span><br \/> <span style='color: #000000;'>Die Timeline folgt der Abfolge der Arbeitsschritte; die chronologische Reihenfolge der Prozesse bleibt erhalten.<\/span><\/p> <p><span style='color: #000000;'>Jahr:\u00a0 \u00a0 \u00a0 \u00a0 \u00a0 2026<\/span><br \/> <span style='color: #000000;'>Werk:\u00a0 \u00a0 \u00a0 \u00a0 Komposition\/Installation <\/span><br \/> <span style='color: #000000;'>Material:\u00a0 \u00a0Zwei Alpk\u00e4se, Holz, Transducer, Feldaufnahmen<\/span><br \/> <span style='color: #000000;'>Dauer:\u00a0 \u00a0 \u00a0 \u00a017 Minuten<\/span><\/p> <p><span style='color: #000000;'>Komposition, Soundinstallation \u2013 Patrick Kessler<\/span><br \/> <span style='color: #000000;'>Feldaufnahmen \u2013 Tim Shaw, Patrick Kessler<\/span><br \/> <span style='color: #000000;'>K\u00e4ser \u2013 Chrigel Schl\u00e4pfer<\/span><br \/> <span style='color: #000000;'>Produktion \u2013 Patrick Kessler<\/span><\/p> <div class='wpb_text_column wpb_content_element vc_custom_1763030023949'><\/div> \",\"location\":[{\"@type\":\"Place\",\"name\":\"CULINARIUM ALPINUM\",\"address\":{\"@type\": \"PostalAddress\",\"streetAddress\":\"M\u00fcrgstrasse 18\"}}]}<\/script><\/div>\r\n\t\t\t\t<p class=\"desc_trig_outter\" style=\"\"><a data-gmap_status=\"null\" data-exlk=\"1\" href=\"https:\/\/culinarium-alpinum.com\/en\/events\/klanginstallation-alchymia-f-i-t-im-alpsbrinzkeller\/\" target=\"_blank\" rel=\"noopener noreferrer\" style=\"background-color: #ab6443;\" id=\"evc_177666480025398\" class=\"desc_trig mul_val evcal_list_a\" data-ux_val=\"4\" data-ux_val_mob=\"-\"><span class='evoet_in'><span class='evoet_c2 evoet_cx '><span class='evoet_dayblock evcal_cblock ' data-bgcolor='#ab6443' data-smon='April' data-syr='2026' data-bub=''><span class='evo_start  evofxdrc'><em class='date'>20<\/em><em class='month'>Apr<\/em><em class='time'><i t=\"y\">(Apr 20)<\/i>08:00<\/em><\/span><span class='evo_end  evofxdrc'><em class='date'>31<\/em><em class='month'>Okt<\/em><em class='time'><i t=\"y\">(Okt 31)<\/i>20:00<\/em><\/span><\/span><\/span><span class='evoet_c3 evoet_cx evcal_desc hide_eventtopdata '><span class='evoet_title evcal_desc2 evcal_event_title ' itemprop='name'>Klanginstallation \u00abAlchymia \u2013 F.I.T.\u00bb im Alpsbrinzkeller<\/span><span class='event_location_attrs evodni'  data-location_address=\"M\u00fcrgstrasse 18\" data-location_type=\"address\" data-location_name=\"CULINARIUM ALPINUM\" data-location_url=\"https:\/\/culinarium-alpinum.com\/event-location\/culinarium-alpinum\/\" data-location_status=\"true\" data-locid=\"13\"><\/span><\/span><\/span><span class='evoet_data' style='display:none' data-d=\"{&quot;loc.n&quot;:&quot;CULINARIUM ALPINUM&quot;,&quot;orgs&quot;:[],&quot;tags&quot;:[]}\" data-bgc=\"#ab6443\" data-bggrad=\"\" ><\/span><\/a><\/p><div class='clear end'><\/div><\/div><div id=\"event_24955_6\" class=\"eventon_list_event evo_eventtop scheduled  event clrD event_24955_6\" data-event_id=\"24955\" data-ri=\"6r\" data-time=\"1789138800-1789142400\" data-colr=\"#ab6443\" itemscope itemtype='http:\/\/schema.org\/Event'><div class=\"evo_event_schema\" style=\"display:none\" ><a itemprop=\"url\" href=\"https:\/\/culinarium-alpinum.com\/en\/events\/oeffentliche-fuehrung-durch-unsere-essbarelandschaft\/var\/ri-6.l-L1\"><\/a><meta itemprop='image' content=\"https:\/\/culinarium-alpinum.com\/wp-content\/uploads\/2026\/01\/2025.10DJI_0199_WEB_sRGB.jpg\" \/><meta itemprop='startDate' content=\"2026-9-11T17:00+2:00\" \/><meta itemprop='endDate' content=\"2026-9-11T18:00+2:00\" \/><meta itemprop='eventStatus' content=\"https:\/\/schema.org\/EventScheduled\" \/><meta itemprop='eventAttendanceMode'   itemscope itemtype=\"https:\/\/schema.org\/OfflineEventAttendanceMode\"\/><div style=\"display:none\" itemprop=\"location\" itemscope itemtype=\"http:\/\/schema.org\/Place\"><span itemprop=\"name\">CULINARIUM ALPINUM<\/span><span itemprop=\"address\" itemscope itemtype=\"http:\/\/schema.org\/PostalAddress\"><item itemprop=\"streetAddress\">M\u00fcrgstrasse 18<\/item><\/span><\/div><script type=\"application\/ld+json\">{\"@context\": \"http:\/\/schema.org\",\"@type\": \"Event\",\n\t\t\t\t\"@id\": \"event_24955_6\",\n\t\t\t\t\"eventAttendanceMode\":\"https:\/\/schema.org\/OfflineEventAttendanceMode\",\n\t\t\t\t\"eventStatus\":\"https:\/\/schema.org\/EventScheduled\",\n\t\t\t\t\"name\": \"\u00d6ffentliche F\u00fchrung: Essbare Landschaft\",\n\t\t\t\t\"url\": \"https:\/\/culinarium-alpinum.com\/en\/events\/oeffentliche-fuehrung-durch-unsere-essbarelandschaft\/var\/ri-6.l-L1\",\n\t\t\t\t\"startDate\": \"2026-9-11T17:00+2:00\",\n\t\t\t\t\"endDate\": \"2026-9-11T18:00+2:00\",\n\t\t\t\t\"image\":\"https:\/\/culinarium-alpinum.com\/wp-content\/uploads\/2026\/01\/2025.10DJI_0199_WEB_sRGB.jpg\", \n\t\t\t\t\"description\":\"<p><span style='color: #000000;'><b><span style='font-size: 24px;'>Naschen erlaubt!<\/span><\/b><\/span><\/p> <p>Entdecken Sie die Essbare Landschaft des CULINARIUM ALPINUM mit ihren rund 250 Obst- und Beerensorten, Kr\u00e4utern und essbaren Wildpflanzen. Auf dem Rundgang erz\u00e4hlen wir von Vielfalt, Saisonalit\u00e4t und Biodiversit\u00e4t \u2013 und davon, wie aus einem Garten ein lebendiger Lern- und Genussraum entsteht.<br \/> Zwischen alten Sorten, neuen Entdeckungen, zwischen jungen Pflanzungen und wilden Ecken wird sichtbar, wie Pflege, Geduld und Wissen zusammenwirken. Die F\u00fchrung l\u00e4dt dazu ein, genau hinzuschauen, zu riechen, zu probieren und die Natur mit allen Sinnen wahrzunehmen. Eine Entdeckungsreise durch einen Garten, der nicht nur w\u00e4chst, sondern Geschichten erz\u00e4hlt.<\/p> <p><span style='color: #000000;'>CHF 15.- pro Person<\/span><\/p> <p>Die F\u00fchrung findet an folgenden Daten statt:<\/p> <p><strong>Donnerstag, 23. April 2026<\/strong>, von 13.30 bis 14.30 Uhr<br \/> <strong>Mittwoch, 20. Mai 2026<\/strong>, von 18.00 bis 19.00 Uhr<br \/> <strong>Dienstag, 23. Juni 2026<\/strong>, von 17.00 bis 18.00 Uhr<br \/> <strong>Mittwoch, 8. Juli 2026<\/strong>, von 18.00 bis 19.00 Uhr<br \/> <strong>Donnerstag, 13. August 2026<\/strong>, von 18.00 bis 19.00 Uhr<br \/> <strong>Freitag, 11. September 2026<\/strong>, von 17.00 bis 18.00 Uhr<\/p> <p>&nbsp;<\/p> <p><span style='color: #000000;'><em>Tipp: Reservieren Sie vor oder nach der F\u00fchrung einen Tisch im Restaurant und runden Sie Ihren Besuch kulinarisch ab.<\/em>\u00a0<a href='https:\/\/reserve.foratable.com\/?restaurantHash=08d9ca0055bb7c1390c786b045e9c5b0#!\/table#%2Ftable'>Link f\u00fcr Tischreservation.<\/a><\/span><\/p> <p><em><span style='color: #000000;'>Das Mittagessen\/Abendessen ist nicht im Preis f\u00fcr die F\u00fchrung inbegriffen.<\/span><\/em><\/p> \",\"location\":[{\"@type\":\"Place\",\"name\":\"CULINARIUM ALPINUM\",\"address\":{\"@type\": \"PostalAddress\",\"streetAddress\":\"M\u00fcrgstrasse 18\"}}]}<\/script><\/div>\r\n\t\t\t\t<p class=\"desc_trig_outter\" style=\"\"><a data-gmap_status=\"null\" data-exlk=\"0\" target=\"_blank\" rel=\"noopener noreferrer\" style=\"background-color: #ab6443;\" id=\"evc_178913880024955\" href=\"https:\/\/culinarium-alpinum.com\/en\/events\/oeffentliche-fuehrung-durch-unsere-essbarelandschaft\/var\/ri-6.l-L1\" class=\"event_repeat desc_trig sin_val evcal_list_a\" data-ux_val=\"4\" data-ux_val_mob=\"-\"><span class='evoet_in'><span class='evoet_c2 evoet_cx '><span class='evoet_dayblock evcal_cblock ' data-bgcolor='#ab6443' data-smon='September' data-syr='2026' data-bub=''><span class='evo_start  evofxdrc'><em class='date'>11<\/em><em class='month'>Sep<\/em><em class='time'>17:00<\/em><\/span><span class='evo_end only_time evofxdrc'><em class='time'>18:00<\/em><\/span><\/span><\/span><span class='evoet_c3 evoet_cx evcal_desc hide_eventtopdata '><span class='evoet_title evcal_desc2 evcal_event_title ' itemprop='name'>\u00d6ffentliche F\u00fchrung: Essbare Landschaft<\/span><span class='event_location_attrs evodni'  data-location_address=\"M\u00fcrgstrasse 18\" data-location_type=\"address\" data-location_name=\"CULINARIUM ALPINUM\" data-location_url=\"https:\/\/culinarium-alpinum.com\/event-location\/culinarium-alpinum\/\" data-location_status=\"true\" data-locid=\"13\"><\/span><\/span><\/span><span class='evoet_data' style='display:none' data-d=\"{&quot;loc.n&quot;:&quot;CULINARIUM ALPINUM&quot;,&quot;orgs&quot;:[],&quot;tags&quot;:{&quot;repeating&quot;:&quot;Repeating Event&quot;}}\" data-bgc=\"#ab6443\" data-bggrad=\"\" ><\/span><\/a><\/p><div class='clear end'><\/div><\/div><div id=\"event_24809_1\" class=\"eventon_list_event evo_eventtop scheduled  event clrD event_24809_1\" data-event_id=\"24809\" data-ri=\"1r\" data-time=\"1789196400-1789214400\" data-colr=\"#ab6443\" itemscope itemtype='http:\/\/schema.org\/Event'><div class=\"evo_event_schema\" style=\"display:none\" ><a itemprop=\"url\" href=\"https:\/\/culinarium-alpinum.com\/en\/events\/workshop-speisepilze-selber-anbauen\/var\/ri-1.l-L1\"><\/a><meta itemprop='image' content=\"https:\/\/culinarium-alpinum.com\/wp-content\/uploads\/2025\/12\/Speisepilze_Anbauen_Eventbild_Webseite_1440x1080.jpg\" \/><meta itemprop='startDate' content=\"2026-9-12T09:00+2:00\" \/><meta itemprop='endDate' content=\"2026-9-12T14:00+2:00\" \/><meta itemprop='eventStatus' content=\"https:\/\/schema.org\/EventScheduled\" \/><meta itemprop='eventAttendanceMode'   itemscope itemtype=\"https:\/\/schema.org\/OfflineEventAttendanceMode\"\/><div style=\"display:none\" itemprop=\"location\" itemscope itemtype=\"http:\/\/schema.org\/Place\"><span itemprop=\"name\">CULINARIUM ALPINUM<\/span><span itemprop=\"address\" itemscope itemtype=\"http:\/\/schema.org\/PostalAddress\"><item itemprop=\"streetAddress\">M\u00fcrgstrasse 18<\/item><\/span><\/div><script type=\"application\/ld+json\">{\"@context\": \"http:\/\/schema.org\",\"@type\": \"Event\",\n\t\t\t\t\"@id\": \"event_24809_1\",\n\t\t\t\t\"eventAttendanceMode\":\"https:\/\/schema.org\/OfflineEventAttendanceMode\",\n\t\t\t\t\"eventStatus\":\"https:\/\/schema.org\/EventScheduled\",\n\t\t\t\t\"name\": \"Workshop Speisepilze selber anbauen\",\n\t\t\t\t\"url\": \"https:\/\/culinarium-alpinum.com\/en\/events\/workshop-speisepilze-selber-anbauen\/var\/ri-1.l-L1\",\n\t\t\t\t\"startDate\": \"2026-9-12T09:00+2:00\",\n\t\t\t\t\"endDate\": \"2026-9-12T14:00+2:00\",\n\t\t\t\t\"image\":\"https:\/\/culinarium-alpinum.com\/wp-content\/uploads\/2025\/12\/Speisepilze_Anbauen_Eventbild_Webseite_1440x1080.jpg\", \n\t\t\t\t\"description\":\"<p><span style='font-size: 24px; color: #000000;'><strong>Tauchen Sie ein in die faszinierende Welt der Speisepilze \u2013 eine Welt, die im Verborgenen w\u00e4chst, erstaunlich gen\u00fcgsam ist und uns mit einzigartigen Aromen beschenkt<\/strong><\/span><\/p> <p><span style='color: #000000;'>In diesem praxisnahen Kurs entdecken Sie, wie einfach und erf\u00fcllend es sein kann, Austernseitlinge, Braunkappen und Shiitake direkt im eigenen Garten oder sogar auf der Terrasse zu kultivieren.<\/span><\/p> <p><span style='color: #000000;'>Sie erfahren, welches Holz welche Pilze bevorzugen und wie Sie mit der richtigen Wahl den bestm\u00f6glichen Zuchterfolg erzielen. Nach einem kurzen Theorie-Teil geht es sofort ins Tun:<\/span><br \/> <span style='color: #000000;'>Gemeinsam beimpfen wir Buchenholzst\u00fccke mit Pilzd\u00fcbeln \u2013 Schritt f\u00fcr Schritt, verst\u00e4ndlich, anleitend und mit Freude an der Praxis.\u00a0<\/span><\/p> <p><span style='color: #000000;'>Das Sch\u00f6nste: Alle Teilnehmenden nehmen ihr eigenes, frisch beimpftes Buchenst\u00e4mmli mit nach Hause. Ein lebendiges Projekt, das weiterw\u00e4chst \u2013 und Sie bald mit k\u00f6stlichen, selbst gezogenen Pilzen belohnt.<\/span><\/p> <p><span style='color: #000000;'>Entdecken Sie die Magie der Pilzzucht und lassen Sie sich \u00fcberraschen, wie viel Freude in einem St\u00fcck Holz stecken kann.<\/span><\/p> <p><strong>Samstag, 18. April 2026<\/strong> <a href='https:\/\/culinarium-alpinum.com\/wp-content\/uploads\/2026\/01\/CA_Speisepilze_April_2026_Flyer_148x210_web.pdf' target='_blank' rel='noopener'>Flyer<\/a><\/p> <p><strong>Samstag, 12. September 2026 <\/strong><a href='https:\/\/culinarium-alpinum.com\/wp-content\/uploads\/2026\/01\/CA_Speisepilze_September_2026_Flyer_148x210_web.pdf' target='_blank' rel='noopener'>Flyer<\/a><\/p> <p><span style='color: #000000;'>Preis pro Person:<\/span><\/p> <p><span style='color: #000000;'>CHF 190.00<\/span><\/p> <p><span style='color: #000000;'>Im Preis inklusive sind Kursteilnahme, Kursunterlagen, beimpftes Buchenst\u00e4mmli zum Mitnehmen und Mittagessen inkl. Wasser<\/span><\/p> <p><span style='color: #000000;'>F\u00fcr weitere Informationen klicken Sie<strong> <a style='color: #000000;' href='https:\/\/culinarium-alpinum.com\/alle-kurse\/'>hier.<\/a><\/strong><\/span><\/p> <p data-start='954' data-end='1006'> \",\"location\":[{\"@type\":\"Place\",\"name\":\"CULINARIUM ALPINUM\",\"address\":{\"@type\": \"PostalAddress\",\"streetAddress\":\"M\u00fcrgstrasse 18\"}}]}<\/script><\/div>\r\n\t\t\t\t<p class=\"desc_trig_outter\" style=\"\"><a data-gmap_status=\"null\" data-exlk=\"1\" href=\"https:\/\/culinarium-alpinum.com\/en\/events\/workshop-speisepilze-selber-anbauen\/var\/ri-1.l-L1\" target=\"_blank\" rel=\"noopener noreferrer\" style=\"background-color: #ab6443;\" id=\"evc_178919640024809\" class=\"event_repeat desc_trig sin_val evcal_list_a\" data-ux_val=\"4\" data-ux_val_mob=\"-\"><span class='evoet_in'><span class='evoet_c2 evoet_cx '><span class='evoet_dayblock evcal_cblock ' data-bgcolor='#ab6443' data-smon='September' data-syr='2026' data-bub=''><span class='evo_start  evofxdrc'><em class='date'>12<\/em><em class='month'>Sep<\/em><em class='time'>09:00<\/em><\/span><span class='evo_end only_time evofxdrc'><em class='time'>14:00<\/em><\/span><\/span><\/span><span class='evoet_c3 evoet_cx evcal_desc hide_eventtopdata '><span class='evoet_title evcal_desc2 evcal_event_title ' itemprop='name'>Workshop Speisepilze selber anbauen<\/span><span class='event_location_attrs evodni'  data-location_address=\"M\u00fcrgstrasse 18\" data-location_type=\"address\" data-location_name=\"CULINARIUM ALPINUM\" data-location_url=\"https:\/\/culinarium-alpinum.com\/event-location\/culinarium-alpinum\/\" data-location_status=\"true\" data-locid=\"13\"><\/span><\/span><\/span><span class='evoet_data' style='display:none' data-d=\"{&quot;loc.n&quot;:&quot;CULINARIUM ALPINUM&quot;,&quot;orgs&quot;:[],&quot;tags&quot;:{&quot;repeating&quot;:&quot;Repeating Event&quot;}}\" data-bgc=\"#ab6443\" data-bggrad=\"\" ><\/span><\/a><\/p><div class='clear end'><\/div><\/div><div id=\"event_21238_8\" class=\"eventon_list_event evo_eventtop scheduled  event clrD event_21238_8\" data-event_id=\"21238\" data-ri=\"8r\" data-time=\"1789200000-1789212600\" data-colr=\"#ab6443\" itemscope itemtype='http:\/\/schema.org\/Event'><div class=\"evo_event_schema\" style=\"display:none\" ><a itemprop=\"url\" href=\"https:\/\/culinarium-alpinum.com\/en\/events\/wildpflanzen-am-wegrand-mit-margreta-krummenacher\/var\/ri-8.l-L1\"><\/a><meta itemprop='image' content=\"https:\/\/culinarium-alpinum.com\/wp-content\/uploads\/2026\/01\/Wildpflanzen-am-Wegrand_Eventbild_Webseite_1440x1080.jpg\" \/><meta itemprop='startDate' content=\"2026-9-12T10:00+2:00\" \/><meta itemprop='endDate' content=\"2026-9-12T13:30+2:00\" \/><meta itemprop='eventStatus' content=\"https:\/\/schema.org\/EventScheduled\" \/><meta itemprop='eventAttendanceMode'   itemscope itemtype=\"https:\/\/schema.org\/OfflineEventAttendanceMode\"\/><div style=\"display:none\" itemprop=\"location\" itemscope itemtype=\"http:\/\/schema.org\/Place\"><span itemprop=\"name\">CULINARIUM ALPINUM<\/span><span itemprop=\"address\" itemscope itemtype=\"http:\/\/schema.org\/PostalAddress\"><item itemprop=\"streetAddress\">M\u00fcrgstrasse 18<\/item><\/span><\/div><script type=\"application\/ld+json\">{\"@context\": \"http:\/\/schema.org\",\"@type\": \"Event\",\n\t\t\t\t\"@id\": \"event_21238_8\",\n\t\t\t\t\"eventAttendanceMode\":\"https:\/\/schema.org\/OfflineEventAttendanceMode\",\n\t\t\t\t\"eventStatus\":\"https:\/\/schema.org\/EventScheduled\",\n\t\t\t\t\"name\": \"Wildpflanzen am Wegrand\",\n\t\t\t\t\"url\": \"https:\/\/culinarium-alpinum.com\/en\/events\/wildpflanzen-am-wegrand-mit-margreta-krummenacher\/var\/ri-8.l-L1\",\n\t\t\t\t\"startDate\": \"2026-9-12T10:00+2:00\",\n\t\t\t\t\"endDate\": \"2026-9-12T13:30+2:00\",\n\t\t\t\t\"image\":\"https:\/\/culinarium-alpinum.com\/wp-content\/uploads\/2026\/01\/Wildpflanzen-am-Wegrand_Eventbild_Webseite_1440x1080.jpg\", \n\t\t\t\t\"description\":\"<p><strong>Entdecken, sammeln, geniessen: Rund um das Culinarium Alpinum lernen Sie essbare Wildpflanzen kennen und sammeln. <\/strong><\/p> <p><strong>Gemeinsam mit dem K\u00fcchenteam entstehen daraus kreative Vorspeisen f\u00fcr ein genussvolles 3-Gang-Menu.<\/strong><\/p> <p><em>Donnerstag, 19. M\u00e4rz 2026 (Josefstag), von 10.00 bis 13.30 Uhr &#8211; Aufgrund zu geringer Teilnehmerzahl ist dieser Kurs abgesagt.<\/em><\/p> <p><strong>Samstag, 25. April 2026<\/strong>, von 10.00 bis 13.30 Uhr &#8211; <strong>AUSGEBUCHT<\/strong><\/p> <p><strong>Freitag, 29. Mai 2026<\/strong>, von 10.00 bis 13.30 Uhr<\/p> <p><strong>Freitag, 26. Juni 2026<\/strong>, von 16.00 bis 19.30 Uhr<\/p> <p><strong>Freitag, 17. Juli 2026<\/strong>, von 16.00 bis 19.30 Uhr<\/p> <p><strong>Samstag, 18. Juli 2026<\/strong>, von 10.00 bis 13.30 Uhr<\/p> <p><strong>Samstag, 8. August 2026<\/strong>, von 10.00 bis 13.30 Uhr<\/p> <p><strong>Samstag, 29. August 2026<\/strong>, von 10.00 bis 13.30 Uhr<\/p> <p><strong>Samstag, 12. September 2026<\/strong>, von 10.00 bis 13.30 Uhr<\/p> <p><strong>Samstag, 10. Oktober 2026<\/strong>, von 10.00 bis 13.30 Uhr<\/p> <p><a href='https:\/\/culinarium-alpinum.com\/wp-content\/uploads\/2026\/01\/CA_Wildpflanzen-am-Wegrand_2026_Flyer_148x210_web-1.pdf' target='_blank' rel='noopener'>Eventflyer<\/a><\/p> <p>CHF 95.- pro Person<\/p> <p>Im Kurs inklusive:<\/p> <p>Kaffee \/ Tee \/ Saft beim Eintreffen<\/p> <p>Gef\u00fchrte Wildpflanzensammlung mit Margreta Krummenacher<\/p> <p>Zubereitung Vorspeise 3-Gang Menu inklusive Wasser und Kaffee in Begleitung unseres K\u00fcchenteams<\/p> <p>Rezepte zum Mitnehmen<\/p> \",\"location\":[{\"@type\":\"Place\",\"name\":\"CULINARIUM ALPINUM\",\"address\":{\"@type\": \"PostalAddress\",\"streetAddress\":\"M\u00fcrgstrasse 18\"}}]}<\/script><\/div>\r\n\t\t\t\t<p class=\"desc_trig_outter\" style=\"\"><a data-gmap_status=\"null\" data-gmtrig=\"1\" data-exlk=\"0\" style=\"background-color: #ab6443;\" id=\"evc_178920000021238\" href=\"#\" class=\"event_repeat desc_trig sin_val evcal_list_a\" data-ux_val=\"3\" data-ux_val_mob=\"-\"  ><span class='evoet_in'><span class='evoet_c2 evoet_cx '><span class='evoet_dayblock evcal_cblock ' data-bgcolor='#ab6443' data-smon='September' data-syr='2026' data-bub=''><span class='evo_start  evofxdrc'><em class='date'>12<\/em><em class='month'>Sep<\/em><em class='time'>10:00<\/em><\/span><span class='evo_end only_time evofxdrc'><em class='time'>13:30<\/em><\/span><\/span><\/span><span class='evoet_c3 evoet_cx evcal_desc hide_eventtopdata '><span class='evoet_title evcal_desc2 evcal_event_title ' itemprop='name'>Wildpflanzen am Wegrand<\/span><span class='event_location_attrs evodni'  data-location_address=\"M\u00fcrgstrasse 18\" data-location_type=\"address\" data-location_name=\"CULINARIUM ALPINUM\" data-location_url=\"https:\/\/culinarium-alpinum.com\/event-location\/culinarium-alpinum\/\" data-location_status=\"true\" data-locid=\"13\"><\/span><\/span><\/span><span class='evoet_data' style='display:none' data-d=\"{&quot;loc.n&quot;:&quot;CULINARIUM ALPINUM&quot;,&quot;orgs&quot;:[],&quot;tags&quot;:{&quot;repeating&quot;:&quot;Repeating Event&quot;}}\" data-bgc=\"#ab6443\" data-bggrad=\"\" ><\/span><\/a><\/p><div class='event_description evcal_eventcard ' style=\"display:none\"><div class='evocard_row'><div id='event_ftimage' class='evocard_box ftimage' data-c='' \n\t\t\t\t\tstyle=''><div class='evocard_main_image_hold' data-t='Loading Image..'><div class='evocard_main_image evo_img_triglb evocd_img_full evobr15 evobgsc evobgpc evodfx evofx_jc_c evofx_ai_c evofz48 full' style='height:400px; background-image:url();' data-f=\"https:\/\/culinarium-alpinum.com\/wp-content\/uploads\/2026\/01\/Wildpflanzen-am-Wegrand_Eventbild_Webseite_1440x1080.jpg\" data-h=\"1080\" data-w=\"1440\" data-ratio=\"0.75\" data-event_id=\"21238\" data-ri=\"8\"  data-t='Loading Image..'><span style='height:400px; background-image:url(https:\/\/culinarium-alpinum.com\/wp-content\/uploads\/2026\/01\/Wildpflanzen-am-Wegrand_Eventbild_Webseite_1440x1080.jpg)'><\/span><\/div><\/div><\/div><\/div><!-- row close --><div class='evocard_row'><div id='event_eventdetails' class='evocard_box eventdetails' data-c='' \n\t\t\t\t\tstyle=''><div class=\"evo_metarow_details evorow evcal_evdata_row evcal_event_details\">\n    <div class=\"event_excerpt\" style=\"display:none\"><h3 class=\"padb5 evo_h3\">Details<\/h3><p>Entdecken, sammeln, geniessen: Rund um das Culinarium Alpinum lernen Sie essbare Wildpflanzen kennen und sammeln. \nGemeinsam mit dem K\u00fcchenteam entstehen daraus kreative Vorspeisen f\u00fcr ein genussvolles 3-Gang-Menu.\nDonnerstag, 19. M\u00e4rz 2026<\/p><\/div><span class='evcal_evdata_icons'><i class='fa fa-align-justify'><\/i><\/span>    <div class=\"evcal_evdata_cell shorter_desc\">\n        <div class=\"eventon_full_description\">\n            <h3 class=\"padb5 evo_h3\"><span class='evcal_evdata_icons'><i class='fa fa-align-justify'><\/i><\/span>Details<\/h3>\n            <div class=\"eventon_desc_in\" itemprop=\"description\">\n                <p><strong>Entdecken, sammeln, geniessen: Rund um das Culinarium Alpinum lernen Sie essbare Wildpflanzen kennen und sammeln. <\/strong><\/p>\n<p><strong>Gemeinsam mit dem K\u00fcchenteam entstehen daraus kreative Vorspeisen f\u00fcr ein genussvolles 3-Gang-Menu.<\/strong><\/p>\n<p><em>Donnerstag, 19. M\u00e4rz 2026 (Josefstag), von 10.00 bis 13.30 Uhr &#8211; Aufgrund zu geringer Teilnehmerzahl ist dieser Kurs abgesagt.<\/em><\/p>\n<p><strong>Samstag, 25. April 2026<\/strong>, von 10.00 bis 13.30 Uhr &#8211; <strong>AUSGEBUCHT<\/strong><\/p>\n<p><strong>Freitag, 29. Mai 2026<\/strong>, von 10.00 bis 13.30 Uhr<\/p>\n<p><strong>Freitag, 26. Juni 2026<\/strong>, von 16.00 bis 19.30 Uhr<\/p>\n<p><strong>Freitag, 17. Juli 2026<\/strong>, von 16.00 bis 19.30 Uhr<\/p>\n<p><strong>Samstag, 18. Juli 2026<\/strong>, von 10.00 bis 13.30 Uhr<\/p>\n<p><strong>Samstag, 8. August 2026<\/strong>, von 10.00 bis 13.30 Uhr<\/p>\n<p><strong>Samstag, 29. August 2026<\/strong>, von 10.00 bis 13.30 Uhr<\/p>\n<p><strong>Samstag, 12. September 2026<\/strong>, von 10.00 bis 13.30 Uhr<\/p>\n<p><strong>Samstag, 10. Oktober 2026<\/strong>, von 10.00 bis 13.30 Uhr<\/p>\n<p><a href=\"https:\/\/culinarium-alpinum.com\/wp-content\/uploads\/2026\/01\/CA_Wildpflanzen-am-Wegrand_2026_Flyer_148x210_web-1.pdf\" target=\"_blank\" rel=\"noopener\">Eventflyer<\/a><\/p>\n<p>CHF 95.- pro Person<\/p>\n<p>Im Kurs inklusive:<\/p>\n<p>Kaffee \/ Tee \/ Saft beim Eintreffen<\/p>\n<p>Gef\u00fchrte Wildpflanzensammlung mit Margreta Krummenacher<\/p>\n<p>Zubereitung Vorspeise 3-Gang Menu inklusive Wasser und Kaffee in Begleitung unseres K\u00fcchenteams<\/p>\n<p>Rezepte zum Mitnehmen<\/p>\n            <\/div>\n            <p class='eventon_shad_p' style='padding:5px 0 0; margin:0'><button class='evcal_btn evo_btn_secondary evobtn_details_show_more' content='less' aria-label='Mehr' aria-expanded='false'><span class='ev_more_text' data-txt='Weniger'>Mehr<\/span><span class='ev_more_arrow ard'><\/span><\/button><\/p><div class='clear'><\/div>        <\/div>\n    <\/div>\n<\/div><\/div><\/div><!-- row close --><div class='evocard_row bx2 bx'><div id='event_time' class='evocard_box time' data-c='' \n\t\t\t\t\tstyle=''><div class='evo_metarow_time evorow evcal_evdata_row evcal_evrow_sm '>\n\t\t<span class='evcal_evdata_icons'><i class='fa fa-clock-o'><\/i><\/span>\n\t\t<div class='evcal_evdata_cell'>\t\t\t\t\t\t\t\n\t\t\t<h3 class='evo_h3'><span class='evcal_evdata_icons'><i class='fa fa-clock-o'><\/i><\/span>Zeit<\/h3><div><span class='evo_eventcard_time_t evogap5 evofxww'><span class=\"start\">12\/09\/2026<\/span> <span class=\"stime\">10:00<\/span> - <span class=\"etime\">13:30<\/span><\/span><span class='evo_tz marr5'>(GMT+02:00)<\/span><\/div>\n\t\t<\/div>\n\t<\/div><\/div><div id='event_location' class='evocard_box location' data-c='' \n\t\t\t\t\tstyle=''><div class='evcal_evdata_row evo_metarow_time_location evorow '>\n\t\t\n\t\t\t<span class='evcal_evdata_icons'><i class='fa fa-map-marker'><\/i><\/span>\n\t\t\t<div class='evcal_evdata_cell' data-loc_tax_id='13'><h3 class='evo_h3 evodfx'><span class='evcal_evdata_icons'><i class='fa fa-map-marker'><\/i><\/span><a target=\"\" href=\"https:\/\/www.google.com\/maps\/place\/CULINARIUM+ALPINUM\/@46.9555229,8.366832,1036m\/data=!3m1!1e3!4m9!3m8!1s0x478ff707894e1fc9:0x89b388b6ddd2576c!5m2!4m1!1i2!8m2!3d46.9555229!4d8.3694069!16sg11c51vhs13?entry=ttu&amp;g_ep=EgoyMDI1MDQxMy4wIKXMDSoASAFQAw\" rel=\"noopener\">Veranstaltungsort<\/a><\/h3><p class='evo_location_name'><a target=\"\" href=\"https:\/\/www.google.com\/maps\/place\/CULINARIUM+ALPINUM\/@46.9555229,8.366832,1036m\/data=!3m1!1e3!4m9!3m8!1s0x478ff707894e1fc9:0x89b388b6ddd2576c!5m2!4m1!1i2!8m2!3d46.9555229!4d8.3694069!16sg11c51vhs13?entry=ttu&amp;g_ep=EgoyMDI1MDQxMy4wIKXMDSoASAFQAw\" rel=\"noopener\">CULINARIUM ALPINUM<\/a><\/p><p class='evo_location_address evodfxi evogap10'><a target=\"\" href=\"https:\/\/www.google.com\/maps\/place\/CULINARIUM+ALPINUM\/@46.9555229,8.366832,1036m\/data=!3m1!1e3!4m9!3m8!1s0x478ff707894e1fc9:0x89b388b6ddd2576c!5m2!4m1!1i2!8m2!3d46.9555229!4d8.3694069!16sg11c51vhs13?entry=ttu&amp;g_ep=EgoyMDI1MDQxMy4wIKXMDSoASAFQAw\" rel=\"noopener\">M\u00fcrgstrasse 18<\/a><\/p><div class='evopadt5'><p class='evo_location_contact'>+41 41 619 17 17 <a href='mailto:info@culinarium-alpinum.ch'>info@culinarium-alpinum.ch<\/a><\/p><\/div><div class='padt10'><span class='evo_btn_arr evolb_trigger' data-lbvals=\"{&quot;lbdata&quot;:{&quot;class&quot;:&quot;evo_location_lb_13&quot;,&quot;additional_class&quot;:&quot;lb_max&quot;,&quot;title&quot;:&quot;CULINARIUM ALPINUM&quot;},&quot;adata&quot;:{&quot;a&quot;:&quot;eventon_get_tax_card_content&quot;,&quot;end&quot;:&quot;client&quot;,&quot;data&quot;:{&quot;lang&quot;:&quot;L1&quot;,&quot;term_id&quot;:13,&quot;tax&quot;:&quot;event_location&quot;,&quot;load_lbcontent&quot;:true}},&quot;uid&quot;:&quot;eventon_get_tax_card_content&quot;}\" >Other Events<i class='fa fa-chevron-right' aria-hidden='true'><\/i><\/span><\/div><\/div>\n\t\t\n\t<\/div><\/div><\/div><!-- row close --><div class='evocard_row'><div id='event_learnmore' class='evocard_box learnmore' data-c='' \n\t\t\t\t\tstyle=''><div class='evo_metarow_learnM evo_metarow_learnmore evorow'>\n\t\t\t\t\t\t\t<a class=\"evcal_evdata_row evo_clik_row \" href=\"https:\/\/culinarium-alpinum.com\/kurse-und-seminare\/wildpflanzen-am-wegrand\/\" target=\"_blank\">\n\t\t\t\t\t\t\t\t<span class='evcal_evdata_icons'><i class='fa fa-link'><\/i><\/span>\n\t\t\t\t\t\t\t\t<h3 class='evo_h3'>Reservation \/ Buchen<\/h3>\n\t\t\t\t\t\t\t<\/a>\n\t\t\t\t\t\t\t<\/div><\/div><\/div><!-- row close --><div class='evocard_row'><div id='event_getdirection' class='evocard_box getdirection' data-c='' \n\t\t\t\t\tstyle=''><div class='evo_metarow_getDr evorow evcal_evdata_row evcal_evrow_sm getdirections'>\n\t\t<form action='https:\/\/maps.google.com\/maps' method='get' target='_blank'>\n\t\t\t<input type='hidden' name='daddr' value=\"M\u00fcrgstrasse 18\"\/> \n\t\t\t<div class='evo_get_direction_content evo_fx_dr_r evogap10'>\n\t\t\t\t<span class='evogetdir_header evodfx evofxdrr evofxaic evogap10'>\n\t\t\t\t\t<i class='mainicon fa fa-road evofz24i'><\/i> \n\t\t\t\t\t<h3 class='evo_h3 evopad0i' style='padding-bottom:5px;'>Get Directions<\/h3>\n\t\t\t\t<\/span>\n\t\t\t\t<span class='evogetdir_field evodfx evofx_1_1 evow100p'>\t\n\t\t\t\t\t<label for='69f4cba50a91b' class='evo_aria_ready sr-only'>Address - Wildpflanzen am Wegrand []<\/label>\t\t\t\t\n\t\t\t\t\t<input id='69f4cba50a91b' class='evo_aria_ready_match evoInput2 evobr10 evow100p evopad10 evoff_2 evofz14i evobrdB1 evoboxbb' type='text' name='saddr' placeholder='Ihre Adresse' value='' style='' aria-label='Address - Wildpflanzen am Wegrand []' \/>\n\t\t\t\t<\/span>\n\t\t\t\t<div class='evodfx evofxdrr evofxaic evogap10'>\n\t\t\t\t\t<i class='fa fa-location-dot'><\/i>\n\t\t\t\t\t<div class='evoposr evofx_1 evoh100p'><label for='69f4cba50a91b' class='evo_aria_ready sr-only'>Destination Address - Wildpflanzen am Wegrand []<\/label>\t\t\n\t\t\t\t\t\t<input id='69f4cba50a91b' class='evo_aria_ready_match evoInput2 evobr10 evow100p evopad5-10 evoff_2 evofz14i evobrdB1 evoop5 evoboxbb evoh100p' type='text' style='' readonly value='M\u00fcrgstrasse 18' aria-label='Destination Address - Wildpflanzen am Wegrand []'\/><button class='evo_copy_address evobuttonA evocurp evohoop7 evoposa evopad5' style='right: 3px; top: 4px; background-color: #fff;' data-txt='M\u00fcrgstrasse 18' data-t='Address copied to clipboard!'><i class='far fa-copy evofz16i' title='Copy Destination Address!'><\/i><\/button>\n\t\t\t\t\t<\/div>\n\t\t\t\t\t<button type='submit' class='evo_get_direction_button evcal_btn dfx evofxaic evocurp evohoop7' title='Klicken Sie hier um Ihre Anreise anzuzeigen' style='    padding: 10px 15px !important;'><i class='fa fa-chevron-right'><\/i> <\/button>\n\t\t\t\t<\/div>\n\t\t\t<\/div>\n\t\t<\/form>\n\t<\/div><\/div><\/div><!-- row close --><button class='evo_card_row_end evcal_close' title='Close'><\/button><\/div><div class='clear end'><\/div><\/div><div id=\"event_24978_0\" class=\"eventon_list_event evo_eventtop scheduled  event clrD event_24978_0\" data-event_id=\"24978\" data-ri=\"0r\" data-time=\"1789291800-1789304400\" data-colr=\"#ab6443\" itemscope itemtype='http:\/\/schema.org\/Event'><div class=\"evo_event_schema\" style=\"display:none\" ><a itemprop=\"url\" href=\"https:\/\/culinarium-alpinum.com\/en\/events\/wildpflanzen-am-wegrand\/\"><\/a><meta itemprop='image' content=\"https:\/\/culinarium-alpinum.com\/wp-content\/uploads\/2026\/01\/Wildpflanzen-am-Wegrand_Eventbild_Webseite_1440x1080.jpg\" \/><meta itemprop='startDate' content=\"2026-9-13T11:30+2:00\" \/><meta itemprop='endDate' content=\"2026-9-13T15:00+2:00\" \/><meta itemprop='eventStatus' content=\"https:\/\/schema.org\/EventScheduled\" \/><meta itemprop='eventAttendanceMode'   itemscope itemtype=\"https:\/\/schema.org\/OfflineEventAttendanceMode\"\/><div style=\"display:none\" itemprop=\"location\" itemscope itemtype=\"http:\/\/schema.org\/Place\"><span itemprop=\"name\">CULINARIUM ALPINUM<\/span><span itemprop=\"address\" itemscope itemtype=\"http:\/\/schema.org\/PostalAddress\"><item itemprop=\"streetAddress\">M\u00fcrgstrasse 18<\/item><\/span><\/div><script type=\"application\/ld+json\">{\"@context\": \"http:\/\/schema.org\",\"@type\": \"Event\",\n\t\t\t\t\"@id\": \"event_24978_0\",\n\t\t\t\t\"eventAttendanceMode\":\"https:\/\/schema.org\/OfflineEventAttendanceMode\",\n\t\t\t\t\"eventStatus\":\"https:\/\/schema.org\/EventScheduled\",\n\t\t\t\t\"name\": \"Wildpflanzen am Wegrand\",\n\t\t\t\t\"url\": \"https:\/\/culinarium-alpinum.com\/en\/events\/wildpflanzen-am-wegrand\/\",\n\t\t\t\t\"startDate\": \"2026-9-13T11:30+2:00\",\n\t\t\t\t\"endDate\": \"2026-9-13T15:00+2:00\",\n\t\t\t\t\"image\":\"https:\/\/culinarium-alpinum.com\/wp-content\/uploads\/2026\/01\/Wildpflanzen-am-Wegrand_Eventbild_Webseite_1440x1080.jpg\", \n\t\t\t\t\"description\":\"<p><span style='color: #000000;'><strong><span style='font-size: 24px;'>Entdecken, sammeln, geniessen: Rund um das Culinarium Alpinum lernen Sie essbare Wildpflanzen kennen und sammeln.<\/span> <\/strong><\/span><\/p> <p><span style='font-size: 14px;'><strong><span style='color: #000000;'>Gemeinsam mit dem K\u00fcchenteam entstehen daraus kreative Vorspeisen f\u00fcr ein genussvolles 3-Gang-Menu.<\/span><\/strong><\/span><\/p> <p>&nbsp;<\/p> <p><span style='color: #000000;'><strong>So<span style='color: #000000;'>nntag, 13. September 2026<\/span><\/strong>, von 11.30 bis 15.00 Uhr<\/span><\/p> <p><span style='color: #000000;'><strong>Sonntag, 11. Oktober 2026<\/strong>, von 11.30 bis 15.00 Uhr<\/span><\/p> <p><span style='color: #000000;'>Das Klosterzmorge ist ab 07.00 Uhr m\u00f6glich<\/span><\/p> <p><span style='color: #000000;'><a style='color: #000000;' href='https:\/\/culinarium-alpinum.com\/wp-content\/uploads\/2026\/01\/CA_Wildpflanzen-am-Wegrand_2026_Flyer_148x210_web-1.pdf' target='_blank' rel='noopener'>Eventflyer<\/a><\/span><\/p> <p><span style='color: #000000;'>CHF 95.- pro Person<\/span><\/p> <p><span style='color: #000000;'>Im Kurs inklusive:<\/span><\/p> <p><span style='color: #000000;'>Sonntags Klosterzmorge<\/span><\/p> <p><span style='color: #000000;'>Gef\u00fchrte Wildpflanzensammlung mit Margreta Krummenacher<\/span><\/p> <p><span style='color: #000000;'>Zubereitung Vorspeise 3-Gang Menu inklusive Wasser und Kaffee in Begleitung unseres K\u00fcchenteams<\/span><\/p> <p><span style='color: #000000;'>Rezepte zum Mitnehmen<\/span><\/p> \",\"location\":[{\"@type\":\"Place\",\"name\":\"CULINARIUM ALPINUM\",\"address\":{\"@type\": \"PostalAddress\",\"streetAddress\":\"M\u00fcrgstrasse 18\"}}]}<\/script><\/div>\r\n\t\t\t\t<p class=\"desc_trig_outter\" style=\"\"><a data-gmap_status=\"null\" data-gmtrig=\"1\" data-exlk=\"0\" style=\"background-color: #ab6443;\" id=\"evc_178929180024978\" href=\"#\" class=\"event_repeat desc_trig sin_val evcal_list_a\" data-ux_val=\"3\" data-ux_val_mob=\"-\"  ><span class='evoet_in'><span class='evoet_c2 evoet_cx '><span class='evoet_dayblock evcal_cblock ' data-bgcolor='#ab6443' data-smon='September' data-syr='2026' data-bub=''><span class='evo_start  evofxdrc'><em class='date'>13<\/em><em class='month'>Sep<\/em><em class='time'>11:30<\/em><\/span><span class='evo_end only_time evofxdrc'><em class='time'>15:00<\/em><\/span><\/span><\/span><span class='evoet_c3 evoet_cx evcal_desc hide_eventtopdata '><span class='evoet_title evcal_desc2 evcal_event_title ' itemprop='name'>Wildpflanzen am Wegrand<\/span><span class='event_location_attrs evodni'  data-location_address=\"M\u00fcrgstrasse 18\" data-location_type=\"address\" data-location_name=\"CULINARIUM ALPINUM\" data-location_url=\"https:\/\/culinarium-alpinum.com\/event-location\/culinarium-alpinum\/\" data-location_status=\"true\" data-locid=\"13\"><\/span><\/span><\/span><span class='evoet_data' style='display:none' data-d=\"{&quot;loc.n&quot;:&quot;CULINARIUM ALPINUM&quot;,&quot;orgs&quot;:[],&quot;tags&quot;:{&quot;repeating&quot;:&quot;Repeating Event&quot;}}\" data-bgc=\"#ab6443\" data-bggrad=\"\" ><\/span><\/a><\/p><div class='event_description evcal_eventcard ' style=\"display:none\"><div class='evocard_row'><div id='event_ftimage' class='evocard_box ftimage' data-c='' \n\t\t\t\t\tstyle=''><div class='evocard_main_image_hold' data-t='Loading Image..'><div class='evocard_main_image evo_img_triglb evocd_img_full evobr15 evobgsc evobgpc evodfx evofx_jc_c evofx_ai_c evofz48 full' style='height:400px; background-image:url();' data-f=\"https:\/\/culinarium-alpinum.com\/wp-content\/uploads\/2026\/01\/Wildpflanzen-am-Wegrand_Eventbild_Webseite_1440x1080.jpg\" data-h=\"1080\" data-w=\"1440\" data-ratio=\"0.75\" data-event_id=\"24978\" data-ri=\"0\"  data-t='Loading Image..'><span style='height:400px; background-image:url(https:\/\/culinarium-alpinum.com\/wp-content\/uploads\/2026\/01\/Wildpflanzen-am-Wegrand_Eventbild_Webseite_1440x1080.jpg)'><\/span><\/div><\/div><\/div><\/div><!-- row close --><div class='evocard_row'><div id='event_eventdetails' class='evocard_box eventdetails' data-c='' \n\t\t\t\t\tstyle=''><div class=\"evo_metarow_details evorow evcal_evdata_row evcal_event_details\">\n    <div class=\"event_excerpt\" style=\"display:none\"><h3 class=\"padb5 evo_h3\">Details<\/h3><p>Entdecken, sammeln, geniessen: Rund um das Culinarium Alpinum lernen Sie essbare Wildpflanzen kennen und sammeln. \nGemeinsam mit dem K\u00fcchenteam entstehen daraus kreative<\/p><\/div><span class='evcal_evdata_icons'><i class='fa fa-align-justify'><\/i><\/span>    <div class=\"evcal_evdata_cell shorter_desc\">\n        <div class=\"eventon_full_description\">\n            <h3 class=\"padb5 evo_h3\"><span class='evcal_evdata_icons'><i class='fa fa-align-justify'><\/i><\/span>Details<\/h3>\n            <div class=\"eventon_desc_in\" itemprop=\"description\">\n                <p><span style=\"color: #000000;\"><strong><span style=\"font-size: 24px;\">Entdecken, sammeln, geniessen: Rund um das Culinarium Alpinum lernen Sie essbare Wildpflanzen kennen und sammeln.<\/span> <\/strong><\/span><\/p>\n<p><span style=\"font-size: 14px;\"><strong><span style=\"color: #000000;\">Gemeinsam mit dem K\u00fcchenteam entstehen daraus kreative Vorspeisen f\u00fcr ein genussvolles 3-Gang-Menu.<\/span><\/strong><\/span><\/p>\n<p>&nbsp;<\/p>\n<p><span style=\"color: #000000;\"><strong>So<span style=\"color: #000000;\">nntag, 13. September 2026<\/span><\/strong>, von 11.30 bis 15.00 Uhr<\/span><\/p>\n<p><span style=\"color: #000000;\"><strong>Sonntag, 11. Oktober 2026<\/strong>, von 11.30 bis 15.00 Uhr<\/span><\/p>\n<p><span style=\"color: #000000;\">Das Klosterzmorge ist ab 07.00 Uhr m\u00f6glich<\/span><\/p>\n<p><span style=\"color: #000000;\"><a style=\"color: #000000;\" href=\"https:\/\/culinarium-alpinum.com\/wp-content\/uploads\/2026\/01\/CA_Wildpflanzen-am-Wegrand_2026_Flyer_148x210_web-1.pdf\" target=\"_blank\" rel=\"noopener\">Eventflyer<\/a><\/span><\/p>\n<p><span style=\"color: #000000;\">CHF 95.- pro Person<\/span><\/p>\n<p><span style=\"color: #000000;\">Im Kurs inklusive:<\/span><\/p>\n<p><span style=\"color: #000000;\">Sonntags Klosterzmorge<\/span><\/p>\n<p><span style=\"color: #000000;\">Gef\u00fchrte Wildpflanzensammlung mit Margreta Krummenacher<\/span><\/p>\n<p><span style=\"color: #000000;\">Zubereitung Vorspeise 3-Gang Menu inklusive Wasser und Kaffee in Begleitung unseres K\u00fcchenteams<\/span><\/p>\n<p><span style=\"color: #000000;\">Rezepte zum Mitnehmen<\/span><\/p>\n            <\/div>\n            <p class='eventon_shad_p' style='padding:5px 0 0; margin:0'><button class='evcal_btn evo_btn_secondary evobtn_details_show_more' content='less' aria-label='Mehr' aria-expanded='false'><span class='ev_more_text' data-txt='Weniger'>Mehr<\/span><span class='ev_more_arrow ard'><\/span><\/button><\/p><div class='clear'><\/div>        <\/div>\n    <\/div>\n<\/div><\/div><\/div><!-- row close --><div class='evocard_row bx2 bx'><div id='event_time' class='evocard_box time' data-c='' \n\t\t\t\t\tstyle=''><div class='evo_metarow_time evorow evcal_evdata_row evcal_evrow_sm '>\n\t\t<span class='evcal_evdata_icons'><i class='fa fa-clock-o'><\/i><\/span>\n\t\t<div class='evcal_evdata_cell'>\t\t\t\t\t\t\t\n\t\t\t<h3 class='evo_h3'><span class='evcal_evdata_icons'><i class='fa fa-clock-o'><\/i><\/span>Zeit<\/h3><div><span class='evo_eventcard_time_t evogap5 evofxww'><span class=\"start\">13\/09\/2026<\/span> <span class=\"stime\">11:30<\/span> - <span class=\"etime\">15:00<\/span><\/span><span class='evo_tz marr5'>(GMT+02:00)<\/span><\/div>\n\t\t<\/div>\n\t<\/div><\/div><div id='event_location' class='evocard_box location' data-c='' \n\t\t\t\t\tstyle=''><div class='evcal_evdata_row evo_metarow_time_location evorow '>\n\t\t\n\t\t\t<span class='evcal_evdata_icons'><i class='fa fa-map-marker'><\/i><\/span>\n\t\t\t<div class='evcal_evdata_cell' data-loc_tax_id='13'><h3 class='evo_h3 evodfx'><span class='evcal_evdata_icons'><i class='fa fa-map-marker'><\/i><\/span><a target=\"\" href=\"https:\/\/www.google.com\/maps\/place\/CULINARIUM+ALPINUM\/@46.9555229,8.366832,1036m\/data=!3m1!1e3!4m9!3m8!1s0x478ff707894e1fc9:0x89b388b6ddd2576c!5m2!4m1!1i2!8m2!3d46.9555229!4d8.3694069!16sg11c51vhs13?entry=ttu&amp;g_ep=EgoyMDI1MDQxMy4wIKXMDSoASAFQAw\" rel=\"noopener\">Veranstaltungsort<\/a><\/h3><p class='evo_location_name'><a target=\"\" href=\"https:\/\/www.google.com\/maps\/place\/CULINARIUM+ALPINUM\/@46.9555229,8.366832,1036m\/data=!3m1!1e3!4m9!3m8!1s0x478ff707894e1fc9:0x89b388b6ddd2576c!5m2!4m1!1i2!8m2!3d46.9555229!4d8.3694069!16sg11c51vhs13?entry=ttu&amp;g_ep=EgoyMDI1MDQxMy4wIKXMDSoASAFQAw\" rel=\"noopener\">CULINARIUM ALPINUM<\/a><\/p><p class='evo_location_address evodfxi evogap10'><a target=\"\" href=\"https:\/\/www.google.com\/maps\/place\/CULINARIUM+ALPINUM\/@46.9555229,8.366832,1036m\/data=!3m1!1e3!4m9!3m8!1s0x478ff707894e1fc9:0x89b388b6ddd2576c!5m2!4m1!1i2!8m2!3d46.9555229!4d8.3694069!16sg11c51vhs13?entry=ttu&amp;g_ep=EgoyMDI1MDQxMy4wIKXMDSoASAFQAw\" rel=\"noopener\">M\u00fcrgstrasse 18<\/a><\/p><div class='evopadt5'><p class='evo_location_contact'>+41 41 619 17 17 <a href='mailto:info@culinarium-alpinum.ch'>info@culinarium-alpinum.ch<\/a><\/p><\/div><div class='padt10'><span class='evo_btn_arr evolb_trigger' data-lbvals=\"{&quot;lbdata&quot;:{&quot;class&quot;:&quot;evo_location_lb_13&quot;,&quot;additional_class&quot;:&quot;lb_max&quot;,&quot;title&quot;:&quot;CULINARIUM ALPINUM&quot;},&quot;adata&quot;:{&quot;a&quot;:&quot;eventon_get_tax_card_content&quot;,&quot;end&quot;:&quot;client&quot;,&quot;data&quot;:{&quot;lang&quot;:&quot;L1&quot;,&quot;term_id&quot;:13,&quot;tax&quot;:&quot;event_location&quot;,&quot;load_lbcontent&quot;:true}},&quot;uid&quot;:&quot;eventon_get_tax_card_content&quot;}\" >Other Events<i class='fa fa-chevron-right' aria-hidden='true'><\/i><\/span><\/div><\/div>\n\t\t\n\t<\/div><\/div><\/div><!-- row close --><div class='evocard_row'><div id='event_learnmore' class='evocard_box learnmore' data-c='' \n\t\t\t\t\tstyle=''><div class='evo_metarow_learnM evo_metarow_learnmore evorow'>\n\t\t\t\t\t\t\t<a class=\"evcal_evdata_row evo_clik_row \" href=\"https:\/\/culinarium-alpinum.com\/kurse-und-seminare\/wildpflanzen-am-wegrand-sonntag\/\" target=\"_blank\">\n\t\t\t\t\t\t\t\t<span class='evcal_evdata_icons'><i class='fa fa-link'><\/i><\/span>\n\t\t\t\t\t\t\t\t<h3 class='evo_h3'>Reservation \/ Buchen<\/h3>\n\t\t\t\t\t\t\t<\/a>\n\t\t\t\t\t\t\t<\/div><\/div><\/div><!-- row close --><div class='evocard_row'><div id='event_getdirection' class='evocard_box getdirection' data-c='' \n\t\t\t\t\tstyle=''><div class='evo_metarow_getDr evorow evcal_evdata_row evcal_evrow_sm getdirections'>\n\t\t<form action='https:\/\/maps.google.com\/maps' method='get' target='_blank'>\n\t\t\t<input type='hidden' name='daddr' value=\"M\u00fcrgstrasse 18\"\/> \n\t\t\t<div class='evo_get_direction_content evo_fx_dr_r evogap10'>\n\t\t\t\t<span class='evogetdir_header evodfx evofxdrr evofxaic evogap10'>\n\t\t\t\t\t<i class='mainicon fa fa-road evofz24i'><\/i> \n\t\t\t\t\t<h3 class='evo_h3 evopad0i' style='padding-bottom:5px;'>Get Directions<\/h3>\n\t\t\t\t<\/span>\n\t\t\t\t<span class='evogetdir_field evodfx evofx_1_1 evow100p'>\t\n\t\t\t\t\t<label for='69f4cba50bed2' class='evo_aria_ready sr-only'>Address - Wildpflanzen am Wegrand []<\/label>\t\t\t\t\n\t\t\t\t\t<input id='69f4cba50bed2' class='evo_aria_ready_match evoInput2 evobr10 evow100p evopad10 evoff_2 evofz14i evobrdB1 evoboxbb' type='text' name='saddr' placeholder='Ihre Adresse' value='' style='' aria-label='Address - Wildpflanzen am Wegrand []' \/>\n\t\t\t\t<\/span>\n\t\t\t\t<div class='evodfx evofxdrr evofxaic evogap10'>\n\t\t\t\t\t<i class='fa fa-location-dot'><\/i>\n\t\t\t\t\t<div class='evoposr evofx_1 evoh100p'><label for='69f4cba50bed2' class='evo_aria_ready sr-only'>Destination Address - Wildpflanzen am Wegrand []<\/label>\t\t\n\t\t\t\t\t\t<input id='69f4cba50bed2' class='evo_aria_ready_match evoInput2 evobr10 evow100p evopad5-10 evoff_2 evofz14i evobrdB1 evoop5 evoboxbb evoh100p' type='text' style='' readonly value='M\u00fcrgstrasse 18' aria-label='Destination Address - Wildpflanzen am Wegrand []'\/><button class='evo_copy_address evobuttonA evocurp evohoop7 evoposa evopad5' style='right: 3px; top: 4px; background-color: #fff;' data-txt='M\u00fcrgstrasse 18' data-t='Address copied to clipboard!'><i class='far fa-copy evofz16i' title='Copy Destination Address!'><\/i><\/button>\n\t\t\t\t\t<\/div>\n\t\t\t\t\t<button type='submit' class='evo_get_direction_button evcal_btn dfx evofxaic evocurp evohoop7' title='Klicken Sie hier um Ihre Anreise anzuzeigen' style='    padding: 10px 15px !important;'><i class='fa fa-chevron-right'><\/i> <\/button>\n\t\t\t\t<\/div>\n\t\t\t<\/div>\n\t\t<\/form>\n\t<\/div><\/div><\/div><!-- row close --><button class='evo_card_row_end evcal_close' title='Close'><\/button><\/div><div class='clear end'><\/div><\/div><div id=\"event_25435_1\" class=\"eventon_list_event evo_eventtop scheduled  event clrD event_25435_1\" data-event_id=\"25435\" data-ri=\"1r\" data-time=\"1790694000-1790865000\" data-colr=\"#ab6443\" itemscope itemtype='http:\/\/schema.org\/Event'><div class=\"evo_event_schema\" style=\"display:none\" ><a itemprop=\"url\" href=\"https:\/\/culinarium-alpinum.com\/en\/events\/auf-den-spuren-des-alp-sbrinz-2-tages-wanderung\/var\/ri-1.l-L1\"><\/a><meta itemprop='image' content=\"https:\/\/culinarium-alpinum.com\/wp-content\/uploads\/2026\/04\/Eventbild_Webseite_1440x1080_Alp-Sbrinz-Wanderung.jpg\" \/><meta itemprop='startDate' content=\"2026-9-29T17:00+2:00\" \/><meta itemprop='endDate' content=\"2026-10-1T16:30+2:00\" \/><meta itemprop='eventStatus' content=\"https:\/\/schema.org\/EventScheduled\" \/><meta itemprop='eventAttendanceMode'   itemscope itemtype=\"https:\/\/schema.org\/OfflineEventAttendanceMode\"\/><div style=\"display:none\" itemprop=\"location\" itemscope itemtype=\"http:\/\/schema.org\/Place\"><span itemprop=\"name\">CULINARIUM ALPINUM<\/span><span itemprop=\"address\" itemscope itemtype=\"http:\/\/schema.org\/PostalAddress\"><item itemprop=\"streetAddress\">M\u00fcrgstrasse 18<\/item><\/span><\/div><script type=\"application\/ld+json\">{\"@context\": \"http:\/\/schema.org\",\"@type\": \"Event\",\n\t\t\t\t\"@id\": \"event_25435_1\",\n\t\t\t\t\"eventAttendanceMode\":\"https:\/\/schema.org\/OfflineEventAttendanceMode\",\n\t\t\t\t\"eventStatus\":\"https:\/\/schema.org\/EventScheduled\",\n\t\t\t\t\"name\": \"\u00abAuf den Spuren  des Alp Sbrinz\u00bb - 2-Tages-Wanderung\",\n\t\t\t\t\"url\": \"https:\/\/culinarium-alpinum.com\/en\/events\/auf-den-spuren-des-alp-sbrinz-2-tages-wanderung\/var\/ri-1.l-L1\",\n\t\t\t\t\"startDate\": \"2026-9-29T17:00+2:00\",\n\t\t\t\t\"endDate\": \"2026-10-1T16:30+2:00\",\n\t\t\t\t\"image\":\"https:\/\/culinarium-alpinum.com\/wp-content\/uploads\/2026\/04\/Eventbild_Webseite_1440x1080_Alp-Sbrinz-Wanderung.jpg\", \n\t\t\t\t\"description\":\"<p><span style='color: #000000;'><strong><span style='font-size: 24px;'>\u00abAuf den Spuren\u00a0des Alp Sbrinz\u00bb &#8211;<\/span><\/strong><strong><span style='font-size: 24px;'><strong>\u00a0<\/strong>2-Tages-Wanderung<\/span><\/strong><\/span><\/p> <p><span style='color: #000000;'>Im CULINARIUM ALPINUM erwartet Sie ein genussvoller Auftakt mit einer Alp-Sbrinz Degustation und einer spannenden F\u00fchrung durch das ehemalige Kapuzinerkloster<\/span><\/p> <p><span style='color: #000000;'>Am Abend geniessen Sie eine regionale Tavolata und \u00fcbernachten in historischem Ambiente.<\/span><\/p> <p><span style='color: #000000;'>Am n\u00e4chsten Tag startet die zweit\u00e4gige Wanderung: \u00dcber Gerschnialp, Untertr\u00fcbsee und Tr\u00fcbsee f\u00fchrt die eindrucksvolle 4-Seen-Wanderung auf der \u00abvia Sbrinz\u00bb Richtung Jochpass.<\/span><br \/> <span style='color: #000000;'>Den Tag lassen Sie im B\u00e4rghuis Jochpass ausklingen, wo Sie auch \u00fcbernachten.<\/span><\/p> <p><span style='color: #000000;'>Am zweiten Tag geht es weiter zur Engstlenalp und weiter Richtung Tannalp bis nach Melchsee-Frutt. Unterwegs besuchen Sie eine Alp Sbrinz K\u00e4serei und erleben Natur, Flora und Fauna.<\/span><\/p> <p><span style='color: #000000;'>Die R\u00fcckreise erfolgt via St\u00f6ckalp nach Kerns\/Sarnen und weiter nach Stans.<\/span><\/p> <div class='wpb_text_column wpb_content_element vc_custom_1763030023949'> <p><span style='color: #000000;'><strong>Montag, 27. Juli bis Mittwoch, 29. Juli 2026<\/strong><\/span><br \/> <span style='color: #000000;'><strong>Dienstag, 29. September bis Donnerstag, 1. Oktober 2026<\/strong><\/span><\/p> <p class='content'><span style='color: #000000;'>Kurskosten:<br \/> <strong>CHF 790.- pro Person<\/strong> im Doppelzimmer zur <strong>Einzelbelegung<\/strong><\/span><br \/> <span style='color: #000000;'><strong>CHF 720.- pro Person<\/strong> im Doppelzimmer zur <strong>Doppelbelegung<\/strong><\/span><\/p> <p><span style='color: #000000;'>Im Preis <strong>inklusive<\/strong> sind:<\/span><br \/> <span style='color: #000000;'>Im CULINARIUM ALPINUM: Kleine Klosterf\u00fchrung inkl. Alp-Sbrinz-Degustation, Abendessen \u00abTavolata\u00bb (exkl. Getr\u00e4nke), \u00dcbernachtung, Fr\u00fchst\u00fcck und Mittagessen f\u00fcr 1. Wandertag.<\/span><br \/> <span style='color: #000000;'>Des weiteren \u00dcbernachtung auf dem Jochpass (exkl. Getr\u00e4nke) inkl. Abendessen und Fr\u00fchst\u00fcck sowie Mittagessen am 2. Tag.<\/span><\/p> <p><span style='color: #000000;'>Transfer\/\u00d6V\/Luftseilbahn sind\u00a0<strong>nicht inklusive<\/strong><\/span><\/p> <div class='wpb_wrapper'><span style='color: #000000;'>Anzahl Teilnehmer:innen: mind. 5 \/ max. 10<\/span><\/div> <\/div> <p><span style='color: #000000;'>F\u00fcr weitere Informationen klicken Sie <strong><span style='color: #ab6443;'><a style='color: #ab6443;' href='https:\/\/culinarium-alpinum.com\/kurse-und-seminare\/auf-den-spuren-des-alp-sbrinz-2-tages-wanderung\/'>hier<\/a><\/span>.<\/strong><\/span><\/p> <p>&nbsp;<\/p> \",\"location\":[{\"@type\":\"Place\",\"name\":\"CULINARIUM ALPINUM\",\"address\":{\"@type\": \"PostalAddress\",\"streetAddress\":\"M\u00fcrgstrasse 18\"}}]}<\/script><\/div>\r\n\t\t\t\t<p class=\"desc_trig_outter\" style=\"\"><a data-gmap_status=\"null\" data-exlk=\"1\" href=\"https:\/\/culinarium-alpinum.com\/en\/events\/auf-den-spuren-des-alp-sbrinz-2-tages-wanderung\/var\/ri-1.l-L1\" target=\"_blank\" rel=\"noopener noreferrer\" style=\"background-color: #ab6443;\" id=\"evc_179069400025435\" class=\"event_repeat desc_trig mul_val evcal_list_a\" data-ux_val=\"4\" data-ux_val_mob=\"-\"><span class='evoet_in'><span class='evoet_c2 evoet_cx '><span class='evoet_dayblock evcal_cblock ' data-bgcolor='#ab6443' data-smon='September' data-syr='2026' data-bub=''><span class='evo_start  evofxdrc'><em class='date'>29<\/em><em class='month'>Sep<\/em><\/span><span class='evo_end  evofxdrc'><em class='date'>01<\/em><em class='month'>Okt<\/em><\/span><\/span><\/span><span class='evoet_c3 evoet_cx evcal_desc hide_eventtopdata '><span class='evoet_title evcal_desc2 evcal_event_title ' itemprop='name'>\u00abAuf den Spuren  des Alp Sbrinz\u00bb - 2-Tages-Wanderung<\/span><span class='event_location_attrs evodni'  data-location_address=\"M\u00fcrgstrasse 18\" data-location_type=\"address\" data-location_name=\"CULINARIUM ALPINUM\" data-location_url=\"https:\/\/culinarium-alpinum.com\/event-location\/culinarium-alpinum\/\" data-location_status=\"true\" data-locid=\"13\"><\/span><\/span><\/span><span class='evoet_data' style='display:none' data-d=\"{&quot;loc.n&quot;:&quot;CULINARIUM ALPINUM&quot;,&quot;orgs&quot;:[],&quot;tags&quot;:{&quot;repeating&quot;:&quot;Repeating Event&quot;}}\" data-bgc=\"#ab6443\" data-bggrad=\"\" ><\/span><\/a><\/p><div class='clear end'><\/div><\/div><\/div><div class='evcal_month_line' data-d='eml_10_2026' data-su='1790805600'><p>Oktober 2026<\/p><\/div><div class='sep_month_events ' data-d='eml_10_2026' data-range='1790805600_1793487599'><div id=\"event_25398_0\" class=\"eventon_list_event evo_eventtop scheduled  event clrD event_25398_0\" data-event_id=\"25398\" data-ri=\"0r\" data-time=\"1776664800-1793473200\" data-colr=\"#ab6443\" itemscope itemtype='http:\/\/schema.org\/Event'><div class=\"evo_event_schema\" style=\"display:none\" ><a itemprop=\"url\" href=\"https:\/\/culinarium-alpinum.com\/en\/events\/klanginstallation-alchymia-f-i-t-im-alpsbrinzkeller\/\"><\/a><meta itemprop='image' content=\"https:\/\/culinarium-alpinum.com\/wp-content\/uploads\/2026\/04\/Eventbild_Webseite_1440x1080_Alp-Sbrinz-Wanderung.jpg\" \/><meta itemprop='startDate' content=\"2026-4-20T08:00+2:00\" \/><meta itemprop='endDate' content=\"2026-10-31T20:00+2:00\" \/><meta itemprop='eventStatus' content=\"https:\/\/schema.org\/EventScheduled\" \/><meta itemprop='eventAttendanceMode'   itemscope itemtype=\"https:\/\/schema.org\/OfflineEventAttendanceMode\"\/><div style=\"display:none\" itemprop=\"location\" itemscope itemtype=\"http:\/\/schema.org\/Place\"><span itemprop=\"name\">CULINARIUM ALPINUM<\/span><span itemprop=\"address\" itemscope itemtype=\"http:\/\/schema.org\/PostalAddress\"><item itemprop=\"streetAddress\">M\u00fcrgstrasse 18<\/item><\/span><\/div><script type=\"application\/ld+json\">{\"@context\": \"http:\/\/schema.org\",\"@type\": \"Event\",\n\t\t\t\t\"@id\": \"event_25398_0\",\n\t\t\t\t\"eventAttendanceMode\":\"https:\/\/schema.org\/OfflineEventAttendanceMode\",\n\t\t\t\t\"eventStatus\":\"https:\/\/schema.org\/EventScheduled\",\n\t\t\t\t\"name\": \"Klanginstallation \u00abAlchymia \u2013 F.I.T.\u00bb im Alpsbrinzkeller\",\n\t\t\t\t\"url\": \"https:\/\/culinarium-alpinum.com\/en\/events\/klanginstallation-alchymia-f-i-t-im-alpsbrinzkeller\/\",\n\t\t\t\t\"startDate\": \"2026-4-20T08:00+2:00\",\n\t\t\t\t\"endDate\": \"2026-10-31T20:00+2:00\",\n\t\t\t\t\"image\":\"https:\/\/culinarium-alpinum.com\/wp-content\/uploads\/2026\/04\/Eventbild_Webseite_1440x1080_Alp-Sbrinz-Wanderung.jpg\", \n\t\t\t\t\"description\":\"<p><span style='font-size: 24px; color: #000000;'><strong>Klanginstallation \u00abAlchymia \u2013 F.I.T.\u00bb<\/strong><\/span><\/p> <p><span style='color: #000000;'><strong>Die Geschichte des K\u00e4ses ist auch ein Lied einer Landschaft, seiner Pflanzen und K\u00fche sowie die Passion seiner Herstellung.<br \/> <\/strong><strong>Scheinbar konstant ist der K\u00e4se dennoch immer im Wandel.<\/strong><\/span><\/p> <p><span style='color: #000000;'>Die Komposition ert\u00f6nt im Loop; alle Kl\u00e4nge sind roh und nicht nachbearbeitet, lediglich arrangiert \u2014 von den Melkvorg\u00e4ngen im Stall bis zum fertigen Alpk\u00e4se. <\/span><br \/> <span style='color: #000000;'>Aus 8 Stunden Aufnahmezeit mit insgesamt 6 Spuren Tonmaterial wurden die Klangsequenzen auf 17 Minuten reduziert. <\/span><br \/> <span style='color: #000000;'>Die Timeline folgt der Abfolge der Arbeitsschritte; die chronologische Reihenfolge der Prozesse bleibt erhalten.<\/span><\/p> <p><span style='color: #000000;'>Jahr:\u00a0 \u00a0 \u00a0 \u00a0 \u00a0 2026<\/span><br \/> <span style='color: #000000;'>Werk:\u00a0 \u00a0 \u00a0 \u00a0 Komposition\/Installation <\/span><br \/> <span style='color: #000000;'>Material:\u00a0 \u00a0Zwei Alpk\u00e4se, Holz, Transducer, Feldaufnahmen<\/span><br \/> <span style='color: #000000;'>Dauer:\u00a0 \u00a0 \u00a0 \u00a017 Minuten<\/span><\/p> <p><span style='color: #000000;'>Komposition, Soundinstallation \u2013 Patrick Kessler<\/span><br \/> <span style='color: #000000;'>Feldaufnahmen \u2013 Tim Shaw, Patrick Kessler<\/span><br \/> <span style='color: #000000;'>K\u00e4ser \u2013 Chrigel Schl\u00e4pfer<\/span><br \/> <span style='color: #000000;'>Produktion \u2013 Patrick Kessler<\/span><\/p> <div class='wpb_text_column wpb_content_element vc_custom_1763030023949'><\/div> \",\"location\":[{\"@type\":\"Place\",\"name\":\"CULINARIUM ALPINUM\",\"address\":{\"@type\": \"PostalAddress\",\"streetAddress\":\"M\u00fcrgstrasse 18\"}}]}<\/script><\/div>\r\n\t\t\t\t<p class=\"desc_trig_outter\" style=\"\"><a data-gmap_status=\"null\" data-exlk=\"1\" href=\"https:\/\/culinarium-alpinum.com\/en\/events\/klanginstallation-alchymia-f-i-t-im-alpsbrinzkeller\/\" target=\"_blank\" rel=\"noopener noreferrer\" style=\"background-color: #ab6443;\" id=\"evc_177666480025398\" class=\"desc_trig mul_val evcal_list_a\" data-ux_val=\"4\" data-ux_val_mob=\"-\"><span class='evoet_in'><span class='evoet_c2 evoet_cx '><span class='evoet_dayblock evcal_cblock ' data-bgcolor='#ab6443' data-smon='April' data-syr='2026' data-bub=''><span class='evo_start  evofxdrc'><em class='date'>20<\/em><em class='month'>Apr<\/em><em class='time'><i t=\"y\">(Apr 20)<\/i>08:00<\/em><\/span><span class='evo_end  evofxdrc'><em class='date'>31<\/em><em class='month'>Okt<\/em><em class='time'><i t=\"y\">(Okt 31)<\/i>20:00<\/em><\/span><\/span><\/span><span class='evoet_c3 evoet_cx evcal_desc hide_eventtopdata '><span class='evoet_title evcal_desc2 evcal_event_title ' itemprop='name'>Klanginstallation \u00abAlchymia \u2013 F.I.T.\u00bb im Alpsbrinzkeller<\/span><span class='event_location_attrs evodni'  data-location_address=\"M\u00fcrgstrasse 18\" data-location_type=\"address\" data-location_name=\"CULINARIUM ALPINUM\" data-location_url=\"https:\/\/culinarium-alpinum.com\/event-location\/culinarium-alpinum\/\" data-location_status=\"true\" data-locid=\"13\"><\/span><\/span><\/span><span class='evoet_data' style='display:none' data-d=\"{&quot;loc.n&quot;:&quot;CULINARIUM ALPINUM&quot;,&quot;orgs&quot;:[],&quot;tags&quot;:[]}\" data-bgc=\"#ab6443\" data-bggrad=\"\" ><\/span><\/a><\/p><div class='clear end'><\/div><\/div><div id=\"event_25435_1\" class=\"eventon_list_event evo_eventtop scheduled  event clrD event_25435_1\" data-event_id=\"25435\" data-ri=\"1r\" data-time=\"1790694000-1790865000\" data-colr=\"#ab6443\" itemscope itemtype='http:\/\/schema.org\/Event'><div class=\"evo_event_schema\" style=\"display:none\" ><a itemprop=\"url\" href=\"https:\/\/culinarium-alpinum.com\/en\/events\/auf-den-spuren-des-alp-sbrinz-2-tages-wanderung\/var\/ri-1.l-L1\"><\/a><meta itemprop='image' content=\"https:\/\/culinarium-alpinum.com\/wp-content\/uploads\/2026\/04\/Eventbild_Webseite_1440x1080_Alp-Sbrinz-Wanderung.jpg\" \/><meta itemprop='startDate' content=\"2026-9-29T17:00+2:00\" \/><meta itemprop='endDate' content=\"2026-10-1T16:30+2:00\" \/><meta itemprop='eventStatus' content=\"https:\/\/schema.org\/EventScheduled\" \/><meta itemprop='eventAttendanceMode'   itemscope itemtype=\"https:\/\/schema.org\/OfflineEventAttendanceMode\"\/><div style=\"display:none\" itemprop=\"location\" itemscope itemtype=\"http:\/\/schema.org\/Place\"><span itemprop=\"name\">CULINARIUM ALPINUM<\/span><span itemprop=\"address\" itemscope itemtype=\"http:\/\/schema.org\/PostalAddress\"><item itemprop=\"streetAddress\">M\u00fcrgstrasse 18<\/item><\/span><\/div><script type=\"application\/ld+json\">{\"@context\": \"http:\/\/schema.org\",\"@type\": \"Event\",\n\t\t\t\t\"@id\": \"event_25435_1\",\n\t\t\t\t\"eventAttendanceMode\":\"https:\/\/schema.org\/OfflineEventAttendanceMode\",\n\t\t\t\t\"eventStatus\":\"https:\/\/schema.org\/EventScheduled\",\n\t\t\t\t\"name\": \"\u00abAuf den Spuren  des Alp Sbrinz\u00bb - 2-Tages-Wanderung\",\n\t\t\t\t\"url\": \"https:\/\/culinarium-alpinum.com\/en\/events\/auf-den-spuren-des-alp-sbrinz-2-tages-wanderung\/var\/ri-1.l-L1\",\n\t\t\t\t\"startDate\": \"2026-9-29T17:00+2:00\",\n\t\t\t\t\"endDate\": \"2026-10-1T16:30+2:00\",\n\t\t\t\t\"image\":\"https:\/\/culinarium-alpinum.com\/wp-content\/uploads\/2026\/04\/Eventbild_Webseite_1440x1080_Alp-Sbrinz-Wanderung.jpg\", \n\t\t\t\t\"description\":\"<p><span style='color: #000000;'><strong><span style='font-size: 24px;'>\u00abAuf den Spuren\u00a0des Alp Sbrinz\u00bb &#8211;<\/span><\/strong><strong><span style='font-size: 24px;'><strong>\u00a0<\/strong>2-Tages-Wanderung<\/span><\/strong><\/span><\/p> <p><span style='color: #000000;'>Im CULINARIUM ALPINUM erwartet Sie ein genussvoller Auftakt mit einer Alp-Sbrinz Degustation und einer spannenden F\u00fchrung durch das ehemalige Kapuzinerkloster<\/span><\/p> <p><span style='color: #000000;'>Am Abend geniessen Sie eine regionale Tavolata und \u00fcbernachten in historischem Ambiente.<\/span><\/p> <p><span style='color: #000000;'>Am n\u00e4chsten Tag startet die zweit\u00e4gige Wanderung: \u00dcber Gerschnialp, Untertr\u00fcbsee und Tr\u00fcbsee f\u00fchrt die eindrucksvolle 4-Seen-Wanderung auf der \u00abvia Sbrinz\u00bb Richtung Jochpass.<\/span><br \/> <span style='color: #000000;'>Den Tag lassen Sie im B\u00e4rghuis Jochpass ausklingen, wo Sie auch \u00fcbernachten.<\/span><\/p> <p><span style='color: #000000;'>Am zweiten Tag geht es weiter zur Engstlenalp und weiter Richtung Tannalp bis nach Melchsee-Frutt. Unterwegs besuchen Sie eine Alp Sbrinz K\u00e4serei und erleben Natur, Flora und Fauna.<\/span><\/p> <p><span style='color: #000000;'>Die R\u00fcckreise erfolgt via St\u00f6ckalp nach Kerns\/Sarnen und weiter nach Stans.<\/span><\/p> <div class='wpb_text_column wpb_content_element vc_custom_1763030023949'> <p><span style='color: #000000;'><strong>Montag, 27. Juli bis Mittwoch, 29. Juli 2026<\/strong><\/span><br \/> <span style='color: #000000;'><strong>Dienstag, 29. September bis Donnerstag, 1. Oktober 2026<\/strong><\/span><\/p> <p class='content'><span style='color: #000000;'>Kurskosten:<br \/> <strong>CHF 790.- pro Person<\/strong> im Doppelzimmer zur <strong>Einzelbelegung<\/strong><\/span><br \/> <span style='color: #000000;'><strong>CHF 720.- pro Person<\/strong> im Doppelzimmer zur <strong>Doppelbelegung<\/strong><\/span><\/p> <p><span style='color: #000000;'>Im Preis <strong>inklusive<\/strong> sind:<\/span><br \/> <span style='color: #000000;'>Im CULINARIUM ALPINUM: Kleine Klosterf\u00fchrung inkl. Alp-Sbrinz-Degustation, Abendessen \u00abTavolata\u00bb (exkl. Getr\u00e4nke), \u00dcbernachtung, Fr\u00fchst\u00fcck und Mittagessen f\u00fcr 1. Wandertag.<\/span><br \/> <span style='color: #000000;'>Des weiteren \u00dcbernachtung auf dem Jochpass (exkl. Getr\u00e4nke) inkl. Abendessen und Fr\u00fchst\u00fcck sowie Mittagessen am 2. Tag.<\/span><\/p> <p><span style='color: #000000;'>Transfer\/\u00d6V\/Luftseilbahn sind\u00a0<strong>nicht inklusive<\/strong><\/span><\/p> <div class='wpb_wrapper'><span style='color: #000000;'>Anzahl Teilnehmer:innen: mind. 5 \/ max. 10<\/span><\/div> <\/div> <p><span style='color: #000000;'>F\u00fcr weitere Informationen klicken Sie <strong><span style='color: #ab6443;'><a style='color: #ab6443;' href='https:\/\/culinarium-alpinum.com\/kurse-und-seminare\/auf-den-spuren-des-alp-sbrinz-2-tages-wanderung\/'>hier<\/a><\/span>.<\/strong><\/span><\/p> <p>&nbsp;<\/p> \",\"location\":[{\"@type\":\"Place\",\"name\":\"CULINARIUM ALPINUM\",\"address\":{\"@type\": \"PostalAddress\",\"streetAddress\":\"M\u00fcrgstrasse 18\"}}]}<\/script><\/div>\r\n\t\t\t\t<p class=\"desc_trig_outter\" style=\"\"><a data-gmap_status=\"null\" data-exlk=\"1\" href=\"https:\/\/culinarium-alpinum.com\/en\/events\/auf-den-spuren-des-alp-sbrinz-2-tages-wanderung\/var\/ri-1.l-L1\" target=\"_blank\" rel=\"noopener noreferrer\" style=\"background-color: #ab6443;\" id=\"evc_179069400025435\" class=\"event_repeat desc_trig mul_val evcal_list_a\" data-ux_val=\"4\" data-ux_val_mob=\"-\"><span class='evoet_in'><span class='evoet_c2 evoet_cx '><span class='evoet_dayblock evcal_cblock ' data-bgcolor='#ab6443' data-smon='September' data-syr='2026' data-bub=''><span class='evo_start  evofxdrc'><em class='date'>29<\/em><em class='month'>Sep<\/em><\/span><span class='evo_end  evofxdrc'><em class='date'>01<\/em><em class='month'>Okt<\/em><\/span><\/span><\/span><span class='evoet_c3 evoet_cx evcal_desc hide_eventtopdata '><span class='evoet_title evcal_desc2 evcal_event_title ' itemprop='name'>\u00abAuf den Spuren  des Alp Sbrinz\u00bb - 2-Tages-Wanderung<\/span><span class='event_location_attrs evodni'  data-location_address=\"M\u00fcrgstrasse 18\" data-location_type=\"address\" data-location_name=\"CULINARIUM ALPINUM\" data-location_url=\"https:\/\/culinarium-alpinum.com\/event-location\/culinarium-alpinum\/\" data-location_status=\"true\" data-locid=\"13\"><\/span><\/span><\/span><span class='evoet_data' style='display:none' data-d=\"{&quot;loc.n&quot;:&quot;CULINARIUM ALPINUM&quot;,&quot;orgs&quot;:[],&quot;tags&quot;:{&quot;repeating&quot;:&quot;Repeating Event&quot;}}\" data-bgc=\"#ab6443\" data-bggrad=\"\" ><\/span><\/a><\/p><div class='clear end'><\/div><\/div><div id=\"event_24883_0\" class=\"eventon_list_event evo_eventtop scheduled  event clrD event_24883_0\" data-event_id=\"24883\" data-ri=\"0r\" data-time=\"1790928000-1790940600\" data-colr=\"#ab6443\" itemscope itemtype='http:\/\/schema.org\/Event'><div class=\"evo_event_schema\" style=\"display:none\" ><a itemprop=\"url\" href=\"https:\/\/culinarium-alpinum.com\/en\/events\/pilze-am-wegrand\/\"><\/a><meta itemprop='image' content=\"https:\/\/culinarium-alpinum.com\/wp-content\/uploads\/2025\/08\/Bild-4.jpg\" \/><meta itemprop='startDate' content=\"2026-10-2T10:00+2:00\" \/><meta itemprop='endDate' content=\"2026-10-2T13:30+2:00\" \/><meta itemprop='eventStatus' content=\"https:\/\/schema.org\/EventScheduled\" \/><meta itemprop='eventAttendanceMode'   itemscope itemtype=\"https:\/\/schema.org\/OfflineEventAttendanceMode\"\/><div style=\"display:none\" itemprop=\"location\" itemscope itemtype=\"http:\/\/schema.org\/Place\"><span itemprop=\"name\">CULINARIUM ALPINUM<\/span><span itemprop=\"address\" itemscope itemtype=\"http:\/\/schema.org\/PostalAddress\"><item itemprop=\"streetAddress\">M\u00fcrgstrasse 18<\/item><\/span><\/div><script type=\"application\/ld+json\">{\"@context\": \"http:\/\/schema.org\",\"@type\": \"Event\",\n\t\t\t\t\"@id\": \"event_24883_0\",\n\t\t\t\t\"eventAttendanceMode\":\"https:\/\/schema.org\/OfflineEventAttendanceMode\",\n\t\t\t\t\"eventStatus\":\"https:\/\/schema.org\/EventScheduled\",\n\t\t\t\t\"name\": \"Pilze am Wegrand\",\n\t\t\t\t\"url\": \"https:\/\/culinarium-alpinum.com\/en\/events\/pilze-am-wegrand\/\",\n\t\t\t\t\"startDate\": \"2026-10-2T10:00+2:00\",\n\t\t\t\t\"endDate\": \"2026-10-2T13:30+2:00\",\n\t\t\t\t\"image\":\"https:\/\/culinarium-alpinum.com\/wp-content\/uploads\/2025\/08\/Bild-4.jpg\", \n\t\t\t\t\"description\":\"<p><span style='color: #000000;'><b><span style='font-size: 24px;'>Pilze am Wegrand <\/span>&#8211; <\/b>Einf\u00fchrung in die Welt der Pilze<\/span><\/p> <p><span style='color: #000000;'><b>Freitag, 2. Oktober, Samstag, 3. Oktober und Freitag, 23. Oktober 2026 &#8211; 10.00 bis<\/b><\/span><span style='color: #000000;'><b> 13.30Uhr<\/b><\/span><\/p> <p><span style='color: #000000;'>Erleben Sie auf einem gef\u00fchrten Waldspaziergang eine Einf\u00fchrung in die Welt der Pilze.<\/span><\/p> <p><span style='color: #000000;'>Sammeln Sie selbst Pilze und bereiten Sie diese mit unserem K\u00fcchenteam als Vorspeise Ihres gemeinsamen 3-Gang-Mittagessens zu. Zum Abschluss entdecken Sie bei einer Tee-Degustation die Kraft des Chaga-Pilzes.<\/span><\/p> <p><a href='https:\/\/culinarium-alpinum.com\/wp-content\/uploads\/2026\/02\/CA_Pilze-am-Wegrand_2026_Flyer_148x210_web.pdf' target='_blank' rel='noopener'>Eventflyer<\/a><\/p> <p><span style='color: #000000;'>CHF 115.- pro Person<\/span><br \/> <span style='color: #000000;'>Im Kurs inklusive<\/span><br \/> <span style='color: #000000;'>Kaffee \/ Tee am Morgen<\/span><br \/> <span style='color: #000000;'>Gef\u00fchrte Pilzinstruktion und Verarbeitung<\/span><br \/> <span style='color: #000000;'>3-Gang Mittagessen inklusive Wasser und Kaffee<\/span><br \/> <span style='color: #000000;'>Rezepte zum Mitnehmen<\/span><\/p> <p><span style='color: #000000;'>Bringen Sie gutes Schuhwerk, Wetterfeste Kleidung und einen Korb oder eine Stofftasche f\u00fcr Pilze mit.<\/span><\/p> <p><span style='color: #000000;'>Leider k\u00f6nnen wir keine Garantie auf Pilzfunde in der Umgebung von Stans geben. Alternativ findet der Kurs an einem Ort in der Umgebung statt, welcher vorzeitig kommuniziert wird.<\/span><\/p> \",\"location\":[{\"@type\":\"Place\",\"name\":\"CULINARIUM ALPINUM\",\"address\":{\"@type\": \"PostalAddress\",\"streetAddress\":\"M\u00fcrgstrasse 18\"}}]}<\/script><\/div>\r\n\t\t\t\t<p class=\"desc_trig_outter\" style=\"\"><a data-gmap_status=\"null\" data-exlk=\"1\" href=\"https:\/\/culinarium-alpinum.com\/en\/events\/pilze-am-wegrand\/\" style=\"background-color: #ab6443;\" id=\"evc_179092800024883\" class=\"event_repeat desc_trig sin_val evcal_list_a\" data-ux_val=\"4\" data-ux_val_mob=\"-\"><span class='evoet_in'><span class='evoet_c2 evoet_cx '><span class='evoet_dayblock evcal_cblock ' data-bgcolor='#ab6443' data-smon='Oktober' data-syr='2026' data-bub=''><span class='evo_start  evofxdrc'><em class='date'>02<\/em><em class='month'>Okt<\/em><em class='time'>10:00<\/em><\/span><span class='evo_end only_time evofxdrc'><em class='time'>13:30<\/em><\/span><\/span><\/span><span class='evoet_c3 evoet_cx evcal_desc hide_eventtopdata '><span class='evoet_title evcal_desc2 evcal_event_title ' itemprop='name'>Pilze am Wegrand<\/span><span class='event_location_attrs evodni'  data-location_address=\"M\u00fcrgstrasse 18\" data-location_type=\"address\" data-location_name=\"CULINARIUM ALPINUM\" data-location_url=\"https:\/\/culinarium-alpinum.com\/event-location\/culinarium-alpinum\/\" data-location_status=\"true\" data-locid=\"13\"><\/span><span class='evoet_cy evoet_subtitle evo_below_title' ><span class='evcal_event_subtitle ' >Einf\u00fchrung in die Welt der Pilze<\/span><\/span><\/span><\/span><span class='evoet_data' style='display:none' data-d=\"{&quot;loc.n&quot;:&quot;CULINARIUM ALPINUM&quot;,&quot;orgs&quot;:[],&quot;tags&quot;:{&quot;repeating&quot;:&quot;Repeating Event&quot;}}\" data-bgc=\"#ab6443\" data-bggrad=\"\" ><\/span><\/a><\/p><div class='clear end'><\/div><\/div><div id=\"event_24883_1\" class=\"eventon_list_event evo_eventtop scheduled  event clrD event_24883_1\" data-event_id=\"24883\" data-ri=\"1r\" data-time=\"1791014400-1791027000\" data-colr=\"#ab6443\" itemscope itemtype='http:\/\/schema.org\/Event'><div class=\"evo_event_schema\" style=\"display:none\" ><a itemprop=\"url\" href=\"https:\/\/culinarium-alpinum.com\/en\/events\/pilze-am-wegrand\/var\/ri-1.l-L1\"><\/a><meta itemprop='image' content=\"https:\/\/culinarium-alpinum.com\/wp-content\/uploads\/2025\/08\/Bild-4.jpg\" \/><meta itemprop='startDate' content=\"2026-10-3T10:00+2:00\" \/><meta itemprop='endDate' content=\"2026-10-3T13:30+2:00\" \/><meta itemprop='eventStatus' content=\"https:\/\/schema.org\/EventScheduled\" \/><meta itemprop='eventAttendanceMode'   itemscope itemtype=\"https:\/\/schema.org\/OfflineEventAttendanceMode\"\/><div style=\"display:none\" itemprop=\"location\" itemscope itemtype=\"http:\/\/schema.org\/Place\"><span itemprop=\"name\">CULINARIUM ALPINUM<\/span><span itemprop=\"address\" itemscope itemtype=\"http:\/\/schema.org\/PostalAddress\"><item itemprop=\"streetAddress\">M\u00fcrgstrasse 18<\/item><\/span><\/div><script type=\"application\/ld+json\">{\"@context\": \"http:\/\/schema.org\",\"@type\": \"Event\",\n\t\t\t\t\"@id\": \"event_24883_1\",\n\t\t\t\t\"eventAttendanceMode\":\"https:\/\/schema.org\/OfflineEventAttendanceMode\",\n\t\t\t\t\"eventStatus\":\"https:\/\/schema.org\/EventScheduled\",\n\t\t\t\t\"name\": \"Pilze am Wegrand\",\n\t\t\t\t\"url\": \"https:\/\/culinarium-alpinum.com\/en\/events\/pilze-am-wegrand\/var\/ri-1.l-L1\",\n\t\t\t\t\"startDate\": \"2026-10-3T10:00+2:00\",\n\t\t\t\t\"endDate\": \"2026-10-3T13:30+2:00\",\n\t\t\t\t\"image\":\"https:\/\/culinarium-alpinum.com\/wp-content\/uploads\/2025\/08\/Bild-4.jpg\", \n\t\t\t\t\"description\":\"<p><span style='color: #000000;'><b><span style='font-size: 24px;'>Pilze am Wegrand <\/span>&#8211; <\/b>Einf\u00fchrung in die Welt der Pilze<\/span><\/p> <p><span style='color: #000000;'><b>Freitag, 2. Oktober, Samstag, 3. Oktober und Freitag, 23. Oktober 2026 &#8211; 10.00 bis<\/b><\/span><span style='color: #000000;'><b> 13.30Uhr<\/b><\/span><\/p> <p><span style='color: #000000;'>Erleben Sie auf einem gef\u00fchrten Waldspaziergang eine Einf\u00fchrung in die Welt der Pilze.<\/span><\/p> <p><span style='color: #000000;'>Sammeln Sie selbst Pilze und bereiten Sie diese mit unserem K\u00fcchenteam als Vorspeise Ihres gemeinsamen 3-Gang-Mittagessens zu. Zum Abschluss entdecken Sie bei einer Tee-Degustation die Kraft des Chaga-Pilzes.<\/span><\/p> <p><a href='https:\/\/culinarium-alpinum.com\/wp-content\/uploads\/2026\/02\/CA_Pilze-am-Wegrand_2026_Flyer_148x210_web.pdf' target='_blank' rel='noopener'>Eventflyer<\/a><\/p> <p><span style='color: #000000;'>CHF 115.- pro Person<\/span><br \/> <span style='color: #000000;'>Im Kurs inklusive<\/span><br \/> <span style='color: #000000;'>Kaffee \/ Tee am Morgen<\/span><br \/> <span style='color: #000000;'>Gef\u00fchrte Pilzinstruktion und Verarbeitung<\/span><br \/> <span style='color: #000000;'>3-Gang Mittagessen inklusive Wasser und Kaffee<\/span><br \/> <span style='color: #000000;'>Rezepte zum Mitnehmen<\/span><\/p> <p><span style='color: #000000;'>Bringen Sie gutes Schuhwerk, Wetterfeste Kleidung und einen Korb oder eine Stofftasche f\u00fcr Pilze mit.<\/span><\/p> <p><span style='color: #000000;'>Leider k\u00f6nnen wir keine Garantie auf Pilzfunde in der Umgebung von Stans geben. Alternativ findet der Kurs an einem Ort in der Umgebung statt, welcher vorzeitig kommuniziert wird.<\/span><\/p> \",\"location\":[{\"@type\":\"Place\",\"name\":\"CULINARIUM ALPINUM\",\"address\":{\"@type\": \"PostalAddress\",\"streetAddress\":\"M\u00fcrgstrasse 18\"}}]}<\/script><\/div>\r\n\t\t\t\t<p class=\"desc_trig_outter\" style=\"\"><a data-gmap_status=\"null\" data-exlk=\"1\" href=\"https:\/\/culinarium-alpinum.com\/en\/events\/pilze-am-wegrand\/var\/ri-1.l-L1\" style=\"background-color: #ab6443;\" id=\"evc_179101440024883\" class=\"event_repeat desc_trig sin_val evcal_list_a\" data-ux_val=\"4\" data-ux_val_mob=\"-\"><span class='evoet_in'><span class='evoet_c2 evoet_cx '><span class='evoet_dayblock evcal_cblock ' data-bgcolor='#ab6443' data-smon='Oktober' data-syr='2026' data-bub=''><span class='evo_start  evofxdrc'><em class='date'>03<\/em><em class='month'>Okt<\/em><em class='time'>10:00<\/em><\/span><span class='evo_end only_time evofxdrc'><em class='time'>13:30<\/em><\/span><\/span><\/span><span class='evoet_c3 evoet_cx evcal_desc hide_eventtopdata '><span class='evoet_title evcal_desc2 evcal_event_title ' itemprop='name'>Pilze am Wegrand<\/span><span class='event_location_attrs evodni'  data-location_address=\"M\u00fcrgstrasse 18\" data-location_type=\"address\" data-location_name=\"CULINARIUM ALPINUM\" data-location_url=\"https:\/\/culinarium-alpinum.com\/event-location\/culinarium-alpinum\/\" data-location_status=\"true\" data-locid=\"13\"><\/span><span class='evoet_cy evoet_subtitle evo_below_title' ><span class='evcal_event_subtitle ' >Einf\u00fchrung in die Welt der Pilze<\/span><\/span><\/span><\/span><span class='evoet_data' style='display:none' data-d=\"{&quot;loc.n&quot;:&quot;CULINARIUM ALPINUM&quot;,&quot;orgs&quot;:[],&quot;tags&quot;:{&quot;repeating&quot;:&quot;Repeating Event&quot;}}\" data-bgc=\"#ab6443\" data-bggrad=\"\" ><\/span><\/a><\/p><div class='clear end'><\/div><\/div><div id=\"event_21238_9\" class=\"eventon_list_event evo_eventtop scheduled  event clrD event_21238_9\" data-event_id=\"21238\" data-ri=\"9r\" data-time=\"1791619200-1791631800\" data-colr=\"#ab6443\" itemscope itemtype='http:\/\/schema.org\/Event'><div class=\"evo_event_schema\" style=\"display:none\" ><a itemprop=\"url\" href=\"https:\/\/culinarium-alpinum.com\/en\/events\/wildpflanzen-am-wegrand-mit-margreta-krummenacher\/var\/ri-9.l-L1\"><\/a><meta itemprop='image' content=\"https:\/\/culinarium-alpinum.com\/wp-content\/uploads\/2026\/01\/Wildpflanzen-am-Wegrand_Eventbild_Webseite_1440x1080.jpg\" \/><meta itemprop='startDate' content=\"2026-10-10T10:00+2:00\" \/><meta itemprop='endDate' content=\"2026-10-10T13:30+2:00\" \/><meta itemprop='eventStatus' content=\"https:\/\/schema.org\/EventScheduled\" \/><meta itemprop='eventAttendanceMode'   itemscope itemtype=\"https:\/\/schema.org\/OfflineEventAttendanceMode\"\/><div style=\"display:none\" itemprop=\"location\" itemscope itemtype=\"http:\/\/schema.org\/Place\"><span itemprop=\"name\">CULINARIUM ALPINUM<\/span><span itemprop=\"address\" itemscope itemtype=\"http:\/\/schema.org\/PostalAddress\"><item itemprop=\"streetAddress\">M\u00fcrgstrasse 18<\/item><\/span><\/div><script type=\"application\/ld+json\">{\"@context\": \"http:\/\/schema.org\",\"@type\": \"Event\",\n\t\t\t\t\"@id\": \"event_21238_9\",\n\t\t\t\t\"eventAttendanceMode\":\"https:\/\/schema.org\/OfflineEventAttendanceMode\",\n\t\t\t\t\"eventStatus\":\"https:\/\/schema.org\/EventScheduled\",\n\t\t\t\t\"name\": \"Wildpflanzen am Wegrand\",\n\t\t\t\t\"url\": \"https:\/\/culinarium-alpinum.com\/en\/events\/wildpflanzen-am-wegrand-mit-margreta-krummenacher\/var\/ri-9.l-L1\",\n\t\t\t\t\"startDate\": \"2026-10-10T10:00+2:00\",\n\t\t\t\t\"endDate\": \"2026-10-10T13:30+2:00\",\n\t\t\t\t\"image\":\"https:\/\/culinarium-alpinum.com\/wp-content\/uploads\/2026\/01\/Wildpflanzen-am-Wegrand_Eventbild_Webseite_1440x1080.jpg\", \n\t\t\t\t\"description\":\"<p><strong>Entdecken, sammeln, geniessen: Rund um das Culinarium Alpinum lernen Sie essbare Wildpflanzen kennen und sammeln. <\/strong><\/p> <p><strong>Gemeinsam mit dem K\u00fcchenteam entstehen daraus kreative Vorspeisen f\u00fcr ein genussvolles 3-Gang-Menu.<\/strong><\/p> <p><em>Donnerstag, 19. M\u00e4rz 2026 (Josefstag), von 10.00 bis 13.30 Uhr &#8211; Aufgrund zu geringer Teilnehmerzahl ist dieser Kurs abgesagt.<\/em><\/p> <p><strong>Samstag, 25. April 2026<\/strong>, von 10.00 bis 13.30 Uhr &#8211; <strong>AUSGEBUCHT<\/strong><\/p> <p><strong>Freitag, 29. Mai 2026<\/strong>, von 10.00 bis 13.30 Uhr<\/p> <p><strong>Freitag, 26. Juni 2026<\/strong>, von 16.00 bis 19.30 Uhr<\/p> <p><strong>Freitag, 17. Juli 2026<\/strong>, von 16.00 bis 19.30 Uhr<\/p> <p><strong>Samstag, 18. Juli 2026<\/strong>, von 10.00 bis 13.30 Uhr<\/p> <p><strong>Samstag, 8. August 2026<\/strong>, von 10.00 bis 13.30 Uhr<\/p> <p><strong>Samstag, 29. August 2026<\/strong>, von 10.00 bis 13.30 Uhr<\/p> <p><strong>Samstag, 12. September 2026<\/strong>, von 10.00 bis 13.30 Uhr<\/p> <p><strong>Samstag, 10. Oktober 2026<\/strong>, von 10.00 bis 13.30 Uhr<\/p> <p><a href='https:\/\/culinarium-alpinum.com\/wp-content\/uploads\/2026\/01\/CA_Wildpflanzen-am-Wegrand_2026_Flyer_148x210_web-1.pdf' target='_blank' rel='noopener'>Eventflyer<\/a><\/p> <p>CHF 95.- pro Person<\/p> <p>Im Kurs inklusive:<\/p> <p>Kaffee \/ Tee \/ Saft beim Eintreffen<\/p> <p>Gef\u00fchrte Wildpflanzensammlung mit Margreta Krummenacher<\/p> <p>Zubereitung Vorspeise 3-Gang Menu inklusive Wasser und Kaffee in Begleitung unseres K\u00fcchenteams<\/p> <p>Rezepte zum Mitnehmen<\/p> \",\"location\":[{\"@type\":\"Place\",\"name\":\"CULINARIUM ALPINUM\",\"address\":{\"@type\": \"PostalAddress\",\"streetAddress\":\"M\u00fcrgstrasse 18\"}}]}<\/script><\/div>\r\n\t\t\t\t<p class=\"desc_trig_outter\" style=\"\"><a data-gmap_status=\"null\" data-gmtrig=\"1\" data-exlk=\"0\" style=\"background-color: #ab6443;\" id=\"evc_179161920021238\" href=\"#\" class=\"event_repeat desc_trig sin_val evcal_list_a\" data-ux_val=\"3\" data-ux_val_mob=\"-\"  ><span class='evoet_in'><span class='evoet_c2 evoet_cx '><span class='evoet_dayblock evcal_cblock ' data-bgcolor='#ab6443' data-smon='Oktober' data-syr='2026' data-bub=''><span class='evo_start  evofxdrc'><em class='date'>10<\/em><em class='month'>Okt<\/em><em class='time'>10:00<\/em><\/span><span class='evo_end only_time evofxdrc'><em class='time'>13:30<\/em><\/span><\/span><\/span><span class='evoet_c3 evoet_cx evcal_desc hide_eventtopdata '><span class='evoet_title evcal_desc2 evcal_event_title ' itemprop='name'>Wildpflanzen am Wegrand<\/span><span class='event_location_attrs evodni'  data-location_address=\"M\u00fcrgstrasse 18\" data-location_type=\"address\" data-location_name=\"CULINARIUM ALPINUM\" data-location_url=\"https:\/\/culinarium-alpinum.com\/event-location\/culinarium-alpinum\/\" data-location_status=\"true\" data-locid=\"13\"><\/span><\/span><\/span><span class='evoet_data' style='display:none' data-d=\"{&quot;loc.n&quot;:&quot;CULINARIUM ALPINUM&quot;,&quot;orgs&quot;:[],&quot;tags&quot;:{&quot;repeating&quot;:&quot;Repeating Event&quot;}}\" data-bgc=\"#ab6443\" data-bggrad=\"\" ><\/span><\/a><\/p><div class='event_description evcal_eventcard ' style=\"display:none\"><div class='evocard_row'><div id='event_ftimage' class='evocard_box ftimage' data-c='' \n\t\t\t\t\tstyle=''><div class='evocard_main_image_hold' data-t='Loading Image..'><div class='evocard_main_image evo_img_triglb evocd_img_full evobr15 evobgsc evobgpc evodfx evofx_jc_c evofx_ai_c evofz48 full' style='height:400px; background-image:url();' data-f=\"https:\/\/culinarium-alpinum.com\/wp-content\/uploads\/2026\/01\/Wildpflanzen-am-Wegrand_Eventbild_Webseite_1440x1080.jpg\" data-h=\"1080\" data-w=\"1440\" data-ratio=\"0.75\" data-event_id=\"21238\" data-ri=\"9\"  data-t='Loading Image..'><span style='height:400px; background-image:url(https:\/\/culinarium-alpinum.com\/wp-content\/uploads\/2026\/01\/Wildpflanzen-am-Wegrand_Eventbild_Webseite_1440x1080.jpg)'><\/span><\/div><\/div><\/div><\/div><!-- row close --><div class='evocard_row'><div id='event_eventdetails' class='evocard_box eventdetails' data-c='' \n\t\t\t\t\tstyle=''><div class=\"evo_metarow_details evorow evcal_evdata_row evcal_event_details\">\n    <div class=\"event_excerpt\" style=\"display:none\"><h3 class=\"padb5 evo_h3\">Details<\/h3><p>Entdecken, sammeln, geniessen: Rund um das Culinarium Alpinum lernen Sie essbare Wildpflanzen kennen und sammeln. \nGemeinsam mit dem K\u00fcchenteam entstehen daraus kreative Vorspeisen f\u00fcr ein genussvolles 3-Gang-Menu.\nDonnerstag, 19. M\u00e4rz 2026<\/p><\/div><span class='evcal_evdata_icons'><i class='fa fa-align-justify'><\/i><\/span>    <div class=\"evcal_evdata_cell shorter_desc\">\n        <div class=\"eventon_full_description\">\n            <h3 class=\"padb5 evo_h3\"><span class='evcal_evdata_icons'><i class='fa fa-align-justify'><\/i><\/span>Details<\/h3>\n            <div class=\"eventon_desc_in\" itemprop=\"description\">\n                <p><strong>Entdecken, sammeln, geniessen: Rund um das Culinarium Alpinum lernen Sie essbare Wildpflanzen kennen und sammeln. <\/strong><\/p>\n<p><strong>Gemeinsam mit dem K\u00fcchenteam entstehen daraus kreative Vorspeisen f\u00fcr ein genussvolles 3-Gang-Menu.<\/strong><\/p>\n<p><em>Donnerstag, 19. M\u00e4rz 2026 (Josefstag), von 10.00 bis 13.30 Uhr &#8211; Aufgrund zu geringer Teilnehmerzahl ist dieser Kurs abgesagt.<\/em><\/p>\n<p><strong>Samstag, 25. April 2026<\/strong>, von 10.00 bis 13.30 Uhr &#8211; <strong>AUSGEBUCHT<\/strong><\/p>\n<p><strong>Freitag, 29. Mai 2026<\/strong>, von 10.00 bis 13.30 Uhr<\/p>\n<p><strong>Freitag, 26. Juni 2026<\/strong>, von 16.00 bis 19.30 Uhr<\/p>\n<p><strong>Freitag, 17. Juli 2026<\/strong>, von 16.00 bis 19.30 Uhr<\/p>\n<p><strong>Samstag, 18. Juli 2026<\/strong>, von 10.00 bis 13.30 Uhr<\/p>\n<p><strong>Samstag, 8. August 2026<\/strong>, von 10.00 bis 13.30 Uhr<\/p>\n<p><strong>Samstag, 29. August 2026<\/strong>, von 10.00 bis 13.30 Uhr<\/p>\n<p><strong>Samstag, 12. September 2026<\/strong>, von 10.00 bis 13.30 Uhr<\/p>\n<p><strong>Samstag, 10. Oktober 2026<\/strong>, von 10.00 bis 13.30 Uhr<\/p>\n<p><a href=\"https:\/\/culinarium-alpinum.com\/wp-content\/uploads\/2026\/01\/CA_Wildpflanzen-am-Wegrand_2026_Flyer_148x210_web-1.pdf\" target=\"_blank\" rel=\"noopener\">Eventflyer<\/a><\/p>\n<p>CHF 95.- pro Person<\/p>\n<p>Im Kurs inklusive:<\/p>\n<p>Kaffee \/ Tee \/ Saft beim Eintreffen<\/p>\n<p>Gef\u00fchrte Wildpflanzensammlung mit Margreta Krummenacher<\/p>\n<p>Zubereitung Vorspeise 3-Gang Menu inklusive Wasser und Kaffee in Begleitung unseres K\u00fcchenteams<\/p>\n<p>Rezepte zum Mitnehmen<\/p>\n            <\/div>\n            <p class='eventon_shad_p' style='padding:5px 0 0; margin:0'><button class='evcal_btn evo_btn_secondary evobtn_details_show_more' content='less' aria-label='Mehr' aria-expanded='false'><span class='ev_more_text' data-txt='Weniger'>Mehr<\/span><span class='ev_more_arrow ard'><\/span><\/button><\/p><div class='clear'><\/div>        <\/div>\n    <\/div>\n<\/div><\/div><\/div><!-- row close --><div class='evocard_row bx2 bx'><div id='event_time' class='evocard_box time' data-c='' \n\t\t\t\t\tstyle=''><div class='evo_metarow_time evorow evcal_evdata_row evcal_evrow_sm '>\n\t\t<span class='evcal_evdata_icons'><i class='fa fa-clock-o'><\/i><\/span>\n\t\t<div class='evcal_evdata_cell'>\t\t\t\t\t\t\t\n\t\t\t<h3 class='evo_h3'><span class='evcal_evdata_icons'><i class='fa fa-clock-o'><\/i><\/span>Zeit<\/h3><div><span class='evo_eventcard_time_t evogap5 evofxww'><span class=\"start\">10\/10\/2026<\/span> <span class=\"stime\">10:00<\/span> - <span class=\"etime\">13:30<\/span><\/span><span class='evo_tz marr5'>(GMT+02:00)<\/span><\/div>\n\t\t<\/div>\n\t<\/div><\/div><div id='event_location' class='evocard_box location' data-c='' \n\t\t\t\t\tstyle=''><div class='evcal_evdata_row evo_metarow_time_location evorow '>\n\t\t\n\t\t\t<span class='evcal_evdata_icons'><i class='fa fa-map-marker'><\/i><\/span>\n\t\t\t<div class='evcal_evdata_cell' data-loc_tax_id='13'><h3 class='evo_h3 evodfx'><span class='evcal_evdata_icons'><i class='fa fa-map-marker'><\/i><\/span><a target=\"\" href=\"https:\/\/www.google.com\/maps\/place\/CULINARIUM+ALPINUM\/@46.9555229,8.366832,1036m\/data=!3m1!1e3!4m9!3m8!1s0x478ff707894e1fc9:0x89b388b6ddd2576c!5m2!4m1!1i2!8m2!3d46.9555229!4d8.3694069!16sg11c51vhs13?entry=ttu&amp;g_ep=EgoyMDI1MDQxMy4wIKXMDSoASAFQAw\" rel=\"noopener\">Veranstaltungsort<\/a><\/h3><p class='evo_location_name'><a target=\"\" href=\"https:\/\/www.google.com\/maps\/place\/CULINARIUM+ALPINUM\/@46.9555229,8.366832,1036m\/data=!3m1!1e3!4m9!3m8!1s0x478ff707894e1fc9:0x89b388b6ddd2576c!5m2!4m1!1i2!8m2!3d46.9555229!4d8.3694069!16sg11c51vhs13?entry=ttu&amp;g_ep=EgoyMDI1MDQxMy4wIKXMDSoASAFQAw\" rel=\"noopener\">CULINARIUM ALPINUM<\/a><\/p><p class='evo_location_address evodfxi evogap10'><a target=\"\" href=\"https:\/\/www.google.com\/maps\/place\/CULINARIUM+ALPINUM\/@46.9555229,8.366832,1036m\/data=!3m1!1e3!4m9!3m8!1s0x478ff707894e1fc9:0x89b388b6ddd2576c!5m2!4m1!1i2!8m2!3d46.9555229!4d8.3694069!16sg11c51vhs13?entry=ttu&amp;g_ep=EgoyMDI1MDQxMy4wIKXMDSoASAFQAw\" rel=\"noopener\">M\u00fcrgstrasse 18<\/a><\/p><div class='evopadt5'><p class='evo_location_contact'>+41 41 619 17 17 <a href='mailto:info@culinarium-alpinum.ch'>info@culinarium-alpinum.ch<\/a><\/p><\/div><div class='padt10'><span class='evo_btn_arr evolb_trigger' data-lbvals=\"{&quot;lbdata&quot;:{&quot;class&quot;:&quot;evo_location_lb_13&quot;,&quot;additional_class&quot;:&quot;lb_max&quot;,&quot;title&quot;:&quot;CULINARIUM ALPINUM&quot;},&quot;adata&quot;:{&quot;a&quot;:&quot;eventon_get_tax_card_content&quot;,&quot;end&quot;:&quot;client&quot;,&quot;data&quot;:{&quot;lang&quot;:&quot;L1&quot;,&quot;term_id&quot;:13,&quot;tax&quot;:&quot;event_location&quot;,&quot;load_lbcontent&quot;:true}},&quot;uid&quot;:&quot;eventon_get_tax_card_content&quot;}\" >Other Events<i class='fa fa-chevron-right' aria-hidden='true'><\/i><\/span><\/div><\/div>\n\t\t\n\t<\/div><\/div><\/div><!-- row close --><div class='evocard_row'><div id='event_learnmore' class='evocard_box learnmore' data-c='' \n\t\t\t\t\tstyle=''><div class='evo_metarow_learnM evo_metarow_learnmore evorow'>\n\t\t\t\t\t\t\t<a class=\"evcal_evdata_row evo_clik_row \" href=\"https:\/\/culinarium-alpinum.com\/kurse-und-seminare\/wildpflanzen-am-wegrand\/\" target=\"_blank\">\n\t\t\t\t\t\t\t\t<span class='evcal_evdata_icons'><i class='fa fa-link'><\/i><\/span>\n\t\t\t\t\t\t\t\t<h3 class='evo_h3'>Reservation \/ Buchen<\/h3>\n\t\t\t\t\t\t\t<\/a>\n\t\t\t\t\t\t\t<\/div><\/div><\/div><!-- row close --><div class='evocard_row'><div id='event_getdirection' class='evocard_box getdirection' data-c='' \n\t\t\t\t\tstyle=''><div class='evo_metarow_getDr evorow evcal_evdata_row evcal_evrow_sm getdirections'>\n\t\t<form action='https:\/\/maps.google.com\/maps' method='get' target='_blank'>\n\t\t\t<input type='hidden' name='daddr' value=\"M\u00fcrgstrasse 18\"\/> \n\t\t\t<div class='evo_get_direction_content evo_fx_dr_r evogap10'>\n\t\t\t\t<span class='evogetdir_header evodfx evofxdrr evofxaic evogap10'>\n\t\t\t\t\t<i class='mainicon fa fa-road evofz24i'><\/i> \n\t\t\t\t\t<h3 class='evo_h3 evopad0i' style='padding-bottom:5px;'>Get Directions<\/h3>\n\t\t\t\t<\/span>\n\t\t\t\t<span class='evogetdir_field evodfx evofx_1_1 evow100p'>\t\n\t\t\t\t\t<label for='69f4cba510243' class='evo_aria_ready sr-only'>Address - Wildpflanzen am Wegrand []<\/label>\t\t\t\t\n\t\t\t\t\t<input id='69f4cba510243' class='evo_aria_ready_match evoInput2 evobr10 evow100p evopad10 evoff_2 evofz14i evobrdB1 evoboxbb' type='text' name='saddr' placeholder='Ihre Adresse' value='' style='' aria-label='Address - Wildpflanzen am Wegrand []' \/>\n\t\t\t\t<\/span>\n\t\t\t\t<div class='evodfx evofxdrr evofxaic evogap10'>\n\t\t\t\t\t<i class='fa fa-location-dot'><\/i>\n\t\t\t\t\t<div class='evoposr evofx_1 evoh100p'><label for='69f4cba510243' class='evo_aria_ready sr-only'>Destination Address - Wildpflanzen am Wegrand []<\/label>\t\t\n\t\t\t\t\t\t<input id='69f4cba510243' class='evo_aria_ready_match evoInput2 evobr10 evow100p evopad5-10 evoff_2 evofz14i evobrdB1 evoop5 evoboxbb evoh100p' type='text' style='' readonly value='M\u00fcrgstrasse 18' aria-label='Destination Address - Wildpflanzen am Wegrand []'\/><button class='evo_copy_address evobuttonA evocurp evohoop7 evoposa evopad5' style='right: 3px; top: 4px; background-color: #fff;' data-txt='M\u00fcrgstrasse 18' data-t='Address copied to clipboard!'><i class='far fa-copy evofz16i' title='Copy Destination Address!'><\/i><\/button>\n\t\t\t\t\t<\/div>\n\t\t\t\t\t<button type='submit' class='evo_get_direction_button evcal_btn dfx evofxaic evocurp evohoop7' title='Klicken Sie hier um Ihre Anreise anzuzeigen' style='    padding: 10px 15px !important;'><i class='fa fa-chevron-right'><\/i> <\/button>\n\t\t\t\t<\/div>\n\t\t\t<\/div>\n\t\t<\/form>\n\t<\/div><\/div><\/div><!-- row close --><button class='evo_card_row_end evcal_close' title='Close'><\/button><\/div><div class='clear end'><\/div><\/div><div id=\"event_24978_1\" class=\"eventon_list_event evo_eventtop scheduled  event clrD event_24978_1\" data-event_id=\"24978\" data-ri=\"1r\" data-time=\"1791711000-1791723600\" data-colr=\"#ab6443\" itemscope itemtype='http:\/\/schema.org\/Event'><div class=\"evo_event_schema\" style=\"display:none\" ><a itemprop=\"url\" href=\"https:\/\/culinarium-alpinum.com\/en\/events\/wildpflanzen-am-wegrand\/var\/ri-1.l-L1\"><\/a><meta itemprop='image' content=\"https:\/\/culinarium-alpinum.com\/wp-content\/uploads\/2026\/01\/Wildpflanzen-am-Wegrand_Eventbild_Webseite_1440x1080.jpg\" \/><meta itemprop='startDate' content=\"2026-10-11T11:30+2:00\" \/><meta itemprop='endDate' content=\"2026-10-11T15:00+2:00\" \/><meta itemprop='eventStatus' content=\"https:\/\/schema.org\/EventScheduled\" \/><meta itemprop='eventAttendanceMode'   itemscope itemtype=\"https:\/\/schema.org\/OfflineEventAttendanceMode\"\/><div style=\"display:none\" itemprop=\"location\" itemscope itemtype=\"http:\/\/schema.org\/Place\"><span itemprop=\"name\">CULINARIUM ALPINUM<\/span><span itemprop=\"address\" itemscope itemtype=\"http:\/\/schema.org\/PostalAddress\"><item itemprop=\"streetAddress\">M\u00fcrgstrasse 18<\/item><\/span><\/div><script type=\"application\/ld+json\">{\"@context\": \"http:\/\/schema.org\",\"@type\": \"Event\",\n\t\t\t\t\"@id\": \"event_24978_1\",\n\t\t\t\t\"eventAttendanceMode\":\"https:\/\/schema.org\/OfflineEventAttendanceMode\",\n\t\t\t\t\"eventStatus\":\"https:\/\/schema.org\/EventScheduled\",\n\t\t\t\t\"name\": \"Wildpflanzen am Wegrand\",\n\t\t\t\t\"url\": \"https:\/\/culinarium-alpinum.com\/en\/events\/wildpflanzen-am-wegrand\/var\/ri-1.l-L1\",\n\t\t\t\t\"startDate\": \"2026-10-11T11:30+2:00\",\n\t\t\t\t\"endDate\": \"2026-10-11T15:00+2:00\",\n\t\t\t\t\"image\":\"https:\/\/culinarium-alpinum.com\/wp-content\/uploads\/2026\/01\/Wildpflanzen-am-Wegrand_Eventbild_Webseite_1440x1080.jpg\", \n\t\t\t\t\"description\":\"<p><span style='color: #000000;'><strong><span style='font-size: 24px;'>Entdecken, sammeln, geniessen: Rund um das Culinarium Alpinum lernen Sie essbare Wildpflanzen kennen und sammeln.<\/span> <\/strong><\/span><\/p> <p><span style='font-size: 14px;'><strong><span style='color: #000000;'>Gemeinsam mit dem K\u00fcchenteam entstehen daraus kreative Vorspeisen f\u00fcr ein genussvolles 3-Gang-Menu.<\/span><\/strong><\/span><\/p> <p>&nbsp;<\/p> <p><span style='color: #000000;'><strong>So<span style='color: #000000;'>nntag, 13. September 2026<\/span><\/strong>, von 11.30 bis 15.00 Uhr<\/span><\/p> <p><span style='color: #000000;'><strong>Sonntag, 11. Oktober 2026<\/strong>, von 11.30 bis 15.00 Uhr<\/span><\/p> <p><span style='color: #000000;'>Das Klosterzmorge ist ab 07.00 Uhr m\u00f6glich<\/span><\/p> <p><span style='color: #000000;'><a style='color: #000000;' href='https:\/\/culinarium-alpinum.com\/wp-content\/uploads\/2026\/01\/CA_Wildpflanzen-am-Wegrand_2026_Flyer_148x210_web-1.pdf' target='_blank' rel='noopener'>Eventflyer<\/a><\/span><\/p> <p><span style='color: #000000;'>CHF 95.- pro Person<\/span><\/p> <p><span style='color: #000000;'>Im Kurs inklusive:<\/span><\/p> <p><span style='color: #000000;'>Sonntags Klosterzmorge<\/span><\/p> <p><span style='color: #000000;'>Gef\u00fchrte Wildpflanzensammlung mit Margreta Krummenacher<\/span><\/p> <p><span style='color: #000000;'>Zubereitung Vorspeise 3-Gang Menu inklusive Wasser und Kaffee in Begleitung unseres K\u00fcchenteams<\/span><\/p> <p><span style='color: #000000;'>Rezepte zum Mitnehmen<\/span><\/p> \",\"location\":[{\"@type\":\"Place\",\"name\":\"CULINARIUM ALPINUM\",\"address\":{\"@type\": \"PostalAddress\",\"streetAddress\":\"M\u00fcrgstrasse 18\"}}]}<\/script><\/div>\r\n\t\t\t\t<p class=\"desc_trig_outter\" style=\"\"><a data-gmap_status=\"null\" data-gmtrig=\"1\" data-exlk=\"0\" style=\"background-color: #ab6443;\" id=\"evc_179171100024978\" href=\"#\" class=\"event_repeat desc_trig sin_val evcal_list_a\" data-ux_val=\"3\" data-ux_val_mob=\"-\"  ><span class='evoet_in'><span class='evoet_c2 evoet_cx '><span class='evoet_dayblock evcal_cblock ' data-bgcolor='#ab6443' data-smon='Oktober' data-syr='2026' data-bub=''><span class='evo_start  evofxdrc'><em class='date'>11<\/em><em class='month'>Okt<\/em><em class='time'>11:30<\/em><\/span><span class='evo_end only_time evofxdrc'><em class='time'>15:00<\/em><\/span><\/span><\/span><span class='evoet_c3 evoet_cx evcal_desc hide_eventtopdata '><span class='evoet_title evcal_desc2 evcal_event_title ' itemprop='name'>Wildpflanzen am Wegrand<\/span><span class='event_location_attrs evodni'  data-location_address=\"M\u00fcrgstrasse 18\" data-location_type=\"address\" data-location_name=\"CULINARIUM ALPINUM\" data-location_url=\"https:\/\/culinarium-alpinum.com\/event-location\/culinarium-alpinum\/\" data-location_status=\"true\" data-locid=\"13\"><\/span><\/span><\/span><span class='evoet_data' style='display:none' data-d=\"{&quot;loc.n&quot;:&quot;CULINARIUM ALPINUM&quot;,&quot;orgs&quot;:[],&quot;tags&quot;:{&quot;repeating&quot;:&quot;Repeating Event&quot;}}\" data-bgc=\"#ab6443\" data-bggrad=\"\" ><\/span><\/a><\/p><div class='event_description evcal_eventcard ' style=\"display:none\"><div class='evocard_row'><div id='event_ftimage' class='evocard_box ftimage' data-c='' \n\t\t\t\t\tstyle=''><div class='evocard_main_image_hold' data-t='Loading Image..'><div class='evocard_main_image evo_img_triglb evocd_img_full evobr15 evobgsc evobgpc evodfx evofx_jc_c evofx_ai_c evofz48 full' style='height:400px; background-image:url();' data-f=\"https:\/\/culinarium-alpinum.com\/wp-content\/uploads\/2026\/01\/Wildpflanzen-am-Wegrand_Eventbild_Webseite_1440x1080.jpg\" data-h=\"1080\" data-w=\"1440\" data-ratio=\"0.75\" data-event_id=\"24978\" data-ri=\"1\"  data-t='Loading Image..'><span style='height:400px; background-image:url(https:\/\/culinarium-alpinum.com\/wp-content\/uploads\/2026\/01\/Wildpflanzen-am-Wegrand_Eventbild_Webseite_1440x1080.jpg)'><\/span><\/div><\/div><\/div><\/div><!-- row close --><div class='evocard_row'><div id='event_eventdetails' class='evocard_box eventdetails' data-c='' \n\t\t\t\t\tstyle=''><div class=\"evo_metarow_details evorow evcal_evdata_row evcal_event_details\">\n    <div class=\"event_excerpt\" style=\"display:none\"><h3 class=\"padb5 evo_h3\">Details<\/h3><p>Entdecken, sammeln, geniessen: Rund um das Culinarium Alpinum lernen Sie essbare Wildpflanzen kennen und sammeln. \nGemeinsam mit dem K\u00fcchenteam entstehen daraus kreative<\/p><\/div><span class='evcal_evdata_icons'><i class='fa fa-align-justify'><\/i><\/span>    <div class=\"evcal_evdata_cell shorter_desc\">\n        <div class=\"eventon_full_description\">\n            <h3 class=\"padb5 evo_h3\"><span class='evcal_evdata_icons'><i class='fa fa-align-justify'><\/i><\/span>Details<\/h3>\n            <div class=\"eventon_desc_in\" itemprop=\"description\">\n                <p><span style=\"color: #000000;\"><strong><span style=\"font-size: 24px;\">Entdecken, sammeln, geniessen: Rund um das Culinarium Alpinum lernen Sie essbare Wildpflanzen kennen und sammeln.<\/span> <\/strong><\/span><\/p>\n<p><span style=\"font-size: 14px;\"><strong><span style=\"color: #000000;\">Gemeinsam mit dem K\u00fcchenteam entstehen daraus kreative Vorspeisen f\u00fcr ein genussvolles 3-Gang-Menu.<\/span><\/strong><\/span><\/p>\n<p>&nbsp;<\/p>\n<p><span style=\"color: #000000;\"><strong>So<span style=\"color: #000000;\">nntag, 13. September 2026<\/span><\/strong>, von 11.30 bis 15.00 Uhr<\/span><\/p>\n<p><span style=\"color: #000000;\"><strong>Sonntag, 11. Oktober 2026<\/strong>, von 11.30 bis 15.00 Uhr<\/span><\/p>\n<p><span style=\"color: #000000;\">Das Klosterzmorge ist ab 07.00 Uhr m\u00f6glich<\/span><\/p>\n<p><span style=\"color: #000000;\"><a style=\"color: #000000;\" href=\"https:\/\/culinarium-alpinum.com\/wp-content\/uploads\/2026\/01\/CA_Wildpflanzen-am-Wegrand_2026_Flyer_148x210_web-1.pdf\" target=\"_blank\" rel=\"noopener\">Eventflyer<\/a><\/span><\/p>\n<p><span style=\"color: #000000;\">CHF 95.- pro Person<\/span><\/p>\n<p><span style=\"color: #000000;\">Im Kurs inklusive:<\/span><\/p>\n<p><span style=\"color: #000000;\">Sonntags Klosterzmorge<\/span><\/p>\n<p><span style=\"color: #000000;\">Gef\u00fchrte Wildpflanzensammlung mit Margreta Krummenacher<\/span><\/p>\n<p><span style=\"color: #000000;\">Zubereitung Vorspeise 3-Gang Menu inklusive Wasser und Kaffee in Begleitung unseres K\u00fcchenteams<\/span><\/p>\n<p><span style=\"color: #000000;\">Rezepte zum Mitnehmen<\/span><\/p>\n            <\/div>\n            <p class='eventon_shad_p' style='padding:5px 0 0; margin:0'><button class='evcal_btn evo_btn_secondary evobtn_details_show_more' content='less' aria-label='Mehr' aria-expanded='false'><span class='ev_more_text' data-txt='Weniger'>Mehr<\/span><span class='ev_more_arrow ard'><\/span><\/button><\/p><div class='clear'><\/div>        <\/div>\n    <\/div>\n<\/div><\/div><\/div><!-- row close --><div class='evocard_row bx2 bx'><div id='event_time' class='evocard_box time' data-c='' \n\t\t\t\t\tstyle=''><div class='evo_metarow_time evorow evcal_evdata_row evcal_evrow_sm '>\n\t\t<span class='evcal_evdata_icons'><i class='fa fa-clock-o'><\/i><\/span>\n\t\t<div class='evcal_evdata_cell'>\t\t\t\t\t\t\t\n\t\t\t<h3 class='evo_h3'><span class='evcal_evdata_icons'><i class='fa fa-clock-o'><\/i><\/span>Zeit<\/h3><div><span class='evo_eventcard_time_t evogap5 evofxww'><span class=\"start\">11\/10\/2026<\/span> <span class=\"stime\">11:30<\/span> - <span class=\"etime\">15:00<\/span><\/span><span class='evo_tz marr5'>(GMT+02:00)<\/span><\/div>\n\t\t<\/div>\n\t<\/div><\/div><div id='event_location' class='evocard_box location' data-c='' \n\t\t\t\t\tstyle=''><div class='evcal_evdata_row evo_metarow_time_location evorow '>\n\t\t\n\t\t\t<span class='evcal_evdata_icons'><i class='fa fa-map-marker'><\/i><\/span>\n\t\t\t<div class='evcal_evdata_cell' data-loc_tax_id='13'><h3 class='evo_h3 evodfx'><span class='evcal_evdata_icons'><i class='fa fa-map-marker'><\/i><\/span><a target=\"\" href=\"https:\/\/www.google.com\/maps\/place\/CULINARIUM+ALPINUM\/@46.9555229,8.366832,1036m\/data=!3m1!1e3!4m9!3m8!1s0x478ff707894e1fc9:0x89b388b6ddd2576c!5m2!4m1!1i2!8m2!3d46.9555229!4d8.3694069!16sg11c51vhs13?entry=ttu&amp;g_ep=EgoyMDI1MDQxMy4wIKXMDSoASAFQAw\" rel=\"noopener\">Veranstaltungsort<\/a><\/h3><p class='evo_location_name'><a target=\"\" href=\"https:\/\/www.google.com\/maps\/place\/CULINARIUM+ALPINUM\/@46.9555229,8.366832,1036m\/data=!3m1!1e3!4m9!3m8!1s0x478ff707894e1fc9:0x89b388b6ddd2576c!5m2!4m1!1i2!8m2!3d46.9555229!4d8.3694069!16sg11c51vhs13?entry=ttu&amp;g_ep=EgoyMDI1MDQxMy4wIKXMDSoASAFQAw\" rel=\"noopener\">CULINARIUM ALPINUM<\/a><\/p><p class='evo_location_address evodfxi evogap10'><a target=\"\" href=\"https:\/\/www.google.com\/maps\/place\/CULINARIUM+ALPINUM\/@46.9555229,8.366832,1036m\/data=!3m1!1e3!4m9!3m8!1s0x478ff707894e1fc9:0x89b388b6ddd2576c!5m2!4m1!1i2!8m2!3d46.9555229!4d8.3694069!16sg11c51vhs13?entry=ttu&amp;g_ep=EgoyMDI1MDQxMy4wIKXMDSoASAFQAw\" rel=\"noopener\">M\u00fcrgstrasse 18<\/a><\/p><div class='evopadt5'><p class='evo_location_contact'>+41 41 619 17 17 <a href='mailto:info@culinarium-alpinum.ch'>info@culinarium-alpinum.ch<\/a><\/p><\/div><div class='padt10'><span class='evo_btn_arr evolb_trigger' data-lbvals=\"{&quot;lbdata&quot;:{&quot;class&quot;:&quot;evo_location_lb_13&quot;,&quot;additional_class&quot;:&quot;lb_max&quot;,&quot;title&quot;:&quot;CULINARIUM ALPINUM&quot;},&quot;adata&quot;:{&quot;a&quot;:&quot;eventon_get_tax_card_content&quot;,&quot;end&quot;:&quot;client&quot;,&quot;data&quot;:{&quot;lang&quot;:&quot;L1&quot;,&quot;term_id&quot;:13,&quot;tax&quot;:&quot;event_location&quot;,&quot;load_lbcontent&quot;:true}},&quot;uid&quot;:&quot;eventon_get_tax_card_content&quot;}\" >Other Events<i class='fa fa-chevron-right' aria-hidden='true'><\/i><\/span><\/div><\/div>\n\t\t\n\t<\/div><\/div><\/div><!-- row close --><div class='evocard_row'><div id='event_learnmore' class='evocard_box learnmore' data-c='' \n\t\t\t\t\tstyle=''><div class='evo_metarow_learnM evo_metarow_learnmore evorow'>\n\t\t\t\t\t\t\t<a class=\"evcal_evdata_row evo_clik_row \" href=\"https:\/\/culinarium-alpinum.com\/kurse-und-seminare\/wildpflanzen-am-wegrand-sonntag\/\" target=\"_blank\">\n\t\t\t\t\t\t\t\t<span class='evcal_evdata_icons'><i class='fa fa-link'><\/i><\/span>\n\t\t\t\t\t\t\t\t<h3 class='evo_h3'>Reservation \/ Buchen<\/h3>\n\t\t\t\t\t\t\t<\/a>\n\t\t\t\t\t\t\t<\/div><\/div><\/div><!-- row close --><div class='evocard_row'><div id='event_getdirection' class='evocard_box getdirection' data-c='' \n\t\t\t\t\tstyle=''><div class='evo_metarow_getDr evorow evcal_evdata_row evcal_evrow_sm getdirections'>\n\t\t<form action='https:\/\/maps.google.com\/maps' method='get' target='_blank'>\n\t\t\t<input type='hidden' name='daddr' value=\"M\u00fcrgstrasse 18\"\/> \n\t\t\t<div class='evo_get_direction_content evo_fx_dr_r evogap10'>\n\t\t\t\t<span class='evogetdir_header evodfx evofxdrr evofxaic evogap10'>\n\t\t\t\t\t<i class='mainicon fa fa-road evofz24i'><\/i> \n\t\t\t\t\t<h3 class='evo_h3 evopad0i' style='padding-bottom:5px;'>Get Directions<\/h3>\n\t\t\t\t<\/span>\n\t\t\t\t<span class='evogetdir_field evodfx evofx_1_1 evow100p'>\t\n\t\t\t\t\t<label for='69f4cba511483' class='evo_aria_ready sr-only'>Address - Wildpflanzen am Wegrand []<\/label>\t\t\t\t\n\t\t\t\t\t<input id='69f4cba511483' class='evo_aria_ready_match evoInput2 evobr10 evow100p evopad10 evoff_2 evofz14i evobrdB1 evoboxbb' type='text' name='saddr' placeholder='Ihre Adresse' value='' style='' aria-label='Address - Wildpflanzen am Wegrand []' \/>\n\t\t\t\t<\/span>\n\t\t\t\t<div class='evodfx evofxdrr evofxaic evogap10'>\n\t\t\t\t\t<i class='fa fa-location-dot'><\/i>\n\t\t\t\t\t<div class='evoposr evofx_1 evoh100p'><label for='69f4cba511483' class='evo_aria_ready sr-only'>Destination Address - Wildpflanzen am Wegrand []<\/label>\t\t\n\t\t\t\t\t\t<input id='69f4cba511483' class='evo_aria_ready_match evoInput2 evobr10 evow100p evopad5-10 evoff_2 evofz14i evobrdB1 evoop5 evoboxbb evoh100p' type='text' style='' readonly value='M\u00fcrgstrasse 18' aria-label='Destination Address - Wildpflanzen am Wegrand []'\/><button class='evo_copy_address evobuttonA evocurp evohoop7 evoposa evopad5' style='right: 3px; top: 4px; background-color: #fff;' data-txt='M\u00fcrgstrasse 18' data-t='Address copied to clipboard!'><i class='far fa-copy evofz16i' title='Copy Destination Address!'><\/i><\/button>\n\t\t\t\t\t<\/div>\n\t\t\t\t\t<button type='submit' class='evo_get_direction_button evcal_btn dfx evofxaic evocurp evohoop7' title='Klicken Sie hier um Ihre Anreise anzuzeigen' style='    padding: 10px 15px !important;'><i class='fa fa-chevron-right'><\/i> <\/button>\n\t\t\t\t<\/div>\n\t\t\t<\/div>\n\t\t<\/form>\n\t<\/div><\/div><\/div><!-- row close --><button class='evo_card_row_end evcal_close' title='Close'><\/button><\/div><div class='clear end'><\/div><\/div><div id=\"event_24883_2\" class=\"eventon_list_event evo_eventtop scheduled  event clrD event_24883_2\" data-event_id=\"24883\" data-ri=\"2r\" data-time=\"1792742400-1792755000\" data-colr=\"#ab6443\" itemscope itemtype='http:\/\/schema.org\/Event'><div class=\"evo_event_schema\" style=\"display:none\" ><a itemprop=\"url\" href=\"https:\/\/culinarium-alpinum.com\/en\/events\/pilze-am-wegrand\/var\/ri-2.l-L1\"><\/a><meta itemprop='image' content=\"https:\/\/culinarium-alpinum.com\/wp-content\/uploads\/2025\/08\/Bild-4.jpg\" \/><meta itemprop='startDate' content=\"2026-10-23T10:00+2:00\" \/><meta itemprop='endDate' content=\"2026-10-23T13:30+2:00\" \/><meta itemprop='eventStatus' content=\"https:\/\/schema.org\/EventScheduled\" \/><meta itemprop='eventAttendanceMode'   itemscope itemtype=\"https:\/\/schema.org\/OfflineEventAttendanceMode\"\/><div style=\"display:none\" itemprop=\"location\" itemscope itemtype=\"http:\/\/schema.org\/Place\"><span itemprop=\"name\">CULINARIUM ALPINUM<\/span><span itemprop=\"address\" itemscope itemtype=\"http:\/\/schema.org\/PostalAddress\"><item itemprop=\"streetAddress\">M\u00fcrgstrasse 18<\/item><\/span><\/div><script type=\"application\/ld+json\">{\"@context\": \"http:\/\/schema.org\",\"@type\": \"Event\",\n\t\t\t\t\"@id\": \"event_24883_2\",\n\t\t\t\t\"eventAttendanceMode\":\"https:\/\/schema.org\/OfflineEventAttendanceMode\",\n\t\t\t\t\"eventStatus\":\"https:\/\/schema.org\/EventScheduled\",\n\t\t\t\t\"name\": \"Pilze am Wegrand\",\n\t\t\t\t\"url\": \"https:\/\/culinarium-alpinum.com\/en\/events\/pilze-am-wegrand\/var\/ri-2.l-L1\",\n\t\t\t\t\"startDate\": \"2026-10-23T10:00+2:00\",\n\t\t\t\t\"endDate\": \"2026-10-23T13:30+2:00\",\n\t\t\t\t\"image\":\"https:\/\/culinarium-alpinum.com\/wp-content\/uploads\/2025\/08\/Bild-4.jpg\", \n\t\t\t\t\"description\":\"<p><span style='color: #000000;'><b><span style='font-size: 24px;'>Pilze am Wegrand <\/span>&#8211; <\/b>Einf\u00fchrung in die Welt der Pilze<\/span><\/p> <p><span style='color: #000000;'><b>Freitag, 2. Oktober, Samstag, 3. Oktober und Freitag, 23. Oktober 2026 &#8211; 10.00 bis<\/b><\/span><span style='color: #000000;'><b> 13.30Uhr<\/b><\/span><\/p> <p><span style='color: #000000;'>Erleben Sie auf einem gef\u00fchrten Waldspaziergang eine Einf\u00fchrung in die Welt der Pilze.<\/span><\/p> <p><span style='color: #000000;'>Sammeln Sie selbst Pilze und bereiten Sie diese mit unserem K\u00fcchenteam als Vorspeise Ihres gemeinsamen 3-Gang-Mittagessens zu. Zum Abschluss entdecken Sie bei einer Tee-Degustation die Kraft des Chaga-Pilzes.<\/span><\/p> <p><a href='https:\/\/culinarium-alpinum.com\/wp-content\/uploads\/2026\/02\/CA_Pilze-am-Wegrand_2026_Flyer_148x210_web.pdf' target='_blank' rel='noopener'>Eventflyer<\/a><\/p> <p><span style='color: #000000;'>CHF 115.- pro Person<\/span><br \/> <span style='color: #000000;'>Im Kurs inklusive<\/span><br \/> <span style='color: #000000;'>Kaffee \/ Tee am Morgen<\/span><br \/> <span style='color: #000000;'>Gef\u00fchrte Pilzinstruktion und Verarbeitung<\/span><br \/> <span style='color: #000000;'>3-Gang Mittagessen inklusive Wasser und Kaffee<\/span><br \/> <span style='color: #000000;'>Rezepte zum Mitnehmen<\/span><\/p> <p><span style='color: #000000;'>Bringen Sie gutes Schuhwerk, Wetterfeste Kleidung und einen Korb oder eine Stofftasche f\u00fcr Pilze mit.<\/span><\/p> <p><span style='color: #000000;'>Leider k\u00f6nnen wir keine Garantie auf Pilzfunde in der Umgebung von Stans geben. Alternativ findet der Kurs an einem Ort in der Umgebung statt, welcher vorzeitig kommuniziert wird.<\/span><\/p> \",\"location\":[{\"@type\":\"Place\",\"name\":\"CULINARIUM ALPINUM\",\"address\":{\"@type\": \"PostalAddress\",\"streetAddress\":\"M\u00fcrgstrasse 18\"}}]}<\/script><\/div>\r\n\t\t\t\t<p class=\"desc_trig_outter\" style=\"\"><a data-gmap_status=\"null\" data-exlk=\"1\" href=\"https:\/\/culinarium-alpinum.com\/en\/events\/pilze-am-wegrand\/var\/ri-2.l-L1\" style=\"background-color: #ab6443;\" id=\"evc_179274240024883\" class=\"event_repeat desc_trig sin_val evcal_list_a\" data-ux_val=\"4\" data-ux_val_mob=\"-\"><span class='evoet_in'><span class='evoet_c2 evoet_cx '><span class='evoet_dayblock evcal_cblock ' data-bgcolor='#ab6443' data-smon='Oktober' data-syr='2026' data-bub=''><span class='evo_start  evofxdrc'><em class='date'>23<\/em><em class='month'>Okt<\/em><em class='time'>10:00<\/em><\/span><span class='evo_end only_time evofxdrc'><em class='time'>13:30<\/em><\/span><\/span><\/span><span class='evoet_c3 evoet_cx evcal_desc hide_eventtopdata '><span class='evoet_title evcal_desc2 evcal_event_title ' itemprop='name'>Pilze am Wegrand<\/span><span class='event_location_attrs evodni'  data-location_address=\"M\u00fcrgstrasse 18\" data-location_type=\"address\" data-location_name=\"CULINARIUM ALPINUM\" data-location_url=\"https:\/\/culinarium-alpinum.com\/event-location\/culinarium-alpinum\/\" data-location_status=\"true\" data-locid=\"13\"><\/span><span class='evoet_cy evoet_subtitle evo_below_title' ><span class='evcal_event_subtitle ' >Einf\u00fchrung in die Welt der Pilze<\/span><\/span><\/span><\/span><span class='evoet_data' style='display:none' data-d=\"{&quot;loc.n&quot;:&quot;CULINARIUM ALPINUM&quot;,&quot;orgs&quot;:[],&quot;tags&quot;:{&quot;repeating&quot;:&quot;Repeating Event&quot;}}\" data-bgc=\"#ab6443\" data-bggrad=\"\" ><\/span><\/a><\/p><div class='clear end'><\/div><\/div><div id=\"event_25381_0\" class=\"eventon_list_event evo_eventtop scheduled  event clrD event_25381_0\" data-event_id=\"25381\" data-ri=\"0r\" data-time=\"1793367000-1793397600\" data-colr=\"#ab6443\" itemscope itemtype='http:\/\/schema.org\/Event'><div class=\"evo_event_schema\" style=\"display:none\" ><a itemprop=\"url\" href=\"https:\/\/culinarium-alpinum.com\/en\/events\/wwf-wieder-zu-hause-die-rueckkehr-der-grossen-wildtiere\/\"><\/a><meta itemprop='image' content=\"https:\/\/culinarium-alpinum.com\/wp-content\/uploads\/2026\/04\/Eventbild_Webseite_1440x1080_WWF_Wild.jpg\" \/><meta itemprop='startDate' content=\"2026-10-30T14:30+2:00\" \/><meta itemprop='endDate' content=\"2026-10-30T23:00+2:00\" \/><meta itemprop='eventStatus' content=\"https:\/\/schema.org\/EventScheduled\" \/><meta itemprop='eventAttendanceMode'   itemscope itemtype=\"https:\/\/schema.org\/OfflineEventAttendanceMode\"\/><div style=\"display:none\" itemprop=\"location\" itemscope itemtype=\"http:\/\/schema.org\/Place\"><span itemprop=\"name\">CULINARIUM ALPINUM<\/span><span itemprop=\"address\" itemscope itemtype=\"http:\/\/schema.org\/PostalAddress\"><item itemprop=\"streetAddress\">M\u00fcrgstrasse 18<\/item><\/span><\/div><script type=\"application\/ld+json\">{\"@context\": \"http:\/\/schema.org\",\"@type\": \"Event\",\n\t\t\t\t\"@id\": \"event_25381_0\",\n\t\t\t\t\"eventAttendanceMode\":\"https:\/\/schema.org\/OfflineEventAttendanceMode\",\n\t\t\t\t\"eventStatus\":\"https:\/\/schema.org\/EventScheduled\",\n\t\t\t\t\"name\": \"Wieder zu Hause \u2013 die R\u00fcckkehr  der grossen Wildtiere - WWF\",\n\t\t\t\t\"url\": \"https:\/\/culinarium-alpinum.com\/en\/events\/wwf-wieder-zu-hause-die-rueckkehr-der-grossen-wildtiere\/\",\n\t\t\t\t\"startDate\": \"2026-10-30T14:30+2:00\",\n\t\t\t\t\"endDate\": \"2026-10-30T23:00+2:00\",\n\t\t\t\t\"image\":\"https:\/\/culinarium-alpinum.com\/wp-content\/uploads\/2026\/04\/Eventbild_Webseite_1440x1080_WWF_Wild.jpg\", \n\t\t\t\t\"description\":\"<p><span style='color: #000000;'><b><span style='font-size: 24px;'><strong>Wieder zu Hause \u2013 die R\u00fcckkehr der grossen Wildtiere<\/strong><\/span><\/b><\/span><\/p> <p><span style='color: #000000;'><b>Freitag, 30. Oktober 2026<\/b><\/span><\/p> <div class='wpb_text_column wpb_content_element vc_custom_1763030023949'> <div class='wpb_wrapper'> <p><span style='color: #000000;'>Aus Wald und Region \u2013 Wild bewusst erleben: Der Anlass verbindet Kochkurs, Vortrag und Genuss rund um regionale Wildtiere.<\/span><\/p> <p><span style='color: #000000;'>Im Kochkurs lernen Sie die fachgerechte Zubereitung von Wildfleisch kennen und erfahren Wissenswertes zu Herkunft, Reifung und Verarbeitung sowie zu passenden Beilagen.<\/span><\/p> <p><span style='color: #000000;'>Der WWF-Vortrag \u201eDie R\u00fcckkehr der grossen Wildtiere\u201c erz\u00e4hlt von Rothirsch, Steinbock und Biber, die einst aus der Schweiz verschwanden und heute langsam zur\u00fcckkehren. Er beleuchtet ihre Biologie sowie Chancen und Herausforderungen ihres Comebacks.<\/span><\/p> <p><span style='color: #000000;'>Den genussvollen Abschluss bildet ein sorgf\u00e4ltig komponiertes 3-Gang-Men\u00fc mit regionalen Wildspezialit\u00e4ten.<\/span><\/p> <p><span style='color: #000000;'>Alle Programmpunkte k\u00f6nnen einzeln oder gemeinsam gebucht werden.<\/span><\/p> <p><span style='color: #000000;'><strong>14.30 bis 17.30 Uhr<br \/> <\/strong>Kochkurs im Kochstudio inkl. anschliessendem 3-Gang Abendessen der selbst gekochten Komponenten, CHF 125.- pro Person<\/span><br \/> <span style='color: #000000;'>F\u00fcr weitere Informationen klicken Sie <strong><a style='color: #000000;' href='https:\/\/culinarium-alpinum.com\/kurse-und-seminare\/wwf-wieder-zu-hause-die-rueckkehr-der-grossen-wildtiere\/' target='_blank' rel='noopener'>hier<\/a>.<\/strong><\/span><\/p> <p><span style='color: #000000;'><strong>18.45 bis 19.30 Uhr<\/strong><\/span><br \/> <span style='color: #000000;'>WWF Vortrag \u00abWieder zu Hause \u2013 die R\u00fcckkehr der grossen Wildtiere\u00bb, Eintritt frei, ohne Voranmeldung, Kollekte<\/span><\/p> <p><span style='color: #000000;'><strong>ab 18.00 Uhr<\/strong><\/span><br \/> <span style='color: #000000;'>3-Gang Abendessen im Restaurant Thematik Wild, CHF 78.- pro Person<\/span><br \/> <span style='color: #000000;'><strong><strong><a style='color: #000000;' href='https:\/\/guest.foratable.com\/restaurants\/08d9ca0055bb7c1390c786b045e9c5b0'>Tischreservation<\/a>.<\/strong><\/strong><\/span><\/p> <\/div> <\/div> <p>&nbsp;<\/p> \",\"location\":[{\"@type\":\"Place\",\"name\":\"CULINARIUM ALPINUM\",\"address\":{\"@type\": \"PostalAddress\",\"streetAddress\":\"M\u00fcrgstrasse 18\"}}]}<\/script><\/div>\r\n\t\t\t\t<p class=\"desc_trig_outter\" style=\"\"><a data-gmap_status=\"null\" data-exlk=\"0\" style=\"background-color: #ab6443;\" id=\"evc_179336700025381\" href=\"#\" class=\"desc_trig sin_val evcal_list_a\" data-ux_val=\"1\" data-ux_val_mob=\"-\"  ><span class='evoet_in'><span class='evoet_c2 evoet_cx '><span class='evoet_dayblock evcal_cblock ' data-bgcolor='#ab6443' data-smon='Oktober' data-syr='2026' data-bub=''><span class='evo_start  evofxdrc'><em class='date'>30<\/em><em class='month'>Okt<\/em><em class='time'>14:30<\/em><\/span><span class='evo_end only_time evofxdrc'><em class='time'>23:00<\/em><\/span><\/span><\/span><span class='evoet_c3 evoet_cx evcal_desc hide_eventtopdata '><span class='evoet_title evcal_desc2 evcal_event_title ' itemprop='name'>Wieder zu Hause \u2013 die R\u00fcckkehr  der grossen Wildtiere - WWF<\/span><span class='event_location_attrs evodni'  data-location_address=\"M\u00fcrgstrasse 18\" data-location_type=\"address\" data-location_name=\"CULINARIUM ALPINUM\" data-location_url=\"https:\/\/culinarium-alpinum.com\/event-location\/culinarium-alpinum\/\" data-location_status=\"true\" data-locid=\"13\"><\/span><\/span><\/span><span class='evoet_data' style='display:none' data-d=\"{&quot;loc.n&quot;:&quot;CULINARIUM ALPINUM&quot;,&quot;orgs&quot;:[],&quot;tags&quot;:[]}\" data-bgc=\"#ab6443\" data-bggrad=\"\" ><\/span><\/a><\/p><div class='event_description evcal_eventcard ' style=\"display:none\"><div class='evocard_row'><div id='event_ftimage' class='evocard_box ftimage' data-c='' \n\t\t\t\t\tstyle=''><div class='evocard_main_image_hold' data-t='Loading Image..'><div class='evocard_main_image evo_img_triglb evocd_img_full evobr15 evobgsc evobgpc evodfx evofx_jc_c evofx_ai_c evofz48 full' style='height:400px; background-image:url();' data-f=\"https:\/\/culinarium-alpinum.com\/wp-content\/uploads\/2026\/04\/Eventbild_Webseite_1440x1080_WWF_Wild.jpg\" data-h=\"1080\" data-w=\"1440\" data-ratio=\"0.75\" data-event_id=\"25381\" data-ri=\"0\"  data-t='Loading Image..'><span style='height:400px; background-image:url(https:\/\/culinarium-alpinum.com\/wp-content\/uploads\/2026\/04\/Eventbild_Webseite_1440x1080_WWF_Wild.jpg)'><\/span><\/div><\/div><\/div><\/div><!-- row close --><div class='evocard_row'><div id='event_eventdetails' class='evocard_box eventdetails' data-c='' \n\t\t\t\t\tstyle=''><div class=\"evo_metarow_details evorow evcal_evdata_row evcal_event_details\">\n    <div class=\"event_excerpt\" style=\"display:none\"><h3 class=\"padb5 evo_h3\">Details<\/h3><p>Wieder zu Hause \u2013 die R\u00fcckkehr der grossen Wildtiere\nFreitag, 30. Oktober 2026\n\n\nAus Wald und Region \u2013 Wild bewusst<\/p><\/div><span class='evcal_evdata_icons'><i class='fa fa-align-justify'><\/i><\/span>    <div class=\"evcal_evdata_cell shorter_desc\">\n        <div class=\"eventon_full_description\">\n            <h3 class=\"padb5 evo_h3\"><span class='evcal_evdata_icons'><i class='fa fa-align-justify'><\/i><\/span>Details<\/h3>\n            <div class=\"eventon_desc_in\" itemprop=\"description\">\n                <p><span style=\"color: #000000;\"><b><span style=\"font-size: 24px;\"><strong>Wieder zu Hause \u2013 die R\u00fcckkehr der grossen Wildtiere<\/strong><\/span><\/b><\/span><\/p>\n<p><span style=\"color: #000000;\"><b>Freitag, 30. Oktober 2026<\/b><\/span><\/p>\n<div class=\"wpb_text_column wpb_content_element vc_custom_1763030023949\">\n<div class=\"wpb_wrapper\">\n<p><span style=\"color: #000000;\">Aus Wald und Region \u2013 Wild bewusst erleben: Der Anlass verbindet Kochkurs, Vortrag und Genuss rund um regionale Wildtiere.<\/span><\/p>\n<p><span style=\"color: #000000;\">Im Kochkurs lernen Sie die fachgerechte Zubereitung von Wildfleisch kennen und erfahren Wissenswertes zu Herkunft, Reifung und Verarbeitung sowie zu passenden Beilagen.<\/span><\/p>\n<p><span style=\"color: #000000;\">Der WWF-Vortrag \u201eDie R\u00fcckkehr der grossen Wildtiere\u201c erz\u00e4hlt von Rothirsch, Steinbock und Biber, die einst aus der Schweiz verschwanden und heute langsam zur\u00fcckkehren. Er beleuchtet ihre Biologie sowie Chancen und Herausforderungen ihres Comebacks.<\/span><\/p>\n<p><span style=\"color: #000000;\">Den genussvollen Abschluss bildet ein sorgf\u00e4ltig komponiertes 3-Gang-Men\u00fc mit regionalen Wildspezialit\u00e4ten.<\/span><\/p>\n<p><span style=\"color: #000000;\">Alle Programmpunkte k\u00f6nnen einzeln oder gemeinsam gebucht werden.<\/span><\/p>\n<p><span style=\"color: #000000;\"><strong>14.30 bis 17.30 Uhr<br \/>\n<\/strong>Kochkurs im Kochstudio inkl. anschliessendem 3-Gang Abendessen der selbst gekochten Komponenten, CHF 125.- pro Person<\/span><br \/>\n<span style=\"color: #000000;\">F\u00fcr weitere Informationen klicken Sie <strong><a style=\"color: #000000;\" href=\"https:\/\/culinarium-alpinum.com\/kurse-und-seminare\/wwf-wieder-zu-hause-die-rueckkehr-der-grossen-wildtiere\/\" target=\"_blank\" rel=\"noopener\">hier<\/a>.<\/strong><\/span><\/p>\n<p><span style=\"color: #000000;\"><strong>18.45 bis 19.30 Uhr<\/strong><\/span><br \/>\n<span style=\"color: #000000;\">WWF Vortrag \u00abWieder zu Hause \u2013 die R\u00fcckkehr der grossen Wildtiere\u00bb, Eintritt frei, ohne Voranmeldung, Kollekte<\/span><\/p>\n<p><span style=\"color: #000000;\"><strong>ab 18.00 Uhr<\/strong><\/span><br \/>\n<span style=\"color: #000000;\">3-Gang Abendessen im Restaurant Thematik Wild, CHF 78.- pro Person<\/span><br \/>\n<span style=\"color: #000000;\"><strong><strong><a style=\"color: #000000;\" href=\"https:\/\/guest.foratable.com\/restaurants\/08d9ca0055bb7c1390c786b045e9c5b0\" target=\"_blank\" rel=\"noopener\">Tischreservation<\/a>.<\/strong><\/strong><\/span><\/p>\n<\/div>\n<\/div>\n<p>&nbsp;<\/p>\n            <\/div>\n            <p class='eventon_shad_p' style='padding:5px 0 0; margin:0'><button class='evcal_btn evo_btn_secondary evobtn_details_show_more' content='less' aria-label='Mehr' aria-expanded='false'><span class='ev_more_text' data-txt='Weniger'>Mehr<\/span><span class='ev_more_arrow ard'><\/span><\/button><\/p><div class='clear'><\/div>        <\/div>\n    <\/div>\n<\/div><\/div><\/div><!-- row close --><div class='evocard_row bx2 bx'><div id='event_time' class='evocard_box time' data-c='' \n\t\t\t\t\tstyle=''><div class='evo_metarow_time evorow evcal_evdata_row evcal_evrow_sm '>\n\t\t<span class='evcal_evdata_icons'><i class='fa fa-clock-o'><\/i><\/span>\n\t\t<div class='evcal_evdata_cell'>\t\t\t\t\t\t\t\n\t\t\t<h3 class='evo_h3'><span class='evcal_evdata_icons'><i class='fa fa-clock-o'><\/i><\/span>Zeit<\/h3><div><span class='evo_eventcard_time_t evogap5 evofxww'><span class=\"start\">30\/10\/2026<\/span> <span class=\"stime\">14:30<\/span> - <span class=\"etime\">23:00<\/span><\/span><span class='evo_tz marr5'>(GMT+01:00)<\/span><\/div>\n\t\t<\/div>\n\t<\/div><\/div><div id='event_location' class='evocard_box location' data-c='' \n\t\t\t\t\tstyle=''><div class='evcal_evdata_row evo_metarow_time_location evorow '>\n\t\t\n\t\t\t<span class='evcal_evdata_icons'><i class='fa fa-map-marker'><\/i><\/span>\n\t\t\t<div class='evcal_evdata_cell' data-loc_tax_id='13'><h3 class='evo_h3 evodfx'><span class='evcal_evdata_icons'><i class='fa fa-map-marker'><\/i><\/span><a target=\"\" href=\"https:\/\/www.google.com\/maps\/place\/CULINARIUM+ALPINUM\/@46.9555229,8.366832,1036m\/data=!3m1!1e3!4m9!3m8!1s0x478ff707894e1fc9:0x89b388b6ddd2576c!5m2!4m1!1i2!8m2!3d46.9555229!4d8.3694069!16sg11c51vhs13?entry=ttu&amp;g_ep=EgoyMDI1MDQxMy4wIKXMDSoASAFQAw\" rel=\"noopener\">Veranstaltungsort<\/a><\/h3><p class='evo_location_name'><a target=\"\" href=\"https:\/\/www.google.com\/maps\/place\/CULINARIUM+ALPINUM\/@46.9555229,8.366832,1036m\/data=!3m1!1e3!4m9!3m8!1s0x478ff707894e1fc9:0x89b388b6ddd2576c!5m2!4m1!1i2!8m2!3d46.9555229!4d8.3694069!16sg11c51vhs13?entry=ttu&amp;g_ep=EgoyMDI1MDQxMy4wIKXMDSoASAFQAw\" rel=\"noopener\">CULINARIUM ALPINUM<\/a><\/p><p class='evo_location_address evodfxi evogap10'><a target=\"\" href=\"https:\/\/www.google.com\/maps\/place\/CULINARIUM+ALPINUM\/@46.9555229,8.366832,1036m\/data=!3m1!1e3!4m9!3m8!1s0x478ff707894e1fc9:0x89b388b6ddd2576c!5m2!4m1!1i2!8m2!3d46.9555229!4d8.3694069!16sg11c51vhs13?entry=ttu&amp;g_ep=EgoyMDI1MDQxMy4wIKXMDSoASAFQAw\" rel=\"noopener\">M\u00fcrgstrasse 18<\/a><\/p><div class='evopadt5'><p class='evo_location_contact'>+41 41 619 17 17 <a href='mailto:info@culinarium-alpinum.ch'>info@culinarium-alpinum.ch<\/a><\/p><\/div><div class='padt10'><span class='evo_btn_arr evolb_trigger' data-lbvals=\"{&quot;lbdata&quot;:{&quot;class&quot;:&quot;evo_location_lb_13&quot;,&quot;additional_class&quot;:&quot;lb_max&quot;,&quot;title&quot;:&quot;CULINARIUM ALPINUM&quot;},&quot;adata&quot;:{&quot;a&quot;:&quot;eventon_get_tax_card_content&quot;,&quot;end&quot;:&quot;client&quot;,&quot;data&quot;:{&quot;lang&quot;:&quot;L1&quot;,&quot;term_id&quot;:13,&quot;tax&quot;:&quot;event_location&quot;,&quot;load_lbcontent&quot;:true}},&quot;uid&quot;:&quot;eventon_get_tax_card_content&quot;}\" >Other Events<i class='fa fa-chevron-right' aria-hidden='true'><\/i><\/span><\/div><\/div>\n\t\t\n\t<\/div><\/div><\/div><!-- row close --><div class='evocard_row'><div id='event_learnmore' class='evocard_box learnmore' data-c='' \n\t\t\t\t\tstyle=''><div class='evo_metarow_learnM evo_metarow_learnmore evorow'>\n\t\t\t\t\t\t\t<a class=\"evcal_evdata_row evo_clik_row \" href=\"https:\/\/culinarium-alpinum.com\/kurse-und-seminare\/wwf-wieder-zu-hause-die-rueckkehr-der-grossen-wildtiere\/\">\n\t\t\t\t\t\t\t\t<span class='evcal_evdata_icons'><i class='fa fa-link'><\/i><\/span>\n\t\t\t\t\t\t\t\t<h3 class='evo_h3'>Reservation \/ Buchen<\/h3>\n\t\t\t\t\t\t\t<\/a>\n\t\t\t\t\t\t\t<\/div><\/div><\/div><!-- row close --><div class='evocard_row'><div id='event_getdirection' class='evocard_box getdirection' data-c='' \n\t\t\t\t\tstyle=''><div class='evo_metarow_getDr evorow evcal_evdata_row evcal_evrow_sm getdirections'>\n\t\t<form action='https:\/\/maps.google.com\/maps' method='get' target='_blank'>\n\t\t\t<input type='hidden' name='daddr' value=\"M\u00fcrgstrasse 18\"\/> \n\t\t\t<div class='evo_get_direction_content evo_fx_dr_r evogap10'>\n\t\t\t\t<span class='evogetdir_header evodfx evofxdrr evofxaic evogap10'>\n\t\t\t\t\t<i class='mainicon fa fa-road evofz24i'><\/i> \n\t\t\t\t\t<h3 class='evo_h3 evopad0i' style='padding-bottom:5px;'>Get Directions<\/h3>\n\t\t\t\t<\/span>\n\t\t\t\t<span class='evogetdir_field evodfx evofx_1_1 evow100p'>\t\n\t\t\t\t\t<label for='69f4cba513341' class='evo_aria_ready sr-only'>Address - Wieder zu Hause \u2013 die R\u00fcckkehr  der grossen Wildtiere - WWF []<\/label>\t\t\t\t\n\t\t\t\t\t<input id='69f4cba513341' class='evo_aria_ready_match evoInput2 evobr10 evow100p evopad10 evoff_2 evofz14i evobrdB1 evoboxbb' type='text' name='saddr' placeholder='Ihre Adresse' value='' style='' aria-label='Address - Wieder zu Hause \u2013 die R\u00fcckkehr  der grossen Wildtiere - WWF []' \/>\n\t\t\t\t<\/span>\n\t\t\t\t<div class='evodfx evofxdrr evofxaic evogap10'>\n\t\t\t\t\t<i class='fa fa-location-dot'><\/i>\n\t\t\t\t\t<div class='evoposr evofx_1 evoh100p'><label for='69f4cba513341' class='evo_aria_ready sr-only'>Destination Address - Wieder zu Hause \u2013 die R\u00fcckkehr  der grossen Wildtiere - WWF []<\/label>\t\t\n\t\t\t\t\t\t<input id='69f4cba513341' class='evo_aria_ready_match evoInput2 evobr10 evow100p evopad5-10 evoff_2 evofz14i evobrdB1 evoop5 evoboxbb evoh100p' type='text' style='' readonly value='M\u00fcrgstrasse 18' aria-label='Destination Address - Wieder zu Hause \u2013 die R\u00fcckkehr  der grossen Wildtiere - WWF []'\/><button class='evo_copy_address evobuttonA evocurp evohoop7 evoposa evopad5' style='right: 3px; top: 4px; background-color: #fff;' data-txt='M\u00fcrgstrasse 18' data-t='Address copied to clipboard!'><i class='far fa-copy evofz16i' title='Copy Destination Address!'><\/i><\/button>\n\t\t\t\t\t<\/div>\n\t\t\t\t\t<button type='submit' class='evo_get_direction_button evcal_btn dfx evofxaic evocurp evohoop7' title='Klicken Sie hier um Ihre Anreise anzuzeigen' style='    padding: 10px 15px !important;'><i class='fa fa-chevron-right'><\/i> <\/button>\n\t\t\t\t<\/div>\n\t\t\t<\/div>\n\t\t<\/form>\n\t<\/div><\/div><\/div><!-- row close --><button class='evo_card_row_end evcal_close' title='Close'><\/button><\/div><div class='clear end'><\/div><\/div><\/div>\t\t\t<\/div>\r\n\t\t\t<\/div><!-- evo_events_list_box -->\t\r\n\t\t\t<div class='clear'><\/div>\r\n\t\t\t\t\t \t<div id='evcal_footer' class='evo_bottom' style='display:none'>\r\n\t\t \t\t<div class='evo_cal_data' data-sc=\"{&quot;accord&quot;:&quot;no&quot;,&quot;bottom_nav&quot;:&quot;no&quot;,&quot;cal_id&quot;:&quot;&quot;,&quot;cal_init_nonajax&quot;:&quot;no&quot;,&quot;calendar_type&quot;:&quot;list&quot;,&quot;ep_fields&quot;:&quot;&quot;,&quot;etc_override&quot;:&quot;no&quot;,&quot;evc_open&quot;:&quot;no&quot;,&quot;event_count&quot;:0,&quot;event_location&quot;:&quot;all&quot;,&quot;event_order&quot;:&quot;ASC&quot;,&quot;event_organizer&quot;:&quot;all&quot;,&quot;event_parts&quot;:&quot;no&quot;,&quot;event_past_future&quot;:&quot;all&quot;,&quot;event_status&quot;:&quot;all&quot;,&quot;event_tag&quot;:&quot;all&quot;,&quot;event_type&quot;:&quot;all&quot;,&quot;event_type_2&quot;:&quot;all&quot;,&quot;event_virtual&quot;:&quot;all&quot;,&quot;eventtop_date_style&quot;:0,&quot;eventtop_style&quot;:&quot;2&quot;,&quot;exp_jumper&quot;:&quot;no&quot;,&quot;exp_so&quot;:&quot;no&quot;,&quot;filter_relationship&quot;:&quot;AND&quot;,&quot;filter_show_set_only&quot;:&quot;no&quot;,&quot;filter_style&quot;:&quot;default&quot;,&quot;filter_type&quot;:&quot;default&quot;,&quot;filters&quot;:&quot;yes&quot;,&quot;fixed_month&quot;:&quot;5&quot;,&quot;fixed_year&quot;:&quot;2026&quot;,&quot;focus_end_date_range&quot;:&quot;1872280799&quot;,&quot;focus_start_date_range&quot;:&quot;1777586400&quot;,&quot;ft_event_priority&quot;:&quot;no&quot;,&quot;hide_arrows&quot;:&quot;no&quot;,&quot;hide_cancels&quot;:&quot;no&quot;,&quot;hide_empty_months&quot;:&quot;yes&quot;,&quot;hide_end_time&quot;:&quot;no&quot;,&quot;hide_et_dn&quot;:&quot;no&quot;,&quot;hide_et_extra&quot;:&quot;no&quot;,&quot;hide_et_tags&quot;:&quot;no&quot;,&quot;hide_et_tl&quot;:&quot;no&quot;,&quot;hide_ft&quot;:&quot;no&quot;,&quot;hide_ft_img&quot;:&quot;no&quot;,&quot;hide_month_headers&quot;:&quot;no&quot;,&quot;hide_mult_occur&quot;:&quot;no&quot;,&quot;hide_past&quot;:&quot;no&quot;,&quot;hide_past_by&quot;:&quot;ee&quot;,&quot;hide_so&quot;:&quot;no&quot;,&quot;ics&quot;:&quot;no&quot;,&quot;jumper&quot;:&quot;no&quot;,&quot;jumper_count&quot;:5,&quot;jumper_offset&quot;:&quot;0&quot;,&quot;lang&quot;:&quot;L1&quot;,&quot;layout_changer&quot;:&quot;no&quot;,&quot;livenow_bar&quot;:&quot;yes&quot;,&quot;mapformat&quot;:&quot;roadmap&quot;,&quot;mapiconurl&quot;:&quot;&quot;,&quot;maps_load&quot;:&quot;no&quot;,&quot;mapscroll&quot;:&quot;false&quot;,&quot;mapzoom&quot;:&quot;18&quot;,&quot;members_only&quot;:&quot;no&quot;,&quot;ml_priority&quot;:&quot;no&quot;,&quot;ml_toend&quot;:&quot;no&quot;,&quot;month_incre&quot;:0,&quot;number_of_months&quot;:&quot;36&quot;,&quot;only_ft&quot;:&quot;no&quot;,&quot;pec&quot;:&quot;&quot;,&quot;s&quot;:&quot;&quot;,&quot;search&quot;:&quot;&quot;,&quot;search_all&quot;:&quot;no&quot;,&quot;sep_month&quot;:&quot;yes&quot;,&quot;show_et_ft_img&quot;:&quot;no&quot;,&quot;show_limit&quot;:&quot;no&quot;,&quot;show_limit_ajax&quot;:&quot;no&quot;,&quot;show_limit_paged&quot;:1,&quot;show_limit_redir&quot;:&quot;&quot;,&quot;show_repeats&quot;:&quot;no&quot;,&quot;show_search&quot;:&quot;no&quot;,&quot;show_upcoming&quot;:0,&quot;show_year&quot;:&quot;yes&quot;,&quot;social_share&quot;:&quot;no&quot;,&quot;sort_by&quot;:&quot;sort_date&quot;,&quot;tile_bg&quot;:0,&quot;tile_bg_size&quot;:&quot;full&quot;,&quot;tile_count&quot;:2,&quot;tile_height&quot;:0,&quot;tile_style&quot;:0,&quot;tiles&quot;:&quot;no&quot;,&quot;ux_val&quot;:&quot;0&quot;,&quot;view_switcher&quot;:&quot;no&quot;,&quot;wpml_l1&quot;:&quot;&quot;,&quot;wpml_l2&quot;:&quot;&quot;,&quot;wpml_l3&quot;:&quot;&quot;,&quot;x_ids&quot;:&quot;&quot;,&quot;yl_priority&quot;:&quot;no&quot;,&quot;yl_toend&quot;:&quot;no&quot;,&quot;fixed_day&quot;:&quot;1&quot;,&quot;_cver&quot;:&quot;5.0.9&quot;}\" data-filter_data=\"[]\" data-nav_data=\"{&quot;month_title&quot;:&quot;&lt;p id=&#039;evcal_cur&#039; class=&#039;evo_month_title padr10&#039;&gt; Mai, 2026&lt;\\\/p&gt;&quot;,&quot;arrows&quot;:&quot;&lt;p class=&#039;evo_arrows&#039;&gt;\\r\\n\\t\\t\\t\\t\\t&lt;button id=&#039;evcal_prev&#039; class=&#039;evcal_arrows evcal_btn_prev evodfx evofx_jc_c evofx_ai_c&#039; aria-label=&#039;Previous Month&#039;&gt;&lt;i class=&#039;fa fa-chevron-left&#039; aria-hidden=&#039;true&#039;&gt;&lt;\\\/i&gt;&lt;\\\/button&gt;\\r\\n\\t\\t\\t\\t\\t&lt;button id=&#039;evcal_next&#039; class=&#039;evcal_arrows evo_arrow_next evcal_btn_next evodfx evofx_jc_c evofx_ai_c&#039; aria-label=&#039;Next Month&#039;&gt;&lt;i class=&#039;fa fa-chevron-right&#039; aria-hidden=&#039;true&#039;&gt;&lt;\\\/i&gt;&lt;\\\/button&gt;\\r\\n\\t\\t\\t\\t\\t&lt;\\\/p&gt;&quot;}\" data-od=\"{&quot;lang_no_events&quot;:&quot;No Events&quot;,&quot;cal_tz_offset&quot;:120,&quot;cal_tz&quot;:&quot;Europe\\\/Zurich&quot;}\" ><\/div>\r\n\t\t \t\t<div class='evo_cal_events' data-events=\"\"><\/div>\r\n\t\t \t<\/div>\r\n\t\t\t\t\r\n\t\t\t\r\n\t\t\t\t\t\t<\/div><!-- EventON End -->\r\n\t\t\t[\/vc_column_text][\/vc_column][\/vc_row][vc_row css=&#8221;.vc_custom_1685619289494{margin-top: 30px !important;}&#8221;][vc_column width=&#8221;1\/5&#8243;][\/vc_column][vc_column width=&#8221;4\/5&#8243;][vc_column_text][\/vc_column_text][vc_column_text][\/vc_column_text][vc_empty_space][vc_column_text][\/vc_column_text][\/vc_column][\/vc_row][vc_row][vc_column][vc_empty_space][\/vc_column][\/vc_row]\n<\/div>","protected":false},"excerpt":{"rendered":"<p>[vc_row][vc_column][vc_empty_space height=&#8221;60px&#8221;][vc_column_text][\/vc_column_text][\/vc_column][\/vc_row][vc_row css=&#8221;.vc_custom_1685619289494{margin-top: 30px !important;}&#8221;][vc_column width=&#8221;1\/5&#8243;][\/vc_column][vc_column width=&#8221;4\/5&#8243;][vc_column_text][\/vc_column_text][vc_column_text][\/vc_column_text][vc_empty_space][vc_column_text][\/vc_column_text][\/vc_column][\/vc_row][vc_row][vc_column][vc_empty_space][\/vc_column][\/vc_row]<\/p>\n","protected":false},"author":1,"featured_media":0,"parent":0,"menu_order":103,"comment_status":"closed","ping_status":"closed","template":"","meta":{"_acf_changed":false,"ngg_post_thumbnail":0,"footnotes":"","_links_to":"","_links_to_target":""},"folder":[40],"class_list":["post-6086","page","type-page","status-publish","hentry"],"acf":[],"_links":{"self":[{"href":"https:\/\/culinarium-alpinum.com\/en\/wp-json\/wp\/v2\/pages\/6086","targetHints":{"allow":["GET"]}}],"collection":[{"href":"https:\/\/culinarium-alpinum.com\/en\/wp-json\/wp\/v2\/pages"}],"about":[{"href":"https:\/\/culinarium-alpinum.com\/en\/wp-json\/wp\/v2\/types\/page"}],"author":[{"embeddable":true,"href":"https:\/\/culinarium-alpinum.com\/en\/wp-json\/wp\/v2\/users\/1"}],"replies":[{"embeddable":true,"href":"https:\/\/culinarium-alpinum.com\/en\/wp-json\/wp\/v2\/comments?post=6086"}],"version-history":[{"count":9,"href":"https:\/\/culinarium-alpinum.com\/en\/wp-json\/wp\/v2\/pages\/6086\/revisions"}],"predecessor-version":[{"id":22368,"href":"https:\/\/culinarium-alpinum.com\/en\/wp-json\/wp\/v2\/pages\/6086\/revisions\/22368"}],"wp:attachment":[{"href":"https:\/\/culinarium-alpinum.com\/en\/wp-json\/wp\/v2\/media?parent=6086"}],"wp:term":[{"taxonomy":"folder","embeddable":true,"href":"https:\/\/culinarium-alpinum.com\/en\/wp-json\/wp\/v2\/folder?post=6086"}],"curies":[{"name":"wp","href":"https:\/\/api.w.org\/{rel}","templated":true}]}}